{"id":175,"date":"2022-04-28T21:55:26","date_gmt":"2022-04-29T00:55:26","guid":{"rendered":"https:\/\/portifolioos-prontos.com\/?page_id=175"},"modified":"2025-07-31T20:50:05","modified_gmt":"2025-07-31T23:50:05","slug":"portfolioead","status":"publish","type":"page","link":"https:\/\/portifolioos-prontos.com\/index.php\/portfolioead\/","title":{"rendered":"Portf\u00f3lio Ead Projeto de Extens\u00e3o | Projeto Integrado S\u00edntese e Inova\u00e7\u00e3o | Aula Pr\u00e1tica | Est\u00e1gio Unopar e Anhanguera"},"content":{"rendered":"\t\t<div data-elementor-type=\"wp-page\" data-elementor-id=\"175\" class=\"elementor elementor-175\" data-elementor-post-type=\"page\">\n\t\t\t\t\t\t<section class=\"elementor-section elementor-top-section elementor-element elementor-element-6e25c0c elementor-section-boxed elementor-section-height-default elementor-section-height-default\" data-id=\"6e25c0c\" data-element_type=\"section\" data-e-type=\"section\">\n\t\t\t\t\t\t<div class=\"elementor-container elementor-column-gap-default\">\n\t\t\t\t\t<div class=\"elementor-column elementor-col-100 elementor-top-column elementor-element elementor-element-a272db8\" data-id=\"a272db8\" data-element_type=\"column\" data-e-type=\"column\">\n\t\t\t<div class=\"elementor-widget-wrap elementor-element-populated\">\n\t\t\t\t\t\t<div class=\"elementor-element elementor-element-7ffd4ae elementor-widget elementor-widget-heading\" data-id=\"7ffd4ae\" data-element_type=\"widget\" data-e-type=\"widget\" data-widget_type=\"heading.default\">\n\t\t\t\t\t<h2 class=\"elementor-heading-title elementor-size-default\">Portf\u00f3lio Pronto | Projeto de Extens\u00e3o | Projeto Integrado S\u00edntese e Inova\u00e7\u00e3o | Aula Pr\u00e1tica | Est\u00e1gio Unopar Anhanguera<\/h2>\t\t\t\t<\/div>\n\t\t\t\t\t<\/div>\n\t\t<\/div>\n\t\t\t\t\t<\/div>\n\t\t<\/section>\n\t\t\t\t<section class=\"elementor-section elementor-top-section elementor-element elementor-element-58badd7 elementor-section-boxed elementor-section-height-default elementor-section-height-default\" data-id=\"58badd7\" data-element_type=\"section\" data-e-type=\"section\">\n\t\t\t\t\t\t<div class=\"elementor-container elementor-column-gap-default\">\n\t\t\t\t\t<div class=\"elementor-column elementor-col-100 elementor-top-column elementor-element elementor-element-9313550\" data-id=\"9313550\" data-element_type=\"column\" data-e-type=\"column\">\n\t\t\t<div class=\"elementor-widget-wrap elementor-element-populated\">\n\t\t\t\t\t\t<div class=\"elementor-element elementor-element-016bdf9 elementor--h-position-center elementor--v-position-middle elementor-arrows-position-inside elementor-pagination-position-inside elementor-widget elementor-widget-slides\" data-id=\"016bdf9\" data-element_type=\"widget\" data-e-type=\"widget\" data-settings=\"{&quot;autoplay_speed&quot;:13505,&quot;transition_speed&quot;:899,&quot;navigation&quot;:&quot;both&quot;,&quot;autoplay&quot;:&quot;yes&quot;,&quot;pause_on_hover&quot;:&quot;yes&quot;,&quot;pause_on_interaction&quot;:&quot;yes&quot;,&quot;infinite&quot;:&quot;yes&quot;,&quot;transition&quot;:&quot;slide&quot;}\" data-widget_type=\"slides.default\">\n\t\t\t\t\t\t\t\t\t\t<div class=\"elementor-slides-wrapper elementor-main-swiper swiper\" role=\"region\" aria-roledescription=\"carousel\" aria-label=\"Slides\" dir=\"ltr\" data-animation=\"fadeInRight\">\n\t\t\t\t<div class=\"swiper-wrapper elementor-slides\">\n\t\t\t\t\t\t\t\t\t\t<div class=\"elementor-repeater-item-09bdf56 swiper-slide\" role=\"group\" aria-roledescription=\"slide\"><div class=\"swiper-slide-bg\" role=\"img\" aria-label=\"portfolio pronto ead unopar anhanguera\"><\/div><div class=\"swiper-slide-inner\" ><div class=\"swiper-slide-contents\"><\/div><\/div><\/div>\t\t\t\t<\/div>\n\t\t\t\t\t\t\t<\/div>\n\t\t\t\t\t\t\t\t<\/div>\n\t\t\t\t<div class=\"elementor-element elementor-element-73ff3dc elementor-widget elementor-widget-heading\" data-id=\"73ff3dc\" data-element_type=\"widget\" data-e-type=\"widget\" data-widget_type=\"heading.default\">\n\t\t\t\t\t<h3 class=\"elementor-heading-title elementor-size-medium\">Elaboramos os portf\u00f3lios de projeto de extens\u00e3o, j\u00e1 deixamos prontos, nas normas da ABNT e conforme os requisitos da universidade. <\/h3>\t\t\t\t<\/div>\n\t\t\t\t\t<\/div>\n\t\t<\/div>\n\t\t\t\t\t<\/div>\n\t\t<\/section>\n\t\t\t\t<div class=\"elementor-section elementor-top-section elementor-element elementor-element-c1f9213 elementor-section-boxed elementor-section-height-default elementor-section-height-default\" data-id=\"c1f9213\" data-element_type=\"section\" data-e-type=\"section\">\n\t\t\t\t\t\t<div class=\"elementor-container elementor-column-gap-default\">\n\t\t\t\t\t<div class=\"elementor-column elementor-col-100 elementor-top-column elementor-element elementor-element-70c7d08\" data-id=\"70c7d08\" data-element_type=\"column\" data-e-type=\"column\">\n\t\t\t<div class=\"elementor-widget-wrap elementor-element-populated\">\n\t\t\t\t\t\t<div class=\"elementor-element elementor-element-2ba997d elementor-widget elementor-widget-heading\" data-id=\"2ba997d\" data-element_type=\"widget\" data-e-type=\"widget\" data-widget_type=\"heading.default\">\n\t\t\t\t\t<div class=\"elementor-heading-title elementor-size-default\">F\u00e1cil assim! O MELHOR \u00c9 QUE VOC\u00ca COMPRA E J\u00c1 BAIXA NA HORA O SEU TRABALHO EM UM ARQUIVO EM WORD! Sabemos que conciliar trabalho, fam\u00edlia, vida profissional e estudos \u00e9 dif\u00edcil hoje em dia, por isso, estamos aqui para ajudar voc\u00ea. Conte com nossa qualidade, experi\u00eancia e profissionalismo adquirindo seu portf\u00f3lio conosco. \nGARANTIMOS SEU CONCEITO COM NOSSOS PORTF\u00d3LIOS PRONTOS!<\/div>\t\t\t\t<\/div>\n\t\t\t\t\t<\/div>\n\t\t<\/div>\n\t\t\t\t\t<\/div>\n\t\t<\/div>\n\t\t\t\t<section class=\"elementor-section elementor-top-section elementor-element elementor-element-03339b0 elementor-section-boxed elementor-section-height-default elementor-section-height-default\" data-id=\"03339b0\" data-element_type=\"section\" data-e-type=\"section\">\n\t\t\t\t\t\t<div class=\"elementor-container elementor-column-gap-default\">\n\t\t\t\t\t<div class=\"elementor-column elementor-col-100 elementor-top-column elementor-element elementor-element-a49122b\" data-id=\"a49122b\" data-element_type=\"column\" data-e-type=\"column\">\n\t\t\t<div class=\"elementor-widget-wrap elementor-element-populated\">\n\t\t\t\t\t\t<div class=\"elementor-element elementor-element-9865967 elementor-widget elementor-widget-martfury-products-grid\" data-id=\"9865967\" data-element_type=\"widget\" data-e-type=\"widget\" data-widget_type=\"martfury-products-grid.default\">\n\t\t\t\t<div class=\"elementor-widget-container\">\n\t\t\t\t\t        <div class=\"mf-products-grid woocommerce no-infinite\">\n\t\t\t\t\t\t\t<div class=\"cat-header\"><h4 class=\"cat-title\"><a class=\"\"  href =\"https:\/\/portifolioos-prontos.com\/index.php\/portfoliosprontos-por-curso\/\">Portf\u00f3lios Prontos Unopar | Anhanguera em Word<\/a><\/h4><ul class=\"extra-links\"><li class=\"view-all-link\"><a class=\"all-link\"  href =\"https:\/\/portifolioos-prontos.com\/index.php\/portfoliosprontos-por-curso\/\">N\u00c3O ENCONTROU O QUE PRECISAVA? CLIQUE A QUI E ACESSE POR CURSO<\/a><\/li><\/ul><\/div><div class=\"products-content\"><div class=\"woocommerce columns-5 \"><ul class=\"products columns-5\">\n<li class=\"col-xs-6 col-sm-4 col-mf-5 un-5-cols product type-product post-52103 status-publish first instock product_cat-uncategorized has-post-thumbnail shipping-taxable purchasable product-type-simple\">\n\t<div class=\"product-inner  clearfix\"><div class=\"mf-product-thumbnail\"><a href=\"https:\/\/portifolioos-prontos.com\/index.php\/product\/aula-pratica-seguranca-de-dados\/\"><img fetchpriority=\"high\" decoding=\"async\" width=\"300\" height=\"424\" src=\"https:\/\/portifolioos-prontos.com\/wp-content\/uploads\/2026\/04\/portfolio-aula-pratica-seguranca-de-dados.webp\" class=\"attachment-woocommerce_thumbnail size-woocommerce_thumbnail\" alt=\"aula pr\u00e1tica seguran\u00e7a de dados\" srcset=\"https:\/\/portifolioos-prontos.com\/wp-content\/uploads\/2026\/04\/portfolio-aula-pratica-seguranca-de-dados.webp 1190w, https:\/\/portifolioos-prontos.com\/wp-content\/uploads\/2026\/04\/portfolio-aula-pratica-seguranca-de-dados-212x300.webp 212w, https:\/\/portifolioos-prontos.com\/wp-content\/uploads\/2026\/04\/portfolio-aula-pratica-seguranca-de-dados-724x1024.webp 724w, https:\/\/portifolioos-prontos.com\/wp-content\/uploads\/2026\/04\/portfolio-aula-pratica-seguranca-de-dados-768x1086.webp 768w, https:\/\/portifolioos-prontos.com\/wp-content\/uploads\/2026\/04\/portfolio-aula-pratica-seguranca-de-dados-1086x1536.webp 1086w, https:\/\/portifolioos-prontos.com\/wp-content\/uploads\/2026\/04\/portfolio-aula-pratica-seguranca-de-dados-370x523.webp 370w, https:\/\/portifolioos-prontos.com\/wp-content\/uploads\/2026\/04\/portfolio-aula-pratica-seguranca-de-dados-300x424.webp 300w, https:\/\/portifolioos-prontos.com\/wp-content\/uploads\/2026\/04\/portfolio-aula-pratica-seguranca-de-dados-600x849.webp 600w, https:\/\/portifolioos-prontos.com\/wp-content\/uploads\/2026\/04\/portfolio-aula-pratica-seguranca-de-dados-64x91.webp 64w\" sizes=\"(max-width: 300px) 100vw, 300px\" \/><span class=\"ribbons\"><span class=\"newness ribbon\">New<\/span><\/span><\/a><div class=\"footer-button\"><a href=\"\/index.php\/wp-json\/wp\/v2\/pages\/175?add-to-cart=52103\" aria-describedby=\"woocommerce_loop_add_to_cart_link_describedby_52103\" data-quantity=\"1\" data-title=\"Aula Pr\u00e1tica Seguran\u00e7a de dados\" class=\"button product_type_simple add_to_cart_button ajax_add_to_cart\" data-product_id=\"52103\" data-product_sku=\"\" aria-label=\"Adicione ao carrinho: &ldquo;Aula Pr\u00e1tica Seguran\u00e7a de dados&rdquo;\" rel=\"nofollow\" data-success_message=\"\u201cAula Pr\u00e1tica Seguran\u00e7a de dados\u201d foi adicionado ao seu carrinho\" role=\"button\"><i class=\"p-icon icon-bag2\" data-rel=\"tooltip\" title=\"Comprar\"><\/i><span class=\"add-to-cart-text\">Comprar<\/span><\/a>\t<span id=\"woocommerce_loop_add_to_cart_link_describedby_52103\" class=\"screen-reader-text\">\n\t\t\t<\/span>\n<a href=\"https:\/\/portifolioos-prontos.com\/index.php\/product\/aula-pratica-seguranca-de-dados\/\" data-id=\"52103\"  class=\"mf-product-quick-view\"><i class=\"p-icon icon-eye\" title=\"Quick View\" data-rel=\"tooltip\"><\/i><\/a><\/div><\/div><div class=\"mf-product-details\"><div class=\"mf-product-content\"><h2 class=\"woo-loop-product__title\"><a href=\"https:\/\/portifolioos-prontos.com\/index.php\/product\/aula-pratica-seguranca-de-dados\/\">Aula Pr\u00e1tica Seguran\u00e7a de dados<\/a><\/h2><\/div><div class=\"mf-product-price-box\">\n\t<span class=\"price\"><span class=\"woocommerce-Price-amount amount\"><bdi><span class=\"woocommerce-Price-currencySymbol\">&#82;&#36;<\/span>&nbsp;100,00<\/bdi><\/span><\/span>\n<\/div><\/div><\/div><\/li>\n<li class=\"col-xs-6 col-sm-4 col-mf-5 un-5-cols product type-product post-51839 status-publish instock product_cat-uncategorized has-post-thumbnail downloadable virtual purchasable product-type-simple\">\n\t<div class=\"product-inner  clearfix\"><div class=\"mf-product-thumbnail\"><a href=\"https:\/\/portifolioos-prontos.com\/index.php\/product\/aula-pratica-fundamentos-de-cartografia-e-topografia-a4_levantamento_altimetrico-e-a3_geracao_de_curvas_de_nivel_em_sig\/\"><img decoding=\"async\" width=\"300\" height=\"424\" src=\"https:\/\/portifolioos-prontos.com\/wp-content\/uploads\/2026\/04\/aula-pratica-fundamentos-de-cartografia-e-topografia.webp\" class=\"attachment-woocommerce_thumbnail size-woocommerce_thumbnail\" alt=\"aula pr\u00e1tica fundamentos de cartografia e topografia a4 levantamento altim\u00c9trico e a3 geracao de curvas de nivel em sig\" srcset=\"https:\/\/portifolioos-prontos.com\/wp-content\/uploads\/2026\/04\/aula-pratica-fundamentos-de-cartografia-e-topografia.webp 1190w, https:\/\/portifolioos-prontos.com\/wp-content\/uploads\/2026\/04\/aula-pratica-fundamentos-de-cartografia-e-topografia-212x300.webp 212w, https:\/\/portifolioos-prontos.com\/wp-content\/uploads\/2026\/04\/aula-pratica-fundamentos-de-cartografia-e-topografia-724x1024.webp 724w, https:\/\/portifolioos-prontos.com\/wp-content\/uploads\/2026\/04\/aula-pratica-fundamentos-de-cartografia-e-topografia-768x1086.webp 768w, https:\/\/portifolioos-prontos.com\/wp-content\/uploads\/2026\/04\/aula-pratica-fundamentos-de-cartografia-e-topografia-1086x1536.webp 1086w, https:\/\/portifolioos-prontos.com\/wp-content\/uploads\/2026\/04\/aula-pratica-fundamentos-de-cartografia-e-topografia-370x523.webp 370w, https:\/\/portifolioos-prontos.com\/wp-content\/uploads\/2026\/04\/aula-pratica-fundamentos-de-cartografia-e-topografia-300x424.webp 300w, https:\/\/portifolioos-prontos.com\/wp-content\/uploads\/2026\/04\/aula-pratica-fundamentos-de-cartografia-e-topografia-600x849.webp 600w, https:\/\/portifolioos-prontos.com\/wp-content\/uploads\/2026\/04\/aula-pratica-fundamentos-de-cartografia-e-topografia-64x91.webp 64w\" sizes=\"(max-width: 300px) 100vw, 300px\" \/><\/a><div class=\"footer-button\"><a href=\"\/index.php\/wp-json\/wp\/v2\/pages\/175?add-to-cart=51839\" aria-describedby=\"woocommerce_loop_add_to_cart_link_describedby_51839\" data-quantity=\"1\" data-title=\"Aula Pr\u00e1tica Fundamentos de Cartografia e Topografia -  A4_LEVANTAMENTO_ALTIM\u00c9TRICO  e A3_GERACAO_DE_CURVAS_DE_NIVEL_EM_SIG\" class=\"button product_type_simple add_to_cart_button ajax_add_to_cart\" data-product_id=\"51839\" data-product_sku=\"\" aria-label=\"Adicione ao carrinho: &ldquo;Aula Pr\u00e1tica Fundamentos de Cartografia e Topografia -  A4_LEVANTAMENTO_ALTIM\u00c9TRICO  e A3_GERACAO_DE_CURVAS_DE_NIVEL_EM_SIG&rdquo;\" rel=\"nofollow\" data-success_message=\"\u201cAula Pr\u00e1tica Fundamentos de Cartografia e Topografia -  A4_LEVANTAMENTO_ALTIM\u00c9TRICO  e A3_GERACAO_DE_CURVAS_DE_NIVEL_EM_SIG\u201d foi adicionado ao seu carrinho\" role=\"button\"><i class=\"p-icon icon-bag2\" data-rel=\"tooltip\" title=\"Comprar\"><\/i><span class=\"add-to-cart-text\">Comprar<\/span><\/a>\t<span id=\"woocommerce_loop_add_to_cart_link_describedby_51839\" class=\"screen-reader-text\">\n\t\t\t<\/span>\n<a href=\"https:\/\/portifolioos-prontos.com\/index.php\/product\/aula-pratica-fundamentos-de-cartografia-e-topografia-a4_levantamento_altimetrico-e-a3_geracao_de_curvas_de_nivel_em_sig\/\" data-id=\"51839\"  class=\"mf-product-quick-view\"><i class=\"p-icon icon-eye\" title=\"Quick View\" data-rel=\"tooltip\"><\/i><\/a><\/div><\/div><div class=\"mf-product-details\"><div class=\"mf-product-content\"><h2 class=\"woo-loop-product__title\"><a href=\"https:\/\/portifolioos-prontos.com\/index.php\/product\/aula-pratica-fundamentos-de-cartografia-e-topografia-a4_levantamento_altimetrico-e-a3_geracao_de_curvas_de_nivel_em_sig\/\">Aula Pr\u00e1tica Fundamentos de Cartografia e Topografia &#8211;  A4_LEVANTAMENTO_ALTIM\u00c9TRICO  e A3_GERACAO_DE_CURVAS_DE_NIVEL_EM_SIG<\/a><\/h2><\/div><div class=\"mf-product-price-box\">\n\t<span class=\"price\"><span class=\"woocommerce-Price-amount amount\"><bdi><span class=\"woocommerce-Price-currencySymbol\">&#82;&#36;<\/span>&nbsp;100,00<\/bdi><\/span><\/span>\n<\/div><\/div><\/div><\/li>\n<li class=\"col-xs-6 col-sm-4 col-mf-5 un-5-cols product type-product post-51663 status-publish instock product_cat-producao-audiovisual has-post-thumbnail shipping-taxable purchasable product-type-simple\">\n\t<div class=\"product-inner  clearfix\"><div class=\"mf-product-thumbnail\"><a href=\"https:\/\/portifolioos-prontos.com\/index.php\/product\/projeto-de-extensao-ii-producao-audiovisual\/\"><img decoding=\"async\" width=\"300\" height=\"424\" src=\"https:\/\/portifolioos-prontos.com\/wp-content\/uploads\/2026\/04\/projeto-de-extensao-ii-producao-audiovisual-portfolio-unopar-anhanguera.webp\" class=\"attachment-woocommerce_thumbnail size-woocommerce_thumbnail\" alt=\"projeto de extens\u00e3o ii produ\u00e7\u00e3o audiovisual\" srcset=\"https:\/\/portifolioos-prontos.com\/wp-content\/uploads\/2026\/04\/projeto-de-extensao-ii-producao-audiovisual-portfolio-unopar-anhanguera.webp 1190w, https:\/\/portifolioos-prontos.com\/wp-content\/uploads\/2026\/04\/projeto-de-extensao-ii-producao-audiovisual-portfolio-unopar-anhanguera-212x300.webp 212w, https:\/\/portifolioos-prontos.com\/wp-content\/uploads\/2026\/04\/projeto-de-extensao-ii-producao-audiovisual-portfolio-unopar-anhanguera-724x1024.webp 724w, https:\/\/portifolioos-prontos.com\/wp-content\/uploads\/2026\/04\/projeto-de-extensao-ii-producao-audiovisual-portfolio-unopar-anhanguera-768x1086.webp 768w, https:\/\/portifolioos-prontos.com\/wp-content\/uploads\/2026\/04\/projeto-de-extensao-ii-producao-audiovisual-portfolio-unopar-anhanguera-1086x1536.webp 1086w, https:\/\/portifolioos-prontos.com\/wp-content\/uploads\/2026\/04\/projeto-de-extensao-ii-producao-audiovisual-portfolio-unopar-anhanguera-370x523.webp 370w, https:\/\/portifolioos-prontos.com\/wp-content\/uploads\/2026\/04\/projeto-de-extensao-ii-producao-audiovisual-portfolio-unopar-anhanguera-300x424.webp 300w, https:\/\/portifolioos-prontos.com\/wp-content\/uploads\/2026\/04\/projeto-de-extensao-ii-producao-audiovisual-portfolio-unopar-anhanguera-600x849.webp 600w, https:\/\/portifolioos-prontos.com\/wp-content\/uploads\/2026\/04\/projeto-de-extensao-ii-producao-audiovisual-portfolio-unopar-anhanguera-64x91.webp 64w\" sizes=\"(max-width: 300px) 100vw, 300px\" \/><\/a><div class=\"footer-button\"><a href=\"\/index.php\/wp-json\/wp\/v2\/pages\/175?add-to-cart=51663\" aria-describedby=\"woocommerce_loop_add_to_cart_link_describedby_51663\" data-quantity=\"1\" data-title=\"Projeto de Extens\u00e3o II - Produ\u00e7\u00e3o Audiovisual\" class=\"button product_type_simple add_to_cart_button ajax_add_to_cart\" data-product_id=\"51663\" data-product_sku=\"\" aria-label=\"Adicione ao carrinho: &ldquo;Projeto de Extens\u00e3o II - Produ\u00e7\u00e3o Audiovisual&rdquo;\" rel=\"nofollow\" data-success_message=\"\u201cProjeto de Extens\u00e3o II - Produ\u00e7\u00e3o Audiovisual\u201d foi adicionado ao seu carrinho\" role=\"button\"><i class=\"p-icon icon-bag2\" data-rel=\"tooltip\" title=\"Comprar\"><\/i><span class=\"add-to-cart-text\">Comprar<\/span><\/a>\t<span id=\"woocommerce_loop_add_to_cart_link_describedby_51663\" class=\"screen-reader-text\">\n\t\t\t<\/span>\n<a href=\"https:\/\/portifolioos-prontos.com\/index.php\/product\/projeto-de-extensao-ii-producao-audiovisual\/\" data-id=\"51663\"  class=\"mf-product-quick-view\"><i class=\"p-icon icon-eye\" title=\"Quick View\" data-rel=\"tooltip\"><\/i><\/a><\/div><\/div><div class=\"mf-product-details\"><div class=\"mf-product-content\"><h2 class=\"woo-loop-product__title\"><a href=\"https:\/\/portifolioos-prontos.com\/index.php\/product\/projeto-de-extensao-ii-producao-audiovisual\/\">Projeto de Extens\u00e3o II &#8211; Produ\u00e7\u00e3o Audiovisual<\/a><\/h2><\/div><div class=\"mf-product-price-box\">\n\t<span class=\"price\"><span class=\"woocommerce-Price-amount amount\"><bdi><span class=\"woocommerce-Price-currencySymbol\">&#82;&#36;<\/span>&nbsp;89,90<\/bdi><\/span><\/span>\n<\/div><\/div><\/div><\/li>\n<li class=\"col-xs-6 col-sm-4 col-mf-5 un-5-cols product type-product post-51634 status-publish instock product_cat-gestao-de-eventos has-post-thumbnail shipping-taxable purchasable product-type-simple\">\n\t<div class=\"product-inner  clearfix\"><div class=\"mf-product-thumbnail\"><a href=\"https:\/\/portifolioos-prontos.com\/index.php\/product\/projeto-integrado-inovacao-cst-gestao-de-eventos\/\"><img loading=\"lazy\" decoding=\"async\" width=\"300\" height=\"424\" src=\"https:\/\/portifolioos-prontos.com\/wp-content\/uploads\/2026\/04\/projeto-integrado-inovacao-cst-gestao-de-eventos-portfolio-techvision.webp\" class=\"attachment-woocommerce_thumbnail size-woocommerce_thumbnail\" alt=\"projeto integrado inova\u00e7\u00e3o cst gest\u00e3o de eventos\" srcset=\"https:\/\/portifolioos-prontos.com\/wp-content\/uploads\/2026\/04\/projeto-integrado-inovacao-cst-gestao-de-eventos-portfolio-techvision.webp 1190w, https:\/\/portifolioos-prontos.com\/wp-content\/uploads\/2026\/04\/projeto-integrado-inovacao-cst-gestao-de-eventos-portfolio-techvision-212x300.webp 212w, https:\/\/portifolioos-prontos.com\/wp-content\/uploads\/2026\/04\/projeto-integrado-inovacao-cst-gestao-de-eventos-portfolio-techvision-724x1024.webp 724w, https:\/\/portifolioos-prontos.com\/wp-content\/uploads\/2026\/04\/projeto-integrado-inovacao-cst-gestao-de-eventos-portfolio-techvision-768x1086.webp 768w, https:\/\/portifolioos-prontos.com\/wp-content\/uploads\/2026\/04\/projeto-integrado-inovacao-cst-gestao-de-eventos-portfolio-techvision-1086x1536.webp 1086w, https:\/\/portifolioos-prontos.com\/wp-content\/uploads\/2026\/04\/projeto-integrado-inovacao-cst-gestao-de-eventos-portfolio-techvision-370x523.webp 370w, https:\/\/portifolioos-prontos.com\/wp-content\/uploads\/2026\/04\/projeto-integrado-inovacao-cst-gestao-de-eventos-portfolio-techvision-300x424.webp 300w, https:\/\/portifolioos-prontos.com\/wp-content\/uploads\/2026\/04\/projeto-integrado-inovacao-cst-gestao-de-eventos-portfolio-techvision-600x849.webp 600w, https:\/\/portifolioos-prontos.com\/wp-content\/uploads\/2026\/04\/projeto-integrado-inovacao-cst-gestao-de-eventos-portfolio-techvision-64x91.webp 64w\" sizes=\"(max-width: 300px) 100vw, 300px\" \/><\/a><div class=\"footer-button\"><a href=\"\/index.php\/wp-json\/wp\/v2\/pages\/175?add-to-cart=51634\" aria-describedby=\"woocommerce_loop_add_to_cart_link_describedby_51634\" data-quantity=\"1\" data-title=\"Projeto Integrado Inova\u00e7\u00e3o - CST Gest\u00e3o de Eventos\" class=\"button product_type_simple add_to_cart_button ajax_add_to_cart\" data-product_id=\"51634\" data-product_sku=\"\" aria-label=\"Adicione ao carrinho: &ldquo;Projeto Integrado Inova\u00e7\u00e3o - CST Gest\u00e3o de Eventos&rdquo;\" rel=\"nofollow\" data-success_message=\"\u201cProjeto Integrado Inova\u00e7\u00e3o - CST Gest\u00e3o de Eventos\u201d foi adicionado ao seu carrinho\" role=\"button\"><i class=\"p-icon icon-bag2\" data-rel=\"tooltip\" title=\"Comprar\"><\/i><span class=\"add-to-cart-text\">Comprar<\/span><\/a>\t<span id=\"woocommerce_loop_add_to_cart_link_describedby_51634\" class=\"screen-reader-text\">\n\t\t\t<\/span>\n<a href=\"https:\/\/portifolioos-prontos.com\/index.php\/product\/projeto-integrado-inovacao-cst-gestao-de-eventos\/\" data-id=\"51634\"  class=\"mf-product-quick-view\"><i class=\"p-icon icon-eye\" title=\"Quick View\" data-rel=\"tooltip\"><\/i><\/a><\/div><\/div><div class=\"mf-product-details\"><div class=\"mf-product-content\"><h2 class=\"woo-loop-product__title\"><a href=\"https:\/\/portifolioos-prontos.com\/index.php\/product\/projeto-integrado-inovacao-cst-gestao-de-eventos\/\">Projeto Integrado Inova\u00e7\u00e3o &#8211; CST Gest\u00e3o de Eventos<\/a><\/h2><\/div><div class=\"mf-product-price-box\">\n\t<span class=\"price\"><span class=\"woocommerce-Price-amount amount\"><bdi><span class=\"woocommerce-Price-currencySymbol\">&#82;&#36;<\/span>&nbsp;100,00<\/bdi><\/span><\/span>\n<\/div><\/div><\/div><\/li>\n<li class=\"col-xs-6 col-sm-4 col-mf-5 un-5-cols product type-product post-51573 status-publish last instock product_cat-administracao-publica has-post-thumbnail shipping-taxable purchasable product-type-simple\">\n\t<div class=\"product-inner  clearfix\"><div class=\"mf-product-thumbnail\"><a href=\"https:\/\/portifolioos-prontos.com\/index.php\/product\/projeto-de-extensao-ii-administracao-publica\/\"><img loading=\"lazy\" decoding=\"async\" width=\"300\" height=\"424\" src=\"https:\/\/portifolioos-prontos.com\/wp-content\/uploads\/2026\/04\/projeto-de-extensao-ii-administracao-publica.webp\" class=\"attachment-woocommerce_thumbnail size-woocommerce_thumbnail\" alt=\"projeto de extens\u00e3o ii administra\u00e7\u00e3o p\u00fablica\" srcset=\"https:\/\/portifolioos-prontos.com\/wp-content\/uploads\/2026\/04\/projeto-de-extensao-ii-administracao-publica.webp 1190w, https:\/\/portifolioos-prontos.com\/wp-content\/uploads\/2026\/04\/projeto-de-extensao-ii-administracao-publica-212x300.webp 212w, https:\/\/portifolioos-prontos.com\/wp-content\/uploads\/2026\/04\/projeto-de-extensao-ii-administracao-publica-724x1024.webp 724w, https:\/\/portifolioos-prontos.com\/wp-content\/uploads\/2026\/04\/projeto-de-extensao-ii-administracao-publica-768x1086.webp 768w, https:\/\/portifolioos-prontos.com\/wp-content\/uploads\/2026\/04\/projeto-de-extensao-ii-administracao-publica-1086x1536.webp 1086w, https:\/\/portifolioos-prontos.com\/wp-content\/uploads\/2026\/04\/projeto-de-extensao-ii-administracao-publica-370x523.webp 370w, https:\/\/portifolioos-prontos.com\/wp-content\/uploads\/2026\/04\/projeto-de-extensao-ii-administracao-publica-300x424.webp 300w, https:\/\/portifolioos-prontos.com\/wp-content\/uploads\/2026\/04\/projeto-de-extensao-ii-administracao-publica-600x849.webp 600w, https:\/\/portifolioos-prontos.com\/wp-content\/uploads\/2026\/04\/projeto-de-extensao-ii-administracao-publica-64x91.webp 64w\" sizes=\"(max-width: 300px) 100vw, 300px\" \/><\/a><div class=\"footer-button\"><a href=\"\/index.php\/wp-json\/wp\/v2\/pages\/175?add-to-cart=51573\" aria-describedby=\"woocommerce_loop_add_to_cart_link_describedby_51573\" data-quantity=\"1\" data-title=\"Projeto de extens\u00e3o II - Administra\u00e7\u00e3o P\u00fablica\" class=\"button product_type_simple add_to_cart_button ajax_add_to_cart\" data-product_id=\"51573\" data-product_sku=\"\" aria-label=\"Adicione ao carrinho: &ldquo;Projeto de extens\u00e3o II - Administra\u00e7\u00e3o P\u00fablica&rdquo;\" rel=\"nofollow\" data-success_message=\"\u201cProjeto de extens\u00e3o II - Administra\u00e7\u00e3o P\u00fablica\u201d foi adicionado ao seu carrinho\" role=\"button\"><i class=\"p-icon icon-bag2\" data-rel=\"tooltip\" title=\"Comprar\"><\/i><span class=\"add-to-cart-text\">Comprar<\/span><\/a>\t<span id=\"woocommerce_loop_add_to_cart_link_describedby_51573\" class=\"screen-reader-text\">\n\t\t\t<\/span>\n<a href=\"https:\/\/portifolioos-prontos.com\/index.php\/product\/projeto-de-extensao-ii-administracao-publica\/\" data-id=\"51573\"  class=\"mf-product-quick-view\"><i class=\"p-icon icon-eye\" title=\"Quick View\" data-rel=\"tooltip\"><\/i><\/a><\/div><\/div><div class=\"mf-product-details\"><div class=\"mf-product-content\"><h2 class=\"woo-loop-product__title\"><a href=\"https:\/\/portifolioos-prontos.com\/index.php\/product\/projeto-de-extensao-ii-administracao-publica\/\">Projeto de extens\u00e3o II &#8211; Administra\u00e7\u00e3o P\u00fablica<\/a><\/h2><\/div><div class=\"mf-product-price-box\">\n\t<span class=\"price\"><span class=\"woocommerce-Price-amount amount\"><bdi><span class=\"woocommerce-Price-currencySymbol\">&#82;&#36;<\/span>&nbsp;89,90<\/bdi><\/span><\/span>\n<\/div><\/div><\/div><\/li>\n<li class=\"col-xs-6 col-sm-4 col-mf-5 un-5-cols product type-product post-51472 status-publish first instock product_cat-administracao-publica has-post-thumbnail shipping-taxable purchasable product-type-simple\">\n\t<div class=\"product-inner  clearfix\"><div class=\"mf-product-thumbnail\"><a href=\"https:\/\/portifolioos-prontos.com\/index.php\/product\/projeto-de-extensao-iii-administracao-publica\/\"><img loading=\"lazy\" decoding=\"async\" width=\"300\" height=\"424\" src=\"https:\/\/portifolioos-prontos.com\/wp-content\/uploads\/2026\/04\/projeto-de-extensao-iii-administracao-publica-2.webp\" class=\"attachment-woocommerce_thumbnail size-woocommerce_thumbnail\" alt=\"projeto de extens\u00e3o iii administra\u00e7\u00e3o p\u00fablica\" srcset=\"https:\/\/portifolioos-prontos.com\/wp-content\/uploads\/2026\/04\/projeto-de-extensao-iii-administracao-publica-2.webp 1190w, https:\/\/portifolioos-prontos.com\/wp-content\/uploads\/2026\/04\/projeto-de-extensao-iii-administracao-publica-2-212x300.webp 212w, https:\/\/portifolioos-prontos.com\/wp-content\/uploads\/2026\/04\/projeto-de-extensao-iii-administracao-publica-2-724x1024.webp 724w, https:\/\/portifolioos-prontos.com\/wp-content\/uploads\/2026\/04\/projeto-de-extensao-iii-administracao-publica-2-768x1086.webp 768w, https:\/\/portifolioos-prontos.com\/wp-content\/uploads\/2026\/04\/projeto-de-extensao-iii-administracao-publica-2-1086x1536.webp 1086w, https:\/\/portifolioos-prontos.com\/wp-content\/uploads\/2026\/04\/projeto-de-extensao-iii-administracao-publica-2-370x523.webp 370w, https:\/\/portifolioos-prontos.com\/wp-content\/uploads\/2026\/04\/projeto-de-extensao-iii-administracao-publica-2-300x424.webp 300w, https:\/\/portifolioos-prontos.com\/wp-content\/uploads\/2026\/04\/projeto-de-extensao-iii-administracao-publica-2-600x849.webp 600w, https:\/\/portifolioos-prontos.com\/wp-content\/uploads\/2026\/04\/projeto-de-extensao-iii-administracao-publica-2-64x91.webp 64w\" sizes=\"(max-width: 300px) 100vw, 300px\" \/><\/a><div class=\"footer-button\"><a href=\"\/index.php\/wp-json\/wp\/v2\/pages\/175?add-to-cart=51472\" aria-describedby=\"woocommerce_loop_add_to_cart_link_describedby_51472\" data-quantity=\"1\" data-title=\"Projeto de Extens\u00e3o III - Administra\u00e7\u00e3o P\u00fablica\" class=\"button product_type_simple add_to_cart_button ajax_add_to_cart\" data-product_id=\"51472\" data-product_sku=\"\" aria-label=\"Adicione ao carrinho: &ldquo;Projeto de Extens\u00e3o III - Administra\u00e7\u00e3o P\u00fablica&rdquo;\" rel=\"nofollow\" data-success_message=\"\u201cProjeto de Extens\u00e3o III - Administra\u00e7\u00e3o P\u00fablica\u201d foi adicionado ao seu carrinho\" role=\"button\"><i class=\"p-icon icon-bag2\" data-rel=\"tooltip\" title=\"Comprar\"><\/i><span class=\"add-to-cart-text\">Comprar<\/span><\/a>\t<span id=\"woocommerce_loop_add_to_cart_link_describedby_51472\" class=\"screen-reader-text\">\n\t\t\t<\/span>\n<a href=\"https:\/\/portifolioos-prontos.com\/index.php\/product\/projeto-de-extensao-iii-administracao-publica\/\" data-id=\"51472\"  class=\"mf-product-quick-view\"><i class=\"p-icon icon-eye\" title=\"Quick View\" data-rel=\"tooltip\"><\/i><\/a><\/div><\/div><div class=\"mf-product-details\"><div class=\"mf-product-content\"><h2 class=\"woo-loop-product__title\"><a href=\"https:\/\/portifolioos-prontos.com\/index.php\/product\/projeto-de-extensao-iii-administracao-publica\/\">Projeto de Extens\u00e3o III &#8211; Administra\u00e7\u00e3o P\u00fablica<\/a><\/h2><\/div><div class=\"mf-product-price-box\">\n\t<span class=\"price\"><span class=\"woocommerce-Price-amount amount\"><bdi><span class=\"woocommerce-Price-currencySymbol\">&#82;&#36;<\/span>&nbsp;89,90<\/bdi><\/span><\/span>\n<\/div><\/div><\/div><\/li>\n<li class=\"col-xs-6 col-sm-4 col-mf-5 un-5-cols product type-product post-51289 status-publish instock product_cat-computacao-em-nuvem has-post-thumbnail shipping-taxable product-type-simple\">\n\t<div class=\"product-inner  clearfix\"><div class=\"mf-product-thumbnail\"><a href=\"https:\/\/portifolioos-prontos.com\/index.php\/product\/projeto-integrado-interdisciplinar-computacao-em-nuvem\/\"><img loading=\"lazy\" decoding=\"async\" width=\"300\" height=\"424\" src=\"https:\/\/portifolioos-prontos.com\/wp-content\/uploads\/2026\/04\/portfolio-projeto-integrado-computacao-em-nuvem-unopar-anhanguera.webp\" class=\"attachment-woocommerce_thumbnail size-woocommerce_thumbnail\" alt=\"projeto integrado computa\u00e7\u00e3o em nuvem\" srcset=\"https:\/\/portifolioos-prontos.com\/wp-content\/uploads\/2026\/04\/portfolio-projeto-integrado-computacao-em-nuvem-unopar-anhanguera.webp 1190w, https:\/\/portifolioos-prontos.com\/wp-content\/uploads\/2026\/04\/portfolio-projeto-integrado-computacao-em-nuvem-unopar-anhanguera-212x300.webp 212w, https:\/\/portifolioos-prontos.com\/wp-content\/uploads\/2026\/04\/portfolio-projeto-integrado-computacao-em-nuvem-unopar-anhanguera-724x1024.webp 724w, https:\/\/portifolioos-prontos.com\/wp-content\/uploads\/2026\/04\/portfolio-projeto-integrado-computacao-em-nuvem-unopar-anhanguera-768x1086.webp 768w, https:\/\/portifolioos-prontos.com\/wp-content\/uploads\/2026\/04\/portfolio-projeto-integrado-computacao-em-nuvem-unopar-anhanguera-1086x1536.webp 1086w, https:\/\/portifolioos-prontos.com\/wp-content\/uploads\/2026\/04\/portfolio-projeto-integrado-computacao-em-nuvem-unopar-anhanguera-370x523.webp 370w, https:\/\/portifolioos-prontos.com\/wp-content\/uploads\/2026\/04\/portfolio-projeto-integrado-computacao-em-nuvem-unopar-anhanguera-300x424.webp 300w, https:\/\/portifolioos-prontos.com\/wp-content\/uploads\/2026\/04\/portfolio-projeto-integrado-computacao-em-nuvem-unopar-anhanguera-600x849.webp 600w, https:\/\/portifolioos-prontos.com\/wp-content\/uploads\/2026\/04\/portfolio-projeto-integrado-computacao-em-nuvem-unopar-anhanguera-64x91.webp 64w\" sizes=\"(max-width: 300px) 100vw, 300px\" \/><\/a><div class=\"footer-button\"><a href=\"https:\/\/portifolioos-prontos.com\/index.php\/product\/projeto-integrado-interdisciplinar-computacao-em-nuvem\/\" aria-describedby=\"woocommerce_loop_add_to_cart_link_describedby_51289\" data-quantity=\"1\" data-title=\"Projeto Integrado - Computa\u00e7\u00e3o em Nuvem\" class=\"button product_type_simple\" data-product_id=\"51289\" data-product_sku=\"\" aria-label=\"Leia mais sobre &ldquo;Projeto Integrado - Computa\u00e7\u00e3o em Nuvem&rdquo;\" rel=\"nofollow\" data-success_message=\"\"><i class=\"p-icon icon-bag2\" data-rel=\"tooltip\" title=\"Comprar\"><\/i><span class=\"add-to-cart-text\">Comprar<\/span><\/a>\t<span id=\"woocommerce_loop_add_to_cart_link_describedby_51289\" class=\"screen-reader-text\">\n\t\t\t<\/span>\n<a href=\"https:\/\/portifolioos-prontos.com\/index.php\/product\/projeto-integrado-interdisciplinar-computacao-em-nuvem\/\" data-id=\"51289\"  class=\"mf-product-quick-view\"><i class=\"p-icon icon-eye\" title=\"Quick View\" data-rel=\"tooltip\"><\/i><\/a><\/div><\/div><div class=\"mf-product-details\"><div class=\"mf-product-content\"><h2 class=\"woo-loop-product__title\"><a href=\"https:\/\/portifolioos-prontos.com\/index.php\/product\/projeto-integrado-interdisciplinar-computacao-em-nuvem\/\">Projeto Integrado &#8211; Computa\u00e7\u00e3o em Nuvem<\/a><\/h2><\/div><div class=\"mf-product-price-box\">\n<\/div><\/div><\/div><\/li>\n<li class=\"col-xs-6 col-sm-4 col-mf-5 un-5-cols product type-product post-51242 status-publish instock product_cat-uncategorized has-post-thumbnail shipping-taxable purchasable product-type-simple\">\n\t<div class=\"product-inner  clearfix\"><div class=\"mf-product-thumbnail\"><a href=\"https:\/\/portifolioos-prontos.com\/index.php\/product\/aula-pratica-seguranca-defensiva-blue-team\/\"><img loading=\"lazy\" decoding=\"async\" width=\"300\" height=\"424\" src=\"https:\/\/portifolioos-prontos.com\/wp-content\/uploads\/2026\/04\/portfolio-aula-pratica-seguranca-defensiva-blue-team.webp\" class=\"attachment-woocommerce_thumbnail size-woocommerce_thumbnail\" alt=\"aula pr\u00e1tica seguran\u00e7a defensiva blue team\" srcset=\"https:\/\/portifolioos-prontos.com\/wp-content\/uploads\/2026\/04\/portfolio-aula-pratica-seguranca-defensiva-blue-team.webp 1190w, https:\/\/portifolioos-prontos.com\/wp-content\/uploads\/2026\/04\/portfolio-aula-pratica-seguranca-defensiva-blue-team-212x300.webp 212w, https:\/\/portifolioos-prontos.com\/wp-content\/uploads\/2026\/04\/portfolio-aula-pratica-seguranca-defensiva-blue-team-724x1024.webp 724w, https:\/\/portifolioos-prontos.com\/wp-content\/uploads\/2026\/04\/portfolio-aula-pratica-seguranca-defensiva-blue-team-768x1086.webp 768w, https:\/\/portifolioos-prontos.com\/wp-content\/uploads\/2026\/04\/portfolio-aula-pratica-seguranca-defensiva-blue-team-1086x1536.webp 1086w, https:\/\/portifolioos-prontos.com\/wp-content\/uploads\/2026\/04\/portfolio-aula-pratica-seguranca-defensiva-blue-team-370x523.webp 370w, https:\/\/portifolioos-prontos.com\/wp-content\/uploads\/2026\/04\/portfolio-aula-pratica-seguranca-defensiva-blue-team-300x424.webp 300w, https:\/\/portifolioos-prontos.com\/wp-content\/uploads\/2026\/04\/portfolio-aula-pratica-seguranca-defensiva-blue-team-600x849.webp 600w, https:\/\/portifolioos-prontos.com\/wp-content\/uploads\/2026\/04\/portfolio-aula-pratica-seguranca-defensiva-blue-team-64x91.webp 64w\" sizes=\"(max-width: 300px) 100vw, 300px\" \/><\/a><div class=\"footer-button\"><a href=\"\/index.php\/wp-json\/wp\/v2\/pages\/175?add-to-cart=51242\" aria-describedby=\"woocommerce_loop_add_to_cart_link_describedby_51242\" data-quantity=\"1\" data-title=\"Aula Pr\u00e1tica Seguran\u00e7a Defensiva - Blue Team\" class=\"button product_type_simple add_to_cart_button ajax_add_to_cart\" data-product_id=\"51242\" data-product_sku=\"\" aria-label=\"Adicione ao carrinho: &ldquo;Aula Pr\u00e1tica Seguran\u00e7a Defensiva - Blue Team&rdquo;\" rel=\"nofollow\" data-success_message=\"\u201cAula Pr\u00e1tica Seguran\u00e7a Defensiva - Blue Team\u201d foi adicionado ao seu carrinho\" role=\"button\"><i class=\"p-icon icon-bag2\" data-rel=\"tooltip\" title=\"Comprar\"><\/i><span class=\"add-to-cart-text\">Comprar<\/span><\/a>\t<span id=\"woocommerce_loop_add_to_cart_link_describedby_51242\" class=\"screen-reader-text\">\n\t\t\t<\/span>\n<a href=\"https:\/\/portifolioos-prontos.com\/index.php\/product\/aula-pratica-seguranca-defensiva-blue-team\/\" data-id=\"51242\"  class=\"mf-product-quick-view\"><i class=\"p-icon icon-eye\" title=\"Quick View\" data-rel=\"tooltip\"><\/i><\/a><\/div><\/div><div class=\"mf-product-details\"><div class=\"mf-product-content\"><h2 class=\"woo-loop-product__title\"><a href=\"https:\/\/portifolioos-prontos.com\/index.php\/product\/aula-pratica-seguranca-defensiva-blue-team\/\">Aula Pr\u00e1tica Seguran\u00e7a Defensiva &#8211; Blue Team<\/a><\/h2><\/div><div class=\"mf-product-price-box\">\n\t<span class=\"price\"><span class=\"woocommerce-Price-amount amount\"><bdi><span class=\"woocommerce-Price-currencySymbol\">&#82;&#36;<\/span>&nbsp;100,00<\/bdi><\/span><\/span>\n<\/div><\/div><\/div><\/li>\n<li class=\"col-xs-6 col-sm-4 col-mf-5 un-5-cols product type-product post-51235 status-publish instock product_cat-relacoes-internacionais has-post-thumbnail shipping-taxable purchasable product-type-simple\">\n\t<div class=\"product-inner  clearfix\"><div class=\"mf-product-thumbnail\"><a href=\"https:\/\/portifolioos-prontos.com\/index.php\/product\/projeto-de-extensao-iii-relacoes-internacionais\/\"><img loading=\"lazy\" decoding=\"async\" width=\"300\" height=\"425\" src=\"https:\/\/portifolioos-prontos.com\/wp-content\/uploads\/2026\/04\/projeto-de-extensao-iii-relacoes-internacionais-unopar-anhanguera.webp\" class=\"attachment-woocommerce_thumbnail size-woocommerce_thumbnail\" alt=\"projeto de extens\u00e3o iii rela\u00e7\u00f5es internacionais\" srcset=\"https:\/\/portifolioos-prontos.com\/wp-content\/uploads\/2026\/04\/projeto-de-extensao-iii-relacoes-internacionais-unopar-anhanguera.webp 1190w, https:\/\/portifolioos-prontos.com\/wp-content\/uploads\/2026\/04\/projeto-de-extensao-iii-relacoes-internacionais-unopar-anhanguera-212x300.webp 212w, https:\/\/portifolioos-prontos.com\/wp-content\/uploads\/2026\/04\/projeto-de-extensao-iii-relacoes-internacionais-unopar-anhanguera-724x1024.webp 724w, https:\/\/portifolioos-prontos.com\/wp-content\/uploads\/2026\/04\/projeto-de-extensao-iii-relacoes-internacionais-unopar-anhanguera-768x1087.webp 768w, https:\/\/portifolioos-prontos.com\/wp-content\/uploads\/2026\/04\/projeto-de-extensao-iii-relacoes-internacionais-unopar-anhanguera-1085x1536.webp 1085w, https:\/\/portifolioos-prontos.com\/wp-content\/uploads\/2026\/04\/projeto-de-extensao-iii-relacoes-internacionais-unopar-anhanguera-370x524.webp 370w, https:\/\/portifolioos-prontos.com\/wp-content\/uploads\/2026\/04\/projeto-de-extensao-iii-relacoes-internacionais-unopar-anhanguera-300x425.webp 300w, https:\/\/portifolioos-prontos.com\/wp-content\/uploads\/2026\/04\/projeto-de-extensao-iii-relacoes-internacionais-unopar-anhanguera-600x849.webp 600w, https:\/\/portifolioos-prontos.com\/wp-content\/uploads\/2026\/04\/projeto-de-extensao-iii-relacoes-internacionais-unopar-anhanguera-64x91.webp 64w\" sizes=\"(max-width: 300px) 100vw, 300px\" \/><\/a><div class=\"footer-button\"><a href=\"\/index.php\/wp-json\/wp\/v2\/pages\/175?add-to-cart=51235\" aria-describedby=\"woocommerce_loop_add_to_cart_link_describedby_51235\" data-quantity=\"1\" data-title=\"Projeto de Extens\u00e3o III - Rela\u00e7\u00f5es Internacionais\" class=\"button product_type_simple add_to_cart_button ajax_add_to_cart\" data-product_id=\"51235\" data-product_sku=\"\" aria-label=\"Adicione ao carrinho: &ldquo;Projeto de Extens\u00e3o III - Rela\u00e7\u00f5es Internacionais&rdquo;\" rel=\"nofollow\" data-success_message=\"\u201cProjeto de Extens\u00e3o III - Rela\u00e7\u00f5es Internacionais\u201d foi adicionado ao seu carrinho\" role=\"button\"><i class=\"p-icon icon-bag2\" data-rel=\"tooltip\" title=\"Comprar\"><\/i><span class=\"add-to-cart-text\">Comprar<\/span><\/a>\t<span id=\"woocommerce_loop_add_to_cart_link_describedby_51235\" class=\"screen-reader-text\">\n\t\t\t<\/span>\n<a href=\"https:\/\/portifolioos-prontos.com\/index.php\/product\/projeto-de-extensao-iii-relacoes-internacionais\/\" data-id=\"51235\"  class=\"mf-product-quick-view\"><i class=\"p-icon icon-eye\" title=\"Quick View\" data-rel=\"tooltip\"><\/i><\/a><\/div><\/div><div class=\"mf-product-details\"><div class=\"mf-product-content\"><h2 class=\"woo-loop-product__title\"><a href=\"https:\/\/portifolioos-prontos.com\/index.php\/product\/projeto-de-extensao-iii-relacoes-internacionais\/\">Projeto de Extens\u00e3o III &#8211; Rela\u00e7\u00f5es Internacionais<\/a><\/h2><\/div><div class=\"mf-product-price-box\">\n\t<span class=\"price\"><span class=\"woocommerce-Price-amount amount\"><bdi><span class=\"woocommerce-Price-currencySymbol\">&#82;&#36;<\/span>&nbsp;89,90<\/bdi><\/span><\/span>\n<\/div><\/div><\/div><\/li>\n<li class=\"col-xs-6 col-sm-4 col-mf-5 un-5-cols product type-product post-51230 status-publish last instock product_cat-fisioterapia has-post-thumbnail shipping-taxable purchasable product-type-simple\">\n\t<div class=\"product-inner  clearfix\"><div class=\"mf-product-thumbnail\"><a href=\"https:\/\/portifolioos-prontos.com\/index.php\/product\/projeto-de-extensao-iii-fisioterapia\/\"><img loading=\"lazy\" decoding=\"async\" width=\"300\" height=\"424\" src=\"https:\/\/portifolioos-prontos.com\/wp-content\/uploads\/2026\/04\/projeto-de-extensao-iii-fisioterapia.webp\" class=\"attachment-woocommerce_thumbnail size-woocommerce_thumbnail\" alt=\"projeto de extens\u00e3o iii fisioterapia\" srcset=\"https:\/\/portifolioos-prontos.com\/wp-content\/uploads\/2026\/04\/projeto-de-extensao-iii-fisioterapia.webp 1190w, https:\/\/portifolioos-prontos.com\/wp-content\/uploads\/2026\/04\/projeto-de-extensao-iii-fisioterapia-212x300.webp 212w, https:\/\/portifolioos-prontos.com\/wp-content\/uploads\/2026\/04\/projeto-de-extensao-iii-fisioterapia-724x1024.webp 724w, https:\/\/portifolioos-prontos.com\/wp-content\/uploads\/2026\/04\/projeto-de-extensao-iii-fisioterapia-768x1086.webp 768w, https:\/\/portifolioos-prontos.com\/wp-content\/uploads\/2026\/04\/projeto-de-extensao-iii-fisioterapia-1086x1536.webp 1086w, https:\/\/portifolioos-prontos.com\/wp-content\/uploads\/2026\/04\/projeto-de-extensao-iii-fisioterapia-370x523.webp 370w, https:\/\/portifolioos-prontos.com\/wp-content\/uploads\/2026\/04\/projeto-de-extensao-iii-fisioterapia-300x424.webp 300w, https:\/\/portifolioos-prontos.com\/wp-content\/uploads\/2026\/04\/projeto-de-extensao-iii-fisioterapia-600x849.webp 600w, https:\/\/portifolioos-prontos.com\/wp-content\/uploads\/2026\/04\/projeto-de-extensao-iii-fisioterapia-64x91.webp 64w\" sizes=\"(max-width: 300px) 100vw, 300px\" \/><\/a><div class=\"footer-button\"><a href=\"\/index.php\/wp-json\/wp\/v2\/pages\/175?add-to-cart=51230\" aria-describedby=\"woocommerce_loop_add_to_cart_link_describedby_51230\" data-quantity=\"1\" data-title=\"Projeto de Extens\u00e3o III - Fisioterapia\" class=\"button product_type_simple add_to_cart_button ajax_add_to_cart\" data-product_id=\"51230\" data-product_sku=\"\" aria-label=\"Adicione ao carrinho: &ldquo;Projeto de Extens\u00e3o III - Fisioterapia&rdquo;\" rel=\"nofollow\" data-success_message=\"\u201cProjeto de Extens\u00e3o III - Fisioterapia\u201d foi adicionado ao seu carrinho\" role=\"button\"><i class=\"p-icon icon-bag2\" data-rel=\"tooltip\" title=\"Comprar\"><\/i><span class=\"add-to-cart-text\">Comprar<\/span><\/a>\t<span id=\"woocommerce_loop_add_to_cart_link_describedby_51230\" class=\"screen-reader-text\">\n\t\t\t<\/span>\n<a href=\"https:\/\/portifolioos-prontos.com\/index.php\/product\/projeto-de-extensao-iii-fisioterapia\/\" data-id=\"51230\"  class=\"mf-product-quick-view\"><i class=\"p-icon icon-eye\" title=\"Quick View\" data-rel=\"tooltip\"><\/i><\/a><\/div><\/div><div class=\"mf-product-details\"><div class=\"mf-product-content\"><h2 class=\"woo-loop-product__title\"><a href=\"https:\/\/portifolioos-prontos.com\/index.php\/product\/projeto-de-extensao-iii-fisioterapia\/\">Projeto de Extens\u00e3o III &#8211; Fisioterapia<\/a><\/h2><\/div><div class=\"mf-product-price-box\">\n\t<span class=\"price\"><span class=\"woocommerce-Price-amount amount\"><bdi><span class=\"woocommerce-Price-currencySymbol\">&#82;&#36;<\/span>&nbsp;89,90<\/bdi><\/span><\/span>\n<\/div><\/div><\/div><\/li>\n<li class=\"col-xs-6 col-sm-4 col-mf-5 un-5-cols product type-product post-51185 status-publish first instock product_cat-marketing has-post-thumbnail shipping-taxable purchasable product-type-simple\">\n\t<div class=\"product-inner  clearfix\"><div class=\"mf-product-thumbnail\"><a href=\"https:\/\/portifolioos-prontos.com\/index.php\/product\/projeto-integrado-sintese-marketing-digital-empresa-innovaconselho\/\"><img loading=\"lazy\" decoding=\"async\" width=\"300\" height=\"424\" src=\"https:\/\/portifolioos-prontos.com\/wp-content\/uploads\/2026\/04\/portfolio-pronto-projeto-integrado-sintese-marketing-digital.webp\" class=\"attachment-woocommerce_thumbnail size-woocommerce_thumbnail\" alt=\"projeto integrado s\u00edntese marketing digital empresa innovaconselho\" srcset=\"https:\/\/portifolioos-prontos.com\/wp-content\/uploads\/2026\/04\/portfolio-pronto-projeto-integrado-sintese-marketing-digital.webp 1190w, https:\/\/portifolioos-prontos.com\/wp-content\/uploads\/2026\/04\/portfolio-pronto-projeto-integrado-sintese-marketing-digital-212x300.webp 212w, https:\/\/portifolioos-prontos.com\/wp-content\/uploads\/2026\/04\/portfolio-pronto-projeto-integrado-sintese-marketing-digital-724x1024.webp 724w, https:\/\/portifolioos-prontos.com\/wp-content\/uploads\/2026\/04\/portfolio-pronto-projeto-integrado-sintese-marketing-digital-768x1086.webp 768w, https:\/\/portifolioos-prontos.com\/wp-content\/uploads\/2026\/04\/portfolio-pronto-projeto-integrado-sintese-marketing-digital-1086x1536.webp 1086w, https:\/\/portifolioos-prontos.com\/wp-content\/uploads\/2026\/04\/portfolio-pronto-projeto-integrado-sintese-marketing-digital-370x523.webp 370w, https:\/\/portifolioos-prontos.com\/wp-content\/uploads\/2026\/04\/portfolio-pronto-projeto-integrado-sintese-marketing-digital-300x424.webp 300w, https:\/\/portifolioos-prontos.com\/wp-content\/uploads\/2026\/04\/portfolio-pronto-projeto-integrado-sintese-marketing-digital-600x849.webp 600w, https:\/\/portifolioos-prontos.com\/wp-content\/uploads\/2026\/04\/portfolio-pronto-projeto-integrado-sintese-marketing-digital-64x91.webp 64w\" sizes=\"(max-width: 300px) 100vw, 300px\" \/><\/a><div class=\"footer-button\"><a href=\"\/index.php\/wp-json\/wp\/v2\/pages\/175?add-to-cart=51185\" aria-describedby=\"woocommerce_loop_add_to_cart_link_describedby_51185\" data-quantity=\"1\" data-title=\"Projeto Integrado S\u00edntese - Marketing Digital Empresa InnovaConselho\" class=\"button product_type_simple add_to_cart_button ajax_add_to_cart\" data-product_id=\"51185\" data-product_sku=\"\" aria-label=\"Adicione ao carrinho: &ldquo;Projeto Integrado S\u00edntese - Marketing Digital Empresa InnovaConselho&rdquo;\" rel=\"nofollow\" data-success_message=\"\u201cProjeto Integrado S\u00edntese - Marketing Digital Empresa InnovaConselho\u201d foi adicionado ao seu carrinho\" role=\"button\"><i class=\"p-icon icon-bag2\" data-rel=\"tooltip\" title=\"Comprar\"><\/i><span class=\"add-to-cart-text\">Comprar<\/span><\/a>\t<span id=\"woocommerce_loop_add_to_cart_link_describedby_51185\" class=\"screen-reader-text\">\n\t\t\t<\/span>\n<a href=\"https:\/\/portifolioos-prontos.com\/index.php\/product\/projeto-integrado-sintese-marketing-digital-empresa-innovaconselho\/\" data-id=\"51185\"  class=\"mf-product-quick-view\"><i class=\"p-icon icon-eye\" title=\"Quick View\" data-rel=\"tooltip\"><\/i><\/a><\/div><\/div><div class=\"mf-product-details\"><div class=\"mf-product-content\"><h2 class=\"woo-loop-product__title\"><a href=\"https:\/\/portifolioos-prontos.com\/index.php\/product\/projeto-integrado-sintese-marketing-digital-empresa-innovaconselho\/\">Projeto Integrado S\u00edntese &#8211; Marketing Digital Empresa InnovaConselho<\/a><\/h2><\/div><div class=\"mf-product-price-box\">\n\t<span class=\"price\"><span class=\"woocommerce-Price-amount amount\"><bdi><span class=\"woocommerce-Price-currencySymbol\">&#82;&#36;<\/span>&nbsp;100,00<\/bdi><\/span><\/span>\n<\/div><\/div><\/div><\/li>\n<li class=\"col-xs-6 col-sm-4 col-mf-5 un-5-cols product type-product post-51102 status-publish instock product_cat-podologia has-post-thumbnail shipping-taxable product-type-simple\">\n\t<div class=\"product-inner  clearfix\"><div class=\"mf-product-thumbnail\"><a href=\"https:\/\/portifolioos-prontos.com\/index.php\/product\/projeto-integrado-podologia-mapeamento-epidemiologico-das-principais-podopatologias-em-diferentes-faixas-etarias\/\"><img loading=\"lazy\" decoding=\"async\" width=\"300\" height=\"424\" src=\"https:\/\/portifolioos-prontos.com\/wp-content\/uploads\/2026\/04\/projeto-integrado-podologia-mapeamento-epidemiologico-das-principais-podopatologias-em-diferentes-faixas-etarias.webp\" class=\"attachment-woocommerce_thumbnail size-woocommerce_thumbnail\" alt=\"projeto integrado podologia mapeamento epidemiol\u00f3gico das principais podopatologias em diferentes faixas et\u00e1rias\" srcset=\"https:\/\/portifolioos-prontos.com\/wp-content\/uploads\/2026\/04\/projeto-integrado-podologia-mapeamento-epidemiologico-das-principais-podopatologias-em-diferentes-faixas-etarias.webp 1191w, https:\/\/portifolioos-prontos.com\/wp-content\/uploads\/2026\/04\/projeto-integrado-podologia-mapeamento-epidemiologico-das-principais-podopatologias-em-diferentes-faixas-etarias-212x300.webp 212w, https:\/\/portifolioos-prontos.com\/wp-content\/uploads\/2026\/04\/projeto-integrado-podologia-mapeamento-epidemiologico-das-principais-podopatologias-em-diferentes-faixas-etarias-724x1024.webp 724w, https:\/\/portifolioos-prontos.com\/wp-content\/uploads\/2026\/04\/projeto-integrado-podologia-mapeamento-epidemiologico-das-principais-podopatologias-em-diferentes-faixas-etarias-768x1086.webp 768w, https:\/\/portifolioos-prontos.com\/wp-content\/uploads\/2026\/04\/projeto-integrado-podologia-mapeamento-epidemiologico-das-principais-podopatologias-em-diferentes-faixas-etarias-1086x1536.webp 1086w, https:\/\/portifolioos-prontos.com\/wp-content\/uploads\/2026\/04\/projeto-integrado-podologia-mapeamento-epidemiologico-das-principais-podopatologias-em-diferentes-faixas-etarias-370x523.webp 370w, https:\/\/portifolioos-prontos.com\/wp-content\/uploads\/2026\/04\/projeto-integrado-podologia-mapeamento-epidemiologico-das-principais-podopatologias-em-diferentes-faixas-etarias-300x424.webp 300w, https:\/\/portifolioos-prontos.com\/wp-content\/uploads\/2026\/04\/projeto-integrado-podologia-mapeamento-epidemiologico-das-principais-podopatologias-em-diferentes-faixas-etarias-600x848.webp 600w, https:\/\/portifolioos-prontos.com\/wp-content\/uploads\/2026\/04\/projeto-integrado-podologia-mapeamento-epidemiologico-das-principais-podopatologias-em-diferentes-faixas-etarias-64x90.webp 64w\" sizes=\"(max-width: 300px) 100vw, 300px\" \/><\/a><div class=\"footer-button\"><a href=\"https:\/\/portifolioos-prontos.com\/index.php\/product\/projeto-integrado-podologia-mapeamento-epidemiologico-das-principais-podopatologias-em-diferentes-faixas-etarias\/\" aria-describedby=\"woocommerce_loop_add_to_cart_link_describedby_51102\" data-quantity=\"1\" data-title=\"Projeto Integrado Podologia - Mapeamento Epidemiol\u00f3gico das Principais Podopatologias em Diferentes Faixas Et\u00e1rias\" class=\"button product_type_simple\" data-product_id=\"51102\" data-product_sku=\"\" aria-label=\"Leia mais sobre &ldquo;Projeto Integrado Podologia - Mapeamento Epidemiol\u00f3gico das Principais Podopatologias em Diferentes Faixas Et\u00e1rias&rdquo;\" rel=\"nofollow\" data-success_message=\"\"><i class=\"p-icon icon-bag2\" data-rel=\"tooltip\" title=\"Comprar\"><\/i><span class=\"add-to-cart-text\">Comprar<\/span><\/a>\t<span id=\"woocommerce_loop_add_to_cart_link_describedby_51102\" class=\"screen-reader-text\">\n\t\t\t<\/span>\n<a href=\"https:\/\/portifolioos-prontos.com\/index.php\/product\/projeto-integrado-podologia-mapeamento-epidemiologico-das-principais-podopatologias-em-diferentes-faixas-etarias\/\" data-id=\"51102\"  class=\"mf-product-quick-view\"><i class=\"p-icon icon-eye\" title=\"Quick View\" data-rel=\"tooltip\"><\/i><\/a><\/div><\/div><div class=\"mf-product-details\"><div class=\"mf-product-content\"><h2 class=\"woo-loop-product__title\"><a href=\"https:\/\/portifolioos-prontos.com\/index.php\/product\/projeto-integrado-podologia-mapeamento-epidemiologico-das-principais-podopatologias-em-diferentes-faixas-etarias\/\">Projeto Integrado Podologia &#8211; Mapeamento Epidemiol\u00f3gico das Principais Podopatologias em Diferentes Faixas Et\u00e1rias<\/a><\/h2><\/div><div class=\"mf-product-price-box\">\n<\/div><\/div><\/div><\/li>\n<li class=\"col-xs-6 col-sm-4 col-mf-5 un-5-cols product type-product post-51055 status-publish instock product_cat-uncategorized has-post-thumbnail downloadable virtual purchasable product-type-simple\">\n\t<div class=\"product-inner  clearfix\"><div class=\"mf-product-thumbnail\"><a href=\"https:\/\/portifolioos-prontos.com\/index.php\/product\/aula-pratica-quimica-geral-u2-fundamentos-da-quimica-geral-e-estequiometria\/\"><img loading=\"lazy\" decoding=\"async\" width=\"300\" height=\"424\" src=\"https:\/\/portifolioos-prontos.com\/wp-content\/uploads\/2026\/04\/aula-pratica-quimica-geral-estequiometria.webp\" class=\"attachment-woocommerce_thumbnail size-woocommerce_thumbnail\" alt=\"aula pr\u00e1tica qu\u00edmica geral u2 fundamentos da qu\u00cdmica geral e estequiometria\" srcset=\"https:\/\/portifolioos-prontos.com\/wp-content\/uploads\/2026\/04\/aula-pratica-quimica-geral-estequiometria.webp 1190w, https:\/\/portifolioos-prontos.com\/wp-content\/uploads\/2026\/04\/aula-pratica-quimica-geral-estequiometria-212x300.webp 212w, https:\/\/portifolioos-prontos.com\/wp-content\/uploads\/2026\/04\/aula-pratica-quimica-geral-estequiometria-724x1024.webp 724w, https:\/\/portifolioos-prontos.com\/wp-content\/uploads\/2026\/04\/aula-pratica-quimica-geral-estequiometria-768x1086.webp 768w, https:\/\/portifolioos-prontos.com\/wp-content\/uploads\/2026\/04\/aula-pratica-quimica-geral-estequiometria-1086x1536.webp 1086w, https:\/\/portifolioos-prontos.com\/wp-content\/uploads\/2026\/04\/aula-pratica-quimica-geral-estequiometria-370x523.webp 370w, https:\/\/portifolioos-prontos.com\/wp-content\/uploads\/2026\/04\/aula-pratica-quimica-geral-estequiometria-300x424.webp 300w, https:\/\/portifolioos-prontos.com\/wp-content\/uploads\/2026\/04\/aula-pratica-quimica-geral-estequiometria-600x849.webp 600w, https:\/\/portifolioos-prontos.com\/wp-content\/uploads\/2026\/04\/aula-pratica-quimica-geral-estequiometria-64x91.webp 64w\" sizes=\"(max-width: 300px) 100vw, 300px\" \/><\/a><div class=\"footer-button\"><a href=\"\/index.php\/wp-json\/wp\/v2\/pages\/175?add-to-cart=51055\" aria-describedby=\"woocommerce_loop_add_to_cart_link_describedby_51055\" data-quantity=\"1\" data-title=\"Aula pr\u00e1tica Qu\u00edmica Geral U2 - FUNDAMENTOS DA QU\u00cdMICA GERAL E ESTEQUIOMETRIA\" class=\"button product_type_simple add_to_cart_button ajax_add_to_cart\" data-product_id=\"51055\" data-product_sku=\"\" aria-label=\"Adicione ao carrinho: &ldquo;Aula pr\u00e1tica Qu\u00edmica Geral U2 - FUNDAMENTOS DA QU\u00cdMICA GERAL E ESTEQUIOMETRIA&rdquo;\" rel=\"nofollow\" data-success_message=\"\u201cAula pr\u00e1tica Qu\u00edmica Geral U2 - FUNDAMENTOS DA QU\u00cdMICA GERAL E ESTEQUIOMETRIA\u201d foi adicionado ao seu carrinho\" role=\"button\"><i class=\"p-icon icon-bag2\" data-rel=\"tooltip\" title=\"Comprar\"><\/i><span class=\"add-to-cart-text\">Comprar<\/span><\/a>\t<span id=\"woocommerce_loop_add_to_cart_link_describedby_51055\" class=\"screen-reader-text\">\n\t\t\t<\/span>\n<a href=\"https:\/\/portifolioos-prontos.com\/index.php\/product\/aula-pratica-quimica-geral-u2-fundamentos-da-quimica-geral-e-estequiometria\/\" data-id=\"51055\"  class=\"mf-product-quick-view\"><i class=\"p-icon icon-eye\" title=\"Quick View\" data-rel=\"tooltip\"><\/i><\/a><\/div><\/div><div class=\"mf-product-details\"><div class=\"mf-product-content\"><h2 class=\"woo-loop-product__title\"><a href=\"https:\/\/portifolioos-prontos.com\/index.php\/product\/aula-pratica-quimica-geral-u2-fundamentos-da-quimica-geral-e-estequiometria\/\">Aula pr\u00e1tica Qu\u00edmica Geral U2 &#8211; FUNDAMENTOS DA QU\u00cdMICA GERAL E ESTEQUIOMETRIA<\/a><\/h2><\/div><div class=\"mf-product-price-box\">\n\t<span class=\"price\"><span class=\"woocommerce-Price-amount amount\"><bdi><span class=\"woocommerce-Price-currencySymbol\">&#82;&#36;<\/span>&nbsp;80,00<\/bdi><\/span><\/span>\n<\/div><\/div><\/div><\/li>\n<li class=\"col-xs-6 col-sm-4 col-mf-5 un-5-cols product type-product post-50977 status-publish instock product_cat-uncategorized has-post-thumbnail shipping-taxable purchasable product-type-simple\">\n\t<div class=\"product-inner  clearfix\"><div class=\"mf-product-thumbnail\"><a href=\"https:\/\/portifolioos-prontos.com\/index.php\/product\/estagio-supervisionado-em-campos-de-atuacao-profissional-ii\/\"><img loading=\"lazy\" decoding=\"async\" width=\"300\" height=\"424\" src=\"https:\/\/portifolioos-prontos.com\/wp-content\/uploads\/2026\/04\/estagio-supervisionado-em-campos-de-atuacao-profissional-ii.webp\" class=\"attachment-woocommerce_thumbnail size-woocommerce_thumbnail\" alt=\"est\u00e1gio supervisionado em campos de atua\u00e7\u00e3o profissional ii\" srcset=\"https:\/\/portifolioos-prontos.com\/wp-content\/uploads\/2026\/04\/estagio-supervisionado-em-campos-de-atuacao-profissional-ii.webp 1191w, https:\/\/portifolioos-prontos.com\/wp-content\/uploads\/2026\/04\/estagio-supervisionado-em-campos-de-atuacao-profissional-ii-212x300.webp 212w, https:\/\/portifolioos-prontos.com\/wp-content\/uploads\/2026\/04\/estagio-supervisionado-em-campos-de-atuacao-profissional-ii-724x1024.webp 724w, https:\/\/portifolioos-prontos.com\/wp-content\/uploads\/2026\/04\/estagio-supervisionado-em-campos-de-atuacao-profissional-ii-768x1086.webp 768w, https:\/\/portifolioos-prontos.com\/wp-content\/uploads\/2026\/04\/estagio-supervisionado-em-campos-de-atuacao-profissional-ii-1086x1536.webp 1086w, https:\/\/portifolioos-prontos.com\/wp-content\/uploads\/2026\/04\/estagio-supervisionado-em-campos-de-atuacao-profissional-ii-370x523.webp 370w, https:\/\/portifolioos-prontos.com\/wp-content\/uploads\/2026\/04\/estagio-supervisionado-em-campos-de-atuacao-profissional-ii-300x424.webp 300w, https:\/\/portifolioos-prontos.com\/wp-content\/uploads\/2026\/04\/estagio-supervisionado-em-campos-de-atuacao-profissional-ii-600x848.webp 600w, https:\/\/portifolioos-prontos.com\/wp-content\/uploads\/2026\/04\/estagio-supervisionado-em-campos-de-atuacao-profissional-ii-64x90.webp 64w\" sizes=\"(max-width: 300px) 100vw, 300px\" \/><\/a><div class=\"footer-button\"><a href=\"\/index.php\/wp-json\/wp\/v2\/pages\/175?add-to-cart=50977\" aria-describedby=\"woocommerce_loop_add_to_cart_link_describedby_50977\" data-quantity=\"1\" data-title=\"Est\u00e1gio supervisionado em campos de atua\u00e7\u00e3o profissional II\" class=\"button product_type_simple add_to_cart_button ajax_add_to_cart\" data-product_id=\"50977\" data-product_sku=\"\" aria-label=\"Adicione ao carrinho: &ldquo;Est\u00e1gio supervisionado em campos de atua\u00e7\u00e3o profissional II&rdquo;\" rel=\"nofollow\" data-success_message=\"\u201cEst\u00e1gio supervisionado em campos de atua\u00e7\u00e3o profissional II\u201d foi adicionado ao seu carrinho\" role=\"button\"><i class=\"p-icon icon-bag2\" data-rel=\"tooltip\" title=\"Comprar\"><\/i><span class=\"add-to-cart-text\">Comprar<\/span><\/a>\t<span id=\"woocommerce_loop_add_to_cart_link_describedby_50977\" class=\"screen-reader-text\">\n\t\t\t<\/span>\n<a href=\"https:\/\/portifolioos-prontos.com\/index.php\/product\/estagio-supervisionado-em-campos-de-atuacao-profissional-ii\/\" data-id=\"50977\"  class=\"mf-product-quick-view\"><i class=\"p-icon icon-eye\" title=\"Quick View\" data-rel=\"tooltip\"><\/i><\/a><\/div><\/div><div class=\"mf-product-details\"><div class=\"mf-product-content\"><h2 class=\"woo-loop-product__title\"><a href=\"https:\/\/portifolioos-prontos.com\/index.php\/product\/estagio-supervisionado-em-campos-de-atuacao-profissional-ii\/\">Est\u00e1gio supervisionado em campos de atua\u00e7\u00e3o profissional II<\/a><\/h2><\/div><div class=\"mf-product-price-box\">\n\t<span class=\"price\"><span class=\"woocommerce-Price-amount amount\"><bdi><span class=\"woocommerce-Price-currencySymbol\">&#82;&#36;<\/span>&nbsp;150,00<\/bdi><\/span><\/span>\n<\/div><\/div><\/div><\/li>\n<li class=\"col-xs-6 col-sm-4 col-mf-5 un-5-cols product type-product post-50946 status-publish last instock product_cat-uncategorized has-post-thumbnail shipping-taxable purchasable product-type-simple\">\n\t<div class=\"product-inner  clearfix\"><div class=\"mf-product-thumbnail\"><a href=\"https:\/\/portifolioos-prontos.com\/index.php\/product\/estagio-ii-artes-visuais-anos-finais-do-ensino-fundamental-e-ensino-medio\/\"><img loading=\"lazy\" decoding=\"async\" width=\"300\" height=\"348\" src=\"https:\/\/portifolioos-prontos.com\/wp-content\/uploads\/2026\/04\/estagio-ii-artes-visuais-\u2013-anos-finais-do-ensino-fundamental-e-ensino-medio.webp\" class=\"attachment-woocommerce_thumbnail size-woocommerce_thumbnail\" alt=\"est\u00e1gio ii artes visuais \u2013 anos finais do ensino fundamental e ensino m\u00e9dio\" srcset=\"https:\/\/portifolioos-prontos.com\/wp-content\/uploads\/2026\/04\/estagio-ii-artes-visuais-\u2013-anos-finais-do-ensino-fundamental-e-ensino-medio.webp 555w, https:\/\/portifolioos-prontos.com\/wp-content\/uploads\/2026\/04\/estagio-ii-artes-visuais-\u2013-anos-finais-do-ensino-fundamental-e-ensino-medio-259x300.webp 259w, https:\/\/portifolioos-prontos.com\/wp-content\/uploads\/2026\/04\/estagio-ii-artes-visuais-\u2013-anos-finais-do-ensino-fundamental-e-ensino-medio-370x429.webp 370w, https:\/\/portifolioos-prontos.com\/wp-content\/uploads\/2026\/04\/estagio-ii-artes-visuais-\u2013-anos-finais-do-ensino-fundamental-e-ensino-medio-300x348.webp 300w, https:\/\/portifolioos-prontos.com\/wp-content\/uploads\/2026\/04\/estagio-ii-artes-visuais-\u2013-anos-finais-do-ensino-fundamental-e-ensino-medio-64x74.webp 64w\" sizes=\"(max-width: 300px) 100vw, 300px\" \/><\/a><div class=\"footer-button\"><a href=\"\/index.php\/wp-json\/wp\/v2\/pages\/175?add-to-cart=50946\" aria-describedby=\"woocommerce_loop_add_to_cart_link_describedby_50946\" data-quantity=\"1\" data-title=\"Est\u00e1gio II Artes visuais \u2013 Anos finais do ensino fundamental e ensino m\u00e9dio\" class=\"button product_type_simple add_to_cart_button ajax_add_to_cart\" data-product_id=\"50946\" data-product_sku=\"\" aria-label=\"Adicione ao carrinho: &ldquo;Est\u00e1gio II Artes visuais \u2013 Anos finais do ensino fundamental e ensino m\u00e9dio&rdquo;\" rel=\"nofollow\" data-success_message=\"\u201cEst\u00e1gio II Artes visuais \u2013 Anos finais do ensino fundamental e ensino m\u00e9dio\u201d foi adicionado ao seu carrinho\" role=\"button\"><i class=\"p-icon icon-bag2\" data-rel=\"tooltip\" title=\"Comprar\"><\/i><span class=\"add-to-cart-text\">Comprar<\/span><\/a>\t<span id=\"woocommerce_loop_add_to_cart_link_describedby_50946\" class=\"screen-reader-text\">\n\t\t\t<\/span>\n<a href=\"https:\/\/portifolioos-prontos.com\/index.php\/product\/estagio-ii-artes-visuais-anos-finais-do-ensino-fundamental-e-ensino-medio\/\" data-id=\"50946\"  class=\"mf-product-quick-view\"><i class=\"p-icon icon-eye\" title=\"Quick View\" data-rel=\"tooltip\"><\/i><\/a><\/div><\/div><div class=\"mf-product-details\"><div class=\"mf-product-content\"><h2 class=\"woo-loop-product__title\"><a href=\"https:\/\/portifolioos-prontos.com\/index.php\/product\/estagio-ii-artes-visuais-anos-finais-do-ensino-fundamental-e-ensino-medio\/\">Est\u00e1gio II Artes visuais \u2013 Anos finais do ensino fundamental e ensino m\u00e9dio<\/a><\/h2><\/div><div class=\"mf-product-price-box\">\n\t<span class=\"price\"><span class=\"woocommerce-Price-amount amount\"><bdi><span class=\"woocommerce-Price-currencySymbol\">&#82;&#36;<\/span>&nbsp;150,00<\/bdi><\/span><\/span>\n<\/div><\/div><\/div><\/li>\n<li class=\"col-xs-6 col-sm-4 col-mf-5 un-5-cols product type-product post-50941 status-publish first instock product_cat-pedagogia has-post-thumbnail shipping-taxable purchasable product-type-simple\">\n\t<div class=\"product-inner  clearfix\"><div class=\"mf-product-thumbnail\"><a href=\"https:\/\/portifolioos-prontos.com\/index.php\/product\/estagio-supervisionado-de-observacao-e-diagnostico-do-contexto-escolar-anos-iniciais-do-ensino-fundamental\/\"><img loading=\"lazy\" decoding=\"async\" width=\"300\" height=\"424\" src=\"https:\/\/portifolioos-prontos.com\/wp-content\/uploads\/2026\/04\/estagio-supervisionado-de-observacao-e-diagnostico-do-contexto-escolar-\u2013-anos-iniciais-do-ensino-fundamental.webp\" class=\"attachment-woocommerce_thumbnail size-woocommerce_thumbnail\" alt=\"est\u00e1gio supervisionado de observa\u00e7\u00e3o e diagn\u00f3stico do contexto escolar \u2013 anos iniciais do ensino fundamental\" srcset=\"https:\/\/portifolioos-prontos.com\/wp-content\/uploads\/2026\/04\/estagio-supervisionado-de-observacao-e-diagnostico-do-contexto-escolar-\u2013-anos-iniciais-do-ensino-fundamental.webp 1191w, https:\/\/portifolioos-prontos.com\/wp-content\/uploads\/2026\/04\/estagio-supervisionado-de-observacao-e-diagnostico-do-contexto-escolar-\u2013-anos-iniciais-do-ensino-fundamental-212x300.webp 212w, https:\/\/portifolioos-prontos.com\/wp-content\/uploads\/2026\/04\/estagio-supervisionado-de-observacao-e-diagnostico-do-contexto-escolar-\u2013-anos-iniciais-do-ensino-fundamental-724x1024.webp 724w, https:\/\/portifolioos-prontos.com\/wp-content\/uploads\/2026\/04\/estagio-supervisionado-de-observacao-e-diagnostico-do-contexto-escolar-\u2013-anos-iniciais-do-ensino-fundamental-768x1086.webp 768w, https:\/\/portifolioos-prontos.com\/wp-content\/uploads\/2026\/04\/estagio-supervisionado-de-observacao-e-diagnostico-do-contexto-escolar-\u2013-anos-iniciais-do-ensino-fundamental-1086x1536.webp 1086w, https:\/\/portifolioos-prontos.com\/wp-content\/uploads\/2026\/04\/estagio-supervisionado-de-observacao-e-diagnostico-do-contexto-escolar-\u2013-anos-iniciais-do-ensino-fundamental-370x523.webp 370w, https:\/\/portifolioos-prontos.com\/wp-content\/uploads\/2026\/04\/estagio-supervisionado-de-observacao-e-diagnostico-do-contexto-escolar-\u2013-anos-iniciais-do-ensino-fundamental-300x424.webp 300w, https:\/\/portifolioos-prontos.com\/wp-content\/uploads\/2026\/04\/estagio-supervisionado-de-observacao-e-diagnostico-do-contexto-escolar-\u2013-anos-iniciais-do-ensino-fundamental-600x848.webp 600w, https:\/\/portifolioos-prontos.com\/wp-content\/uploads\/2026\/04\/estagio-supervisionado-de-observacao-e-diagnostico-do-contexto-escolar-\u2013-anos-iniciais-do-ensino-fundamental-64x90.webp 64w\" sizes=\"(max-width: 300px) 100vw, 300px\" \/><\/a><div class=\"footer-button\"><a href=\"\/index.php\/wp-json\/wp\/v2\/pages\/175?add-to-cart=50941\" aria-describedby=\"woocommerce_loop_add_to_cart_link_describedby_50941\" data-quantity=\"1\" data-title=\"Est\u00e1gio supervisionado de observa\u00e7\u00e3o e diagn\u00f3stico do contexto escolar \u2013 Anos Iniciais do Ensino Fundamental\" class=\"button product_type_simple add_to_cart_button ajax_add_to_cart\" data-product_id=\"50941\" data-product_sku=\"\" aria-label=\"Adicione ao carrinho: &ldquo;Est\u00e1gio supervisionado de observa\u00e7\u00e3o e diagn\u00f3stico do contexto escolar \u2013 Anos Iniciais do Ensino Fundamental&rdquo;\" rel=\"nofollow\" data-success_message=\"\u201cEst\u00e1gio supervisionado de observa\u00e7\u00e3o e diagn\u00f3stico do contexto escolar \u2013 Anos Iniciais do Ensino Fundamental\u201d foi adicionado ao seu carrinho\" role=\"button\"><i class=\"p-icon icon-bag2\" data-rel=\"tooltip\" title=\"Comprar\"><\/i><span class=\"add-to-cart-text\">Comprar<\/span><\/a>\t<span id=\"woocommerce_loop_add_to_cart_link_describedby_50941\" class=\"screen-reader-text\">\n\t\t\t<\/span>\n<a href=\"https:\/\/portifolioos-prontos.com\/index.php\/product\/estagio-supervisionado-de-observacao-e-diagnostico-do-contexto-escolar-anos-iniciais-do-ensino-fundamental\/\" data-id=\"50941\"  class=\"mf-product-quick-view\"><i class=\"p-icon icon-eye\" title=\"Quick View\" data-rel=\"tooltip\"><\/i><\/a><\/div><\/div><div class=\"mf-product-details\"><div class=\"mf-product-content\"><h2 class=\"woo-loop-product__title\"><a href=\"https:\/\/portifolioos-prontos.com\/index.php\/product\/estagio-supervisionado-de-observacao-e-diagnostico-do-contexto-escolar-anos-iniciais-do-ensino-fundamental\/\">Est\u00e1gio supervisionado de observa\u00e7\u00e3o e diagn\u00f3stico do contexto escolar \u2013 Anos Iniciais do Ensino Fundamental<\/a><\/h2><\/div><div class=\"mf-product-price-box\">\n\t<span class=\"price\"><span class=\"woocommerce-Price-amount amount\"><bdi><span class=\"woocommerce-Price-currencySymbol\">&#82;&#36;<\/span>&nbsp;120,00<\/bdi><\/span><\/span>\n<\/div><\/div><\/div><\/li>\n<li class=\"col-xs-6 col-sm-4 col-mf-5 un-5-cols product type-product post-50936 status-publish instock product_cat-geografia has-post-thumbnail shipping-taxable purchasable product-type-simple\">\n\t<div class=\"product-inner  clearfix\"><div class=\"mf-product-thumbnail\"><a href=\"https:\/\/portifolioos-prontos.com\/index.php\/product\/estagio-iii-geografia-ensino-medio\/\"><img loading=\"lazy\" decoding=\"async\" width=\"300\" height=\"424\" src=\"https:\/\/portifolioos-prontos.com\/wp-content\/uploads\/2026\/04\/portfolio-relatorio-estagio-iii-geografia-ensino-medio.webp\" class=\"attachment-woocommerce_thumbnail size-woocommerce_thumbnail\" alt=\"est\u00e1gio iii geografia (ensino m\u00e9dio)\" srcset=\"https:\/\/portifolioos-prontos.com\/wp-content\/uploads\/2026\/04\/portfolio-relatorio-estagio-iii-geografia-ensino-medio.webp 1191w, https:\/\/portifolioos-prontos.com\/wp-content\/uploads\/2026\/04\/portfolio-relatorio-estagio-iii-geografia-ensino-medio-212x300.webp 212w, https:\/\/portifolioos-prontos.com\/wp-content\/uploads\/2026\/04\/portfolio-relatorio-estagio-iii-geografia-ensino-medio-724x1024.webp 724w, https:\/\/portifolioos-prontos.com\/wp-content\/uploads\/2026\/04\/portfolio-relatorio-estagio-iii-geografia-ensino-medio-768x1086.webp 768w, https:\/\/portifolioos-prontos.com\/wp-content\/uploads\/2026\/04\/portfolio-relatorio-estagio-iii-geografia-ensino-medio-1086x1536.webp 1086w, https:\/\/portifolioos-prontos.com\/wp-content\/uploads\/2026\/04\/portfolio-relatorio-estagio-iii-geografia-ensino-medio-370x523.webp 370w, https:\/\/portifolioos-prontos.com\/wp-content\/uploads\/2026\/04\/portfolio-relatorio-estagio-iii-geografia-ensino-medio-300x424.webp 300w, https:\/\/portifolioos-prontos.com\/wp-content\/uploads\/2026\/04\/portfolio-relatorio-estagio-iii-geografia-ensino-medio-600x848.webp 600w, https:\/\/portifolioos-prontos.com\/wp-content\/uploads\/2026\/04\/portfolio-relatorio-estagio-iii-geografia-ensino-medio-64x90.webp 64w\" sizes=\"(max-width: 300px) 100vw, 300px\" \/><\/a><div class=\"footer-button\"><a href=\"\/index.php\/wp-json\/wp\/v2\/pages\/175?add-to-cart=50936\" aria-describedby=\"woocommerce_loop_add_to_cart_link_describedby_50936\" data-quantity=\"1\" data-title=\"Est\u00e1gio III Geografia (ensino m\u00e9dio)\" class=\"button product_type_simple add_to_cart_button ajax_add_to_cart\" data-product_id=\"50936\" data-product_sku=\"\" aria-label=\"Adicione ao carrinho: &ldquo;Est\u00e1gio III Geografia (ensino m\u00e9dio)&rdquo;\" rel=\"nofollow\" data-success_message=\"\u201cEst\u00e1gio III Geografia (ensino m\u00e9dio)\u201d foi adicionado ao seu carrinho\" role=\"button\"><i class=\"p-icon icon-bag2\" data-rel=\"tooltip\" title=\"Comprar\"><\/i><span class=\"add-to-cart-text\">Comprar<\/span><\/a>\t<span id=\"woocommerce_loop_add_to_cart_link_describedby_50936\" class=\"screen-reader-text\">\n\t\t\t<\/span>\n<a href=\"https:\/\/portifolioos-prontos.com\/index.php\/product\/estagio-iii-geografia-ensino-medio\/\" data-id=\"50936\"  class=\"mf-product-quick-view\"><i class=\"p-icon icon-eye\" title=\"Quick View\" data-rel=\"tooltip\"><\/i><\/a><\/div><\/div><div class=\"mf-product-details\"><div class=\"mf-product-content\"><h2 class=\"woo-loop-product__title\"><a href=\"https:\/\/portifolioos-prontos.com\/index.php\/product\/estagio-iii-geografia-ensino-medio\/\">Est\u00e1gio III Geografia (ensino m\u00e9dio)<\/a><\/h2><\/div><div class=\"mf-product-price-box\">\n\t<span class=\"price\"><span class=\"woocommerce-Price-amount amount\"><bdi><span class=\"woocommerce-Price-currencySymbol\">&#82;&#36;<\/span>&nbsp;150,00<\/bdi><\/span><\/span>\n<\/div><\/div><\/div><\/li>\n<li class=\"col-xs-6 col-sm-4 col-mf-5 un-5-cols product type-product post-50746 status-publish instock product_cat-inteligencia-de-mercado-e-analise-de-dados has-post-thumbnail shipping-taxable product-type-simple\">\n\t<div class=\"product-inner  clearfix\"><div class=\"mf-product-thumbnail\"><a href=\"https:\/\/portifolioos-prontos.com\/index.php\/product\/projeto-integrado-interdisciplinar-analise-de-mercado-e-analise-de-dados\/\"><img loading=\"lazy\" decoding=\"async\" width=\"300\" height=\"424\" src=\"https:\/\/portifolioos-prontos.com\/wp-content\/uploads\/2026\/03\/projeto-integrado-interdisciplinar-analise-de-mercado-e-analise-de-dados.webp\" class=\"attachment-woocommerce_thumbnail size-woocommerce_thumbnail\" alt=\"projeto integrado interdisciplinar an\u00e1lise de mercado e an\u00e1lise de dados\" srcset=\"https:\/\/portifolioos-prontos.com\/wp-content\/uploads\/2026\/03\/projeto-integrado-interdisciplinar-analise-de-mercado-e-analise-de-dados.webp 1190w, https:\/\/portifolioos-prontos.com\/wp-content\/uploads\/2026\/03\/projeto-integrado-interdisciplinar-analise-de-mercado-e-analise-de-dados-212x300.webp 212w, https:\/\/portifolioos-prontos.com\/wp-content\/uploads\/2026\/03\/projeto-integrado-interdisciplinar-analise-de-mercado-e-analise-de-dados-724x1024.webp 724w, https:\/\/portifolioos-prontos.com\/wp-content\/uploads\/2026\/03\/projeto-integrado-interdisciplinar-analise-de-mercado-e-analise-de-dados-768x1086.webp 768w, https:\/\/portifolioos-prontos.com\/wp-content\/uploads\/2026\/03\/projeto-integrado-interdisciplinar-analise-de-mercado-e-analise-de-dados-1086x1536.webp 1086w, https:\/\/portifolioos-prontos.com\/wp-content\/uploads\/2026\/03\/projeto-integrado-interdisciplinar-analise-de-mercado-e-analise-de-dados-370x523.webp 370w, https:\/\/portifolioos-prontos.com\/wp-content\/uploads\/2026\/03\/projeto-integrado-interdisciplinar-analise-de-mercado-e-analise-de-dados-300x424.webp 300w, https:\/\/portifolioos-prontos.com\/wp-content\/uploads\/2026\/03\/projeto-integrado-interdisciplinar-analise-de-mercado-e-analise-de-dados-600x849.webp 600w, https:\/\/portifolioos-prontos.com\/wp-content\/uploads\/2026\/03\/projeto-integrado-interdisciplinar-analise-de-mercado-e-analise-de-dados-64x91.webp 64w\" sizes=\"(max-width: 300px) 100vw, 300px\" \/><\/a><div class=\"footer-button\"><a href=\"https:\/\/portifolioos-prontos.com\/index.php\/product\/projeto-integrado-interdisciplinar-analise-de-mercado-e-analise-de-dados\/\" aria-describedby=\"woocommerce_loop_add_to_cart_link_describedby_50746\" data-quantity=\"1\" data-title=\"Projeto integrado interdisciplinar - An\u00e1lise de mercado e an\u00e1lise de dados\" class=\"button product_type_simple\" data-product_id=\"50746\" data-product_sku=\"\" aria-label=\"Leia mais sobre &ldquo;Projeto integrado interdisciplinar - An\u00e1lise de mercado e an\u00e1lise de dados&rdquo;\" rel=\"nofollow\" data-success_message=\"\"><i class=\"p-icon icon-bag2\" data-rel=\"tooltip\" title=\"Comprar\"><\/i><span class=\"add-to-cart-text\">Comprar<\/span><\/a>\t<span id=\"woocommerce_loop_add_to_cart_link_describedby_50746\" class=\"screen-reader-text\">\n\t\t\t<\/span>\n<a href=\"https:\/\/portifolioos-prontos.com\/index.php\/product\/projeto-integrado-interdisciplinar-analise-de-mercado-e-analise-de-dados\/\" data-id=\"50746\"  class=\"mf-product-quick-view\"><i class=\"p-icon icon-eye\" title=\"Quick View\" data-rel=\"tooltip\"><\/i><\/a><\/div><\/div><div class=\"mf-product-details\"><div class=\"mf-product-content\"><h2 class=\"woo-loop-product__title\"><a href=\"https:\/\/portifolioos-prontos.com\/index.php\/product\/projeto-integrado-interdisciplinar-analise-de-mercado-e-analise-de-dados\/\">Projeto integrado interdisciplinar &#8211; An\u00e1lise de mercado e an\u00e1lise de dados<\/a><\/h2><\/div><div class=\"mf-product-price-box\">\n<\/div><\/div><\/div><\/li>\n<li class=\"col-xs-6 col-sm-4 col-mf-5 un-5-cols product type-product post-50670 status-publish instock product_cat-psicopedagogia has-post-thumbnail shipping-taxable product-type-simple\">\n\t<div class=\"product-inner  clearfix\"><div class=\"mf-product-thumbnail\"><a href=\"https:\/\/portifolioos-prontos.com\/index.php\/product\/aula-pratica-dificuldades-e-transtornos-da-aprendizagem\/\"><img loading=\"lazy\" decoding=\"async\" width=\"300\" height=\"285\" src=\"https:\/\/portifolioos-prontos.com\/wp-content\/uploads\/2026\/03\/portfolio-pronto-aula-pratica-infraestrutura-como-codigo-1-e1774576100633.webp\" class=\"attachment-woocommerce_thumbnail size-woocommerce_thumbnail\" alt=\"aula pr\u00e1tica dificuldades e transtornos da aprendizagem\" srcset=\"https:\/\/portifolioos-prontos.com\/wp-content\/uploads\/2026\/03\/portfolio-pronto-aula-pratica-infraestrutura-como-codigo-1-e1774576100633.webp 1190w, https:\/\/portifolioos-prontos.com\/wp-content\/uploads\/2026\/03\/portfolio-pronto-aula-pratica-infraestrutura-como-codigo-1-e1774576100633-300x285.webp 300w, https:\/\/portifolioos-prontos.com\/wp-content\/uploads\/2026\/03\/portfolio-pronto-aula-pratica-infraestrutura-como-codigo-1-e1774576100633-1024x972.webp 1024w, https:\/\/portifolioos-prontos.com\/wp-content\/uploads\/2026\/03\/portfolio-pronto-aula-pratica-infraestrutura-como-codigo-1-e1774576100633-768x729.webp 768w, https:\/\/portifolioos-prontos.com\/wp-content\/uploads\/2026\/03\/portfolio-pronto-aula-pratica-infraestrutura-como-codigo-1-e1774576100633-370x351.webp 370w, https:\/\/portifolioos-prontos.com\/wp-content\/uploads\/2026\/03\/portfolio-pronto-aula-pratica-infraestrutura-como-codigo-1-e1774576100633-600x570.webp 600w, https:\/\/portifolioos-prontos.com\/wp-content\/uploads\/2026\/03\/portfolio-pronto-aula-pratica-infraestrutura-como-codigo-1-e1774576100633-64x61.webp 64w\" sizes=\"(max-width: 300px) 100vw, 300px\" \/><\/a><div class=\"footer-button\"><a href=\"https:\/\/portifolioos-prontos.com\/index.php\/product\/aula-pratica-dificuldades-e-transtornos-da-aprendizagem\/\" aria-describedby=\"woocommerce_loop_add_to_cart_link_describedby_50670\" data-quantity=\"1\" data-title=\"Aula pr\u00e1tica Dificuldades e transtornos da aprendizagem\" class=\"button product_type_simple\" data-product_id=\"50670\" data-product_sku=\"\" aria-label=\"Leia mais sobre &ldquo;Aula pr\u00e1tica Dificuldades e transtornos da aprendizagem&rdquo;\" rel=\"nofollow\" data-success_message=\"\"><i class=\"p-icon icon-bag2\" data-rel=\"tooltip\" title=\"Comprar\"><\/i><span class=\"add-to-cart-text\">Comprar<\/span><\/a>\t<span id=\"woocommerce_loop_add_to_cart_link_describedby_50670\" class=\"screen-reader-text\">\n\t\t\t<\/span>\n<a href=\"https:\/\/portifolioos-prontos.com\/index.php\/product\/aula-pratica-dificuldades-e-transtornos-da-aprendizagem\/\" data-id=\"50670\"  class=\"mf-product-quick-view\"><i class=\"p-icon icon-eye\" title=\"Quick View\" data-rel=\"tooltip\"><\/i><\/a><\/div><\/div><div class=\"mf-product-details\"><div class=\"mf-product-content\"><h2 class=\"woo-loop-product__title\"><a href=\"https:\/\/portifolioos-prontos.com\/index.php\/product\/aula-pratica-dificuldades-e-transtornos-da-aprendizagem\/\">Aula pr\u00e1tica Dificuldades e transtornos da aprendizagem<\/a><\/h2><\/div><div class=\"mf-product-price-box\">\n<\/div><\/div><\/div><\/li>\n<li class=\"col-xs-6 col-sm-4 col-mf-5 un-5-cols product type-product post-50665 status-publish last instock product_cat-psicopedagogia has-post-thumbnail shipping-taxable product-type-simple\">\n\t<div class=\"product-inner  clearfix\"><div class=\"mf-product-thumbnail\"><a href=\"https:\/\/portifolioos-prontos.com\/index.php\/product\/aula-pratica-dificuldade-de-transtorno-de-aprendizagem-aula-2-transtorno-de-aprendizagem-com-prejuizo-na-leitura\/\"><img loading=\"lazy\" decoding=\"async\" width=\"300\" height=\"424\" src=\"https:\/\/portifolioos-prontos.com\/wp-content\/uploads\/2026\/03\/aula-pratica-dificuldade-de-transtorno-de-aprendizagem-aula-2-transtorno-de-aprendizagem-com-prejuizo-na-leitura.webp\" class=\"attachment-woocommerce_thumbnail size-woocommerce_thumbnail\" alt=\"aula pr\u00e1tica dificuldade de transtorno de aprendizagem aula: 2 transtorno de aprendizagem com preju\u00edzo na leitura\" srcset=\"https:\/\/portifolioos-prontos.com\/wp-content\/uploads\/2026\/03\/aula-pratica-dificuldade-de-transtorno-de-aprendizagem-aula-2-transtorno-de-aprendizagem-com-prejuizo-na-leitura.webp 1190w, https:\/\/portifolioos-prontos.com\/wp-content\/uploads\/2026\/03\/aula-pratica-dificuldade-de-transtorno-de-aprendizagem-aula-2-transtorno-de-aprendizagem-com-prejuizo-na-leitura-212x300.webp 212w, https:\/\/portifolioos-prontos.com\/wp-content\/uploads\/2026\/03\/aula-pratica-dificuldade-de-transtorno-de-aprendizagem-aula-2-transtorno-de-aprendizagem-com-prejuizo-na-leitura-724x1024.webp 724w, https:\/\/portifolioos-prontos.com\/wp-content\/uploads\/2026\/03\/aula-pratica-dificuldade-de-transtorno-de-aprendizagem-aula-2-transtorno-de-aprendizagem-com-prejuizo-na-leitura-768x1086.webp 768w, https:\/\/portifolioos-prontos.com\/wp-content\/uploads\/2026\/03\/aula-pratica-dificuldade-de-transtorno-de-aprendizagem-aula-2-transtorno-de-aprendizagem-com-prejuizo-na-leitura-1086x1536.webp 1086w, https:\/\/portifolioos-prontos.com\/wp-content\/uploads\/2026\/03\/aula-pratica-dificuldade-de-transtorno-de-aprendizagem-aula-2-transtorno-de-aprendizagem-com-prejuizo-na-leitura-370x523.webp 370w, https:\/\/portifolioos-prontos.com\/wp-content\/uploads\/2026\/03\/aula-pratica-dificuldade-de-transtorno-de-aprendizagem-aula-2-transtorno-de-aprendizagem-com-prejuizo-na-leitura-300x424.webp 300w, https:\/\/portifolioos-prontos.com\/wp-content\/uploads\/2026\/03\/aula-pratica-dificuldade-de-transtorno-de-aprendizagem-aula-2-transtorno-de-aprendizagem-com-prejuizo-na-leitura-600x849.webp 600w, https:\/\/portifolioos-prontos.com\/wp-content\/uploads\/2026\/03\/aula-pratica-dificuldade-de-transtorno-de-aprendizagem-aula-2-transtorno-de-aprendizagem-com-prejuizo-na-leitura-64x91.webp 64w\" sizes=\"(max-width: 300px) 100vw, 300px\" \/><\/a><div class=\"footer-button\"><a href=\"https:\/\/portifolioos-prontos.com\/index.php\/product\/aula-pratica-dificuldade-de-transtorno-de-aprendizagem-aula-2-transtorno-de-aprendizagem-com-prejuizo-na-leitura\/\" aria-describedby=\"woocommerce_loop_add_to_cart_link_describedby_50665\" data-quantity=\"1\" data-title=\"Aula Pr\u00e1tica Dificuldade de Transtorno de Aprendizagem - Aula: 2 - Transtorno de aprendizagem com preju\u00edzo na leitura\" class=\"button product_type_simple\" data-product_id=\"50665\" data-product_sku=\"\" aria-label=\"Leia mais sobre &ldquo;Aula Pr\u00e1tica Dificuldade de Transtorno de Aprendizagem - Aula: 2 - Transtorno de aprendizagem com preju\u00edzo na leitura&rdquo;\" rel=\"nofollow\" data-success_message=\"\"><i class=\"p-icon icon-bag2\" data-rel=\"tooltip\" title=\"Comprar\"><\/i><span class=\"add-to-cart-text\">Comprar<\/span><\/a>\t<span id=\"woocommerce_loop_add_to_cart_link_describedby_50665\" class=\"screen-reader-text\">\n\t\t\t<\/span>\n<a href=\"https:\/\/portifolioos-prontos.com\/index.php\/product\/aula-pratica-dificuldade-de-transtorno-de-aprendizagem-aula-2-transtorno-de-aprendizagem-com-prejuizo-na-leitura\/\" data-id=\"50665\"  class=\"mf-product-quick-view\"><i class=\"p-icon icon-eye\" title=\"Quick View\" data-rel=\"tooltip\"><\/i><\/a><\/div><\/div><div class=\"mf-product-details\"><div class=\"mf-product-content\"><h2 class=\"woo-loop-product__title\"><a href=\"https:\/\/portifolioos-prontos.com\/index.php\/product\/aula-pratica-dificuldade-de-transtorno-de-aprendizagem-aula-2-transtorno-de-aprendizagem-com-prejuizo-na-leitura\/\">Aula Pr\u00e1tica Dificuldade de Transtorno de Aprendizagem &#8211; Aula: 2 &#8211; Transtorno de aprendizagem com preju\u00edzo na leitura<\/a><\/h2><\/div><div class=\"mf-product-price-box\">\n<\/div><\/div><\/div><\/li>\n<li class=\"col-xs-6 col-sm-4 col-mf-5 un-5-cols product type-product post-50656 status-publish first instock product_cat-radiologia has-post-thumbnail shipping-taxable purchasable product-type-simple\">\n\t<div class=\"product-inner  clearfix\"><div class=\"mf-product-thumbnail\"><a href=\"https:\/\/portifolioos-prontos.com\/index.php\/product\/estagio-supervisionado-ii-radiologia-2026\/\"><img loading=\"lazy\" decoding=\"async\" width=\"300\" height=\"425\" src=\"https:\/\/portifolioos-prontos.com\/wp-content\/uploads\/2026\/03\/estagio-supervisionado-ii-radiologia-anhanguera-unopar.webp\" class=\"attachment-woocommerce_thumbnail size-woocommerce_thumbnail\" alt=\"est\u00e1gio supervisionado ii radiologia\" srcset=\"https:\/\/portifolioos-prontos.com\/wp-content\/uploads\/2026\/03\/estagio-supervisionado-ii-radiologia-anhanguera-unopar.webp 1190w, https:\/\/portifolioos-prontos.com\/wp-content\/uploads\/2026\/03\/estagio-supervisionado-ii-radiologia-anhanguera-unopar-212x300.webp 212w, https:\/\/portifolioos-prontos.com\/wp-content\/uploads\/2026\/03\/estagio-supervisionado-ii-radiologia-anhanguera-unopar-724x1024.webp 724w, https:\/\/portifolioos-prontos.com\/wp-content\/uploads\/2026\/03\/estagio-supervisionado-ii-radiologia-anhanguera-unopar-768x1087.webp 768w, https:\/\/portifolioos-prontos.com\/wp-content\/uploads\/2026\/03\/estagio-supervisionado-ii-radiologia-anhanguera-unopar-1085x1536.webp 1085w, https:\/\/portifolioos-prontos.com\/wp-content\/uploads\/2026\/03\/estagio-supervisionado-ii-radiologia-anhanguera-unopar-370x524.webp 370w, https:\/\/portifolioos-prontos.com\/wp-content\/uploads\/2026\/03\/estagio-supervisionado-ii-radiologia-anhanguera-unopar-300x425.webp 300w, https:\/\/portifolioos-prontos.com\/wp-content\/uploads\/2026\/03\/estagio-supervisionado-ii-radiologia-anhanguera-unopar-600x849.webp 600w, https:\/\/portifolioos-prontos.com\/wp-content\/uploads\/2026\/03\/estagio-supervisionado-ii-radiologia-anhanguera-unopar-64x91.webp 64w\" sizes=\"(max-width: 300px) 100vw, 300px\" \/><\/a><div class=\"footer-button\"><a href=\"\/index.php\/wp-json\/wp\/v2\/pages\/175?add-to-cart=50656\" aria-describedby=\"woocommerce_loop_add_to_cart_link_describedby_50656\" data-quantity=\"1\" data-title=\"Est\u00e1gio Supervisionado II Radiologia\" class=\"button product_type_simple add_to_cart_button ajax_add_to_cart\" data-product_id=\"50656\" data-product_sku=\"\" aria-label=\"Adicione ao carrinho: &ldquo;Est\u00e1gio Supervisionado II Radiologia&rdquo;\" rel=\"nofollow\" data-success_message=\"\u201cEst\u00e1gio Supervisionado II Radiologia\u201d foi adicionado ao seu carrinho\" role=\"button\"><i class=\"p-icon icon-bag2\" data-rel=\"tooltip\" title=\"Comprar\"><\/i><span class=\"add-to-cart-text\">Comprar<\/span><\/a>\t<span id=\"woocommerce_loop_add_to_cart_link_describedby_50656\" class=\"screen-reader-text\">\n\t\t\t<\/span>\n<a href=\"https:\/\/portifolioos-prontos.com\/index.php\/product\/estagio-supervisionado-ii-radiologia-2026\/\" data-id=\"50656\"  class=\"mf-product-quick-view\"><i class=\"p-icon icon-eye\" title=\"Quick View\" data-rel=\"tooltip\"><\/i><\/a><\/div><\/div><div class=\"mf-product-details\"><div class=\"mf-product-content\"><h2 class=\"woo-loop-product__title\"><a href=\"https:\/\/portifolioos-prontos.com\/index.php\/product\/estagio-supervisionado-ii-radiologia-2026\/\">Est\u00e1gio Supervisionado II Radiologia<\/a><\/h2><\/div><div class=\"mf-product-price-box\">\n\t<span class=\"price\"><span class=\"woocommerce-Price-amount amount\"><bdi><span class=\"woocommerce-Price-currencySymbol\">&#82;&#36;<\/span>&nbsp;100,00<\/bdi><\/span><\/span>\n<\/div><\/div><\/div><\/li>\n<li class=\"col-xs-6 col-sm-4 col-mf-5 un-5-cols product type-product post-50641 status-publish instock product_cat-desenvolvimento-back-end has-post-thumbnail shipping-taxable purchasable product-type-simple\">\n\t<div class=\"product-inner  clearfix\"><div class=\"mf-product-thumbnail\"><a href=\"https:\/\/portifolioos-prontos.com\/index.php\/product\/projeto-de-extensao-ii-desenvolvimento-back-end\/\"><img loading=\"lazy\" decoding=\"async\" width=\"300\" height=\"424\" src=\"https:\/\/portifolioos-prontos.com\/wp-content\/uploads\/2026\/03\/projeto-de-extensao-ii-desenvolvimento-back-end.webp\" class=\"attachment-woocommerce_thumbnail size-woocommerce_thumbnail\" alt=\"projeto de extens\u00e3o ii desenvolvimento back end\" srcset=\"https:\/\/portifolioos-prontos.com\/wp-content\/uploads\/2026\/03\/projeto-de-extensao-ii-desenvolvimento-back-end.webp 1191w, https:\/\/portifolioos-prontos.com\/wp-content\/uploads\/2026\/03\/projeto-de-extensao-ii-desenvolvimento-back-end-212x300.webp 212w, https:\/\/portifolioos-prontos.com\/wp-content\/uploads\/2026\/03\/projeto-de-extensao-ii-desenvolvimento-back-end-724x1024.webp 724w, https:\/\/portifolioos-prontos.com\/wp-content\/uploads\/2026\/03\/projeto-de-extensao-ii-desenvolvimento-back-end-768x1086.webp 768w, https:\/\/portifolioos-prontos.com\/wp-content\/uploads\/2026\/03\/projeto-de-extensao-ii-desenvolvimento-back-end-1086x1536.webp 1086w, https:\/\/portifolioos-prontos.com\/wp-content\/uploads\/2026\/03\/projeto-de-extensao-ii-desenvolvimento-back-end-370x523.webp 370w, https:\/\/portifolioos-prontos.com\/wp-content\/uploads\/2026\/03\/projeto-de-extensao-ii-desenvolvimento-back-end-300x424.webp 300w, https:\/\/portifolioos-prontos.com\/wp-content\/uploads\/2026\/03\/projeto-de-extensao-ii-desenvolvimento-back-end-600x848.webp 600w, https:\/\/portifolioos-prontos.com\/wp-content\/uploads\/2026\/03\/projeto-de-extensao-ii-desenvolvimento-back-end-64x90.webp 64w\" sizes=\"(max-width: 300px) 100vw, 300px\" \/><\/a><div class=\"footer-button\"><a href=\"\/index.php\/wp-json\/wp\/v2\/pages\/175?add-to-cart=50641\" aria-describedby=\"woocommerce_loop_add_to_cart_link_describedby_50641\" data-quantity=\"1\" data-title=\"Projeto de Extens\u00e3o II Desenvolvimento Back-End\" class=\"button product_type_simple add_to_cart_button ajax_add_to_cart\" data-product_id=\"50641\" data-product_sku=\"\" aria-label=\"Adicione ao carrinho: &ldquo;Projeto de Extens\u00e3o II Desenvolvimento Back-End&rdquo;\" rel=\"nofollow\" data-success_message=\"\u201cProjeto de Extens\u00e3o II Desenvolvimento Back-End\u201d foi adicionado ao seu carrinho\" role=\"button\"><i class=\"p-icon icon-bag2\" data-rel=\"tooltip\" title=\"Comprar\"><\/i><span class=\"add-to-cart-text\">Comprar<\/span><\/a>\t<span id=\"woocommerce_loop_add_to_cart_link_describedby_50641\" class=\"screen-reader-text\">\n\t\t\t<\/span>\n<a href=\"https:\/\/portifolioos-prontos.com\/index.php\/product\/projeto-de-extensao-ii-desenvolvimento-back-end\/\" data-id=\"50641\"  class=\"mf-product-quick-view\"><i class=\"p-icon icon-eye\" title=\"Quick View\" data-rel=\"tooltip\"><\/i><\/a><\/div><\/div><div class=\"mf-product-details\"><div class=\"mf-product-content\"><h2 class=\"woo-loop-product__title\"><a href=\"https:\/\/portifolioos-prontos.com\/index.php\/product\/projeto-de-extensao-ii-desenvolvimento-back-end\/\">Projeto de Extens\u00e3o II Desenvolvimento Back-End<\/a><\/h2><\/div><div class=\"mf-product-price-box\">\n\t<span class=\"price\"><span class=\"woocommerce-Price-amount amount\"><bdi><span class=\"woocommerce-Price-currencySymbol\">&#82;&#36;<\/span>&nbsp;89,90<\/bdi><\/span><\/span>\n<\/div><\/div><\/div><\/li>\n<li class=\"col-xs-6 col-sm-4 col-mf-5 un-5-cols product type-product post-50622 status-publish instock product_cat-uncategorized has-post-thumbnail shipping-taxable product-type-simple\">\n\t<div class=\"product-inner  clearfix\"><div class=\"mf-product-thumbnail\"><a href=\"https:\/\/portifolioos-prontos.com\/index.php\/product\/aula-pratica-quimica-analitica-qualitativa-2\/\"><img loading=\"lazy\" decoding=\"async\" width=\"300\" height=\"424\" src=\"https:\/\/portifolioos-prontos.com\/wp-content\/uploads\/2026\/03\/aula-pratica-quimica-analitica-qualitativa-2.webp\" class=\"attachment-woocommerce_thumbnail size-woocommerce_thumbnail\" alt=\"aula pr\u00e1tica qu\u00edmica anal\u00edtica qualitativa\" srcset=\"https:\/\/portifolioos-prontos.com\/wp-content\/uploads\/2026\/03\/aula-pratica-quimica-analitica-qualitativa-2.webp 1190w, https:\/\/portifolioos-prontos.com\/wp-content\/uploads\/2026\/03\/aula-pratica-quimica-analitica-qualitativa-2-212x300.webp 212w, https:\/\/portifolioos-prontos.com\/wp-content\/uploads\/2026\/03\/aula-pratica-quimica-analitica-qualitativa-2-724x1024.webp 724w, https:\/\/portifolioos-prontos.com\/wp-content\/uploads\/2026\/03\/aula-pratica-quimica-analitica-qualitativa-2-768x1086.webp 768w, https:\/\/portifolioos-prontos.com\/wp-content\/uploads\/2026\/03\/aula-pratica-quimica-analitica-qualitativa-2-1086x1536.webp 1086w, https:\/\/portifolioos-prontos.com\/wp-content\/uploads\/2026\/03\/aula-pratica-quimica-analitica-qualitativa-2-370x523.webp 370w, https:\/\/portifolioos-prontos.com\/wp-content\/uploads\/2026\/03\/aula-pratica-quimica-analitica-qualitativa-2-300x424.webp 300w, https:\/\/portifolioos-prontos.com\/wp-content\/uploads\/2026\/03\/aula-pratica-quimica-analitica-qualitativa-2-600x849.webp 600w, https:\/\/portifolioos-prontos.com\/wp-content\/uploads\/2026\/03\/aula-pratica-quimica-analitica-qualitativa-2-64x91.webp 64w\" sizes=\"(max-width: 300px) 100vw, 300px\" \/><\/a><div class=\"footer-button\"><a href=\"https:\/\/portifolioos-prontos.com\/index.php\/product\/aula-pratica-quimica-analitica-qualitativa-2\/\" aria-describedby=\"woocommerce_loop_add_to_cart_link_describedby_50622\" data-quantity=\"1\" data-title=\"Aula Pr\u00e1tica Qu\u00edmica Anal\u00edtica Qualitativa\" class=\"button product_type_simple\" data-product_id=\"50622\" data-product_sku=\"\" aria-label=\"Leia mais sobre &ldquo;Aula Pr\u00e1tica Qu\u00edmica Anal\u00edtica Qualitativa&rdquo;\" rel=\"nofollow\" data-success_message=\"\"><i class=\"p-icon icon-bag2\" data-rel=\"tooltip\" title=\"Comprar\"><\/i><span class=\"add-to-cart-text\">Comprar<\/span><\/a>\t<span id=\"woocommerce_loop_add_to_cart_link_describedby_50622\" class=\"screen-reader-text\">\n\t\t\t<\/span>\n<a href=\"https:\/\/portifolioos-prontos.com\/index.php\/product\/aula-pratica-quimica-analitica-qualitativa-2\/\" data-id=\"50622\"  class=\"mf-product-quick-view\"><i class=\"p-icon icon-eye\" title=\"Quick View\" data-rel=\"tooltip\"><\/i><\/a><\/div><\/div><div class=\"mf-product-details\"><div class=\"mf-product-content\"><h2 class=\"woo-loop-product__title\"><a href=\"https:\/\/portifolioos-prontos.com\/index.php\/product\/aula-pratica-quimica-analitica-qualitativa-2\/\">Aula Pr\u00e1tica Qu\u00edmica Anal\u00edtica Qualitativa<\/a><\/h2><\/div><div class=\"mf-product-price-box\">\n<\/div><\/div><\/div><\/li>\n<li class=\"col-xs-6 col-sm-4 col-mf-5 un-5-cols product type-product post-50597 status-publish instock product_cat-uncategorized has-post-thumbnail shipping-taxable product-type-simple\">\n\t<div class=\"product-inner  clearfix\"><div class=\"mf-product-thumbnail\"><a href=\"https:\/\/portifolioos-prontos.com\/index.php\/product\/aula-pratica-ciencia-de-materiais-e-nanoparticulas-2\/\"><img loading=\"lazy\" decoding=\"async\" width=\"300\" height=\"424\" src=\"https:\/\/portifolioos-prontos.com\/wp-content\/uploads\/2026\/03\/aula-pratica-ciencia-de-materiais-e-nanoparticulas-portfolio.webp\" class=\"attachment-woocommerce_thumbnail size-woocommerce_thumbnail\" alt=\"aula pr\u00e1tica ci\u00eancia de materiais e nanopart\u00edculas\" srcset=\"https:\/\/portifolioos-prontos.com\/wp-content\/uploads\/2026\/03\/aula-pratica-ciencia-de-materiais-e-nanoparticulas-portfolio.webp 1190w, https:\/\/portifolioos-prontos.com\/wp-content\/uploads\/2026\/03\/aula-pratica-ciencia-de-materiais-e-nanoparticulas-portfolio-212x300.webp 212w, https:\/\/portifolioos-prontos.com\/wp-content\/uploads\/2026\/03\/aula-pratica-ciencia-de-materiais-e-nanoparticulas-portfolio-724x1024.webp 724w, https:\/\/portifolioos-prontos.com\/wp-content\/uploads\/2026\/03\/aula-pratica-ciencia-de-materiais-e-nanoparticulas-portfolio-768x1086.webp 768w, https:\/\/portifolioos-prontos.com\/wp-content\/uploads\/2026\/03\/aula-pratica-ciencia-de-materiais-e-nanoparticulas-portfolio-1086x1536.webp 1086w, https:\/\/portifolioos-prontos.com\/wp-content\/uploads\/2026\/03\/aula-pratica-ciencia-de-materiais-e-nanoparticulas-portfolio-370x523.webp 370w, https:\/\/portifolioos-prontos.com\/wp-content\/uploads\/2026\/03\/aula-pratica-ciencia-de-materiais-e-nanoparticulas-portfolio-300x424.webp 300w, https:\/\/portifolioos-prontos.com\/wp-content\/uploads\/2026\/03\/aula-pratica-ciencia-de-materiais-e-nanoparticulas-portfolio-600x849.webp 600w, https:\/\/portifolioos-prontos.com\/wp-content\/uploads\/2026\/03\/aula-pratica-ciencia-de-materiais-e-nanoparticulas-portfolio-64x91.webp 64w\" sizes=\"(max-width: 300px) 100vw, 300px\" \/><\/a><div class=\"footer-button\"><a href=\"https:\/\/portifolioos-prontos.com\/index.php\/product\/aula-pratica-ciencia-de-materiais-e-nanoparticulas-2\/\" aria-describedby=\"woocommerce_loop_add_to_cart_link_describedby_50597\" data-quantity=\"1\" data-title=\"Aula Pr\u00e1tica Ci\u00eancia de Materiais e Nanopart\u00edculas\" class=\"button product_type_simple\" data-product_id=\"50597\" data-product_sku=\"\" aria-label=\"Leia mais sobre &ldquo;Aula Pr\u00e1tica Ci\u00eancia de Materiais e Nanopart\u00edculas&rdquo;\" rel=\"nofollow\" data-success_message=\"\"><i class=\"p-icon icon-bag2\" data-rel=\"tooltip\" title=\"Comprar\"><\/i><span class=\"add-to-cart-text\">Comprar<\/span><\/a>\t<span id=\"woocommerce_loop_add_to_cart_link_describedby_50597\" class=\"screen-reader-text\">\n\t\t\t<\/span>\n<a href=\"https:\/\/portifolioos-prontos.com\/index.php\/product\/aula-pratica-ciencia-de-materiais-e-nanoparticulas-2\/\" data-id=\"50597\"  class=\"mf-product-quick-view\"><i class=\"p-icon icon-eye\" title=\"Quick View\" data-rel=\"tooltip\"><\/i><\/a><\/div><\/div><div class=\"mf-product-details\"><div class=\"mf-product-content\"><h2 class=\"woo-loop-product__title\"><a href=\"https:\/\/portifolioos-prontos.com\/index.php\/product\/aula-pratica-ciencia-de-materiais-e-nanoparticulas-2\/\">Aula Pr\u00e1tica Ci\u00eancia de Materiais e Nanopart\u00edculas<\/a><\/h2><\/div><div class=\"mf-product-price-box\">\n<\/div><\/div><\/div><\/li>\n<li class=\"col-xs-6 col-sm-4 col-mf-5 un-5-cols product type-product post-50532 status-publish last instock product_cat-investigacao-e-pericia-criminal has-post-thumbnail shipping-taxable purchasable product-type-simple\">\n\t<div class=\"product-inner  clearfix\"><div class=\"mf-product-thumbnail\"><a href=\"https:\/\/portifolioos-prontos.com\/index.php\/product\/projeto-integrado-sintese-investigacao-e-pericia-criminal-2026\/\"><img loading=\"lazy\" decoding=\"async\" width=\"300\" height=\"424\" src=\"https:\/\/portifolioos-prontos.com\/wp-content\/uploads\/2026\/03\/projeto-integrado-sintese-investigacao-e-pericia-criminal.webp\" class=\"attachment-woocommerce_thumbnail size-woocommerce_thumbnail\" alt=\"projeto integrado s\u00edntese investiga\u00e7\u00e3o e per\u00edcia criminal\" srcset=\"https:\/\/portifolioos-prontos.com\/wp-content\/uploads\/2026\/03\/projeto-integrado-sintese-investigacao-e-pericia-criminal.webp 1190w, https:\/\/portifolioos-prontos.com\/wp-content\/uploads\/2026\/03\/projeto-integrado-sintese-investigacao-e-pericia-criminal-212x300.webp 212w, https:\/\/portifolioos-prontos.com\/wp-content\/uploads\/2026\/03\/projeto-integrado-sintese-investigacao-e-pericia-criminal-724x1024.webp 724w, https:\/\/portifolioos-prontos.com\/wp-content\/uploads\/2026\/03\/projeto-integrado-sintese-investigacao-e-pericia-criminal-768x1086.webp 768w, https:\/\/portifolioos-prontos.com\/wp-content\/uploads\/2026\/03\/projeto-integrado-sintese-investigacao-e-pericia-criminal-1086x1536.webp 1086w, https:\/\/portifolioos-prontos.com\/wp-content\/uploads\/2026\/03\/projeto-integrado-sintese-investigacao-e-pericia-criminal-370x523.webp 370w, https:\/\/portifolioos-prontos.com\/wp-content\/uploads\/2026\/03\/projeto-integrado-sintese-investigacao-e-pericia-criminal-300x424.webp 300w, https:\/\/portifolioos-prontos.com\/wp-content\/uploads\/2026\/03\/projeto-integrado-sintese-investigacao-e-pericia-criminal-600x849.webp 600w, https:\/\/portifolioos-prontos.com\/wp-content\/uploads\/2026\/03\/projeto-integrado-sintese-investigacao-e-pericia-criminal-64x91.webp 64w\" sizes=\"(max-width: 300px) 100vw, 300px\" \/><\/a><div class=\"footer-button\"><a href=\"\/index.php\/wp-json\/wp\/v2\/pages\/175?add-to-cart=50532\" aria-describedby=\"woocommerce_loop_add_to_cart_link_describedby_50532\" data-quantity=\"1\" data-title=\"Projeto Integrado S\u00edntese - Investiga\u00e7\u00e3o e Per\u00edcia Criminal\" class=\"button product_type_simple add_to_cart_button ajax_add_to_cart\" data-product_id=\"50532\" data-product_sku=\"\" aria-label=\"Adicione ao carrinho: &ldquo;Projeto Integrado S\u00edntese - Investiga\u00e7\u00e3o e Per\u00edcia Criminal&rdquo;\" rel=\"nofollow\" data-success_message=\"\u201cProjeto Integrado S\u00edntese - Investiga\u00e7\u00e3o e Per\u00edcia Criminal\u201d foi adicionado ao seu carrinho\" role=\"button\"><i class=\"p-icon icon-bag2\" data-rel=\"tooltip\" title=\"Comprar\"><\/i><span class=\"add-to-cart-text\">Comprar<\/span><\/a>\t<span id=\"woocommerce_loop_add_to_cart_link_describedby_50532\" class=\"screen-reader-text\">\n\t\t\t<\/span>\n<a href=\"https:\/\/portifolioos-prontos.com\/index.php\/product\/projeto-integrado-sintese-investigacao-e-pericia-criminal-2026\/\" data-id=\"50532\"  class=\"mf-product-quick-view\"><i class=\"p-icon icon-eye\" title=\"Quick View\" data-rel=\"tooltip\"><\/i><\/a><\/div><\/div><div class=\"mf-product-details\"><div class=\"mf-product-content\"><h2 class=\"woo-loop-product__title\"><a href=\"https:\/\/portifolioos-prontos.com\/index.php\/product\/projeto-integrado-sintese-investigacao-e-pericia-criminal-2026\/\">Projeto Integrado S\u00edntese &#8211; Investiga\u00e7\u00e3o e Per\u00edcia Criminal<\/a><\/h2><\/div><div class=\"mf-product-price-box\">\n\t<span class=\"price\"><span class=\"woocommerce-Price-amount amount\"><bdi><span class=\"woocommerce-Price-currencySymbol\">&#82;&#36;<\/span>&nbsp;100,00<\/bdi><\/span><\/span>\n<\/div><\/div><\/div><\/li>\n<li class=\"col-xs-6 col-sm-4 col-mf-5 un-5-cols product type-product post-50509 status-publish first instock product_cat-agronegocio product_cat-agronomia has-post-thumbnail shipping-taxable purchasable product-type-simple\">\n\t<div class=\"product-inner  clearfix\"><div class=\"mf-product-thumbnail\"><a href=\"https:\/\/portifolioos-prontos.com\/index.php\/product\/aula-pratica-gestao-de-agronegocio\/\"><img loading=\"lazy\" decoding=\"async\" width=\"300\" height=\"424\" src=\"https:\/\/portifolioos-prontos.com\/wp-content\/uploads\/2026\/03\/portfolio-aula-pratica-gestao-de-agronegocio.webp\" class=\"attachment-woocommerce_thumbnail size-woocommerce_thumbnail\" alt=\"aula pr\u00e1tica gest\u00e3o de agroneg\u00f3cio\" srcset=\"https:\/\/portifolioos-prontos.com\/wp-content\/uploads\/2026\/03\/portfolio-aula-pratica-gestao-de-agronegocio.webp 1190w, https:\/\/portifolioos-prontos.com\/wp-content\/uploads\/2026\/03\/portfolio-aula-pratica-gestao-de-agronegocio-212x300.webp 212w, https:\/\/portifolioos-prontos.com\/wp-content\/uploads\/2026\/03\/portfolio-aula-pratica-gestao-de-agronegocio-724x1024.webp 724w, https:\/\/portifolioos-prontos.com\/wp-content\/uploads\/2026\/03\/portfolio-aula-pratica-gestao-de-agronegocio-768x1086.webp 768w, https:\/\/portifolioos-prontos.com\/wp-content\/uploads\/2026\/03\/portfolio-aula-pratica-gestao-de-agronegocio-1086x1536.webp 1086w, https:\/\/portifolioos-prontos.com\/wp-content\/uploads\/2026\/03\/portfolio-aula-pratica-gestao-de-agronegocio-370x523.webp 370w, https:\/\/portifolioos-prontos.com\/wp-content\/uploads\/2026\/03\/portfolio-aula-pratica-gestao-de-agronegocio-300x424.webp 300w, https:\/\/portifolioos-prontos.com\/wp-content\/uploads\/2026\/03\/portfolio-aula-pratica-gestao-de-agronegocio-600x849.webp 600w, https:\/\/portifolioos-prontos.com\/wp-content\/uploads\/2026\/03\/portfolio-aula-pratica-gestao-de-agronegocio-64x91.webp 64w\" sizes=\"(max-width: 300px) 100vw, 300px\" \/><\/a><div class=\"footer-button\"><a href=\"\/index.php\/wp-json\/wp\/v2\/pages\/175?add-to-cart=50509\" aria-describedby=\"woocommerce_loop_add_to_cart_link_describedby_50509\" data-quantity=\"1\" data-title=\"Aula Pr\u00e1tica Gest\u00e3o de Agroneg\u00f3cio\" class=\"button product_type_simple add_to_cart_button ajax_add_to_cart\" data-product_id=\"50509\" data-product_sku=\"\" aria-label=\"Adicione ao carrinho: &ldquo;Aula Pr\u00e1tica Gest\u00e3o de Agroneg\u00f3cio&rdquo;\" rel=\"nofollow\" data-success_message=\"\u201cAula Pr\u00e1tica Gest\u00e3o de Agroneg\u00f3cio\u201d foi adicionado ao seu carrinho\" role=\"button\"><i class=\"p-icon icon-bag2\" data-rel=\"tooltip\" title=\"Comprar\"><\/i><span class=\"add-to-cart-text\">Comprar<\/span><\/a>\t<span id=\"woocommerce_loop_add_to_cart_link_describedby_50509\" class=\"screen-reader-text\">\n\t\t\t<\/span>\n<a href=\"https:\/\/portifolioos-prontos.com\/index.php\/product\/aula-pratica-gestao-de-agronegocio\/\" data-id=\"50509\"  class=\"mf-product-quick-view\"><i class=\"p-icon icon-eye\" title=\"Quick View\" data-rel=\"tooltip\"><\/i><\/a><\/div><\/div><div class=\"mf-product-details\"><div class=\"mf-product-content\"><h2 class=\"woo-loop-product__title\"><a href=\"https:\/\/portifolioos-prontos.com\/index.php\/product\/aula-pratica-gestao-de-agronegocio\/\">Aula Pr\u00e1tica Gest\u00e3o de Agroneg\u00f3cio<\/a><\/h2><\/div><div class=\"mf-product-price-box\">\n\t<span class=\"price\"><span class=\"woocommerce-Price-amount amount\"><bdi><span class=\"woocommerce-Price-currencySymbol\">&#82;&#36;<\/span>&nbsp;80,00<\/bdi><\/span><\/span>\n<\/div><\/div><\/div><\/li>\n<li class=\"col-xs-6 col-sm-4 col-mf-5 un-5-cols product type-product post-50480 status-publish instock product_cat-terapias-integrativas-e-complementares has-post-thumbnail shipping-taxable purchasable product-type-simple\">\n\t<div class=\"product-inner  clearfix\"><div class=\"mf-product-thumbnail\"><a href=\"https:\/\/portifolioos-prontos.com\/index.php\/product\/projeto-integrado-terapias-integrativas-e-complementares-a-importancia-dos-conhecimentos-basicos-e-sua-inter-relacao-consideracoes-para-o-futuro-profissional\/\"><img loading=\"lazy\" decoding=\"async\" width=\"300\" height=\"424\" src=\"https:\/\/portifolioos-prontos.com\/wp-content\/uploads\/2026\/03\/projeto-integrado-terapias-integrativas-e-complementares-a-importancia-dos-conhecimentos-basicos-e-sua-inter-relacao-consideracoes-para-o-futuro-profissional.webp\" class=\"attachment-woocommerce_thumbnail size-woocommerce_thumbnail\" alt=\"projeto integrado terapias integrativas e complementares a import\u00e2ncia dos conhecimentos b\u00e1sicos e sua inter rela\u00e7\u00e3o: considera\u00e7\u00f5es para o futuro profissional\" srcset=\"https:\/\/portifolioos-prontos.com\/wp-content\/uploads\/2026\/03\/projeto-integrado-terapias-integrativas-e-complementares-a-importancia-dos-conhecimentos-basicos-e-sua-inter-relacao-consideracoes-para-o-futuro-profissional.webp 1190w, https:\/\/portifolioos-prontos.com\/wp-content\/uploads\/2026\/03\/projeto-integrado-terapias-integrativas-e-complementares-a-importancia-dos-conhecimentos-basicos-e-sua-inter-relacao-consideracoes-para-o-futuro-profissional-212x300.webp 212w, https:\/\/portifolioos-prontos.com\/wp-content\/uploads\/2026\/03\/projeto-integrado-terapias-integrativas-e-complementares-a-importancia-dos-conhecimentos-basicos-e-sua-inter-relacao-consideracoes-para-o-futuro-profissional-724x1024.webp 724w, https:\/\/portifolioos-prontos.com\/wp-content\/uploads\/2026\/03\/projeto-integrado-terapias-integrativas-e-complementares-a-importancia-dos-conhecimentos-basicos-e-sua-inter-relacao-consideracoes-para-o-futuro-profissional-768x1086.webp 768w, https:\/\/portifolioos-prontos.com\/wp-content\/uploads\/2026\/03\/projeto-integrado-terapias-integrativas-e-complementares-a-importancia-dos-conhecimentos-basicos-e-sua-inter-relacao-consideracoes-para-o-futuro-profissional-1086x1536.webp 1086w, https:\/\/portifolioos-prontos.com\/wp-content\/uploads\/2026\/03\/projeto-integrado-terapias-integrativas-e-complementares-a-importancia-dos-conhecimentos-basicos-e-sua-inter-relacao-consideracoes-para-o-futuro-profissional-370x523.webp 370w, https:\/\/portifolioos-prontos.com\/wp-content\/uploads\/2026\/03\/projeto-integrado-terapias-integrativas-e-complementares-a-importancia-dos-conhecimentos-basicos-e-sua-inter-relacao-consideracoes-para-o-futuro-profissional-300x424.webp 300w, https:\/\/portifolioos-prontos.com\/wp-content\/uploads\/2026\/03\/projeto-integrado-terapias-integrativas-e-complementares-a-importancia-dos-conhecimentos-basicos-e-sua-inter-relacao-consideracoes-para-o-futuro-profissional-600x849.webp 600w, https:\/\/portifolioos-prontos.com\/wp-content\/uploads\/2026\/03\/projeto-integrado-terapias-integrativas-e-complementares-a-importancia-dos-conhecimentos-basicos-e-sua-inter-relacao-consideracoes-para-o-futuro-profissional-64x91.webp 64w\" sizes=\"(max-width: 300px) 100vw, 300px\" \/><\/a><div class=\"footer-button\"><a href=\"\/index.php\/wp-json\/wp\/v2\/pages\/175?add-to-cart=50480\" aria-describedby=\"woocommerce_loop_add_to_cart_link_describedby_50480\" data-quantity=\"1\" data-title=\"Projeto Integrado Terapias Integrativas e Complementares - A import\u00e2ncia dos conhecimentos b\u00e1sicos e sua inter-rela\u00e7\u00e3o: considera\u00e7\u00f5es para o futuro profissional\" class=\"button product_type_simple add_to_cart_button ajax_add_to_cart\" data-product_id=\"50480\" data-product_sku=\"\" aria-label=\"Adicione ao carrinho: &ldquo;Projeto Integrado Terapias Integrativas e Complementares - A import\u00e2ncia dos conhecimentos b\u00e1sicos e sua inter-rela\u00e7\u00e3o: considera\u00e7\u00f5es para o futuro profissional&rdquo;\" rel=\"nofollow\" data-success_message=\"\u201cProjeto Integrado Terapias Integrativas e Complementares - A import\u00e2ncia dos conhecimentos b\u00e1sicos e sua inter-rela\u00e7\u00e3o: considera\u00e7\u00f5es para o futuro profissional\u201d foi adicionado ao seu carrinho\" role=\"button\"><i class=\"p-icon icon-bag2\" data-rel=\"tooltip\" title=\"Comprar\"><\/i><span class=\"add-to-cart-text\">Comprar<\/span><\/a>\t<span id=\"woocommerce_loop_add_to_cart_link_describedby_50480\" class=\"screen-reader-text\">\n\t\t\t<\/span>\n<a href=\"https:\/\/portifolioos-prontos.com\/index.php\/product\/projeto-integrado-terapias-integrativas-e-complementares-a-importancia-dos-conhecimentos-basicos-e-sua-inter-relacao-consideracoes-para-o-futuro-profissional\/\" data-id=\"50480\"  class=\"mf-product-quick-view\"><i class=\"p-icon icon-eye\" title=\"Quick View\" data-rel=\"tooltip\"><\/i><\/a><\/div><\/div><div class=\"mf-product-details\"><div class=\"mf-product-content\"><h2 class=\"woo-loop-product__title\"><a href=\"https:\/\/portifolioos-prontos.com\/index.php\/product\/projeto-integrado-terapias-integrativas-e-complementares-a-importancia-dos-conhecimentos-basicos-e-sua-inter-relacao-consideracoes-para-o-futuro-profissional\/\">Projeto Integrado Terapias Integrativas e Complementares &#8211; A import\u00e2ncia dos conhecimentos b\u00e1sicos e sua inter-rela\u00e7\u00e3o: considera\u00e7\u00f5es para o futuro profissional<\/a><\/h2><\/div><div class=\"mf-product-price-box\">\n\t<span class=\"price\"><span class=\"woocommerce-Price-amount amount\"><bdi><span class=\"woocommerce-Price-currencySymbol\">&#82;&#36;<\/span>&nbsp;100,00<\/bdi><\/span><\/span>\n<\/div><\/div><\/div><\/li>\n<li class=\"col-xs-6 col-sm-4 col-mf-5 un-5-cols product type-product post-50473 status-publish instock product_cat-coaching-e-desenvolvimento-humano has-post-thumbnail shipping-taxable purchasable product-type-simple\">\n\t<div class=\"product-inner  clearfix\"><div class=\"mf-product-thumbnail\"><a href=\"https:\/\/portifolioos-prontos.com\/index.php\/product\/projeto-integrado-individual-coaching-e-desenvolvimento-humano-o-desafio-da-economia-circular-e-inclusao-social\/\"><img loading=\"lazy\" decoding=\"async\" width=\"300\" height=\"424\" src=\"https:\/\/portifolioos-prontos.com\/wp-content\/uploads\/2026\/03\/projeto-integrado-individual-coaching-e-desenvolvimento-humano-o-desafio-da-economia-circular-e-inclusao-social.webp\" class=\"attachment-woocommerce_thumbnail size-woocommerce_thumbnail\" alt=\"projeto integrado individual coaching e desenvolvimento humano o desafio da economia circular e inclus\u00e3o social\" srcset=\"https:\/\/portifolioos-prontos.com\/wp-content\/uploads\/2026\/03\/projeto-integrado-individual-coaching-e-desenvolvimento-humano-o-desafio-da-economia-circular-e-inclusao-social.webp 1190w, https:\/\/portifolioos-prontos.com\/wp-content\/uploads\/2026\/03\/projeto-integrado-individual-coaching-e-desenvolvimento-humano-o-desafio-da-economia-circular-e-inclusao-social-212x300.webp 212w, https:\/\/portifolioos-prontos.com\/wp-content\/uploads\/2026\/03\/projeto-integrado-individual-coaching-e-desenvolvimento-humano-o-desafio-da-economia-circular-e-inclusao-social-724x1024.webp 724w, https:\/\/portifolioos-prontos.com\/wp-content\/uploads\/2026\/03\/projeto-integrado-individual-coaching-e-desenvolvimento-humano-o-desafio-da-economia-circular-e-inclusao-social-768x1086.webp 768w, https:\/\/portifolioos-prontos.com\/wp-content\/uploads\/2026\/03\/projeto-integrado-individual-coaching-e-desenvolvimento-humano-o-desafio-da-economia-circular-e-inclusao-social-1086x1536.webp 1086w, https:\/\/portifolioos-prontos.com\/wp-content\/uploads\/2026\/03\/projeto-integrado-individual-coaching-e-desenvolvimento-humano-o-desafio-da-economia-circular-e-inclusao-social-370x523.webp 370w, https:\/\/portifolioos-prontos.com\/wp-content\/uploads\/2026\/03\/projeto-integrado-individual-coaching-e-desenvolvimento-humano-o-desafio-da-economia-circular-e-inclusao-social-300x424.webp 300w, https:\/\/portifolioos-prontos.com\/wp-content\/uploads\/2026\/03\/projeto-integrado-individual-coaching-e-desenvolvimento-humano-o-desafio-da-economia-circular-e-inclusao-social-600x849.webp 600w, https:\/\/portifolioos-prontos.com\/wp-content\/uploads\/2026\/03\/projeto-integrado-individual-coaching-e-desenvolvimento-humano-o-desafio-da-economia-circular-e-inclusao-social-64x91.webp 64w\" sizes=\"(max-width: 300px) 100vw, 300px\" \/><\/a><div class=\"footer-button\"><a href=\"\/index.php\/wp-json\/wp\/v2\/pages\/175?add-to-cart=50473\" aria-describedby=\"woocommerce_loop_add_to_cart_link_describedby_50473\" data-quantity=\"1\" data-title=\"Projeto Integrado Individual Coaching e Desenvolvimento Humano - O Desafio da Economia Circular e Inclus\u00e3o Social\" class=\"button product_type_simple add_to_cart_button ajax_add_to_cart\" data-product_id=\"50473\" data-product_sku=\"\" aria-label=\"Adicione ao carrinho: &ldquo;Projeto Integrado Individual Coaching e Desenvolvimento Humano - O Desafio da Economia Circular e Inclus\u00e3o Social&rdquo;\" rel=\"nofollow\" data-success_message=\"\u201cProjeto Integrado Individual Coaching e Desenvolvimento Humano - O Desafio da Economia Circular e Inclus\u00e3o Social\u201d foi adicionado ao seu carrinho\" role=\"button\"><i class=\"p-icon icon-bag2\" data-rel=\"tooltip\" title=\"Comprar\"><\/i><span class=\"add-to-cart-text\">Comprar<\/span><\/a>\t<span id=\"woocommerce_loop_add_to_cart_link_describedby_50473\" class=\"screen-reader-text\">\n\t\t\t<\/span>\n<a href=\"https:\/\/portifolioos-prontos.com\/index.php\/product\/projeto-integrado-individual-coaching-e-desenvolvimento-humano-o-desafio-da-economia-circular-e-inclusao-social\/\" data-id=\"50473\"  class=\"mf-product-quick-view\"><i class=\"p-icon icon-eye\" title=\"Quick View\" data-rel=\"tooltip\"><\/i><\/a><\/div><\/div><div class=\"mf-product-details\"><div class=\"mf-product-content\"><h2 class=\"woo-loop-product__title\"><a href=\"https:\/\/portifolioos-prontos.com\/index.php\/product\/projeto-integrado-individual-coaching-e-desenvolvimento-humano-o-desafio-da-economia-circular-e-inclusao-social\/\">Projeto Integrado Individual Coaching e Desenvolvimento Humano &#8211; O Desafio da Economia Circular e Inclus\u00e3o Social<\/a><\/h2><\/div><div class=\"mf-product-price-box\">\n\t<span class=\"price\"><span class=\"woocommerce-Price-amount amount\"><bdi><span class=\"woocommerce-Price-currencySymbol\">&#82;&#36;<\/span>&nbsp;100,00<\/bdi><\/span><\/span>\n<\/div><\/div><\/div><\/li>\n<li class=\"col-xs-6 col-sm-4 col-mf-5 un-5-cols product type-product post-50468 status-publish instock product_cat-ciencias-economicas has-post-thumbnail shipping-taxable purchasable product-type-simple\">\n\t<div class=\"product-inner  clearfix\"><div class=\"mf-product-thumbnail\"><a href=\"https:\/\/portifolioos-prontos.com\/index.php\/product\/projeto-de-extensao-iii-ciencias-economicas\/\"><img loading=\"lazy\" decoding=\"async\" width=\"300\" height=\"424\" src=\"https:\/\/portifolioos-prontos.com\/wp-content\/uploads\/2026\/03\/projeto-de-extensao-iii-ciencias-economicas.webp\" class=\"attachment-woocommerce_thumbnail size-woocommerce_thumbnail\" alt=\"projeto de extens\u00e3o iii ci\u00eancias econ\u00f4micas\" srcset=\"https:\/\/portifolioos-prontos.com\/wp-content\/uploads\/2026\/03\/projeto-de-extensao-iii-ciencias-economicas.webp 1190w, https:\/\/portifolioos-prontos.com\/wp-content\/uploads\/2026\/03\/projeto-de-extensao-iii-ciencias-economicas-212x300.webp 212w, https:\/\/portifolioos-prontos.com\/wp-content\/uploads\/2026\/03\/projeto-de-extensao-iii-ciencias-economicas-724x1024.webp 724w, https:\/\/portifolioos-prontos.com\/wp-content\/uploads\/2026\/03\/projeto-de-extensao-iii-ciencias-economicas-768x1086.webp 768w, https:\/\/portifolioos-prontos.com\/wp-content\/uploads\/2026\/03\/projeto-de-extensao-iii-ciencias-economicas-1086x1536.webp 1086w, https:\/\/portifolioos-prontos.com\/wp-content\/uploads\/2026\/03\/projeto-de-extensao-iii-ciencias-economicas-370x523.webp 370w, https:\/\/portifolioos-prontos.com\/wp-content\/uploads\/2026\/03\/projeto-de-extensao-iii-ciencias-economicas-300x424.webp 300w, https:\/\/portifolioos-prontos.com\/wp-content\/uploads\/2026\/03\/projeto-de-extensao-iii-ciencias-economicas-600x849.webp 600w, https:\/\/portifolioos-prontos.com\/wp-content\/uploads\/2026\/03\/projeto-de-extensao-iii-ciencias-economicas-64x91.webp 64w\" sizes=\"(max-width: 300px) 100vw, 300px\" \/><\/a><div class=\"footer-button\"><a href=\"\/index.php\/wp-json\/wp\/v2\/pages\/175?add-to-cart=50468\" aria-describedby=\"woocommerce_loop_add_to_cart_link_describedby_50468\" data-quantity=\"1\" data-title=\"Projeto de Extens\u00e3o III - Ci\u00eancias Econ\u00f4micas\" class=\"button product_type_simple add_to_cart_button ajax_add_to_cart\" data-product_id=\"50468\" data-product_sku=\"\" aria-label=\"Adicione ao carrinho: &ldquo;Projeto de Extens\u00e3o III - Ci\u00eancias Econ\u00f4micas&rdquo;\" rel=\"nofollow\" data-success_message=\"\u201cProjeto de Extens\u00e3o III - Ci\u00eancias Econ\u00f4micas\u201d foi adicionado ao seu carrinho\" role=\"button\"><i class=\"p-icon icon-bag2\" data-rel=\"tooltip\" title=\"Comprar\"><\/i><span class=\"add-to-cart-text\">Comprar<\/span><\/a>\t<span id=\"woocommerce_loop_add_to_cart_link_describedby_50468\" class=\"screen-reader-text\">\n\t\t\t<\/span>\n<a href=\"https:\/\/portifolioos-prontos.com\/index.php\/product\/projeto-de-extensao-iii-ciencias-economicas\/\" data-id=\"50468\"  class=\"mf-product-quick-view\"><i class=\"p-icon icon-eye\" title=\"Quick View\" data-rel=\"tooltip\"><\/i><\/a><\/div><\/div><div class=\"mf-product-details\"><div class=\"mf-product-content\"><h2 class=\"woo-loop-product__title\"><a href=\"https:\/\/portifolioos-prontos.com\/index.php\/product\/projeto-de-extensao-iii-ciencias-economicas\/\">Projeto de Extens\u00e3o III &#8211; Ci\u00eancias Econ\u00f4micas<\/a><\/h2><\/div><div class=\"mf-product-price-box\">\n\t<span class=\"price\"><span class=\"woocommerce-Price-amount amount\"><bdi><span class=\"woocommerce-Price-currencySymbol\">&#82;&#36;<\/span>&nbsp;89,90<\/bdi><\/span><\/span>\n<\/div><\/div><\/div><\/li>\n<li class=\"col-xs-6 col-sm-4 col-mf-5 un-5-cols product type-product post-50463 status-publish last instock product_cat-gestao-ambiental has-post-thumbnail shipping-taxable purchasable product-type-simple\">\n\t<div class=\"product-inner  clearfix\"><div class=\"mf-product-thumbnail\"><a href=\"https:\/\/portifolioos-prontos.com\/index.php\/product\/projeto-integrado-inovacao-gestao-ambiental-empresa-odum\/\"><img loading=\"lazy\" decoding=\"async\" width=\"300\" height=\"424\" src=\"https:\/\/portifolioos-prontos.com\/wp-content\/uploads\/2026\/03\/projeto-integrado-inovacao-gestao-ambiental-empresa-odum.webp\" class=\"attachment-woocommerce_thumbnail size-woocommerce_thumbnail\" alt=\"projeto integrado inova\u00e7\u00e3o gest\u00e3o ambiental empresa odum\" srcset=\"https:\/\/portifolioos-prontos.com\/wp-content\/uploads\/2026\/03\/projeto-integrado-inovacao-gestao-ambiental-empresa-odum.webp 1190w, https:\/\/portifolioos-prontos.com\/wp-content\/uploads\/2026\/03\/projeto-integrado-inovacao-gestao-ambiental-empresa-odum-212x300.webp 212w, https:\/\/portifolioos-prontos.com\/wp-content\/uploads\/2026\/03\/projeto-integrado-inovacao-gestao-ambiental-empresa-odum-724x1024.webp 724w, https:\/\/portifolioos-prontos.com\/wp-content\/uploads\/2026\/03\/projeto-integrado-inovacao-gestao-ambiental-empresa-odum-768x1086.webp 768w, https:\/\/portifolioos-prontos.com\/wp-content\/uploads\/2026\/03\/projeto-integrado-inovacao-gestao-ambiental-empresa-odum-1086x1536.webp 1086w, https:\/\/portifolioos-prontos.com\/wp-content\/uploads\/2026\/03\/projeto-integrado-inovacao-gestao-ambiental-empresa-odum-370x523.webp 370w, https:\/\/portifolioos-prontos.com\/wp-content\/uploads\/2026\/03\/projeto-integrado-inovacao-gestao-ambiental-empresa-odum-300x424.webp 300w, https:\/\/portifolioos-prontos.com\/wp-content\/uploads\/2026\/03\/projeto-integrado-inovacao-gestao-ambiental-empresa-odum-600x849.webp 600w, https:\/\/portifolioos-prontos.com\/wp-content\/uploads\/2026\/03\/projeto-integrado-inovacao-gestao-ambiental-empresa-odum-64x91.webp 64w\" sizes=\"(max-width: 300px) 100vw, 300px\" \/><\/a><div class=\"footer-button\"><a href=\"\/index.php\/wp-json\/wp\/v2\/pages\/175?add-to-cart=50463\" aria-describedby=\"woocommerce_loop_add_to_cart_link_describedby_50463\" data-quantity=\"1\" data-title=\"Projeto Integrado Inova\u00e7\u00e3o Gest\u00e3o Ambiental - Empresa ODUM\" class=\"button product_type_simple add_to_cart_button ajax_add_to_cart\" data-product_id=\"50463\" data-product_sku=\"\" aria-label=\"Adicione ao carrinho: &ldquo;Projeto Integrado Inova\u00e7\u00e3o Gest\u00e3o Ambiental - Empresa ODUM&rdquo;\" rel=\"nofollow\" data-success_message=\"\u201cProjeto Integrado Inova\u00e7\u00e3o Gest\u00e3o Ambiental - Empresa ODUM\u201d foi adicionado ao seu carrinho\" role=\"button\"><i class=\"p-icon icon-bag2\" data-rel=\"tooltip\" title=\"Comprar\"><\/i><span class=\"add-to-cart-text\">Comprar<\/span><\/a>\t<span id=\"woocommerce_loop_add_to_cart_link_describedby_50463\" class=\"screen-reader-text\">\n\t\t\t<\/span>\n<a href=\"https:\/\/portifolioos-prontos.com\/index.php\/product\/projeto-integrado-inovacao-gestao-ambiental-empresa-odum\/\" data-id=\"50463\"  class=\"mf-product-quick-view\"><i class=\"p-icon icon-eye\" title=\"Quick View\" data-rel=\"tooltip\"><\/i><\/a><\/div><\/div><div class=\"mf-product-details\"><div class=\"mf-product-content\"><h2 class=\"woo-loop-product__title\"><a href=\"https:\/\/portifolioos-prontos.com\/index.php\/product\/projeto-integrado-inovacao-gestao-ambiental-empresa-odum\/\">Projeto Integrado Inova\u00e7\u00e3o Gest\u00e3o Ambiental &#8211; Empresa ODUM<\/a><\/h2><\/div><div class=\"mf-product-price-box\">\n\t<span class=\"price\"><span class=\"woocommerce-Price-amount amount\"><bdi><span class=\"woocommerce-Price-currencySymbol\">&#82;&#36;<\/span>&nbsp;100,00<\/bdi><\/span><\/span>\n<\/div><\/div><\/div><\/li>\n<li class=\"col-xs-6 col-sm-4 col-mf-5 un-5-cols product type-product post-50458 status-publish first instock product_cat-engenharia-ambiental-e-sanitaria has-post-thumbnail shipping-taxable purchasable product-type-simple\">\n\t<div class=\"product-inner  clearfix\"><div class=\"mf-product-thumbnail\"><a href=\"https:\/\/portifolioos-prontos.com\/index.php\/product\/projeto-de-extensao-iii-engenharia-ambiental-e-sanitaria\/\"><img loading=\"lazy\" decoding=\"async\" width=\"300\" height=\"424\" src=\"https:\/\/portifolioos-prontos.com\/wp-content\/uploads\/2026\/03\/undefined-8.webp\" class=\"attachment-woocommerce_thumbnail size-woocommerce_thumbnail\" alt=\"projeto de extens\u00e3o iii engenharia ambiental e sanit\u00e1ria\" srcset=\"https:\/\/portifolioos-prontos.com\/wp-content\/uploads\/2026\/03\/undefined-8.webp 1191w, https:\/\/portifolioos-prontos.com\/wp-content\/uploads\/2026\/03\/undefined-8-212x300.webp 212w, https:\/\/portifolioos-prontos.com\/wp-content\/uploads\/2026\/03\/undefined-8-724x1024.webp 724w, https:\/\/portifolioos-prontos.com\/wp-content\/uploads\/2026\/03\/undefined-8-768x1086.webp 768w, https:\/\/portifolioos-prontos.com\/wp-content\/uploads\/2026\/03\/undefined-8-1086x1536.webp 1086w, https:\/\/portifolioos-prontos.com\/wp-content\/uploads\/2026\/03\/undefined-8-370x523.webp 370w, https:\/\/portifolioos-prontos.com\/wp-content\/uploads\/2026\/03\/undefined-8-300x424.webp 300w, https:\/\/portifolioos-prontos.com\/wp-content\/uploads\/2026\/03\/undefined-8-600x848.webp 600w, https:\/\/portifolioos-prontos.com\/wp-content\/uploads\/2026\/03\/undefined-8-64x90.webp 64w\" sizes=\"(max-width: 300px) 100vw, 300px\" \/><\/a><div class=\"footer-button\"><a href=\"\/index.php\/wp-json\/wp\/v2\/pages\/175?add-to-cart=50458\" aria-describedby=\"woocommerce_loop_add_to_cart_link_describedby_50458\" data-quantity=\"1\" data-title=\"Projeto de Extens\u00e3o III - Engenharia Ambiental e Sanit\u00e1ria\" class=\"button product_type_simple add_to_cart_button ajax_add_to_cart\" data-product_id=\"50458\" data-product_sku=\"\" aria-label=\"Adicione ao carrinho: &ldquo;Projeto de Extens\u00e3o III - Engenharia Ambiental e Sanit\u00e1ria&rdquo;\" rel=\"nofollow\" data-success_message=\"\u201cProjeto de Extens\u00e3o III - Engenharia Ambiental e Sanit\u00e1ria\u201d foi adicionado ao seu carrinho\" role=\"button\"><i class=\"p-icon icon-bag2\" data-rel=\"tooltip\" title=\"Comprar\"><\/i><span class=\"add-to-cart-text\">Comprar<\/span><\/a>\t<span id=\"woocommerce_loop_add_to_cart_link_describedby_50458\" class=\"screen-reader-text\">\n\t\t\t<\/span>\n<a href=\"https:\/\/portifolioos-prontos.com\/index.php\/product\/projeto-de-extensao-iii-engenharia-ambiental-e-sanitaria\/\" data-id=\"50458\"  class=\"mf-product-quick-view\"><i class=\"p-icon icon-eye\" title=\"Quick View\" data-rel=\"tooltip\"><\/i><\/a><\/div><\/div><div class=\"mf-product-details\"><div class=\"mf-product-content\"><h2 class=\"woo-loop-product__title\"><a href=\"https:\/\/portifolioos-prontos.com\/index.php\/product\/projeto-de-extensao-iii-engenharia-ambiental-e-sanitaria\/\">Projeto de Extens\u00e3o III &#8211; Engenharia Ambiental e Sanit\u00e1ria<\/a><\/h2><\/div><div class=\"mf-product-price-box\">\n\t<span class=\"price\"><span class=\"woocommerce-Price-amount amount\"><bdi><span class=\"woocommerce-Price-currencySymbol\">&#82;&#36;<\/span>&nbsp;89,90<\/bdi><\/span><\/span>\n<\/div><\/div><\/div><\/li>\n<li class=\"col-xs-6 col-sm-4 col-mf-5 un-5-cols product type-product post-50453 status-publish instock product_cat-uncategorized has-post-thumbnail shipping-taxable product-type-simple\">\n\t<div class=\"product-inner  clearfix\"><div class=\"mf-product-thumbnail\"><a href=\"https:\/\/portifolioos-prontos.com\/index.php\/product\/aula-pratica-quimica-analitica-qualitativa\/\"><img loading=\"lazy\" decoding=\"async\" width=\"300\" height=\"424\" src=\"https:\/\/portifolioos-prontos.com\/wp-content\/uploads\/2026\/03\/aula-pratica-quimica-analitica-qualitativa.webp\" class=\"attachment-woocommerce_thumbnail size-woocommerce_thumbnail\" alt=\"aula pr\u00e1tica qu\u00edmica anal\u00edtica qualitativa\" srcset=\"https:\/\/portifolioos-prontos.com\/wp-content\/uploads\/2026\/03\/aula-pratica-quimica-analitica-qualitativa.webp 1190w, https:\/\/portifolioos-prontos.com\/wp-content\/uploads\/2026\/03\/aula-pratica-quimica-analitica-qualitativa-212x300.webp 212w, https:\/\/portifolioos-prontos.com\/wp-content\/uploads\/2026\/03\/aula-pratica-quimica-analitica-qualitativa-724x1024.webp 724w, https:\/\/portifolioos-prontos.com\/wp-content\/uploads\/2026\/03\/aula-pratica-quimica-analitica-qualitativa-768x1086.webp 768w, https:\/\/portifolioos-prontos.com\/wp-content\/uploads\/2026\/03\/aula-pratica-quimica-analitica-qualitativa-1086x1536.webp 1086w, https:\/\/portifolioos-prontos.com\/wp-content\/uploads\/2026\/03\/aula-pratica-quimica-analitica-qualitativa-370x523.webp 370w, https:\/\/portifolioos-prontos.com\/wp-content\/uploads\/2026\/03\/aula-pratica-quimica-analitica-qualitativa-300x424.webp 300w, https:\/\/portifolioos-prontos.com\/wp-content\/uploads\/2026\/03\/aula-pratica-quimica-analitica-qualitativa-600x849.webp 600w, https:\/\/portifolioos-prontos.com\/wp-content\/uploads\/2026\/03\/aula-pratica-quimica-analitica-qualitativa-64x91.webp 64w\" sizes=\"(max-width: 300px) 100vw, 300px\" \/><\/a><div class=\"footer-button\"><a href=\"https:\/\/portifolioos-prontos.com\/index.php\/product\/aula-pratica-quimica-analitica-qualitativa\/\" aria-describedby=\"woocommerce_loop_add_to_cart_link_describedby_50453\" data-quantity=\"1\" data-title=\"Aula Pr\u00e1tica Qu\u00edmica Anal\u00edtica Qualitativa\" class=\"button product_type_simple\" data-product_id=\"50453\" data-product_sku=\"\" aria-label=\"Leia mais sobre &ldquo;Aula Pr\u00e1tica Qu\u00edmica Anal\u00edtica Qualitativa&rdquo;\" rel=\"nofollow\" data-success_message=\"\"><i class=\"p-icon icon-bag2\" data-rel=\"tooltip\" title=\"Comprar\"><\/i><span class=\"add-to-cart-text\">Comprar<\/span><\/a>\t<span id=\"woocommerce_loop_add_to_cart_link_describedby_50453\" class=\"screen-reader-text\">\n\t\t\t<\/span>\n<a href=\"https:\/\/portifolioos-prontos.com\/index.php\/product\/aula-pratica-quimica-analitica-qualitativa\/\" data-id=\"50453\"  class=\"mf-product-quick-view\"><i class=\"p-icon icon-eye\" title=\"Quick View\" data-rel=\"tooltip\"><\/i><\/a><\/div><\/div><div class=\"mf-product-details\"><div class=\"mf-product-content\"><h2 class=\"woo-loop-product__title\"><a href=\"https:\/\/portifolioos-prontos.com\/index.php\/product\/aula-pratica-quimica-analitica-qualitativa\/\">Aula Pr\u00e1tica Qu\u00edmica Anal\u00edtica Qualitativa<\/a><\/h2><\/div><div class=\"mf-product-price-box\">\n<\/div><\/div><\/div><\/li>\n<li class=\"col-xs-6 col-sm-4 col-mf-5 un-5-cols product type-product post-50405 status-publish instock product_cat-blockchain-criptomoedas-e-financas-na-era-digital has-post-thumbnail shipping-taxable product-type-simple\">\n\t<div class=\"product-inner  clearfix\"><div class=\"mf-product-thumbnail\"><a href=\"https:\/\/portifolioos-prontos.com\/index.php\/product\/projeto-integrado-sintese-blockchain-criptomoedas-e-financas-na-era-digital-vantagens-e-riscos-do-uso-de-moedas-digitais-na-empresa\/\"><img loading=\"lazy\" decoding=\"async\" width=\"300\" height=\"424\" src=\"https:\/\/portifolioos-prontos.com\/wp-content\/uploads\/2026\/03\/projeto-integrado-sintese-blockchain-criptomoedas-e-financas-na-era-digital-vantagens-e-riscos-do-uso-de-moedas-digitais-na-empresa.webp\" class=\"attachment-woocommerce_thumbnail size-woocommerce_thumbnail\" alt=\"projeto integrado s\u00edntese blockchain, criptomoedas e finan\u00e7as na era digital vantagens e riscos do uso de moedas digitais na empresa\" srcset=\"https:\/\/portifolioos-prontos.com\/wp-content\/uploads\/2026\/03\/projeto-integrado-sintese-blockchain-criptomoedas-e-financas-na-era-digital-vantagens-e-riscos-do-uso-de-moedas-digitais-na-empresa.webp 1190w, https:\/\/portifolioos-prontos.com\/wp-content\/uploads\/2026\/03\/projeto-integrado-sintese-blockchain-criptomoedas-e-financas-na-era-digital-vantagens-e-riscos-do-uso-de-moedas-digitais-na-empresa-212x300.webp 212w, https:\/\/portifolioos-prontos.com\/wp-content\/uploads\/2026\/03\/projeto-integrado-sintese-blockchain-criptomoedas-e-financas-na-era-digital-vantagens-e-riscos-do-uso-de-moedas-digitais-na-empresa-724x1024.webp 724w, https:\/\/portifolioos-prontos.com\/wp-content\/uploads\/2026\/03\/projeto-integrado-sintese-blockchain-criptomoedas-e-financas-na-era-digital-vantagens-e-riscos-do-uso-de-moedas-digitais-na-empresa-768x1086.webp 768w, https:\/\/portifolioos-prontos.com\/wp-content\/uploads\/2026\/03\/projeto-integrado-sintese-blockchain-criptomoedas-e-financas-na-era-digital-vantagens-e-riscos-do-uso-de-moedas-digitais-na-empresa-1086x1536.webp 1086w, https:\/\/portifolioos-prontos.com\/wp-content\/uploads\/2026\/03\/projeto-integrado-sintese-blockchain-criptomoedas-e-financas-na-era-digital-vantagens-e-riscos-do-uso-de-moedas-digitais-na-empresa-370x523.webp 370w, https:\/\/portifolioos-prontos.com\/wp-content\/uploads\/2026\/03\/projeto-integrado-sintese-blockchain-criptomoedas-e-financas-na-era-digital-vantagens-e-riscos-do-uso-de-moedas-digitais-na-empresa-300x424.webp 300w, https:\/\/portifolioos-prontos.com\/wp-content\/uploads\/2026\/03\/projeto-integrado-sintese-blockchain-criptomoedas-e-financas-na-era-digital-vantagens-e-riscos-do-uso-de-moedas-digitais-na-empresa-600x849.webp 600w, https:\/\/portifolioos-prontos.com\/wp-content\/uploads\/2026\/03\/projeto-integrado-sintese-blockchain-criptomoedas-e-financas-na-era-digital-vantagens-e-riscos-do-uso-de-moedas-digitais-na-empresa-64x91.webp 64w\" sizes=\"(max-width: 300px) 100vw, 300px\" \/><\/a><div class=\"footer-button\"><a href=\"https:\/\/portifolioos-prontos.com\/index.php\/product\/projeto-integrado-sintese-blockchain-criptomoedas-e-financas-na-era-digital-vantagens-e-riscos-do-uso-de-moedas-digitais-na-empresa\/\" aria-describedby=\"woocommerce_loop_add_to_cart_link_describedby_50405\" data-quantity=\"1\" data-title=\"Projeto Integrado S\u00edntese Blockchain, Criptomoedas e finan\u00e7as na era digital - Vantagens e riscos do uso de moedas digitais na empresa\" class=\"button product_type_simple\" data-product_id=\"50405\" data-product_sku=\"\" aria-label=\"Leia mais sobre &ldquo;Projeto Integrado S\u00edntese Blockchain, Criptomoedas e finan\u00e7as na era digital - Vantagens e riscos do uso de moedas digitais na empresa&rdquo;\" rel=\"nofollow\" data-success_message=\"\"><i class=\"p-icon icon-bag2\" data-rel=\"tooltip\" title=\"Comprar\"><\/i><span class=\"add-to-cart-text\">Comprar<\/span><\/a>\t<span id=\"woocommerce_loop_add_to_cart_link_describedby_50405\" class=\"screen-reader-text\">\n\t\t\t<\/span>\n<a href=\"https:\/\/portifolioos-prontos.com\/index.php\/product\/projeto-integrado-sintese-blockchain-criptomoedas-e-financas-na-era-digital-vantagens-e-riscos-do-uso-de-moedas-digitais-na-empresa\/\" data-id=\"50405\"  class=\"mf-product-quick-view\"><i class=\"p-icon icon-eye\" title=\"Quick View\" data-rel=\"tooltip\"><\/i><\/a><\/div><\/div><div class=\"mf-product-details\"><div class=\"mf-product-content\"><h2 class=\"woo-loop-product__title\"><a href=\"https:\/\/portifolioos-prontos.com\/index.php\/product\/projeto-integrado-sintese-blockchain-criptomoedas-e-financas-na-era-digital-vantagens-e-riscos-do-uso-de-moedas-digitais-na-empresa\/\">Projeto Integrado S\u00edntese Blockchain, Criptomoedas e finan\u00e7as na era digital &#8211; Vantagens e riscos do uso de moedas digitais na empresa<\/a><\/h2><\/div><div class=\"mf-product-price-box\">\n<\/div><\/div><\/div><\/li>\n<li class=\"col-xs-6 col-sm-4 col-mf-5 un-5-cols product type-product post-50372 status-publish instock product_cat-ciencia-politica has-post-thumbnail shipping-taxable purchasable product-type-simple\">\n\t<div class=\"product-inner  clearfix\"><div class=\"mf-product-thumbnail\"><a href=\"https:\/\/portifolioos-prontos.com\/index.php\/product\/projeto-de-extensao-iii-ciencia-politica\/\"><img loading=\"lazy\" decoding=\"async\" width=\"300\" height=\"424\" src=\"https:\/\/portifolioos-prontos.com\/wp-content\/uploads\/2026\/03\/portfolio-projeto-de-extensao-iii-ciencia-politica.webp\" class=\"attachment-woocommerce_thumbnail size-woocommerce_thumbnail\" alt=\"projeto de extens\u00e3o iii ci\u00eancia pol\u00edtica\" srcset=\"https:\/\/portifolioos-prontos.com\/wp-content\/uploads\/2026\/03\/portfolio-projeto-de-extensao-iii-ciencia-politica.webp 1190w, https:\/\/portifolioos-prontos.com\/wp-content\/uploads\/2026\/03\/portfolio-projeto-de-extensao-iii-ciencia-politica-212x300.webp 212w, https:\/\/portifolioos-prontos.com\/wp-content\/uploads\/2026\/03\/portfolio-projeto-de-extensao-iii-ciencia-politica-724x1024.webp 724w, https:\/\/portifolioos-prontos.com\/wp-content\/uploads\/2026\/03\/portfolio-projeto-de-extensao-iii-ciencia-politica-768x1086.webp 768w, https:\/\/portifolioos-prontos.com\/wp-content\/uploads\/2026\/03\/portfolio-projeto-de-extensao-iii-ciencia-politica-1086x1536.webp 1086w, https:\/\/portifolioos-prontos.com\/wp-content\/uploads\/2026\/03\/portfolio-projeto-de-extensao-iii-ciencia-politica-370x523.webp 370w, https:\/\/portifolioos-prontos.com\/wp-content\/uploads\/2026\/03\/portfolio-projeto-de-extensao-iii-ciencia-politica-300x424.webp 300w, https:\/\/portifolioos-prontos.com\/wp-content\/uploads\/2026\/03\/portfolio-projeto-de-extensao-iii-ciencia-politica-600x849.webp 600w, https:\/\/portifolioos-prontos.com\/wp-content\/uploads\/2026\/03\/portfolio-projeto-de-extensao-iii-ciencia-politica-64x91.webp 64w\" sizes=\"(max-width: 300px) 100vw, 300px\" \/><\/a><div class=\"footer-button\"><a href=\"\/index.php\/wp-json\/wp\/v2\/pages\/175?add-to-cart=50372\" aria-describedby=\"woocommerce_loop_add_to_cart_link_describedby_50372\" data-quantity=\"1\" data-title=\"Projeto de Extens\u00e3o III Ci\u00eancia Pol\u00edtica\" class=\"button product_type_simple add_to_cart_button ajax_add_to_cart\" data-product_id=\"50372\" data-product_sku=\"\" aria-label=\"Adicione ao carrinho: &ldquo;Projeto de Extens\u00e3o III Ci\u00eancia Pol\u00edtica&rdquo;\" rel=\"nofollow\" data-success_message=\"\u201cProjeto de Extens\u00e3o III Ci\u00eancia Pol\u00edtica\u201d foi adicionado ao seu carrinho\" role=\"button\"><i class=\"p-icon icon-bag2\" data-rel=\"tooltip\" title=\"Comprar\"><\/i><span class=\"add-to-cart-text\">Comprar<\/span><\/a>\t<span id=\"woocommerce_loop_add_to_cart_link_describedby_50372\" class=\"screen-reader-text\">\n\t\t\t<\/span>\n<a href=\"https:\/\/portifolioos-prontos.com\/index.php\/product\/projeto-de-extensao-iii-ciencia-politica\/\" data-id=\"50372\"  class=\"mf-product-quick-view\"><i class=\"p-icon icon-eye\" title=\"Quick View\" data-rel=\"tooltip\"><\/i><\/a><\/div><\/div><div class=\"mf-product-details\"><div class=\"mf-product-content\"><h2 class=\"woo-loop-product__title\"><a href=\"https:\/\/portifolioos-prontos.com\/index.php\/product\/projeto-de-extensao-iii-ciencia-politica\/\">Projeto de Extens\u00e3o III Ci\u00eancia Pol\u00edtica<\/a><\/h2><\/div><div class=\"mf-product-price-box\">\n\t<span class=\"price\"><span class=\"woocommerce-Price-amount amount\"><bdi><span class=\"woocommerce-Price-currencySymbol\">&#82;&#36;<\/span>&nbsp;89,90<\/bdi><\/span><\/span>\n<\/div><\/div><\/div><\/li>\n<li class=\"col-xs-6 col-sm-4 col-mf-5 un-5-cols product type-product post-50366 status-publish last instock product_cat-quimica has-post-thumbnail shipping-taxable product-type-simple\">\n\t<div class=\"product-inner  clearfix\"><div class=\"mf-product-thumbnail\"><a href=\"https:\/\/portifolioos-prontos.com\/index.php\/product\/aula-pratica-quimica-geral-avancada\/\"><img loading=\"lazy\" decoding=\"async\" width=\"300\" height=\"424\" src=\"https:\/\/portifolioos-prontos.com\/wp-content\/uploads\/2026\/03\/portfolio-aula-pratica-quimica-geral-avancada.webp\" class=\"attachment-woocommerce_thumbnail size-woocommerce_thumbnail\" alt=\"aula pr\u00e1tica qu\u00edmica geral avan\u00e7ada\" srcset=\"https:\/\/portifolioos-prontos.com\/wp-content\/uploads\/2026\/03\/portfolio-aula-pratica-quimica-geral-avancada.webp 1190w, https:\/\/portifolioos-prontos.com\/wp-content\/uploads\/2026\/03\/portfolio-aula-pratica-quimica-geral-avancada-212x300.webp 212w, https:\/\/portifolioos-prontos.com\/wp-content\/uploads\/2026\/03\/portfolio-aula-pratica-quimica-geral-avancada-724x1024.webp 724w, https:\/\/portifolioos-prontos.com\/wp-content\/uploads\/2026\/03\/portfolio-aula-pratica-quimica-geral-avancada-768x1086.webp 768w, https:\/\/portifolioos-prontos.com\/wp-content\/uploads\/2026\/03\/portfolio-aula-pratica-quimica-geral-avancada-1087x1536.webp 1087w, https:\/\/portifolioos-prontos.com\/wp-content\/uploads\/2026\/03\/portfolio-aula-pratica-quimica-geral-avancada-370x523.webp 370w, https:\/\/portifolioos-prontos.com\/wp-content\/uploads\/2026\/03\/portfolio-aula-pratica-quimica-geral-avancada-300x424.webp 300w, https:\/\/portifolioos-prontos.com\/wp-content\/uploads\/2026\/03\/portfolio-aula-pratica-quimica-geral-avancada-600x848.webp 600w, https:\/\/portifolioos-prontos.com\/wp-content\/uploads\/2026\/03\/portfolio-aula-pratica-quimica-geral-avancada-64x90.webp 64w\" sizes=\"(max-width: 300px) 100vw, 300px\" \/><\/a><div class=\"footer-button\"><a href=\"https:\/\/portifolioos-prontos.com\/index.php\/product\/aula-pratica-quimica-geral-avancada\/\" aria-describedby=\"woocommerce_loop_add_to_cart_link_describedby_50366\" data-quantity=\"1\" data-title=\"Aula pr\u00e1tica Qu\u00edmica Geral Avan\u00e7ada\" class=\"button product_type_simple\" data-product_id=\"50366\" data-product_sku=\"\" aria-label=\"Leia mais sobre &ldquo;Aula pr\u00e1tica Qu\u00edmica Geral Avan\u00e7ada&rdquo;\" rel=\"nofollow\" data-success_message=\"\"><i class=\"p-icon icon-bag2\" data-rel=\"tooltip\" title=\"Comprar\"><\/i><span class=\"add-to-cart-text\">Comprar<\/span><\/a>\t<span id=\"woocommerce_loop_add_to_cart_link_describedby_50366\" class=\"screen-reader-text\">\n\t\t\t<\/span>\n<a href=\"https:\/\/portifolioos-prontos.com\/index.php\/product\/aula-pratica-quimica-geral-avancada\/\" data-id=\"50366\"  class=\"mf-product-quick-view\"><i class=\"p-icon icon-eye\" title=\"Quick View\" data-rel=\"tooltip\"><\/i><\/a><\/div><\/div><div class=\"mf-product-details\"><div class=\"mf-product-content\"><h2 class=\"woo-loop-product__title\"><a href=\"https:\/\/portifolioos-prontos.com\/index.php\/product\/aula-pratica-quimica-geral-avancada\/\">Aula pr\u00e1tica Qu\u00edmica Geral Avan\u00e7ada<\/a><\/h2><\/div><div class=\"mf-product-price-box\">\n<\/div><\/div><\/div><\/li>\n<li class=\"col-xs-6 col-sm-4 col-mf-5 un-5-cols product type-product post-50361 status-publish first instock product_cat-quimica has-post-thumbnail shipping-taxable product-type-simple\">\n\t<div class=\"product-inner  clearfix\"><div class=\"mf-product-thumbnail\"><a href=\"https:\/\/portifolioos-prontos.com\/index.php\/product\/estagio-curricular-obrigatorio-quimica-bacharelado\/\"><img loading=\"lazy\" decoding=\"async\" width=\"300\" height=\"425\" src=\"https:\/\/portifolioos-prontos.com\/wp-content\/uploads\/2026\/03\/estagio-curricular-obrigatorio-quimica-bacharelado-portfolio.webp\" class=\"attachment-woocommerce_thumbnail size-woocommerce_thumbnail\" alt=\"est\u00e1gio curricular obrigat\u00f3rio qu\u00edmica bacharelado\" srcset=\"https:\/\/portifolioos-prontos.com\/wp-content\/uploads\/2026\/03\/estagio-curricular-obrigatorio-quimica-bacharelado-portfolio.webp 1190w, https:\/\/portifolioos-prontos.com\/wp-content\/uploads\/2026\/03\/estagio-curricular-obrigatorio-quimica-bacharelado-portfolio-212x300.webp 212w, https:\/\/portifolioos-prontos.com\/wp-content\/uploads\/2026\/03\/estagio-curricular-obrigatorio-quimica-bacharelado-portfolio-724x1024.webp 724w, https:\/\/portifolioos-prontos.com\/wp-content\/uploads\/2026\/03\/estagio-curricular-obrigatorio-quimica-bacharelado-portfolio-768x1087.webp 768w, https:\/\/portifolioos-prontos.com\/wp-content\/uploads\/2026\/03\/estagio-curricular-obrigatorio-quimica-bacharelado-portfolio-1085x1536.webp 1085w, https:\/\/portifolioos-prontos.com\/wp-content\/uploads\/2026\/03\/estagio-curricular-obrigatorio-quimica-bacharelado-portfolio-370x524.webp 370w, https:\/\/portifolioos-prontos.com\/wp-content\/uploads\/2026\/03\/estagio-curricular-obrigatorio-quimica-bacharelado-portfolio-300x425.webp 300w, https:\/\/portifolioos-prontos.com\/wp-content\/uploads\/2026\/03\/estagio-curricular-obrigatorio-quimica-bacharelado-portfolio-600x849.webp 600w, https:\/\/portifolioos-prontos.com\/wp-content\/uploads\/2026\/03\/estagio-curricular-obrigatorio-quimica-bacharelado-portfolio-64x91.webp 64w\" sizes=\"(max-width: 300px) 100vw, 300px\" \/><\/a><div class=\"footer-button\"><a href=\"https:\/\/portifolioos-prontos.com\/index.php\/product\/estagio-curricular-obrigatorio-quimica-bacharelado\/\" aria-describedby=\"woocommerce_loop_add_to_cart_link_describedby_50361\" data-quantity=\"1\" data-title=\"Est\u00e1gio Curricular Obrigat\u00f3rio Qu\u00edmica - Bacharelado\" class=\"button product_type_simple\" data-product_id=\"50361\" data-product_sku=\"\" aria-label=\"Leia mais sobre &ldquo;Est\u00e1gio Curricular Obrigat\u00f3rio Qu\u00edmica - Bacharelado&rdquo;\" rel=\"nofollow\" data-success_message=\"\"><i class=\"p-icon icon-bag2\" data-rel=\"tooltip\" title=\"Comprar\"><\/i><span class=\"add-to-cart-text\">Comprar<\/span><\/a>\t<span id=\"woocommerce_loop_add_to_cart_link_describedby_50361\" class=\"screen-reader-text\">\n\t\t\t<\/span>\n<a href=\"https:\/\/portifolioos-prontos.com\/index.php\/product\/estagio-curricular-obrigatorio-quimica-bacharelado\/\" data-id=\"50361\"  class=\"mf-product-quick-view\"><i class=\"p-icon icon-eye\" title=\"Quick View\" data-rel=\"tooltip\"><\/i><\/a><\/div><\/div><div class=\"mf-product-details\"><div class=\"mf-product-content\"><h2 class=\"woo-loop-product__title\"><a href=\"https:\/\/portifolioos-prontos.com\/index.php\/product\/estagio-curricular-obrigatorio-quimica-bacharelado\/\">Est\u00e1gio Curricular Obrigat\u00f3rio Qu\u00edmica &#8211; Bacharelado<\/a><\/h2><\/div><div class=\"mf-product-price-box\">\n<\/div><\/div><\/div><\/li>\n<li class=\"col-xs-6 col-sm-4 col-mf-5 un-5-cols product type-product post-50340 status-publish instock product_cat-uncategorized has-post-thumbnail shipping-taxable purchasable product-type-simple\">\n\t<div class=\"product-inner  clearfix\"><div class=\"mf-product-thumbnail\"><a href=\"https:\/\/portifolioos-prontos.com\/index.php\/product\/aula-pratica-infraestrutura-como-codigo-3-atividades\/\"><img loading=\"lazy\" decoding=\"async\" width=\"300\" height=\"424\" src=\"https:\/\/portifolioos-prontos.com\/wp-content\/uploads\/2026\/03\/portfolio-pronto-aula-pratica-infraestrutura-como-codigo.webp\" class=\"attachment-woocommerce_thumbnail size-woocommerce_thumbnail\" alt=\"aula pr\u00e1tica infraestrutura como c\u00f3digo (3 atividades)\" srcset=\"https:\/\/portifolioos-prontos.com\/wp-content\/uploads\/2026\/03\/portfolio-pronto-aula-pratica-infraestrutura-como-codigo.webp 1190w, https:\/\/portifolioos-prontos.com\/wp-content\/uploads\/2026\/03\/portfolio-pronto-aula-pratica-infraestrutura-como-codigo-212x300.webp 212w, https:\/\/portifolioos-prontos.com\/wp-content\/uploads\/2026\/03\/portfolio-pronto-aula-pratica-infraestrutura-como-codigo-724x1024.webp 724w, https:\/\/portifolioos-prontos.com\/wp-content\/uploads\/2026\/03\/portfolio-pronto-aula-pratica-infraestrutura-como-codigo-768x1086.webp 768w, https:\/\/portifolioos-prontos.com\/wp-content\/uploads\/2026\/03\/portfolio-pronto-aula-pratica-infraestrutura-como-codigo-1086x1536.webp 1086w, https:\/\/portifolioos-prontos.com\/wp-content\/uploads\/2026\/03\/portfolio-pronto-aula-pratica-infraestrutura-como-codigo-370x523.webp 370w, https:\/\/portifolioos-prontos.com\/wp-content\/uploads\/2026\/03\/portfolio-pronto-aula-pratica-infraestrutura-como-codigo-300x424.webp 300w, https:\/\/portifolioos-prontos.com\/wp-content\/uploads\/2026\/03\/portfolio-pronto-aula-pratica-infraestrutura-como-codigo-600x849.webp 600w, https:\/\/portifolioos-prontos.com\/wp-content\/uploads\/2026\/03\/portfolio-pronto-aula-pratica-infraestrutura-como-codigo-64x91.webp 64w\" sizes=\"(max-width: 300px) 100vw, 300px\" \/><\/a><div class=\"footer-button\"><a href=\"\/index.php\/wp-json\/wp\/v2\/pages\/175?add-to-cart=50340\" aria-describedby=\"woocommerce_loop_add_to_cart_link_describedby_50340\" data-quantity=\"1\" data-title=\"Aula Pr\u00e1tica Infraestrutura como C\u00f3digo (3 Atividades)\" class=\"button product_type_simple add_to_cart_button ajax_add_to_cart\" data-product_id=\"50340\" data-product_sku=\"\" aria-label=\"Adicione ao carrinho: &ldquo;Aula Pr\u00e1tica Infraestrutura como C\u00f3digo (3 Atividades)&rdquo;\" rel=\"nofollow\" data-success_message=\"\u201cAula Pr\u00e1tica Infraestrutura como C\u00f3digo (3 Atividades)\u201d foi adicionado ao seu carrinho\" role=\"button\"><i class=\"p-icon icon-bag2\" data-rel=\"tooltip\" title=\"Comprar\"><\/i><span class=\"add-to-cart-text\">Comprar<\/span><\/a>\t<span id=\"woocommerce_loop_add_to_cart_link_describedby_50340\" class=\"screen-reader-text\">\n\t\t\t<\/span>\n<a href=\"https:\/\/portifolioos-prontos.com\/index.php\/product\/aula-pratica-infraestrutura-como-codigo-3-atividades\/\" data-id=\"50340\"  class=\"mf-product-quick-view\"><i class=\"p-icon icon-eye\" title=\"Quick View\" data-rel=\"tooltip\"><\/i><\/a><\/div><\/div><div class=\"mf-product-details\"><div class=\"mf-product-content\"><h2 class=\"woo-loop-product__title\"><a href=\"https:\/\/portifolioos-prontos.com\/index.php\/product\/aula-pratica-infraestrutura-como-codigo-3-atividades\/\">Aula Pr\u00e1tica Infraestrutura como C\u00f3digo (3 Atividades)<\/a><\/h2><\/div><div class=\"mf-product-price-box\">\n\t<span class=\"price\"><span class=\"woocommerce-Price-amount amount\"><bdi><span class=\"woocommerce-Price-currencySymbol\">&#82;&#36;<\/span>&nbsp;100,00<\/bdi><\/span><\/span>\n<\/div><\/div><\/div><\/li>\n<li class=\"col-xs-6 col-sm-4 col-mf-5 un-5-cols product type-product post-50334 status-publish instock product_cat-uncategorized has-post-thumbnail shipping-taxable purchasable product-type-simple\">\n\t<div class=\"product-inner  clearfix\"><div class=\"mf-product-thumbnail\"><a href=\"https:\/\/portifolioos-prontos.com\/index.php\/product\/aula-pratica-seguranca-de-sistemas-de-bancos-de-dados\/\"><img loading=\"lazy\" decoding=\"async\" width=\"300\" height=\"424\" src=\"https:\/\/portifolioos-prontos.com\/wp-content\/uploads\/2026\/03\/aula-pratica-seguranca-de-sistemas-de-bancos-de-dados.webp\" class=\"attachment-woocommerce_thumbnail size-woocommerce_thumbnail\" alt=\"aula pr\u00e1tica seguran\u00e7a de sistemas de bancos de dados\" srcset=\"https:\/\/portifolioos-prontos.com\/wp-content\/uploads\/2026\/03\/aula-pratica-seguranca-de-sistemas-de-bancos-de-dados.webp 1190w, https:\/\/portifolioos-prontos.com\/wp-content\/uploads\/2026\/03\/aula-pratica-seguranca-de-sistemas-de-bancos-de-dados-212x300.webp 212w, https:\/\/portifolioos-prontos.com\/wp-content\/uploads\/2026\/03\/aula-pratica-seguranca-de-sistemas-de-bancos-de-dados-724x1024.webp 724w, https:\/\/portifolioos-prontos.com\/wp-content\/uploads\/2026\/03\/aula-pratica-seguranca-de-sistemas-de-bancos-de-dados-768x1086.webp 768w, https:\/\/portifolioos-prontos.com\/wp-content\/uploads\/2026\/03\/aula-pratica-seguranca-de-sistemas-de-bancos-de-dados-1086x1536.webp 1086w, https:\/\/portifolioos-prontos.com\/wp-content\/uploads\/2026\/03\/aula-pratica-seguranca-de-sistemas-de-bancos-de-dados-370x523.webp 370w, https:\/\/portifolioos-prontos.com\/wp-content\/uploads\/2026\/03\/aula-pratica-seguranca-de-sistemas-de-bancos-de-dados-300x424.webp 300w, https:\/\/portifolioos-prontos.com\/wp-content\/uploads\/2026\/03\/aula-pratica-seguranca-de-sistemas-de-bancos-de-dados-600x849.webp 600w, https:\/\/portifolioos-prontos.com\/wp-content\/uploads\/2026\/03\/aula-pratica-seguranca-de-sistemas-de-bancos-de-dados-64x91.webp 64w\" sizes=\"(max-width: 300px) 100vw, 300px\" \/><\/a><div class=\"footer-button\"><a href=\"\/index.php\/wp-json\/wp\/v2\/pages\/175?add-to-cart=50334\" aria-describedby=\"woocommerce_loop_add_to_cart_link_describedby_50334\" data-quantity=\"1\" data-title=\"Aula Pr\u00e1tica Seguran\u00e7a de sistemas de bancos de dados\" class=\"button product_type_simple add_to_cart_button ajax_add_to_cart\" data-product_id=\"50334\" data-product_sku=\"\" aria-label=\"Adicione ao carrinho: &ldquo;Aula Pr\u00e1tica Seguran\u00e7a de sistemas de bancos de dados&rdquo;\" rel=\"nofollow\" data-success_message=\"\u201cAula Pr\u00e1tica Seguran\u00e7a de sistemas de bancos de dados\u201d foi adicionado ao seu carrinho\" role=\"button\"><i class=\"p-icon icon-bag2\" data-rel=\"tooltip\" title=\"Comprar\"><\/i><span class=\"add-to-cart-text\">Comprar<\/span><\/a>\t<span id=\"woocommerce_loop_add_to_cart_link_describedby_50334\" class=\"screen-reader-text\">\n\t\t\t<\/span>\n<a href=\"https:\/\/portifolioos-prontos.com\/index.php\/product\/aula-pratica-seguranca-de-sistemas-de-bancos-de-dados\/\" data-id=\"50334\"  class=\"mf-product-quick-view\"><i class=\"p-icon icon-eye\" title=\"Quick View\" data-rel=\"tooltip\"><\/i><\/a><\/div><\/div><div class=\"mf-product-details\"><div class=\"mf-product-content\"><h2 class=\"woo-loop-product__title\"><a href=\"https:\/\/portifolioos-prontos.com\/index.php\/product\/aula-pratica-seguranca-de-sistemas-de-bancos-de-dados\/\">Aula Pr\u00e1tica Seguran\u00e7a de sistemas de bancos de dados<\/a><\/h2><\/div><div class=\"mf-product-price-box\">\n\t<span class=\"price\"><span class=\"woocommerce-Price-amount amount\"><bdi><span class=\"woocommerce-Price-currencySymbol\">&#82;&#36;<\/span>&nbsp;100,00<\/bdi><\/span><\/span>\n<\/div><\/div><\/div><\/li>\n<li class=\"col-xs-6 col-sm-4 col-mf-5 un-5-cols product type-product post-50323 status-publish instock product_cat-jornalismo has-post-thumbnail shipping-taxable purchasable product-type-simple\">\n\t<div class=\"product-inner  clearfix\"><div class=\"mf-product-thumbnail\"><a href=\"https:\/\/portifolioos-prontos.com\/index.php\/product\/relatorio-de-estagio-curricular-obrigatorio-jornalismo\/\"><img loading=\"lazy\" decoding=\"async\" width=\"300\" height=\"424\" src=\"https:\/\/portifolioos-prontos.com\/wp-content\/uploads\/2026\/03\/relatorio-de-estagio-curricular-obrigatorio-jornalismo.webp\" class=\"attachment-woocommerce_thumbnail size-woocommerce_thumbnail\" alt=\"relat\u00f3rio de est\u00e1gio curricular obrigat\u00f3rio jornalismo\" srcset=\"https:\/\/portifolioos-prontos.com\/wp-content\/uploads\/2026\/03\/relatorio-de-estagio-curricular-obrigatorio-jornalismo.webp 1191w, https:\/\/portifolioos-prontos.com\/wp-content\/uploads\/2026\/03\/relatorio-de-estagio-curricular-obrigatorio-jornalismo-212x300.webp 212w, https:\/\/portifolioos-prontos.com\/wp-content\/uploads\/2026\/03\/relatorio-de-estagio-curricular-obrigatorio-jornalismo-724x1024.webp 724w, https:\/\/portifolioos-prontos.com\/wp-content\/uploads\/2026\/03\/relatorio-de-estagio-curricular-obrigatorio-jornalismo-768x1086.webp 768w, https:\/\/portifolioos-prontos.com\/wp-content\/uploads\/2026\/03\/relatorio-de-estagio-curricular-obrigatorio-jornalismo-1086x1536.webp 1086w, https:\/\/portifolioos-prontos.com\/wp-content\/uploads\/2026\/03\/relatorio-de-estagio-curricular-obrigatorio-jornalismo-370x523.webp 370w, https:\/\/portifolioos-prontos.com\/wp-content\/uploads\/2026\/03\/relatorio-de-estagio-curricular-obrigatorio-jornalismo-300x424.webp 300w, https:\/\/portifolioos-prontos.com\/wp-content\/uploads\/2026\/03\/relatorio-de-estagio-curricular-obrigatorio-jornalismo-600x848.webp 600w, https:\/\/portifolioos-prontos.com\/wp-content\/uploads\/2026\/03\/relatorio-de-estagio-curricular-obrigatorio-jornalismo-64x90.webp 64w\" sizes=\"(max-width: 300px) 100vw, 300px\" \/><\/a><div class=\"footer-button\"><a href=\"\/index.php\/wp-json\/wp\/v2\/pages\/175?add-to-cart=50323\" aria-describedby=\"woocommerce_loop_add_to_cart_link_describedby_50323\" data-quantity=\"1\" data-title=\"Relat\u00f3rio de Est\u00e1gio Curricular Obrigat\u00f3rio - Jornalismo\" class=\"button product_type_simple add_to_cart_button ajax_add_to_cart\" data-product_id=\"50323\" data-product_sku=\"\" aria-label=\"Adicione ao carrinho: &ldquo;Relat\u00f3rio de Est\u00e1gio Curricular Obrigat\u00f3rio - Jornalismo&rdquo;\" rel=\"nofollow\" data-success_message=\"\u201cRelat\u00f3rio de Est\u00e1gio Curricular Obrigat\u00f3rio - Jornalismo\u201d foi adicionado ao seu carrinho\" role=\"button\"><i class=\"p-icon icon-bag2\" data-rel=\"tooltip\" title=\"Comprar\"><\/i><span class=\"add-to-cart-text\">Comprar<\/span><\/a>\t<span id=\"woocommerce_loop_add_to_cart_link_describedby_50323\" class=\"screen-reader-text\">\n\t\t\t<\/span>\n<a href=\"https:\/\/portifolioos-prontos.com\/index.php\/product\/relatorio-de-estagio-curricular-obrigatorio-jornalismo\/\" data-id=\"50323\"  class=\"mf-product-quick-view\"><i class=\"p-icon icon-eye\" title=\"Quick View\" data-rel=\"tooltip\"><\/i><\/a><\/div><\/div><div class=\"mf-product-details\"><div class=\"mf-product-content\"><h2 class=\"woo-loop-product__title\"><a href=\"https:\/\/portifolioos-prontos.com\/index.php\/product\/relatorio-de-estagio-curricular-obrigatorio-jornalismo\/\">Relat\u00f3rio de Est\u00e1gio Curricular Obrigat\u00f3rio &#8211; Jornalismo<\/a><\/h2><\/div><div class=\"mf-product-price-box\">\n\t<span class=\"price\"><span class=\"woocommerce-Price-amount amount\"><bdi><span class=\"woocommerce-Price-currencySymbol\">&#82;&#36;<\/span>&nbsp;150,00<\/bdi><\/span><\/span>\n<\/div><\/div><\/div><\/li>\n<li class=\"col-xs-6 col-sm-4 col-mf-5 un-5-cols product type-product post-50316 status-publish last instock product_cat-uncategorized has-post-thumbnail shipping-taxable purchasable product-type-simple\">\n\t<div class=\"product-inner  clearfix\"><div class=\"mf-product-thumbnail\"><a href=\"https:\/\/portifolioos-prontos.com\/index.php\/product\/aula-pratica-fisica-geral-e-experimental-energia-a3_equilibrio_de_corpos_rigidos\/\"><img loading=\"lazy\" decoding=\"async\" width=\"300\" height=\"424\" src=\"https:\/\/portifolioos-prontos.com\/wp-content\/uploads\/2026\/03\/aula-pratica-fisica-geral-e-experimental-energia-a3_equilibrio_de_coros_rigidos.webp\" class=\"attachment-woocommerce_thumbnail size-woocommerce_thumbnail\" alt=\"aula pr\u00e1tica f\u00edsica geral e experimental energia a3 equilibrio de coros r\u00cdgidos\" srcset=\"https:\/\/portifolioos-prontos.com\/wp-content\/uploads\/2026\/03\/aula-pratica-fisica-geral-e-experimental-energia-a3_equilibrio_de_coros_rigidos.webp 1190w, https:\/\/portifolioos-prontos.com\/wp-content\/uploads\/2026\/03\/aula-pratica-fisica-geral-e-experimental-energia-a3_equilibrio_de_coros_rigidos-212x300.webp 212w, https:\/\/portifolioos-prontos.com\/wp-content\/uploads\/2026\/03\/aula-pratica-fisica-geral-e-experimental-energia-a3_equilibrio_de_coros_rigidos-724x1024.webp 724w, https:\/\/portifolioos-prontos.com\/wp-content\/uploads\/2026\/03\/aula-pratica-fisica-geral-e-experimental-energia-a3_equilibrio_de_coros_rigidos-768x1086.webp 768w, https:\/\/portifolioos-prontos.com\/wp-content\/uploads\/2026\/03\/aula-pratica-fisica-geral-e-experimental-energia-a3_equilibrio_de_coros_rigidos-1086x1536.webp 1086w, https:\/\/portifolioos-prontos.com\/wp-content\/uploads\/2026\/03\/aula-pratica-fisica-geral-e-experimental-energia-a3_equilibrio_de_coros_rigidos-370x523.webp 370w, https:\/\/portifolioos-prontos.com\/wp-content\/uploads\/2026\/03\/aula-pratica-fisica-geral-e-experimental-energia-a3_equilibrio_de_coros_rigidos-300x424.webp 300w, https:\/\/portifolioos-prontos.com\/wp-content\/uploads\/2026\/03\/aula-pratica-fisica-geral-e-experimental-energia-a3_equilibrio_de_coros_rigidos-600x849.webp 600w, https:\/\/portifolioos-prontos.com\/wp-content\/uploads\/2026\/03\/aula-pratica-fisica-geral-e-experimental-energia-a3_equilibrio_de_coros_rigidos-64x91.webp 64w\" sizes=\"(max-width: 300px) 100vw, 300px\" \/><\/a><div class=\"footer-button\"><a href=\"\/index.php\/wp-json\/wp\/v2\/pages\/175?add-to-cart=50316\" aria-describedby=\"woocommerce_loop_add_to_cart_link_describedby_50316\" data-quantity=\"1\" data-title=\"Aula Pr\u00e1tica F\u00edsica Geral e Experimental Energia - A3_EQUILIBRIO_DE_CORPOS_R\u00cdGIDOS\" class=\"button product_type_simple add_to_cart_button ajax_add_to_cart\" data-product_id=\"50316\" data-product_sku=\"\" aria-label=\"Adicione ao carrinho: &ldquo;Aula Pr\u00e1tica F\u00edsica Geral e Experimental Energia - A3_EQUILIBRIO_DE_CORPOS_R\u00cdGIDOS&rdquo;\" rel=\"nofollow\" data-success_message=\"\u201cAula Pr\u00e1tica F\u00edsica Geral e Experimental Energia - A3_EQUILIBRIO_DE_CORPOS_R\u00cdGIDOS\u201d foi adicionado ao seu carrinho\" role=\"button\"><i class=\"p-icon icon-bag2\" data-rel=\"tooltip\" title=\"Comprar\"><\/i><span class=\"add-to-cart-text\">Comprar<\/span><\/a>\t<span id=\"woocommerce_loop_add_to_cart_link_describedby_50316\" class=\"screen-reader-text\">\n\t\t\t<\/span>\n<a href=\"https:\/\/portifolioos-prontos.com\/index.php\/product\/aula-pratica-fisica-geral-e-experimental-energia-a3_equilibrio_de_corpos_rigidos\/\" data-id=\"50316\"  class=\"mf-product-quick-view\"><i class=\"p-icon icon-eye\" title=\"Quick View\" data-rel=\"tooltip\"><\/i><\/a><\/div><\/div><div class=\"mf-product-details\"><div class=\"mf-product-content\"><h2 class=\"woo-loop-product__title\"><a href=\"https:\/\/portifolioos-prontos.com\/index.php\/product\/aula-pratica-fisica-geral-e-experimental-energia-a3_equilibrio_de_corpos_rigidos\/\">Aula Pr\u00e1tica F\u00edsica Geral e Experimental Energia &#8211; A3_EQUILIBRIO_DE_CORPOS_R\u00cdGIDOS<\/a><\/h2><\/div><div class=\"mf-product-price-box\">\n\t<span class=\"price\"><span class=\"woocommerce-Price-amount amount\"><bdi><span class=\"woocommerce-Price-currencySymbol\">&#82;&#36;<\/span>&nbsp;80,00<\/bdi><\/span><\/span>\n<\/div><\/div><\/div><\/li>\n<li class=\"col-xs-6 col-sm-4 col-mf-5 un-5-cols product type-product post-50310 status-publish first instock product_cat-uncategorized has-post-thumbnail shipping-taxable purchasable product-type-simple\">\n\t<div class=\"product-inner  clearfix\"><div class=\"mf-product-thumbnail\"><a href=\"https:\/\/portifolioos-prontos.com\/index.php\/product\/aula-pratica-fisica-geral-e-experimental-energia-a2_expansao_termica\/\"><img loading=\"lazy\" decoding=\"async\" width=\"300\" height=\"424\" src=\"https:\/\/portifolioos-prontos.com\/wp-content\/uploads\/2026\/03\/aula-pratica-fisica-geral-e-experimental-energia-\u2013-a2_expansao_termica.webp\" class=\"attachment-woocommerce_thumbnail size-woocommerce_thumbnail\" alt=\"aula pr\u00e1tica f\u00edsica geral e experimental energia \u2013 a2 expans\u00c3o t\u00c9rmica\" srcset=\"https:\/\/portifolioos-prontos.com\/wp-content\/uploads\/2026\/03\/aula-pratica-fisica-geral-e-experimental-energia-\u2013-a2_expansao_termica.webp 1190w, https:\/\/portifolioos-prontos.com\/wp-content\/uploads\/2026\/03\/aula-pratica-fisica-geral-e-experimental-energia-\u2013-a2_expansao_termica-212x300.webp 212w, https:\/\/portifolioos-prontos.com\/wp-content\/uploads\/2026\/03\/aula-pratica-fisica-geral-e-experimental-energia-\u2013-a2_expansao_termica-724x1024.webp 724w, https:\/\/portifolioos-prontos.com\/wp-content\/uploads\/2026\/03\/aula-pratica-fisica-geral-e-experimental-energia-\u2013-a2_expansao_termica-768x1086.webp 768w, https:\/\/portifolioos-prontos.com\/wp-content\/uploads\/2026\/03\/aula-pratica-fisica-geral-e-experimental-energia-\u2013-a2_expansao_termica-1086x1536.webp 1086w, https:\/\/portifolioos-prontos.com\/wp-content\/uploads\/2026\/03\/aula-pratica-fisica-geral-e-experimental-energia-\u2013-a2_expansao_termica-370x523.webp 370w, https:\/\/portifolioos-prontos.com\/wp-content\/uploads\/2026\/03\/aula-pratica-fisica-geral-e-experimental-energia-\u2013-a2_expansao_termica-300x424.webp 300w, https:\/\/portifolioos-prontos.com\/wp-content\/uploads\/2026\/03\/aula-pratica-fisica-geral-e-experimental-energia-\u2013-a2_expansao_termica-600x849.webp 600w, https:\/\/portifolioos-prontos.com\/wp-content\/uploads\/2026\/03\/aula-pratica-fisica-geral-e-experimental-energia-\u2013-a2_expansao_termica-64x91.webp 64w\" sizes=\"(max-width: 300px) 100vw, 300px\" \/><\/a><div class=\"footer-button\"><a href=\"\/index.php\/wp-json\/wp\/v2\/pages\/175?add-to-cart=50310\" aria-describedby=\"woocommerce_loop_add_to_cart_link_describedby_50310\" data-quantity=\"1\" data-title=\"Aula Pr\u00e1tica F\u00edsica Geral e Experimental Energia \u2013 A2_EXPANS\u00c3O_T\u00c9RMICA\" class=\"button product_type_simple add_to_cart_button ajax_add_to_cart\" data-product_id=\"50310\" data-product_sku=\"\" aria-label=\"Adicione ao carrinho: &ldquo;Aula Pr\u00e1tica F\u00edsica Geral e Experimental Energia \u2013 A2_EXPANS\u00c3O_T\u00c9RMICA&rdquo;\" rel=\"nofollow\" data-success_message=\"\u201cAula Pr\u00e1tica F\u00edsica Geral e Experimental Energia \u2013 A2_EXPANS\u00c3O_T\u00c9RMICA\u201d foi adicionado ao seu carrinho\" role=\"button\"><i class=\"p-icon icon-bag2\" data-rel=\"tooltip\" title=\"Comprar\"><\/i><span class=\"add-to-cart-text\">Comprar<\/span><\/a>\t<span id=\"woocommerce_loop_add_to_cart_link_describedby_50310\" class=\"screen-reader-text\">\n\t\t\t<\/span>\n<a href=\"https:\/\/portifolioos-prontos.com\/index.php\/product\/aula-pratica-fisica-geral-e-experimental-energia-a2_expansao_termica\/\" data-id=\"50310\"  class=\"mf-product-quick-view\"><i class=\"p-icon icon-eye\" title=\"Quick View\" data-rel=\"tooltip\"><\/i><\/a><\/div><\/div><div class=\"mf-product-details\"><div class=\"mf-product-content\"><h2 class=\"woo-loop-product__title\"><a href=\"https:\/\/portifolioos-prontos.com\/index.php\/product\/aula-pratica-fisica-geral-e-experimental-energia-a2_expansao_termica\/\">Aula Pr\u00e1tica F\u00edsica Geral e Experimental Energia \u2013 A2_EXPANS\u00c3O_T\u00c9RMICA<\/a><\/h2><\/div><div class=\"mf-product-price-box\">\n\t<span class=\"price\"><span class=\"woocommerce-Price-amount amount\"><bdi><span class=\"woocommerce-Price-currencySymbol\">&#82;&#36;<\/span>&nbsp;80,00<\/bdi><\/span><\/span>\n<\/div><\/div><\/div><\/li>\n<li class=\"col-xs-6 col-sm-4 col-mf-5 un-5-cols product type-product post-50305 status-publish instock product_cat-uncategorized has-post-thumbnail shipping-taxable purchasable product-type-simple\">\n\t<div class=\"product-inner  clearfix\"><div class=\"mf-product-thumbnail\"><a href=\"https:\/\/portifolioos-prontos.com\/index.php\/product\/aula-pratica-fisica-geral-e-experimental-energia-a3_calorimetria\/\"><img loading=\"lazy\" decoding=\"async\" width=\"300\" height=\"424\" src=\"https:\/\/portifolioos-prontos.com\/wp-content\/uploads\/2026\/03\/aula-pratica-fisica-geral-e-experimental-energia-a3_calorimetria.webp\" class=\"attachment-woocommerce_thumbnail size-woocommerce_thumbnail\" alt=\"aula pr\u00e1tica f\u00edsica geral e experimental energia a3 calorimetria\" srcset=\"https:\/\/portifolioos-prontos.com\/wp-content\/uploads\/2026\/03\/aula-pratica-fisica-geral-e-experimental-energia-a3_calorimetria.webp 1190w, https:\/\/portifolioos-prontos.com\/wp-content\/uploads\/2026\/03\/aula-pratica-fisica-geral-e-experimental-energia-a3_calorimetria-212x300.webp 212w, https:\/\/portifolioos-prontos.com\/wp-content\/uploads\/2026\/03\/aula-pratica-fisica-geral-e-experimental-energia-a3_calorimetria-724x1024.webp 724w, https:\/\/portifolioos-prontos.com\/wp-content\/uploads\/2026\/03\/aula-pratica-fisica-geral-e-experimental-energia-a3_calorimetria-768x1086.webp 768w, https:\/\/portifolioos-prontos.com\/wp-content\/uploads\/2026\/03\/aula-pratica-fisica-geral-e-experimental-energia-a3_calorimetria-1086x1536.webp 1086w, https:\/\/portifolioos-prontos.com\/wp-content\/uploads\/2026\/03\/aula-pratica-fisica-geral-e-experimental-energia-a3_calorimetria-370x523.webp 370w, https:\/\/portifolioos-prontos.com\/wp-content\/uploads\/2026\/03\/aula-pratica-fisica-geral-e-experimental-energia-a3_calorimetria-300x424.webp 300w, https:\/\/portifolioos-prontos.com\/wp-content\/uploads\/2026\/03\/aula-pratica-fisica-geral-e-experimental-energia-a3_calorimetria-600x849.webp 600w, https:\/\/portifolioos-prontos.com\/wp-content\/uploads\/2026\/03\/aula-pratica-fisica-geral-e-experimental-energia-a3_calorimetria-64x91.webp 64w\" sizes=\"(max-width: 300px) 100vw, 300px\" \/><\/a><div class=\"footer-button\"><a href=\"\/index.php\/wp-json\/wp\/v2\/pages\/175?add-to-cart=50305\" aria-describedby=\"woocommerce_loop_add_to_cart_link_describedby_50305\" data-quantity=\"1\" data-title=\"Aula Pr\u00e1tica F\u00edsica Geral e Experimental Energia - A3_CALORIMETRIA\" class=\"button product_type_simple add_to_cart_button ajax_add_to_cart\" data-product_id=\"50305\" data-product_sku=\"\" aria-label=\"Adicione ao carrinho: &ldquo;Aula Pr\u00e1tica F\u00edsica Geral e Experimental Energia - A3_CALORIMETRIA&rdquo;\" rel=\"nofollow\" data-success_message=\"\u201cAula Pr\u00e1tica F\u00edsica Geral e Experimental Energia - A3_CALORIMETRIA\u201d foi adicionado ao seu carrinho\" role=\"button\"><i class=\"p-icon icon-bag2\" data-rel=\"tooltip\" title=\"Comprar\"><\/i><span class=\"add-to-cart-text\">Comprar<\/span><\/a>\t<span id=\"woocommerce_loop_add_to_cart_link_describedby_50305\" class=\"screen-reader-text\">\n\t\t\t<\/span>\n<a href=\"https:\/\/portifolioos-prontos.com\/index.php\/product\/aula-pratica-fisica-geral-e-experimental-energia-a3_calorimetria\/\" data-id=\"50305\"  class=\"mf-product-quick-view\"><i class=\"p-icon icon-eye\" title=\"Quick View\" data-rel=\"tooltip\"><\/i><\/a><\/div><\/div><div class=\"mf-product-details\"><div class=\"mf-product-content\"><h2 class=\"woo-loop-product__title\"><a href=\"https:\/\/portifolioos-prontos.com\/index.php\/product\/aula-pratica-fisica-geral-e-experimental-energia-a3_calorimetria\/\">Aula Pr\u00e1tica F\u00edsica Geral e Experimental Energia &#8211; A3_CALORIMETRIA<\/a><\/h2><\/div><div class=\"mf-product-price-box\">\n\t<span class=\"price\"><span class=\"woocommerce-Price-amount amount\"><bdi><span class=\"woocommerce-Price-currencySymbol\">&#82;&#36;<\/span>&nbsp;80,00<\/bdi><\/span><\/span>\n<\/div><\/div><\/div><\/li>\n<li class=\"col-xs-6 col-sm-4 col-mf-5 un-5-cols product type-product post-50298 status-publish instock product_cat-uncategorized has-post-thumbnail shipping-taxable purchasable product-type-simple\">\n\t<div class=\"product-inner  clearfix\"><div class=\"mf-product-thumbnail\"><a href=\"https:\/\/portifolioos-prontos.com\/index.php\/product\/aula-pratica-fisica-geral-e-experimental-energia\/\"><img loading=\"lazy\" decoding=\"async\" width=\"300\" height=\"424\" src=\"https:\/\/portifolioos-prontos.com\/wp-content\/uploads\/2026\/03\/portfolio-aula-pratica-fisica-geral-e-experimental-energia.webp\" class=\"attachment-woocommerce_thumbnail size-woocommerce_thumbnail\" alt=\"aula pr\u00e1tica f\u00edsica geral e experimental energia\" srcset=\"https:\/\/portifolioos-prontos.com\/wp-content\/uploads\/2026\/03\/portfolio-aula-pratica-fisica-geral-e-experimental-energia.webp 1190w, https:\/\/portifolioos-prontos.com\/wp-content\/uploads\/2026\/03\/portfolio-aula-pratica-fisica-geral-e-experimental-energia-212x300.webp 212w, https:\/\/portifolioos-prontos.com\/wp-content\/uploads\/2026\/03\/portfolio-aula-pratica-fisica-geral-e-experimental-energia-724x1024.webp 724w, https:\/\/portifolioos-prontos.com\/wp-content\/uploads\/2026\/03\/portfolio-aula-pratica-fisica-geral-e-experimental-energia-768x1086.webp 768w, https:\/\/portifolioos-prontos.com\/wp-content\/uploads\/2026\/03\/portfolio-aula-pratica-fisica-geral-e-experimental-energia-1086x1536.webp 1086w, https:\/\/portifolioos-prontos.com\/wp-content\/uploads\/2026\/03\/portfolio-aula-pratica-fisica-geral-e-experimental-energia-370x523.webp 370w, https:\/\/portifolioos-prontos.com\/wp-content\/uploads\/2026\/03\/portfolio-aula-pratica-fisica-geral-e-experimental-energia-300x424.webp 300w, https:\/\/portifolioos-prontos.com\/wp-content\/uploads\/2026\/03\/portfolio-aula-pratica-fisica-geral-e-experimental-energia-600x849.webp 600w, https:\/\/portifolioos-prontos.com\/wp-content\/uploads\/2026\/03\/portfolio-aula-pratica-fisica-geral-e-experimental-energia-64x91.webp 64w\" sizes=\"(max-width: 300px) 100vw, 300px\" \/><\/a><div class=\"footer-button\"><a href=\"\/index.php\/wp-json\/wp\/v2\/pages\/175?add-to-cart=50298\" aria-describedby=\"woocommerce_loop_add_to_cart_link_describedby_50298\" data-quantity=\"1\" data-title=\"Aula Pr\u00e1tica F\u00edsica Geral e Experimental Energia - Aula: A2_PRINC\u00cdPIO_DE_ARQUIMEDES\" class=\"button product_type_simple add_to_cart_button ajax_add_to_cart\" data-product_id=\"50298\" data-product_sku=\"\" aria-label=\"Adicione ao carrinho: &ldquo;Aula Pr\u00e1tica F\u00edsica Geral e Experimental Energia - Aula: A2_PRINC\u00cdPIO_DE_ARQUIMEDES&rdquo;\" rel=\"nofollow\" data-success_message=\"\u201cAula Pr\u00e1tica F\u00edsica Geral e Experimental Energia - Aula: A2_PRINC\u00cdPIO_DE_ARQUIMEDES\u201d foi adicionado ao seu carrinho\" role=\"button\"><i class=\"p-icon icon-bag2\" data-rel=\"tooltip\" title=\"Comprar\"><\/i><span class=\"add-to-cart-text\">Comprar<\/span><\/a>\t<span id=\"woocommerce_loop_add_to_cart_link_describedby_50298\" class=\"screen-reader-text\">\n\t\t\t<\/span>\n<a href=\"https:\/\/portifolioos-prontos.com\/index.php\/product\/aula-pratica-fisica-geral-e-experimental-energia\/\" data-id=\"50298\"  class=\"mf-product-quick-view\"><i class=\"p-icon icon-eye\" title=\"Quick View\" data-rel=\"tooltip\"><\/i><\/a><\/div><\/div><div class=\"mf-product-details\"><div class=\"mf-product-content\"><h2 class=\"woo-loop-product__title\"><a href=\"https:\/\/portifolioos-prontos.com\/index.php\/product\/aula-pratica-fisica-geral-e-experimental-energia\/\">Aula Pr\u00e1tica F\u00edsica Geral e Experimental Energia &#8211; Aula: A2_PRINC\u00cdPIO_DE_ARQUIMEDES<\/a><\/h2><\/div><div class=\"mf-product-price-box\">\n\t<span class=\"price\"><span class=\"woocommerce-Price-amount amount\"><bdi><span class=\"woocommerce-Price-currencySymbol\">&#82;&#36;<\/span>&nbsp;80,00<\/bdi><\/span><\/span>\n<\/div><\/div><\/div><\/li>\n<li class=\"col-xs-6 col-sm-4 col-mf-5 un-5-cols product type-product post-50166 status-publish instock product_cat-gastronomia has-post-thumbnail shipping-taxable purchasable product-type-simple\">\n\t<div class=\"product-inner  clearfix\"><div class=\"mf-product-thumbnail\"><a href=\"https:\/\/portifolioos-prontos.com\/index.php\/product\/projeto-integrado-individual-sintese-gerontologia-2026\/\"><img loading=\"lazy\" decoding=\"async\" width=\"300\" height=\"424\" src=\"https:\/\/portifolioos-prontos.com\/wp-content\/uploads\/2026\/03\/projeto-integrado-sintese-gerontologia-unopar-anhanguera.webp\" class=\"attachment-woocommerce_thumbnail size-woocommerce_thumbnail\" alt=\"projeto integrado s\u00edntese gerontologia\" srcset=\"https:\/\/portifolioos-prontos.com\/wp-content\/uploads\/2026\/03\/projeto-integrado-sintese-gerontologia-unopar-anhanguera.webp 1190w, https:\/\/portifolioos-prontos.com\/wp-content\/uploads\/2026\/03\/projeto-integrado-sintese-gerontologia-unopar-anhanguera-212x300.webp 212w, https:\/\/portifolioos-prontos.com\/wp-content\/uploads\/2026\/03\/projeto-integrado-sintese-gerontologia-unopar-anhanguera-724x1024.webp 724w, https:\/\/portifolioos-prontos.com\/wp-content\/uploads\/2026\/03\/projeto-integrado-sintese-gerontologia-unopar-anhanguera-768x1086.webp 768w, https:\/\/portifolioos-prontos.com\/wp-content\/uploads\/2026\/03\/projeto-integrado-sintese-gerontologia-unopar-anhanguera-1086x1536.webp 1086w, https:\/\/portifolioos-prontos.com\/wp-content\/uploads\/2026\/03\/projeto-integrado-sintese-gerontologia-unopar-anhanguera-370x523.webp 370w, https:\/\/portifolioos-prontos.com\/wp-content\/uploads\/2026\/03\/projeto-integrado-sintese-gerontologia-unopar-anhanguera-300x424.webp 300w, https:\/\/portifolioos-prontos.com\/wp-content\/uploads\/2026\/03\/projeto-integrado-sintese-gerontologia-unopar-anhanguera-600x849.webp 600w, https:\/\/portifolioos-prontos.com\/wp-content\/uploads\/2026\/03\/projeto-integrado-sintese-gerontologia-unopar-anhanguera-64x91.webp 64w\" sizes=\"(max-width: 300px) 100vw, 300px\" \/><\/a><div class=\"footer-button\"><a href=\"\/index.php\/wp-json\/wp\/v2\/pages\/175?add-to-cart=50166\" aria-describedby=\"woocommerce_loop_add_to_cart_link_describedby_50166\" data-quantity=\"1\" data-title=\"Projeto Integrado S\u00edntese Gerontologia\" class=\"button product_type_simple add_to_cart_button ajax_add_to_cart\" data-product_id=\"50166\" data-product_sku=\"\" aria-label=\"Adicione ao carrinho: &ldquo;Projeto Integrado S\u00edntese Gerontologia&rdquo;\" rel=\"nofollow\" data-success_message=\"\u201cProjeto Integrado S\u00edntese Gerontologia\u201d foi adicionado ao seu carrinho\" role=\"button\"><i class=\"p-icon icon-bag2\" data-rel=\"tooltip\" title=\"Comprar\"><\/i><span class=\"add-to-cart-text\">Comprar<\/span><\/a>\t<span id=\"woocommerce_loop_add_to_cart_link_describedby_50166\" class=\"screen-reader-text\">\n\t\t\t<\/span>\n<a href=\"https:\/\/portifolioos-prontos.com\/index.php\/product\/projeto-integrado-individual-sintese-gerontologia-2026\/\" data-id=\"50166\"  class=\"mf-product-quick-view\"><i class=\"p-icon icon-eye\" title=\"Quick View\" data-rel=\"tooltip\"><\/i><\/a><\/div><\/div><div class=\"mf-product-details\"><div class=\"mf-product-content\"><h2 class=\"woo-loop-product__title\"><a href=\"https:\/\/portifolioos-prontos.com\/index.php\/product\/projeto-integrado-individual-sintese-gerontologia-2026\/\">Projeto Integrado S\u00edntese Gerontologia<\/a><\/h2><\/div><div class=\"mf-product-price-box\">\n\t<span class=\"price\"><span class=\"woocommerce-Price-amount amount\"><bdi><span class=\"woocommerce-Price-currencySymbol\">&#82;&#36;<\/span>&nbsp;100,00<\/bdi><\/span><\/span>\n<\/div><\/div><\/div><\/li>\n<li class=\"col-xs-6 col-sm-4 col-mf-5 un-5-cols product type-product post-50155 status-publish last instock product_cat-jornalismo has-post-thumbnail shipping-taxable purchasable product-type-simple\">\n\t<div class=\"product-inner  clearfix\"><div class=\"mf-product-thumbnail\"><a href=\"https:\/\/portifolioos-prontos.com\/index.php\/product\/projeto-de-extensao-iii-jornalismo\/\"><img loading=\"lazy\" decoding=\"async\" width=\"300\" height=\"424\" src=\"https:\/\/portifolioos-prontos.com\/wp-content\/uploads\/2026\/03\/projeto-de-extensao-iii-jornalismo.webp\" class=\"attachment-woocommerce_thumbnail size-woocommerce_thumbnail\" alt=\"projeto de extens\u00e3o iii jornalismo\" srcset=\"https:\/\/portifolioos-prontos.com\/wp-content\/uploads\/2026\/03\/projeto-de-extensao-iii-jornalismo.webp 1190w, https:\/\/portifolioos-prontos.com\/wp-content\/uploads\/2026\/03\/projeto-de-extensao-iii-jornalismo-212x300.webp 212w, https:\/\/portifolioos-prontos.com\/wp-content\/uploads\/2026\/03\/projeto-de-extensao-iii-jornalismo-724x1024.webp 724w, https:\/\/portifolioos-prontos.com\/wp-content\/uploads\/2026\/03\/projeto-de-extensao-iii-jornalismo-768x1086.webp 768w, https:\/\/portifolioos-prontos.com\/wp-content\/uploads\/2026\/03\/projeto-de-extensao-iii-jornalismo-1086x1536.webp 1086w, https:\/\/portifolioos-prontos.com\/wp-content\/uploads\/2026\/03\/projeto-de-extensao-iii-jornalismo-370x523.webp 370w, https:\/\/portifolioos-prontos.com\/wp-content\/uploads\/2026\/03\/projeto-de-extensao-iii-jornalismo-300x424.webp 300w, https:\/\/portifolioos-prontos.com\/wp-content\/uploads\/2026\/03\/projeto-de-extensao-iii-jornalismo-600x849.webp 600w, https:\/\/portifolioos-prontos.com\/wp-content\/uploads\/2026\/03\/projeto-de-extensao-iii-jornalismo-64x91.webp 64w\" sizes=\"(max-width: 300px) 100vw, 300px\" \/><\/a><div class=\"footer-button\"><a href=\"\/index.php\/wp-json\/wp\/v2\/pages\/175?add-to-cart=50155\" aria-describedby=\"woocommerce_loop_add_to_cart_link_describedby_50155\" data-quantity=\"1\" data-title=\"Projeto de Extens\u00e3o III Jornalismo\" class=\"button product_type_simple add_to_cart_button ajax_add_to_cart\" data-product_id=\"50155\" data-product_sku=\"\" aria-label=\"Adicione ao carrinho: &ldquo;Projeto de Extens\u00e3o III Jornalismo&rdquo;\" rel=\"nofollow\" data-success_message=\"\u201cProjeto de Extens\u00e3o III Jornalismo\u201d foi adicionado ao seu carrinho\" role=\"button\"><i class=\"p-icon icon-bag2\" data-rel=\"tooltip\" title=\"Comprar\"><\/i><span class=\"add-to-cart-text\">Comprar<\/span><\/a>\t<span id=\"woocommerce_loop_add_to_cart_link_describedby_50155\" class=\"screen-reader-text\">\n\t\t\t<\/span>\n<a href=\"https:\/\/portifolioos-prontos.com\/index.php\/product\/projeto-de-extensao-iii-jornalismo\/\" data-id=\"50155\"  class=\"mf-product-quick-view\"><i class=\"p-icon icon-eye\" title=\"Quick View\" data-rel=\"tooltip\"><\/i><\/a><\/div><\/div><div class=\"mf-product-details\"><div class=\"mf-product-content\"><h2 class=\"woo-loop-product__title\"><a href=\"https:\/\/portifolioos-prontos.com\/index.php\/product\/projeto-de-extensao-iii-jornalismo\/\">Projeto de Extens\u00e3o III Jornalismo<\/a><\/h2><\/div><div class=\"mf-product-price-box\">\n\t<span class=\"price\"><span class=\"woocommerce-Price-amount amount\"><bdi><span class=\"woocommerce-Price-currencySymbol\">&#82;&#36;<\/span>&nbsp;89,90<\/bdi><\/span><\/span>\n<\/div><\/div><\/div><\/li>\n<li class=\"col-xs-6 col-sm-4 col-mf-5 un-5-cols product type-product post-50067 status-publish first instock product_cat-historia has-post-thumbnail shipping-taxable purchasable product-type-simple\">\n\t<div class=\"product-inner  clearfix\"><div class=\"mf-product-thumbnail\"><a href=\"https:\/\/portifolioos-prontos.com\/index.php\/product\/estagio-curricular-obrigatorio-iii-historia-licenciatura-ensino-medio\/\"><img loading=\"lazy\" decoding=\"async\" width=\"300\" height=\"424\" src=\"https:\/\/portifolioos-prontos.com\/wp-content\/uploads\/2026\/03\/estagio-curricular-obrigatorio-iii-historia-licenciatura-ensino-medio.webp\" class=\"attachment-woocommerce_thumbnail size-woocommerce_thumbnail\" alt=\"est\u00e1gio curricular obrigat\u00f3rio iii hist\u00f3ria licenciatura ensino m\u00e9dio\" srcset=\"https:\/\/portifolioos-prontos.com\/wp-content\/uploads\/2026\/03\/estagio-curricular-obrigatorio-iii-historia-licenciatura-ensino-medio.webp 1191w, https:\/\/portifolioos-prontos.com\/wp-content\/uploads\/2026\/03\/estagio-curricular-obrigatorio-iii-historia-licenciatura-ensino-medio-212x300.webp 212w, https:\/\/portifolioos-prontos.com\/wp-content\/uploads\/2026\/03\/estagio-curricular-obrigatorio-iii-historia-licenciatura-ensino-medio-724x1024.webp 724w, https:\/\/portifolioos-prontos.com\/wp-content\/uploads\/2026\/03\/estagio-curricular-obrigatorio-iii-historia-licenciatura-ensino-medio-768x1086.webp 768w, https:\/\/portifolioos-prontos.com\/wp-content\/uploads\/2026\/03\/estagio-curricular-obrigatorio-iii-historia-licenciatura-ensino-medio-1086x1536.webp 1086w, https:\/\/portifolioos-prontos.com\/wp-content\/uploads\/2026\/03\/estagio-curricular-obrigatorio-iii-historia-licenciatura-ensino-medio-370x523.webp 370w, https:\/\/portifolioos-prontos.com\/wp-content\/uploads\/2026\/03\/estagio-curricular-obrigatorio-iii-historia-licenciatura-ensino-medio-300x424.webp 300w, https:\/\/portifolioos-prontos.com\/wp-content\/uploads\/2026\/03\/estagio-curricular-obrigatorio-iii-historia-licenciatura-ensino-medio-600x848.webp 600w, https:\/\/portifolioos-prontos.com\/wp-content\/uploads\/2026\/03\/estagio-curricular-obrigatorio-iii-historia-licenciatura-ensino-medio-64x90.webp 64w\" sizes=\"(max-width: 300px) 100vw, 300px\" \/><\/a><div class=\"footer-button\"><a href=\"\/index.php\/wp-json\/wp\/v2\/pages\/175?add-to-cart=50067\" aria-describedby=\"woocommerce_loop_add_to_cart_link_describedby_50067\" data-quantity=\"1\" data-title=\"Est\u00e1gio Curricular Obrigat\u00f3rio III Hist\u00f3ria Licenciatura - Ensino m\u00e9dio\" class=\"button product_type_simple add_to_cart_button ajax_add_to_cart\" data-product_id=\"50067\" data-product_sku=\"\" aria-label=\"Adicione ao carrinho: &ldquo;Est\u00e1gio Curricular Obrigat\u00f3rio III Hist\u00f3ria Licenciatura - Ensino m\u00e9dio&rdquo;\" rel=\"nofollow\" data-success_message=\"\u201cEst\u00e1gio Curricular Obrigat\u00f3rio III Hist\u00f3ria Licenciatura - Ensino m\u00e9dio\u201d foi adicionado ao seu carrinho\" role=\"button\"><i class=\"p-icon icon-bag2\" data-rel=\"tooltip\" title=\"Comprar\"><\/i><span class=\"add-to-cart-text\">Comprar<\/span><\/a>\t<span id=\"woocommerce_loop_add_to_cart_link_describedby_50067\" class=\"screen-reader-text\">\n\t\t\t<\/span>\n<a href=\"https:\/\/portifolioos-prontos.com\/index.php\/product\/estagio-curricular-obrigatorio-iii-historia-licenciatura-ensino-medio\/\" data-id=\"50067\"  class=\"mf-product-quick-view\"><i class=\"p-icon icon-eye\" title=\"Quick View\" data-rel=\"tooltip\"><\/i><\/a><\/div><\/div><div class=\"mf-product-details\"><div class=\"mf-product-content\"><h2 class=\"woo-loop-product__title\"><a href=\"https:\/\/portifolioos-prontos.com\/index.php\/product\/estagio-curricular-obrigatorio-iii-historia-licenciatura-ensino-medio\/\">Est\u00e1gio Curricular Obrigat\u00f3rio III Hist\u00f3ria Licenciatura &#8211; Ensino m\u00e9dio<\/a><\/h2><\/div><div class=\"mf-product-price-box\">\n\t<span class=\"price\"><span class=\"woocommerce-Price-amount amount\"><bdi><span class=\"woocommerce-Price-currencySymbol\">&#82;&#36;<\/span>&nbsp;120,00<\/bdi><\/span><\/span>\n<\/div><\/div><\/div><\/li>\n<li class=\"col-xs-6 col-sm-4 col-mf-5 un-5-cols product type-product post-49973 status-publish instock product_cat-uncategorized has-post-thumbnail shipping-taxable purchasable product-type-simple\">\n\t<div class=\"product-inner  clearfix\"><div class=\"mf-product-thumbnail\"><a href=\"https:\/\/portifolioos-prontos.com\/index.php\/product\/aula-pratica-projeto-de-sistemas\/\"><img loading=\"lazy\" decoding=\"async\" width=\"300\" height=\"424\" src=\"https:\/\/portifolioos-prontos.com\/wp-content\/uploads\/2026\/03\/aula-pratica-projeto-de-sistemas.webp\" class=\"attachment-woocommerce_thumbnail size-woocommerce_thumbnail\" alt=\"aula pr\u00e1tica projeto de sistemas\" srcset=\"https:\/\/portifolioos-prontos.com\/wp-content\/uploads\/2026\/03\/aula-pratica-projeto-de-sistemas.webp 1190w, https:\/\/portifolioos-prontos.com\/wp-content\/uploads\/2026\/03\/aula-pratica-projeto-de-sistemas-212x300.webp 212w, https:\/\/portifolioos-prontos.com\/wp-content\/uploads\/2026\/03\/aula-pratica-projeto-de-sistemas-724x1024.webp 724w, https:\/\/portifolioos-prontos.com\/wp-content\/uploads\/2026\/03\/aula-pratica-projeto-de-sistemas-768x1086.webp 768w, https:\/\/portifolioos-prontos.com\/wp-content\/uploads\/2026\/03\/aula-pratica-projeto-de-sistemas-1086x1536.webp 1086w, https:\/\/portifolioos-prontos.com\/wp-content\/uploads\/2026\/03\/aula-pratica-projeto-de-sistemas-370x523.webp 370w, https:\/\/portifolioos-prontos.com\/wp-content\/uploads\/2026\/03\/aula-pratica-projeto-de-sistemas-300x424.webp 300w, https:\/\/portifolioos-prontos.com\/wp-content\/uploads\/2026\/03\/aula-pratica-projeto-de-sistemas-600x849.webp 600w, https:\/\/portifolioos-prontos.com\/wp-content\/uploads\/2026\/03\/aula-pratica-projeto-de-sistemas-64x91.webp 64w\" sizes=\"(max-width: 300px) 100vw, 300px\" \/><\/a><div class=\"footer-button\"><a href=\"\/index.php\/wp-json\/wp\/v2\/pages\/175?add-to-cart=49973\" aria-describedby=\"woocommerce_loop_add_to_cart_link_describedby_49973\" data-quantity=\"1\" data-title=\"Aula Pr\u00e1tica Projeto de Sistemas\" class=\"button product_type_simple add_to_cart_button ajax_add_to_cart\" data-product_id=\"49973\" data-product_sku=\"\" aria-label=\"Adicione ao carrinho: &ldquo;Aula Pr\u00e1tica Projeto de Sistemas&rdquo;\" rel=\"nofollow\" data-success_message=\"\u201cAula Pr\u00e1tica Projeto de Sistemas\u201d foi adicionado ao seu carrinho\" role=\"button\"><i class=\"p-icon icon-bag2\" data-rel=\"tooltip\" title=\"Comprar\"><\/i><span class=\"add-to-cart-text\">Comprar<\/span><\/a>\t<span id=\"woocommerce_loop_add_to_cart_link_describedby_49973\" class=\"screen-reader-text\">\n\t\t\t<\/span>\n<a href=\"https:\/\/portifolioos-prontos.com\/index.php\/product\/aula-pratica-projeto-de-sistemas\/\" data-id=\"49973\"  class=\"mf-product-quick-view\"><i class=\"p-icon icon-eye\" title=\"Quick View\" data-rel=\"tooltip\"><\/i><\/a><\/div><\/div><div class=\"mf-product-details\"><div class=\"mf-product-content\"><h2 class=\"woo-loop-product__title\"><a href=\"https:\/\/portifolioos-prontos.com\/index.php\/product\/aula-pratica-projeto-de-sistemas\/\">Aula Pr\u00e1tica Projeto de Sistemas<\/a><\/h2><\/div><div class=\"mf-product-price-box\">\n\t<span class=\"price\"><span class=\"woocommerce-Price-amount amount\"><bdi><span class=\"woocommerce-Price-currencySymbol\">&#82;&#36;<\/span>&nbsp;100,00<\/bdi><\/span><\/span>\n<\/div><\/div><\/div><\/li>\n<li class=\"col-xs-6 col-sm-4 col-mf-5 un-5-cols product type-product post-49968 status-publish instock product_cat-turismo has-post-thumbnail shipping-taxable purchasable product-type-simple\">\n\t<div class=\"product-inner  clearfix\"><div class=\"mf-product-thumbnail\"><a href=\"https:\/\/portifolioos-prontos.com\/index.php\/product\/projeto-integrado-individual-sintese-gestao-de-turismo\/\"><img loading=\"lazy\" decoding=\"async\" width=\"300\" height=\"424\" src=\"https:\/\/portifolioos-prontos.com\/wp-content\/uploads\/2026\/03\/projeto-integrado-individual-sintese-gestao-de-turismo.webp\" class=\"attachment-woocommerce_thumbnail size-woocommerce_thumbnail\" alt=\"projeto integrado individual s\u00edntese gest\u00e3o de turismo\" srcset=\"https:\/\/portifolioos-prontos.com\/wp-content\/uploads\/2026\/03\/projeto-integrado-individual-sintese-gestao-de-turismo.webp 1190w, https:\/\/portifolioos-prontos.com\/wp-content\/uploads\/2026\/03\/projeto-integrado-individual-sintese-gestao-de-turismo-212x300.webp 212w, https:\/\/portifolioos-prontos.com\/wp-content\/uploads\/2026\/03\/projeto-integrado-individual-sintese-gestao-de-turismo-724x1024.webp 724w, https:\/\/portifolioos-prontos.com\/wp-content\/uploads\/2026\/03\/projeto-integrado-individual-sintese-gestao-de-turismo-768x1086.webp 768w, https:\/\/portifolioos-prontos.com\/wp-content\/uploads\/2026\/03\/projeto-integrado-individual-sintese-gestao-de-turismo-1086x1536.webp 1086w, https:\/\/portifolioos-prontos.com\/wp-content\/uploads\/2026\/03\/projeto-integrado-individual-sintese-gestao-de-turismo-370x523.webp 370w, https:\/\/portifolioos-prontos.com\/wp-content\/uploads\/2026\/03\/projeto-integrado-individual-sintese-gestao-de-turismo-300x424.webp 300w, https:\/\/portifolioos-prontos.com\/wp-content\/uploads\/2026\/03\/projeto-integrado-individual-sintese-gestao-de-turismo-600x849.webp 600w, https:\/\/portifolioos-prontos.com\/wp-content\/uploads\/2026\/03\/projeto-integrado-individual-sintese-gestao-de-turismo-64x91.webp 64w\" sizes=\"(max-width: 300px) 100vw, 300px\" \/><\/a><div class=\"footer-button\"><a href=\"\/index.php\/wp-json\/wp\/v2\/pages\/175?add-to-cart=49968\" aria-describedby=\"woocommerce_loop_add_to_cart_link_describedby_49968\" data-quantity=\"1\" data-title=\"Projeto Integrado Individual S\u00edntese - Gest\u00e3o de Turismo\" class=\"button product_type_simple add_to_cart_button ajax_add_to_cart\" data-product_id=\"49968\" data-product_sku=\"\" aria-label=\"Adicione ao carrinho: &ldquo;Projeto Integrado Individual S\u00edntese - Gest\u00e3o de Turismo&rdquo;\" rel=\"nofollow\" data-success_message=\"\u201cProjeto Integrado Individual S\u00edntese - Gest\u00e3o de Turismo\u201d foi adicionado ao seu carrinho\" role=\"button\"><i class=\"p-icon icon-bag2\" data-rel=\"tooltip\" title=\"Comprar\"><\/i><span class=\"add-to-cart-text\">Comprar<\/span><\/a>\t<span id=\"woocommerce_loop_add_to_cart_link_describedby_49968\" class=\"screen-reader-text\">\n\t\t\t<\/span>\n<a href=\"https:\/\/portifolioos-prontos.com\/index.php\/product\/projeto-integrado-individual-sintese-gestao-de-turismo\/\" data-id=\"49968\"  class=\"mf-product-quick-view\"><i class=\"p-icon icon-eye\" title=\"Quick View\" data-rel=\"tooltip\"><\/i><\/a><\/div><\/div><div class=\"mf-product-details\"><div class=\"mf-product-content\"><h2 class=\"woo-loop-product__title\"><a href=\"https:\/\/portifolioos-prontos.com\/index.php\/product\/projeto-integrado-individual-sintese-gestao-de-turismo\/\">Projeto Integrado Individual S\u00edntese &#8211; Gest\u00e3o de Turismo<\/a><\/h2><\/div><div class=\"mf-product-price-box\">\n\t<span class=\"price\"><span class=\"woocommerce-Price-amount amount\"><bdi><span class=\"woocommerce-Price-currencySymbol\">&#82;&#36;<\/span>&nbsp;100,00<\/bdi><\/span><\/span>\n<\/div><\/div><\/div><\/li>\n<li class=\"col-xs-6 col-sm-4 col-mf-5 un-5-cols product type-product post-49963 status-publish instock product_cat-gestao-hospitalar has-post-thumbnail shipping-taxable product-type-simple\">\n\t<div class=\"product-inner  clearfix\"><div class=\"mf-product-thumbnail\"><a href=\"https:\/\/portifolioos-prontos.com\/index.php\/product\/projeto-integrado-individual-sintese-gestao-hospitalar-plano-de-intervencao-estrategica\/\"><img loading=\"lazy\" decoding=\"async\" width=\"300\" height=\"424\" src=\"https:\/\/portifolioos-prontos.com\/wp-content\/uploads\/2026\/03\/projeto-integrado-individual-sintese-gestao-hospitalar-plano-de-intervencao-estrategica.webp\" class=\"attachment-woocommerce_thumbnail size-woocommerce_thumbnail\" alt=\"projeto integrado individual gest\u00e3o hospitalar plano de interven\u00e7\u00e3o estrat\u00e9gica\" srcset=\"https:\/\/portifolioos-prontos.com\/wp-content\/uploads\/2026\/03\/projeto-integrado-individual-sintese-gestao-hospitalar-plano-de-intervencao-estrategica.webp 1190w, https:\/\/portifolioos-prontos.com\/wp-content\/uploads\/2026\/03\/projeto-integrado-individual-sintese-gestao-hospitalar-plano-de-intervencao-estrategica-212x300.webp 212w, https:\/\/portifolioos-prontos.com\/wp-content\/uploads\/2026\/03\/projeto-integrado-individual-sintese-gestao-hospitalar-plano-de-intervencao-estrategica-724x1024.webp 724w, https:\/\/portifolioos-prontos.com\/wp-content\/uploads\/2026\/03\/projeto-integrado-individual-sintese-gestao-hospitalar-plano-de-intervencao-estrategica-768x1086.webp 768w, https:\/\/portifolioos-prontos.com\/wp-content\/uploads\/2026\/03\/projeto-integrado-individual-sintese-gestao-hospitalar-plano-de-intervencao-estrategica-1086x1536.webp 1086w, https:\/\/portifolioos-prontos.com\/wp-content\/uploads\/2026\/03\/projeto-integrado-individual-sintese-gestao-hospitalar-plano-de-intervencao-estrategica-370x523.webp 370w, https:\/\/portifolioos-prontos.com\/wp-content\/uploads\/2026\/03\/projeto-integrado-individual-sintese-gestao-hospitalar-plano-de-intervencao-estrategica-300x424.webp 300w, https:\/\/portifolioos-prontos.com\/wp-content\/uploads\/2026\/03\/projeto-integrado-individual-sintese-gestao-hospitalar-plano-de-intervencao-estrategica-600x849.webp 600w, https:\/\/portifolioos-prontos.com\/wp-content\/uploads\/2026\/03\/projeto-integrado-individual-sintese-gestao-hospitalar-plano-de-intervencao-estrategica-64x91.webp 64w\" sizes=\"(max-width: 300px) 100vw, 300px\" \/><\/a><div class=\"footer-button\"><a href=\"https:\/\/portifolioos-prontos.com\/index.php\/product\/projeto-integrado-individual-sintese-gestao-hospitalar-plano-de-intervencao-estrategica\/\" aria-describedby=\"woocommerce_loop_add_to_cart_link_describedby_49963\" data-quantity=\"1\" data-title=\"Projeto Integrado Individual S\u00edntese Gest\u00e3o Hospitalar - Plano de Interven\u00e7\u00e3o Estrat\u00e9gica\" class=\"button product_type_simple\" data-product_id=\"49963\" data-product_sku=\"\" aria-label=\"Leia mais sobre &ldquo;Projeto Integrado Individual S\u00edntese Gest\u00e3o Hospitalar - Plano de Interven\u00e7\u00e3o Estrat\u00e9gica&rdquo;\" rel=\"nofollow\" data-success_message=\"\"><i class=\"p-icon icon-bag2\" data-rel=\"tooltip\" title=\"Comprar\"><\/i><span class=\"add-to-cart-text\">Comprar<\/span><\/a>\t<span id=\"woocommerce_loop_add_to_cart_link_describedby_49963\" class=\"screen-reader-text\">\n\t\t\t<\/span>\n<a href=\"https:\/\/portifolioos-prontos.com\/index.php\/product\/projeto-integrado-individual-sintese-gestao-hospitalar-plano-de-intervencao-estrategica\/\" data-id=\"49963\"  class=\"mf-product-quick-view\"><i class=\"p-icon icon-eye\" title=\"Quick View\" data-rel=\"tooltip\"><\/i><\/a><\/div><\/div><div class=\"mf-product-details\"><div class=\"mf-product-content\"><h2 class=\"woo-loop-product__title\"><a href=\"https:\/\/portifolioos-prontos.com\/index.php\/product\/projeto-integrado-individual-sintese-gestao-hospitalar-plano-de-intervencao-estrategica\/\">Projeto Integrado Individual S\u00edntese Gest\u00e3o Hospitalar &#8211; Plano de Interven\u00e7\u00e3o Estrat\u00e9gica<\/a><\/h2><\/div><div class=\"mf-product-price-box\">\n<\/div><\/div><\/div><\/li>\n<li class=\"col-xs-6 col-sm-4 col-mf-5 un-5-cols product type-product post-49923 status-publish last instock product_cat-uncategorized has-post-thumbnail shipping-taxable purchasable product-type-simple\">\n\t<div class=\"product-inner  clearfix\"><div class=\"mf-product-thumbnail\"><a href=\"https:\/\/portifolioos-prontos.com\/index.php\/product\/aula-pratica-desenvolvimento-de-business-intelligence\/\"><img loading=\"lazy\" decoding=\"async\" width=\"300\" height=\"424\" src=\"https:\/\/portifolioos-prontos.com\/wp-content\/uploads\/2026\/03\/aula-pratica-desenvolvimento-de-business-intelligence.webp\" class=\"attachment-woocommerce_thumbnail size-woocommerce_thumbnail\" alt=\"aula pr\u00e1tica desenvolvimento de business intelligence\" srcset=\"https:\/\/portifolioos-prontos.com\/wp-content\/uploads\/2026\/03\/aula-pratica-desenvolvimento-de-business-intelligence.webp 1190w, https:\/\/portifolioos-prontos.com\/wp-content\/uploads\/2026\/03\/aula-pratica-desenvolvimento-de-business-intelligence-212x300.webp 212w, https:\/\/portifolioos-prontos.com\/wp-content\/uploads\/2026\/03\/aula-pratica-desenvolvimento-de-business-intelligence-724x1024.webp 724w, https:\/\/portifolioos-prontos.com\/wp-content\/uploads\/2026\/03\/aula-pratica-desenvolvimento-de-business-intelligence-768x1086.webp 768w, https:\/\/portifolioos-prontos.com\/wp-content\/uploads\/2026\/03\/aula-pratica-desenvolvimento-de-business-intelligence-1086x1536.webp 1086w, https:\/\/portifolioos-prontos.com\/wp-content\/uploads\/2026\/03\/aula-pratica-desenvolvimento-de-business-intelligence-370x523.webp 370w, https:\/\/portifolioos-prontos.com\/wp-content\/uploads\/2026\/03\/aula-pratica-desenvolvimento-de-business-intelligence-300x424.webp 300w, https:\/\/portifolioos-prontos.com\/wp-content\/uploads\/2026\/03\/aula-pratica-desenvolvimento-de-business-intelligence-600x849.webp 600w, https:\/\/portifolioos-prontos.com\/wp-content\/uploads\/2026\/03\/aula-pratica-desenvolvimento-de-business-intelligence-64x91.webp 64w\" sizes=\"(max-width: 300px) 100vw, 300px\" \/><\/a><div class=\"footer-button\"><a href=\"\/index.php\/wp-json\/wp\/v2\/pages\/175?add-to-cart=49923\" aria-describedby=\"woocommerce_loop_add_to_cart_link_describedby_49923\" data-quantity=\"1\" data-title=\"Aula pr\u00e1tica desenvolvimento de business intelligence\" class=\"button product_type_simple add_to_cart_button ajax_add_to_cart\" data-product_id=\"49923\" data-product_sku=\"\" aria-label=\"Adicione ao carrinho: &ldquo;Aula pr\u00e1tica desenvolvimento de business intelligence&rdquo;\" rel=\"nofollow\" data-success_message=\"\u201cAula pr\u00e1tica desenvolvimento de business intelligence\u201d foi adicionado ao seu carrinho\" role=\"button\"><i class=\"p-icon icon-bag2\" data-rel=\"tooltip\" title=\"Comprar\"><\/i><span class=\"add-to-cart-text\">Comprar<\/span><\/a>\t<span id=\"woocommerce_loop_add_to_cart_link_describedby_49923\" class=\"screen-reader-text\">\n\t\t\t<\/span>\n<a href=\"https:\/\/portifolioos-prontos.com\/index.php\/product\/aula-pratica-desenvolvimento-de-business-intelligence\/\" data-id=\"49923\"  class=\"mf-product-quick-view\"><i class=\"p-icon icon-eye\" title=\"Quick View\" data-rel=\"tooltip\"><\/i><\/a><\/div><\/div><div class=\"mf-product-details\"><div class=\"mf-product-content\"><h2 class=\"woo-loop-product__title\"><a href=\"https:\/\/portifolioos-prontos.com\/index.php\/product\/aula-pratica-desenvolvimento-de-business-intelligence\/\">Aula pr\u00e1tica desenvolvimento de business intelligence<\/a><\/h2><\/div><div class=\"mf-product-price-box\">\n\t<span class=\"price\"><span class=\"woocommerce-Price-amount amount\"><bdi><span class=\"woocommerce-Price-currencySymbol\">&#82;&#36;<\/span>&nbsp;100,00<\/bdi><\/span><\/span>\n<\/div><\/div><\/div><\/li>\n<\/ul>\n<\/div><\/div>\t\t\t        <\/div>\n\t\t\t\t\t\t<\/div>\n\t\t\t\t<\/div>\n\t\t\t\t\t<\/div>\n\t\t<\/div>\n\t\t\t\t\t<\/div>\n\t\t<\/section>\n\t\t\t\t<section class=\"elementor-section elementor-top-section elementor-element elementor-element-e79bed1 elementor-section-boxed elementor-section-height-default elementor-section-height-default\" data-id=\"e79bed1\" data-element_type=\"section\" data-e-type=\"section\">\n\t\t\t\t\t\t<div class=\"elementor-container elementor-column-gap-default\">\n\t\t\t\t\t<div class=\"elementor-column elementor-col-100 elementor-top-column elementor-element elementor-element-20ef7c6\" data-id=\"20ef7c6\" data-element_type=\"column\" data-e-type=\"column\">\n\t\t\t<div class=\"elementor-widget-wrap elementor-element-populated\">\n\t\t\t\t\t\t<div class=\"elementor-element elementor-element-fa6cb87 elementor-align-center elementor-widget elementor-widget-button\" data-id=\"fa6cb87\" data-element_type=\"widget\" data-e-type=\"widget\" data-widget_type=\"button.default\">\n\t\t\t\t\t\t\t\t\t\t<a class=\"elementor-button elementor-button-link elementor-size-sm\" href=\"http:\/\/portifolioos-prontos.com\/index.php\/portfoliosprontos-por-curso\/\">\n\t\t\t\t\t\t<span class=\"elementor-button-content-wrapper\">\n\t\t\t\t\t\t\t\t\t<span class=\"elementor-button-text\">N\u00c3O ENCONTROU O QUE PRECISAVA? CLIQUE AQUI E ACESSE POR CURSO<\/span>\n\t\t\t\t\t<\/span>\n\t\t\t\t\t<\/a>\n\t\t\t\t\t\t\t\t<\/div>\n\t\t\t\t<div class=\"elementor-element elementor-element-48eb072 elementor-widget elementor-widget-image\" data-id=\"48eb072\" data-element_type=\"widget\" data-e-type=\"widget\" data-widget_type=\"image.default\">\n\t\t\t\t\t\t\t\t\t\t\t\t\t\t\t<img loading=\"lazy\" decoding=\"async\" width=\"800\" height=\"165\" src=\"https:\/\/portifolioos-prontos.com\/wp-content\/uploads\/2022\/08\/portfolio-pronto-unopar-1.png\" class=\"attachment-full size-full wp-image-7348\" alt=\"Portf\u00f3lio projeto de extens\u00e3o,projeto de extens\u00e3o unopar,projeto de extens\u00e3o anhanguera,portf\u00f3lio individual de projeto de extens\u00e3o,portf\u00f3lio de projeto de extens\u00e3o unopar,relat\u00f3rio final de atividades extensionistas,projeto de extens\u00e3o pedagogia,projeto de extens\u00e3o administra\u00e7\u00e3o,projeto de extens\u00e3o ci\u00eancias cont\u00e1beis,projeto de extens\u00e3o gest\u00e3o comercial,projeto de extens\u00e3o gest\u00e3o financeira,projeto de extens\u00e3o gest\u00e3o p\u00fablica,projeto de extens\u00e3o gest\u00e3o hospitalar,projeto de extens\u00e3o gest\u00e3o em seguran\u00e7a p\u00fablica,projeto de extens\u00e3o matem\u00e1tica,projeto de extens\u00e3o radiologia,projeto de extens\u00e3o podologia,projeto de extens\u00e3o pronto,projeto de extens\u00e3o log\u00edstica,projeto de extens\u00e3o criminologia,projeto de extens\u00e3o educa\u00e7\u00e3o f\u00edsica,projeto de extens\u00e3o gest\u00e3o ambiental,projeto de extens\u00e3o gest\u00e3o da qualidade,projeto de extens\u00e3o gest\u00e3o de produto,projeto de extens\u00e3o enfermagem,projeto de extens\u00e3o gerontologia,projeto de extens\u00e3o empreendedorismo,projeto de extens\u00e3o gest\u00e3o da produ\u00e7\u00e3o industrial,projeto de extens\u00e3o investiga\u00e7\u00e3o e per\u00edcia criminal,projeto de extens\u00e3o marketing,projeto de extens\u00e3o nutri\u00e7\u00e3o,projeto de extens\u00e3o recursos humanos,projeto de extens\u00e3o servi\u00e7o social projeto de extens\u00e3o,projeto de extens\u00e3o servi\u00e7os jur\u00eddicos cartor\u00e1rios e notariais,projeto de extens\u00e3o turismo,projeto de extens\u00e3o secretariado,projeto de extens\u00e3o processo gerenciais,projeto de extens\u00e3o hist\u00f3ria,projeto de extens\u00e3o agroneg\u00f3cio,projeto de extens\u00e3o an\u00e1lise e desenvolvimento de sistemas,projeto de extens\u00e3o biomedicina,projeto de extens\u00e3o com\u00e9rcio exterior,projeto de extens\u00e3o gest\u00e3o da inova\u00e7\u00e3o,projeto de extens\u00e3o gest\u00e3o portu\u00e1ria,projeto de extens\u00e3o sociologia,portfoliooead,portf\u00f3liooead,portf\u00f3lio ead,eadhelp,portf\u00f3lios prontos unopar,portf\u00f3lio pronto unopar,portfolio anhanguera,portfolio pronto unopar,portf\u00f3lios prontos\" srcset=\"https:\/\/portifolioos-prontos.com\/wp-content\/uploads\/2022\/08\/portfolio-pronto-unopar-1.png 800w, https:\/\/portifolioos-prontos.com\/wp-content\/uploads\/2022\/08\/portfolio-pronto-unopar-1-300x62.png 300w, https:\/\/portifolioos-prontos.com\/wp-content\/uploads\/2022\/08\/portfolio-pronto-unopar-1-600x124.png 600w, https:\/\/portifolioos-prontos.com\/wp-content\/uploads\/2022\/08\/portfolio-pronto-unopar-1-768x158.png 768w, https:\/\/portifolioos-prontos.com\/wp-content\/uploads\/2022\/08\/portfolio-pronto-unopar-1-370x76.png 370w\" sizes=\"(max-width: 800px) 100vw, 800px\" \/>\t\t\t\t\t\t\t\t\t\t\t\t\t\t\t<\/div>\n\t\t\t\t\t<\/div>\n\t\t<\/div>\n\t\t\t\t\t<\/div>\n\t\t<\/section>\n\t\t\t\t<section class=\"elementor-section elementor-top-section elementor-element elementor-element-405355d elementor-section-boxed elementor-section-height-default elementor-section-height-default\" data-id=\"405355d\" data-element_type=\"section\" data-e-type=\"section\">\n\t\t\t\t\t\t<div class=\"elementor-container elementor-column-gap-default\">\n\t\t\t\t\t<div class=\"elementor-column elementor-col-100 elementor-top-column elementor-element elementor-element-00a48f6\" data-id=\"00a48f6\" data-element_type=\"column\" data-e-type=\"column\">\n\t\t\t<div class=\"elementor-widget-wrap elementor-element-populated\">\n\t\t\t\t\t\t<div class=\"elementor-element elementor-element-5c2121d elementor-widget elementor-widget-image\" data-id=\"5c2121d\" data-element_type=\"widget\" data-e-type=\"widget\" data-widget_type=\"image.default\">\n\t\t\t\t\t\t\t\t\t\t\t\t<figure class=\"wp-caption\">\n\t\t\t\t\t\t\t\t\t\t\t<a href=\"https:\/\/api.whatsapp.com\/send?phone=5553984751621\" target=\"_blank\">\n\t\t\t\t\t\t\t<img loading=\"lazy\" decoding=\"async\" width=\"150\" height=\"150\" src=\"https:\/\/portifolioos-prontos.com\/wp-content\/uploads\/2025\/07\/zapnovo.webp\" class=\"attachment-thumbnail size-thumbnail wp-image-40797\" alt=\"zapnovo\" srcset=\"https:\/\/portifolioos-prontos.com\/wp-content\/uploads\/2025\/07\/zapnovo.webp 200w, https:\/\/portifolioos-prontos.com\/wp-content\/uploads\/2025\/07\/zapnovo-150x150.webp 150w, https:\/\/portifolioos-prontos.com\/wp-content\/uploads\/2025\/07\/zapnovo-100x100.webp 100w\" sizes=\"(max-width: 150px) 100vw, 150px\" \/>\t\t\t\t\t\t\t\t<\/a>\n\t\t\t\t\t\t\t\t\t\t\t<figcaption class=\"widget-image-caption wp-caption-text\">ESCANEIE O QRCODE OU CLIQUE PARA ATENDIMENTO NO WHATSAPP 53 984751621<\/figcaption>\n\t\t\t\t\t\t\t\t\t\t<\/figure>\n\t\t\t\t\t\t\t\t\t<\/div>\n\t\t\t\t\t<\/div>\n\t\t<\/div>\n\t\t\t\t\t<\/div>\n\t\t<\/section>\n\t\t\t\t<\/div>\n\t\t","protected":false},"excerpt":{"rendered":"<p>Portf\u00f3lio Pronto | Projeto de Extens\u00e3o | Projeto Integrado S\u00edntese e Inova\u00e7\u00e3o | Aula Pr\u00e1tica | Est\u00e1gio Unopar Anhanguera Elaboramos os portf\u00f3lios de projeto de extens\u00e3o, j\u00e1 deixamos prontos, nas normas da ABNT e conforme os requisitos da universidade. F\u00e1cil assim! O MELHOR \u00c9 QUE VOC\u00ca COMPRA E J\u00c1 BAIXA NA HORA O SEU TRABALHO&hellip;<\/p>\n","protected":false},"author":1,"featured_media":0,"parent":0,"menu_order":0,"comment_status":"closed","ping_status":"closed","template":"","meta":{"_seopress_robots_primary_cat":"","_seopress_titles_title":"Portf\u00f3lio Pronto - Projeto de extens\u00e3o | Projeto Integrado S\u00edntese Inova\u00e7\u00e3o | Aula Pr\u00e1tica | Est\u00e1gio Unopar e Anhanguera","_seopress_titles_desc":"Baixe aqui seu Portf\u00f3lio Pronto Unopar e Anhanguera. Completo, nas normas e download imediato.","_seopress_robots_index":"","footnotes":""},"class_list":["post-175","page","type-page","status-publish","hentry"],"jetpack_sharing_enabled":true,"_links":{"self":[{"href":"https:\/\/portifolioos-prontos.com\/index.php\/wp-json\/wp\/v2\/pages\/175","targetHints":{"allow":["GET"]}}],"collection":[{"href":"https:\/\/portifolioos-prontos.com\/index.php\/wp-json\/wp\/v2\/pages"}],"about":[{"href":"https:\/\/portifolioos-prontos.com\/index.php\/wp-json\/wp\/v2\/types\/page"}],"author":[{"embeddable":true,"href":"https:\/\/portifolioos-prontos.com\/index.php\/wp-json\/wp\/v2\/users\/1"}],"replies":[{"embeddable":true,"href":"https:\/\/portifolioos-prontos.com\/index.php\/wp-json\/wp\/v2\/comments?post=175"}],"version-history":[{"count":0,"href":"https:\/\/portifolioos-prontos.com\/index.php\/wp-json\/wp\/v2\/pages\/175\/revisions"}],"wp:attachment":[{"href":"https:\/\/portifolioos-prontos.com\/index.php\/wp-json\/wp\/v2\/media?parent=175"}],"curies":[{"name":"wp","href":"https:\/\/api.w.org\/{rel}","templated":true}]}}