{"id":37018,"date":"2025-04-22T14:04:53","date_gmt":"2025-04-22T17:04:53","guid":{"rendered":"https:\/\/portifolioos-prontos.com\/?post_type=product&#038;p=37018"},"modified":"2025-08-03T18:36:03","modified_gmt":"2025-08-03T21:36:03","slug":"projeto-integrado-criando-negocios-transformadores-planejamento-sustentabilidade-e-impacto-local","status":"publish","type":"product","link":"https:\/\/portifolioos-prontos.com\/index.php\/product\/projeto-integrado-criando-negocios-transformadores-planejamento-sustentabilidade-e-impacto-local\/","title":{"rendered":"Projeto Integrado criando neg\u00f3cios transformadores: planejamento, sustentabilidade e impacto local"},"content":{"rendered":"<h5>Projeto Integrado criando neg\u00f3cios transformadores:\u00a0planejamento, sustentabilidade e impacto local<\/h5>\n<h5>Curso:\u00a0Superior de Tecnologia em Gest\u00e3o<br \/>\nSemestre: 1\u00ba semestre<\/h5>\n<p>A proposta do Projeto Integrador deste per\u00edodo tem como tem\u00e1tica \u201cCriando Neg\u00f3cios<br \/>\nTransformadores: Planejamento, Sustentabilidade e Impacto Local\u201d. Essa iniciativa busca oferecer<br \/>\numa experi\u00eancia pr\u00e1tica e interdisciplinar para os alunos do curso de Gest\u00e3o, integrando conceitos<br \/>\nde gest\u00e3o, inova\u00e7\u00e3o, empreendedorismo, sustentabilidade, cidadania e projetos.<br \/>\nO desafio \u00e9 desenvolver um modelo de neg\u00f3cio para um empreendimento inovador e<br \/>\nsustent\u00e1vel na sua regi\u00e3o. O objetivo deste projeto \u00e9 conhecer os desafios, demandas e<br \/>\noportunidades do contexto em que voc\u00ea vive, permitindo aplicar seus conhecimentos de forma<br \/>\npr\u00e1tica e interdisciplinar.<br \/>\nPROJETO INTEGRADO<br \/>\nSUPERIOR DE TECNOLOGIA EM GEST\u00c3O<br \/>\nCriando Neg\u00f3cios Transformadores: Planejamento, Sustentabilidade e Impacto Local<br \/>\nVoc\u00ea foi convidado a desenvolver um modelo de neg\u00f3cio para um empreendimento inovador<br \/>\ne sustent\u00e1vel na sua regi\u00e3o. O objetivo deste projeto \u00e9 conect\u00e1-lo com as demandas e oportunidades<br \/>\nlocais, permitindo que voc\u00ea aplique seus conhecimentos de forma pr\u00e1tica e interdisciplinar.<br \/>\nPara isso, voc\u00ea seguir\u00e1 um passo a passo que inclui analisar o contexto da sua regi\u00e3o, conceber<br \/>\numa ideia de neg\u00f3cio, estruturar o modelo utilizando ferramentas como o Modelo Canvas, e elaborar<br \/>\num planejamento detalhado para a implementa\u00e7\u00e3o do empreendimento. O projeto tamb\u00e9m inclui<br \/>\nreflex\u00f5es sobre impacto social, sustentabilidade e cidadania.<br \/>\nO resultado ser\u00e1 apresentado em um relat\u00f3rio detalhado. Vamos ao desafio!<br \/>\nDESAFIO<br \/>\nEtapa 1: An\u00e1lise do Contexto Regional<br \/>\nO Objetivo dessa primeira etapa \u00e9 voc\u00ea entender as caracter\u00edsticas e demandas locais para<br \/>\nfundamentar o seu neg\u00f3cio.<br \/>\nAtividades:<br \/>\nDescri\u00e7\u00e3o do Ambiente Local:<br \/>\n\u2022 Pesquise sobre aspectos econ\u00f4micos, culturais e sociais da sua regi\u00e3o.<br \/>\n\u2022 Inclua informa\u00e7\u00f5es sobre setores econ\u00f4micos predominantes, recursos naturais e<br \/>\ninfraestrutura dispon\u00edvel.<br \/>\nIdentifica\u00e7\u00e3o de Problemas e Demandas Locais:<br \/>\n\u2022 Liste pelo menos tr\u00eas problemas ou necessidades relevantes da sua regi\u00e3o.<br \/>\n\u2022 Explique como esses problemas impactam a comunidade.<br \/>\nAn\u00e1lise do P\u00fablico-Alvo:<br \/>\n\u2022 Descreva o perfil do p\u00fablico-alvo do empreendimento.<br \/>\n\u2022 Inclua dados sobre faixa et\u00e1ria, renda, h\u00e1bitos de consumo e comportamento.<br \/>\nReflex\u00e3o sobre Sustentabilidade e Impacto Social:<br \/>\n\u2022 Analise como o empreendimento pode trazer impactos positivos para a regi\u00e3o.<br \/>\nPROJETO INTEGRADO<br \/>\nSUPERIOR DE TECNOLOGIA EM GEST\u00c3O<br \/>\n\u2022 Proponha a\u00e7\u00f5es que promovam cidadania e preserva\u00e7\u00e3o ambiental.<br \/>\nEtapa 2: Concep\u00e7\u00e3o da Ideia de Neg\u00f3cio<br \/>\nNessa segunda etapa o seu objetivo \u00e9 criar uma ideia de neg\u00f3cio alinhada ao contexto regional que<br \/>\nvoc\u00ea identificou na etapa 1.<br \/>\nAtividades:<br \/>\n\u2022 Cria\u00e7\u00e3o de Ideias:<br \/>\no Liste tr\u00eas ideias de neg\u00f3cios.<br \/>\no Justifique por que cada ideia \u00e9 relevante para a regi\u00e3o.<br \/>\n\u2022 Escolha da Ideia:<br \/>\no Explique os crit\u00e9rios usados para escolher uma das ideias listadas.<br \/>\n\u2022 Defini\u00e7\u00e3o da Proposta de Valor:<br \/>\no Elabore uma frase clara e objetiva que sintetize o valor que o empreendimento trar\u00e1<br \/>\nao cliente.<br \/>\n\u2022 Identifica\u00e7\u00e3o de Inova\u00e7\u00f5es:<br \/>\no Liste pelo menos um aspecto inovador do neg\u00f3cio e explique como ele ser\u00e1<br \/>\nimplementado.<br \/>\nEtapa 3: Desenvolvimento do Modelo de Neg\u00f3cios (Canvas)<br \/>\nO objetivo dessa etapa \u00e9 estruturar o neg\u00f3cio por meio do Modelo Canvas.<br \/>\nCaro aluno, essa etapa ser\u00e1 explicada detalhadamente no PADLET, que voc\u00ea vai acessar, clicando<br \/>\nno link ou acessando pelo QR code disponibilizado, ambos a seguir.<br \/>\nAtividades:<br \/>\nPreenchimento Completo do Canvas:<br \/>\nNessa etapa voc\u00ea vai clicar no link abaixo e ser\u00e1 direcionado a um Padlet:<br \/>\nPROJETO INTEGRADOR<br \/>\nPROJETO INTEGRADO<br \/>\nSUPERIOR DE TECNOLOGIA EM GEST\u00c3O<br \/>\nE, caso prefira, acesse tamb\u00e9m pelo QRCode a seguir:<br \/>\nNo Padlet voc\u00ea vai conhecer todas as se\u00e7\u00f5es do Canvas e as diretrizes de como mont\u00e1-lo,<br \/>\ncom exemplos. Voc\u00ea, com estes conhecimentos, ir\u00e1 montar o seu pr\u00f3prio Canvas e anex\u00e1lo aqui, neste documento do \u201cProjeto Integrado\u201d.<br \/>\nVoc\u00ea pode:<br \/>\n\u2022 Usar este modelo e preencher \u00e0 m\u00e3o e anexar aqui como imagem (desde que esteja BEM<br \/>\nleg\u00edvel);<br \/>\n\u2022 Fazer em formato tabela com o Excel e anex\u00e1-la aqui;<br \/>\n\u2022 Fazer em formato tabela com o pr\u00f3prio Word deste documento.<br \/>\nL\u00e1 no Padlet voc\u00ea ver\u00e1 as etapas do Canvas, sendo estas:<br \/>\n\u25aa Proposta de Valor<br \/>\n\u25aa Segmento de Clientes<br \/>\n\u25aa Canais<br \/>\n\u25aa Relacionamento com Clientes<br \/>\n\u25aa Fontes de Receita<br \/>\n\u25aa Recursos Principais<br \/>\n\u25aa Atividades Principais<br \/>\n\u25aa Parcerias Principais<br \/>\n\u25aa Estrutura de Custos<br \/>\nRevis\u00e3o do Canvas:<br \/>\no Verifique a coer\u00eancia entre as se\u00e7\u00f5es.<br \/>\no Certifique-se de que todos os elementos est\u00e3o alinhados \u00e0 proposta de valor.<br \/>\nPROJETO INTEGRADO<br \/>\nSUPERIOR DE TECNOLOGIA EM GEST\u00c3O<br \/>\no POR FAVOR, LEMBRE-SE DE ANEXAR O SEU CANVAS PRONTINHO NESTE ARQUIVO!<br \/>\nEtapa 4: Planejamento e Gest\u00e3o de Projetos<br \/>\nO seu objetivo na etapa 4 \u00e9 criar um plano detalhado para a implementa\u00e7\u00e3o do seu neg\u00f3cio<br \/>\nAtividades:<br \/>\nCom base no Canvas, montado por voc\u00ea, preencha a tabela abaixo com base em suas an\u00e1lises e<br \/>\npercep\u00e7\u00f5es acerca do desafio, agora voc\u00ea ir\u00e1 planejar um projeto!<br \/>\nTabela para Planejamento de Projetos<br \/>\nEtapa Pergunta Guia Resposta do Discente<br \/>\nEscopo (Objetivo<br \/>\ndo Projeto)<br \/>\nO que voc\u00ea quer alcan\u00e7ar?<br \/>\n&#8211; Descreva o objetivo geral do<br \/>\nprojeto e os entreg\u00e1veis<br \/>\nprincipais com um texto claro<br \/>\ne que detalhe os objetivos do<br \/>\nneg\u00f3cio.<br \/>\nEntreg\u00e1veis Quais os resultados esperados?<br \/>\n&#8211; Liste os resultados buscado<br \/>\ncom a implementa\u00e7\u00e3o do<br \/>\nprojeto.<br \/>\nTarefas Quais atividades precisam ser<br \/>\nfeitas?<br \/>\n&#8211; Liste as tarefas do projeto<br \/>\n(por etapas). Elabore em<br \/>\nformato de lista (ou tabela se<br \/>\npreferir).<br \/>\nCronograma<br \/>\n(Prazos)<br \/>\nQual a data de entrega?<br \/>\n&#8211; Na lista de tarefas coloque e<br \/>\nos prazos para cada atividade.<br \/>\nRecursos O que voc\u00ea precisar\u00e1?<br \/>\n&#8211; Liste todos os recursos que<br \/>\nutilizar\u00e1 (que caibam no<br \/>\nor\u00e7amento).<br \/>\nResponsabilidades Quem far\u00e1 cada tarefa?<br \/>\n&#8211; Coloque na lista de tarefas o<br \/>\nnome do respons\u00e1vel por cada<br \/>\ntarefa j\u00e1 listada.<br \/>\nRiscos Quais problemas podem surgir?<br \/>\n&#8211; Identifique pelo menos tr\u00eas<br \/>\nriscos que podem afetar o<br \/>\nPROJETO INTEGRADO<br \/>\nSUPERIOR DE TECNOLOGIA EM GEST\u00c3O<br \/>\nneg\u00f3cio e proponha<br \/>\nestrat\u00e9gias para mitig\u00e1-los.<br \/>\nOr\u00e7amento Quanto poder\u00e1 utilizar?<br \/>\n&#8211; Coloque o valor financeiro<br \/>\ndispon\u00edvel para o projeto<br \/>\nacontecer.<br \/>\nPlano B Como resolver os problemas que<br \/>\nsurgirem?<br \/>\n&#8211; Imagine poss\u00edveis problemas<br \/>\nque possam surgir e como os<br \/>\nresolver\u00e1.<br \/>\nPara te auxiliar nesta jornada, confira em sua biblioteca virtual, em \u201cMinha Biblioteca\u201d, a obra: de<br \/>\nCARVALHO, Marly Monteiro de; RABECHINI JR., Roque. Fundamentos em gest\u00e3o de projetos:<br \/>\nconstruindo compet\u00eancias para gerenciar projetos. 5. ed. 5\u00aa reimpress\u00e3o. S\u00e3o Paulo: Atlas, 2024.<br \/>\nCap\u00edtulo 2 &#8220;O que \u00e9 projeto?&#8221; p\u00e1gina 15-32. [Minha Biblioteca]. Dispon\u00edvel em:<br \/>\n&lt;https:\/\/integrada.minhabiblioteca.com.br\/reader\/books\/9788597018950\/epubcfi\/6\/30[%3Bvnd.v<br \/>\nst.idref%3Dchapter2]!\/4\/2\/6%4051:53&gt; e aprofunde seus conhecimentos!<br \/>\nEtapa 5: Sustentabilidade e Responsabilidade Social<br \/>\nNa etapa 5, seu objetivo \u00e9 incorporar pr\u00e1ticas de sustentabilidade e a\u00e7\u00f5es sociais ao<br \/>\nempreendimento.<br \/>\nAtividades:<br \/>\nPlano de Sustentabilidade:<br \/>\no Liste pelo menos tr\u00eas pr\u00e1ticas ambientais que ser\u00e3o adotadas.<br \/>\nA\u00e7\u00f5es de Responsabilidade Social:<br \/>\no Proponha a\u00e7\u00f5es que beneficiem a comunidade e promovam a cidadania.<br \/>\nEtapa 6: Reflex\u00e3o e Impacto Social<br \/>\nNessa etapa 6 o objetivo \u00e9 integrar os conceitos de cidadania e inclus\u00e3o social no desenvolvimento<br \/>\necon\u00f4mico local, avaliando os impactos do empreendimento na sociedade e na regi\u00e3o, tomando<br \/>\ncomo refer\u00eancia, os elementos componentes do debate entre cidadania e inclus\u00e3o social.<br \/>\nAtividades:<br \/>\nReflex\u00e3o sobre cidadania e inclus\u00e3o social.<br \/>\nPROJETO INTEGRADO<br \/>\nSUPERIOR DE TECNOLOGIA EM GEST\u00c3O<br \/>\no Como as preocupa\u00e7\u00f5es mobilizadas pelo projeto podem ser contempladas no debate<br \/>\nsobre cidadania e inclus\u00e3o? Do mesmo modo, como esses debates podem ser<br \/>\nincorporados a modelos de neg\u00f3cios?<br \/>\nElaborar um Relat\u00f3rio:<br \/>\nConsiderando os conhecimentos mobilizados, desenvolva um estudo sobre como a inclus\u00e3o social e<br \/>\na cidadania podem ser incorporadas a modelos de neg\u00f3cios sustent\u00e1veis. Para que voc\u00ea atenda aos<br \/>\nobjetivos, desenvolva os seguintes pontos:<br \/>\no Sobre o empoderamento econ\u00f4mico de comunidades social e economicamente<br \/>\nmarginalizadas, ou seja, de que forma os neg\u00f3cios que priorizam parcerias com pequenos<br \/>\nprodutores, artes\u00e3os locais ou organiza\u00e7\u00f5es comunit\u00e1rias podem promover autonomia<br \/>\nfinanceira para grupos historicamente exclu\u00eddos?<br \/>\no Como os programas de capacita\u00e7\u00e3o podem oferecer habilidades e compet\u00eancias de gest\u00e3o<br \/>\nampliando as chances de inser\u00e7\u00e3o no mercado de trabalho e de empreendedorismo<br \/>\naut\u00f4nomo.<br \/>\no Como a ado\u00e7\u00e3o de pr\u00e1ticas econ\u00f4micas solid\u00e1rias, como cooperativas, podem ser utilizados<br \/>\npara engajar comunidades locais em atividades econ\u00f4micas coletivas, garantindo que os<br \/>\nlucros sejam redistribu\u00eddos de forma mais equitativa?<br \/>\no O desenvolvimento de um modelo de neg\u00f3cio alinhado aos princ\u00edpios de cidadania e inclus\u00e3o<br \/>\nsocial podem incentivar o engajamento comunit\u00e1rio, o pertencimento e a coes\u00e3o social,<br \/>\naspectos fundamentais para a sustentabilidade a longo prazo?<br \/>\nProduto<br \/>\nCaro estudante, n\u00e3o esque\u00e7a que o produto dever\u00e1 incluir:<br \/>\n\u2022 Relat\u00f3rio detalhado com todas as etapas descritas e preenchidas.<br \/>\n\u2022 Modelo Canvas preenchido (E ANEXADO NESTE DOCUMENTO).<br \/>\nRefer\u00eancias Bibliogr\u00e1ficas<br \/>\nASHLEY, Patr\u00edcia Almeida. (Org.). \u00c9tica, responsabilidade social e sustentabilidade nos neg\u00f3cios:<br \/>\n(des)construindo limites e possibilidades. S\u00e3o Paulo: Saraiva Educa\u00e7\u00e3o, 2019. [Minha Biblioteca].<br \/>\nBARBIERI, Jos\u00e9 Carlos.; CAJAZEIRA, Jorge Emanuel Reis. Responsabilidade social empresarial e<br \/>\nempresa sustent\u00e1vel: da teoria \u00e0 pr\u00e1tica. 3. ed. S\u00e3o Paulo: Saraiva, 2016. [Minha Biblioteca].<br \/>\nPROJETO INTEGRADO<br \/>\nSUPERIOR DE TECNOLOGIA EM GEST\u00c3O<br \/>\nCARVALHO, Marly Monteiro de; RABECHINI JR., Roque. Fundamentos em gest\u00e3o de projetos:<br \/>\nconstruindo compet\u00eancias para gerenciar projetos. 5. ed. 5\u00aa reimpress\u00e3o. S\u00e3o Paulo: Atlas, 2024.<br \/>\n[Minha Biblioteca].<br \/>\nCASTRO, Alexandre Cesar Motta de. Marketing Canvas. Rio de Janeiro: Editora Alta Books, 2018.<br \/>\n[Minha Biblioteca]<br \/>\nCHIAVENATO, Idalberto. Introdu\u00e7\u00e3o \u00e0 Teoria Geral da Administra\u00e7\u00e3o &#8211; Edi\u00e7\u00e3o Compacta. 5. ed. Rio<br \/>\nde Janeiro: Atlas, 2021. [Minha Biblioteca]<br \/>\nDEMANT Peter. Direitos para os exclu\u00eddos. In PINSKY Jaime; PINSKY, Carla Bassanezi (orgs.). Hist\u00f3ria<br \/>\nda cidadania. 6. ed., 3a reimpress\u00e3o. S\u00e3o Paulo: Contexto, 2018. [Minha Biblioteca]. Dispon\u00edvel em:<br \/>\nhttps:\/\/integrada.minhabiblioteca.com.br\/reader\/books\/9788572442176\/ .<br \/>\nDORNELAS, Jos\u00e9. Plano de Neg\u00f3cios com o Modelo Canvas: Guia Pr\u00e1tico de Avalia\u00e7\u00e3o de Ideias de<br \/>\nNeg\u00f3cio. 3\u00aa ed. Rio de Janeiro: Atlas, 2023. [Minha Biblioteca]<br \/>\nIDIS, desenvolvendo o investimento social. O que s\u00e3o ODS e o que eles t\u00eam a ver com impacto social.<br \/>\nPublicado em 30 de janeiro de 2023. Dispon\u00edvel em: https:\/\/www.idis.org.br\/o-que-sao-ods-e-o-queeles-tem-a-ver-com-impactosocial\/?gad_source=1&amp;gclid=CjwKCAiAjeW6BhBAEiwAdKltMuBzxIprRgxHtbK8553v52meeDXorkNric<br \/>\nVGOAKPwcQRK79dTx9DlRoCAYoQAvD_BwE Acesso 11 de dezembro de 2024.<br \/>\nLUCA, T\u00e2nia Regina de. Direitos sociais no Brasil. In PINSKY Jaime; PINSKY, Carla Bassanezi (orgs.).<br \/>\nHist\u00f3ria da cidadania. 6. ed., 3a reimpress\u00e3o. S\u00e3o Paulo: Contexto, 2018. [Minha Biblioteca].<br \/>\nDispon\u00edvel em: https:\/\/integrada.minhabiblioteca.com.br\/reader\/books\/9788572442176\/.<br \/>\nROBBINS, Stephen P.; DECENZO, David A.; WOLTER, Robert M. A nova administra\u00e7\u00e3o. 2. ed. Rio de<br \/>\nJaneiro: Saraiva Uni, 2020. [MINHA BIBLIOTECA]<br \/>\nPROJETO INTEGRADO<br \/>\nSUPERIOR DE TECNOLOGIA EM GEST\u00c3O<br \/>\nSINGER Paul. Direitos Sociais A cidadania para todos. In PINSKY Jaime; PINSKY, Carla Bassanezi (orgs.).<br \/>\nHist\u00f3ria da cidadania. 6. ed., 3a reimpress\u00e3o. S\u00e3o Paulo: Contexto, 2018. [Minha Biblioteca].<br \/>\nDispon\u00edvel em: https:\/\/integrada.minhabiblioteca.com.br\/reader\/books\/9788572442176\/.<br \/>\nUNICEF. Objetivos de Desenvolvimento Sustent\u00e1vel: Ainda \u00e9 poss\u00edvel mudar 2030. Dispon\u00edvel em:<br \/>\nhttps:\/\/www.unicef.org\/brazil\/objetivos-de-desenvolvimento-sustentavel Acesso 11 de dezembro<br \/>\nde 2024.<br \/>\nOrienta\u00e7\u00f5es para corre\u00e7\u00e3o:<br \/>\nCaro Tutor!<br \/>\nO desafio apresentado para o estudante \u00e9 o desenvolvimento de uma ideia de neg\u00f3cio,<br \/>\nestruturada utilizando como ferramenta o Modelo Canvas, e a elabora\u00e7\u00e3o de um planejamento<br \/>\ndetalhado para a implementa\u00e7\u00e3o do empreendimento. O projeto tamb\u00e9m inclui reflex\u00f5es sobre<br \/>\nimpacto social, sustentabilidade e cidadania.<br \/>\nO estudante dever\u00e1 desenvolver cada atividade proposta e fazer o preenchimento do CANVA<br \/>\ndentro do PADLET no link indicado.<br \/>\nAbaixo segue um exemplo para cada uma das etapas do trabalho, utilizando um<br \/>\nempreendimento fict\u00edcio: &#8220;EcoBike &#8211; Aluguel de Bicicletas Sustent\u00e1veis&#8221;.<br \/>\nEtapa 1: An\u00e1lise do Contexto Regional<br \/>\nExemplo:<br \/>\nDescri\u00e7\u00e3o do Ambiente Local:<br \/>\n&#8220;Minha regi\u00e3o \u00e9 um polo tur\u00edstico com diversas \u00e1reas verdes, ciclovias e parques. No entanto, muitos<br \/>\nturistas enfrentam dificuldade para se deslocar de forma sustent\u00e1vel, e os moradores possuem<br \/>\npoucas op\u00e7\u00f5es de transporte alternativo ao carro.&#8221;<br \/>\nProblemas e Demandas Locais:<br \/>\n\u2022 Falta de transporte ecol\u00f3gico e acess\u00edvel.<br \/>\n\u2022 Car\u00eancia de servi\u00e7os para turismo sustent\u00e1vel.<br \/>\n\u2022 Polui\u00e7\u00e3o crescente devido ao uso de carros na \u00e1rea central.<br \/>\nAn\u00e1lise do P\u00fablico-Alvo:<br \/>\nPROJETO INTEGRADO<br \/>\nSUPERIOR DE TECNOLOGIA EM GEST\u00c3O<br \/>\n&#8220;O p\u00fablico-alvo inclui turistas de 18 a 45 anos que buscam op\u00e7\u00f5es de transporte ecol\u00f3gicas,<br \/>\nfam\u00edlias interessadas em atividades ao ar livre, e moradores que desejam alternativas para<br \/>\ndeslocamentos curtos.&#8221;<br \/>\nReflex\u00e3o sobre Sustentabilidade e Impacto Social:<br \/>\n&#8220;O empreendimento reduzir\u00e1 emiss\u00f5es de carbono ao oferecer transporte limpo e estimular h\u00e1bitos<br \/>\nsaud\u00e1veis. Tamb\u00e9m promover\u00e1 a valoriza\u00e7\u00e3o das \u00e1reas verdes locais.&#8221;<br \/>\nEtapa 2: Concep\u00e7\u00e3o da Ideia de Neg\u00f3cio<br \/>\nExemplo:<br \/>\nCria\u00e7\u00e3o de Ideias:<br \/>\n\u2022 Aluguel de bicicletas el\u00e9tricas para moradores e turistas.<br \/>\n\u2022 Servi\u00e7o de compartilhamento de bicicletas em ciclovias urbanas.<br \/>\n\u2022 Passeios tur\u00edsticos guiados de bicicleta em \u00e1reas verdes.<br \/>\nEscolha: &#8220;A ideia selecionada foi o aluguel de bicicletas el\u00e9tricas, pois combina mobilidade<br \/>\nsustent\u00e1vel e acessibilidade para diferentes perfis de usu\u00e1rios.&#8221;<br \/>\nDefini\u00e7\u00e3o da Proposta de Valor:<br \/>\n&#8220;Oferecer uma solu\u00e7\u00e3o de transporte ecol\u00f3gica, acess\u00edvel e divertida, conectando pessoas a \u00e1reas<br \/>\nurbanas e naturais de forma sustent\u00e1vel.&#8221;<br \/>\nIdentifica\u00e7\u00e3o de Inova\u00e7\u00f5es:<br \/>\n&#8220;Incorporar bicicletas com tecnologia de rastreamento GPS e um aplicativo que facilite a reserva, o<br \/>\npagamento e a indica\u00e7\u00e3o de rotas ecol\u00f3gicas.&#8221;<br \/>\nEtapa 3: Desenvolvimento do Modelo de Neg\u00f3cios (Canvas)<br \/>\nPROJETO INTEGRADO<br \/>\nSUPERIOR DE TECNOLOGIA EM GEST\u00c3O<br \/>\nExemplo Preenchido:<br \/>\nEtapa 4: Planejamento e Gest\u00e3o de Projetos<br \/>\nExemplo de corre\u00e7\u00e3o:<br \/>\nTabela para Planejamento de Projetos &#8211; POSS\u00cdVEL GABARITO<br \/>\nEtapa Pergunta Guia Resposta do Discente<br \/>\nEscopo (Objetivo<br \/>\ndo Projeto)<br \/>\nO que voc\u00ea quer alcan\u00e7ar?<br \/>\n&#8211; Descreva o objetivo geral do<br \/>\nprojeto e os entreg\u00e1veis<br \/>\nprincipais com um texto claro<br \/>\ne que detalhe os objetivos do<br \/>\nneg\u00f3cio.<br \/>\nLan\u00e7ar um servi\u00e7o de aluguel de bicicletas<br \/>\nel\u00e9tricas na regi\u00e3o central da cidade, com 30<br \/>\nunidades operacionais e um aplicativo<br \/>\nfuncional at\u00e9 o pr\u00f3ximo semestre.<br \/>\nEntreg\u00e1veis Quais os resultados esperados?<br \/>\n&#8211; Liste os resultados buscado<br \/>\ncom a implementa\u00e7\u00e3o do<br \/>\nprojeto.<br \/>\n&#8211; 20 bicicletas el\u00e9tricas em funcionamento.<br \/>\n&#8211; Aplicativo funcional para aluguel.<br \/>\n&#8211; Sistema de manuten\u00e7\u00e3o e suporte<br \/>\nimplementado.<br \/>\nTarefas Quais atividades precisam ser<br \/>\nfeitas?<br \/>\n1. Pesquisa de fornecedores de bicicletas (at\u00e9<br \/>\n15\/01). RENATA.<br \/>\nPROJETO INTEGRADO<br \/>\nSUPERIOR DE TECNOLOGIA EM GEST\u00c3O<br \/>\n&#8211; Liste as tarefas do projeto<br \/>\n(por etapas). Elabore em<br \/>\nformato de lista (ou tabela se<br \/>\npreferir).<br \/>\n2. Contrata\u00e7\u00e3o de desenvolvedores para o<br \/>\naplicativo (at\u00e9 20\/01). RENATA.<br \/>\n3. Desenvolvimento do aplicativo (at\u00e9 30\/04).<br \/>\nALEX.<br \/>\n4. Compra das bicicletas (at\u00e9 10\/02). RENATA.<br \/>\n5. Implementa\u00e7\u00e3o das esta\u00e7\u00f5es de aluguel (at\u00e9<br \/>\n15\/05). RENATA.<br \/>\n6. Testes operacionais do sistema (at\u00e9 30\/05).<br \/>\nALEX.<br \/>\n7. Marketing de lan\u00e7amento (a partir de 01\/06).<br \/>\nALEX.<br \/>\nCronograma<br \/>\n(Prazos)<br \/>\nQual a data de entrega?<br \/>\n&#8211; Na lista de tarefas coloque e<br \/>\nos prazos para cada atividade.<br \/>\n(Inseridos na etapa \u201cCronogramas\u201d).<br \/>\nRecursos O que voc\u00ea precisar\u00e1?<br \/>\n&#8211; Liste todos os recursos que<br \/>\nutilizar\u00e1 (que caibam no<br \/>\nor\u00e7amento).<br \/>\n&#8211; 20 bicicletas el\u00e9tricas.<br \/>\n&#8211; Desenvolvedores de software.<br \/>\n&#8211; Infraestrutura para as esta\u00e7\u00f5es.<br \/>\n&#8211; Licen\u00e7as e autoriza\u00e7\u00f5es da prefeitura.<br \/>\n&#8211; Marketing (redes sociais, panfletos).<br \/>\nResponsabilidades Quem far\u00e1 cada tarefa?<br \/>\n&#8211; Coloque na lista de tarefas o<br \/>\nnome do respons\u00e1vel por cada<br \/>\ntarefa j\u00e1 listada.<br \/>\nO casal Renata e Alex (inseridos na etapa<br \/>\n\u201cTarefas\u201d).<br \/>\nRiscos Quais problemas podem surgir?<br \/>\n&#8211; Identifique pelo menos tr\u00eas<br \/>\nriscos que podem afetar o<br \/>\nneg\u00f3cio e proponha<br \/>\nestrat\u00e9gias para mitig\u00e1-los.<br \/>\nRisco 1: Atraso no desenvolvimento do app.<br \/>\nMitiga\u00e7\u00e3o: Ter um plano B com sistema de<br \/>\nreservas manual para o lan\u00e7amento inicial.<br \/>\nRisco 2: Bicicletas danificadas por mau uso.<br \/>\nMitiga\u00e7\u00e3o: Contratar seguro e realizar<br \/>\nmanuten\u00e7\u00e3o preventiva frequente.<br \/>\nOr\u00e7amento Quanto poder\u00e1 utilizar?<br \/>\n&#8211; Coloque o valor financeiro<br \/>\ndispon\u00edvel para o projeto<br \/>\nacontecer.<br \/>\nR$ 50.000,00, dividido entre compra das<br \/>\nbicicletas, desenvolvimento do aplicativo,<br \/>\ninfraestrutura das esta\u00e7\u00f5es e marketing.<br \/>\nPlano B Como resolver os problemas que<br \/>\nsurgirem?<br \/>\n&#8211; Imagine poss\u00edveis problemas<br \/>\nque possam surgir e como os<br \/>\nresolver\u00e1.<br \/>\n&#8211; Caso as bicicletas atrasem, buscar fornecedores<br \/>\nalternativos no mercado.<br \/>\n&#8211; Se o aplicativo apresentar falhas, contratar<br \/>\nsuporte externo para ajustes r\u00e1pidos.<br \/>\n&#8211; Caso a ades\u00e3o inicial seja baixa, investir em<br \/>\npromo\u00e7\u00f5es e descontos para atrair usu\u00e1rios.<br \/>\nEtapa 5: Sustentabilidade e Responsabilidade Social<br \/>\nExemplo:<br \/>\nPlano de Sustentabilidade:<br \/>\nPROJETO INTEGRADO<br \/>\nSUPERIOR DE TECNOLOGIA EM GEST\u00c3O<br \/>\n\u2022 Utilizar bicicletas el\u00e9tricas com baterias recicl\u00e1veis.<br \/>\n\u2022 Reduzir o uso de pl\u00e1stico em materiais promocionais e embalagens.<br \/>\n\u2022 Incentivar o uso de \u00e1reas verdes por meio de passeios guiados.<br \/>\n\u2022 A\u00e7\u00f5es de Responsabilidade Social:<br \/>\n\u2022 Parceria com escolas para promover educa\u00e7\u00e3o ambiental atrav\u00e9s de eventos<br \/>\ncicl\u00edsticos.<br \/>\n\u2022 Oferecer desconto para moradores de baixa renda que utilizam o servi\u00e7o para<br \/>\ndeslocamentos di\u00e1rios.<br \/>\nEtapa 6: Reflex\u00e3o e Impacto Social<br \/>\nReflex\u00e3o sobre cidadania e inclus\u00e3o social:<br \/>\nEspera-se que o estudante elabore o relat\u00f3rio a partir das perguntas orientadoras, contudo, n\u00e3o se<br \/>\ntrata de um contexto de aprendizagem r\u00edgido.<br \/>\nSendo um espa\u00e7o de reflex\u00e3o, faz-se necess\u00e1rio desenvolver uma abordagem sobre a inclus\u00e3o social<br \/>\ne a cidadania como e pilares essenciais para o desenvolvimento de modelos de neg\u00f3cios sustent\u00e1veis,<br \/>\ncapazes de promover transforma\u00e7\u00f5es sociais e econ\u00f4micas importantes tanto para os indiv\u00edduos<br \/>\nquanto para a comunidade. Dito isso, neste relat\u00f3rio os estudantes devem colocar em perspectiva<br \/>\nque mobilizar parcerias com pequenos produtores e organiza\u00e7\u00f5es comunit\u00e1rias, pode fortalecer a<br \/>\nautonomia financeira, assim como dar \u00eanfase aos programas de capacita\u00e7\u00e3o como instrumentos<br \/>\nsignificativos para ampliar as oportunidades de inser\u00e7\u00e3o no mercado de trabalho enquanto pr\u00e1ticas<br \/>\necon\u00f4micas solid\u00e1rias, como cooperativas, se apresentam como potenciais para a promo\u00e7\u00e3o da<br \/>\nredistribui\u00e7\u00e3o equitativa de lucros e coes\u00e3o social. Al\u00e9m disso, o engajamento comunit\u00e1rio e o<br \/>\nalinhamento aos Objetivos de Desenvolvimento Sustent\u00e1vel refor\u00e7am o impacto positivo desses<br \/>\nmodelos, garantindo tanto a sustentabilidade econ\u00f4mica quanto a constru\u00e7\u00e3o de uma sociedade<br \/>\nmais justa e inclusiva.<br \/>\nEm linhas gerais, as preocupa\u00e7\u00f5es mobilizadas pelo projeto podem ser contempladas no debate<br \/>\nsobre cidadania e inclus\u00e3o ao enfatizar a necessidade de superar desigualdades hist\u00f3ricas e promover<br \/>\na participa\u00e7\u00e3o ativa de grupos marginalizados no desenvolvimento econ\u00f4mico e social. A cidadania \u00e9<br \/>\nfortalecida, portanto, quando as comunidades t\u00eam acesso a recursos, capacita\u00e7\u00e3o e oportunidades<br \/>\nque lhes permitem exercer plenamente seus direitos, enquanto a inclus\u00e3o se concretiza ao integrar<br \/>\nesses grupos em processos produtivos, redistribuindo benef\u00edcios de forma equitativa. Esse debate<br \/>\npode ser incorporado a modelos de neg\u00f3cios por meio de estrat\u00e9gias que promovam a justi\u00e7a social<br \/>\ne a sustentabilidade econ\u00f4mica.<br \/>\nAo alinhar pr\u00e1ticas de neg\u00f3cios aos Objetivos de Desenvolvimento Sustent\u00e1vel (ODS) das Na\u00e7\u00f5es<br \/>\nUnidas, como trabalho decente, redu\u00e7\u00e3o das desigualdades e consumo respons\u00e1vel, \u00e9 poss\u00edvel criar<br \/>\nempreendimentos que conciliam sucesso econ\u00f4mico com justi\u00e7a social. Assim, modelos de neg\u00f3cios<br \/>\nPROJETO INTEGRADO<br \/>\nSUPERIOR DE TECNOLOGIA EM GEST\u00c3O<br \/>\nque integram cidadania e inclus\u00e3o social n\u00e3o apenas transformam a economia local, mas tamb\u00e9m<br \/>\ncontribuem para uma sociedade mais justa e equitativa. Esses esfor\u00e7os demonstram que a<br \/>\nsustentabilidade vai al\u00e9m do meio ambiente, abrangendo tamb\u00e9m dimens\u00f5es sociais e econ\u00f4micas<br \/>\nque, juntas, constroem um futuro mais inclusivo.<br \/>\nEste relat\u00f3rio, portanto, tem como objetivo analisar como as preocupa\u00e7\u00f5es relacionadas \u00e0 cidadania<br \/>\ne \u00e0 inclus\u00e3o social podem ser incorporadas ao desenvolvimento de modelos de neg\u00f3cios<br \/>\nsustent\u00e1veis. A partir do debate sobre justi\u00e7a social e sustentabilidade econ\u00f4mica, podem viabilizar<br \/>\nestrat\u00e9gias capazes de transformar iniciativas empresariais em instrumentos de promo\u00e7\u00e3o da<br \/>\nequidade e do desenvolvimento comunit\u00e1rio.<br \/>\nRelat\u00f3rio de Impacto: Esse relat\u00f3rio deve servir como uma esp\u00e9cie de guia estrat\u00e9gico para<br \/>\ntransformar modelos de neg\u00f3cios em ferramentas de promo\u00e7\u00e3o de cidadania e inclus\u00e3o social,<br \/>\nporque ao propor a\u00e7\u00f5es objetivas de desenvolvimento da economia local &#8211; como parcerias com<br \/>\npequenos produtores e organiza\u00e7\u00f5es comunit\u00e1rias &#8211; o relat\u00f3rio contribui para gerar maior autonomia<br \/>\nfinanceira para indiv\u00edduos e fam\u00edlias, requerendo um crescimento econ\u00f4mico sustent\u00e1vel na regi\u00e3o.<br \/>\nAl\u00e9m disso, ao incorporar pr\u00e1ticas de economia solid\u00e1ria e redistribui\u00e7\u00e3o justa de lucros, ele<br \/>\ndesempenha um papel importante na redu\u00e7\u00e3o de desigualdades hist\u00f3ricas, integrando grupos<br \/>\nmarginalizados aos processos produtivos e ao mercado.<br \/>\nOutro impacto significativo \u00e9 a \u00eanfase em programas de capacita\u00e7\u00e3o profissional, que oferecem \u00e0<br \/>\ncomunidade ferramentas para adquirir habilidades pr\u00e1ticas. Isso n\u00e3o apenas aumenta a<br \/>\nempregabilidade, mas tamb\u00e9m fomenta o empoderando dos indiv\u00edduos e das comunidades. A<br \/>\nado\u00e7\u00e3o de modelos de neg\u00f3cios que incentivam o engajamento comunit\u00e1rio e o pertencimento<br \/>\nfortalece ainda mais a coes\u00e3o social, cujos membros se sentem parte ativa do processo de<br \/>\ndesenvolvimento.<br \/>\nSomando-se a estes feitos, o alinhamento de neg\u00f3cios aos Objetivos de Desenvolvimento Sustent\u00e1vel<br \/>\ngarante a sustentabilidade econ\u00f4mica, social e ambiental, resultando em comunidades mais<br \/>\nresilientes e preparadas para enfrentar desafios futuros. Este relat\u00f3rio, portanto, conecta teoria e<br \/>\npr\u00e1tica, oferecendo solu\u00e7\u00f5es concretas para transformar preocupa\u00e7\u00f5es sociais em a\u00e7\u00f5es efetivas de<br \/>\njusti\u00e7a social, inclus\u00e3o e sustentabilidade, enquanto fomenta um ambiente mais justo e integrado.<br \/>\nNORMAS PARA ELABORA\u00c7\u00c3O<br \/>\n1. O trabalho ser\u00e1 realizado individualmente.<br \/>\n2. Importante: Voc\u00ea dever\u00e1 postar o trabalho finalizado no AVA, o que dever\u00e1 ser feito na pasta<br \/>\nespec\u00edfica (\u201cportif\u00f3lio\u201d) da disciplina Projeto Integrado Inova\u00e7\u00e3o, obedecendo ao prazo limite de<br \/>\npostagem, conforme disposto no AVA. N\u00e3o existe prorroga\u00e7\u00e3o para a postagem da atividade.<br \/>\nPROJETO INTEGRADO<br \/>\nSUPERIOR DE TECNOLOGIA EM GEST\u00c3O<br \/>\n3. Deve conter, depois de pronto, capa e folha de rosto padr\u00e3o da Institui\u00e7\u00e3o, sendo organizado no<br \/>\nque tange \u00e0 sua apresenta\u00e7\u00e3o visual (tipos e tamanhos de fontes, alinhamento do texto,<br \/>\nespa\u00e7amentos, par\u00e1grafos, apresenta\u00e7\u00e3o correta de cita\u00e7\u00f5es e refer\u00eancias, entre outros elementos<br \/>\nimportantes), conforme modelo dispon\u00edvel no AVA.<br \/>\n4. A produ\u00e7\u00e3o textual \u00e9 um trabalho original e, portanto, n\u00e3o poder\u00e1 haver trabalhos id\u00eanticos aos<br \/>\nde outros alunos ou com reprodu\u00e7\u00e3o de materiais extra\u00eddos da internet. Os trabalhos plagiados ser\u00e3o<br \/>\ninvalidados, sendo os alunos reprovados na atividade. Lembre-se de que a pr\u00e1tica do pl\u00e1gio constitui<br \/>\ncrime, com pena prevista em lei (Lei n.\u00ba 9.610), e deve ser evitada no \u00e2mbito acad\u00eamico.<br \/>\n5. Importante: O trabalho deve ser enviado em formato Word. N\u00e3o ser\u00e3o aceitos, sob nenhuma<br \/>\nhip\u00f3tese, trabalhos enviados em PDF.<br \/>\nLembre-se de que seu Tutor a Dist\u00e2ncia est\u00e1 \u00e0 disposi\u00e7\u00e3o para lhe atender em suas d\u00favidas e,<br \/>\ntamb\u00e9m, para repassar orienta\u00e7\u00f5es sempre que voc\u00ea precisar. Aproveite esta oportunidade para<br \/>\nrealizar um trabalho com a qualidade acad\u00eamica de n\u00edvel universit\u00e1rio<\/p>\n<div class=\"elementor-toggle-item\">\n<p id=\"elementor-tab-title-1941\" class=\"elementor-tab-title elementor-active\" tabindex=\"0\" role=\"tab\" data-tab=\"1\" aria-controls=\"elementor-tab-content-1941\" aria-expanded=\"true\" aria-selected=\"true\"><strong>Como funciona?<\/strong><\/p>\n<p>Elaboramos os portf\u00f3lios, j\u00e1 deixamos prontos, nas normas da ABNT e conforme os requisitos da universidade. F\u00e1cil assim! O MELHOR \u00c9 QUE VOC\u00ca COMPRA E J\u00c1 BAIXA NA HORA O SEU ARQUIVO EM WORD! Sabemos que conciliar trabalho, fam\u00edlia, vida profissional e estudos \u00e9 dif\u00edcil hoje em dia, por isso, estamos aqui para ajudar voc\u00ea. Conte com nossa qualidade, experi\u00eancia e profissionalismo adquirindo seu portf\u00f3lio conosco. GARANTIMOS SEU CONCEITO!<\/p>\n<p><strong>Como se realizam os envios?<\/strong><\/p>\n<\/div>\n<p id=\"elementor-tab-content-1942\" class=\"elementor-tab-content elementor-clearfix elementor-active\" role=\"tabpanel\" data-tab=\"2\" aria-labelledby=\"elementor-tab-title-1942\">O seu trabalho \u00e9 disponibilizado pronto, respondido e nas normas j\u00e1 na mesma hora aqui em nosso site na sua \u00e1rea de downloads e tamb\u00e9m no seu e-mail.<\/p>\n<p><strong>Em quanto tempo recebo o portf\u00f3lio?<\/strong><\/p>\n<p>Os envios s\u00e3o imediatos. Ap\u00f3s sua compra, o trabalho j\u00e1 \u00e9 disponibilizado instantaneamente aqui em nosso site e no seu e-mail.<\/p>\n<p><strong>E se o portf\u00f3lio que comprei precisar de corre\u00e7\u00e3o?<\/strong><\/p>\n<p>Caso haja alguma solicita\u00e7\u00e3o de corre\u00e7\u00e3o\/altera\u00e7\u00e3o por parte do tutor, basta entrar em contato conosco pelo\u00a0WhatsApp\u00a0que provid\u00eanciaremos sem custo algum.<\/p>\n<p><strong>Qual o formato do arquivo?<\/strong><\/p>\n<p>Os arquivos s\u00e3o enviados em formato Word e s\u00e3o edit\u00e1veis.<\/p>\n<p><strong>Caso eu tiver alguma d\u00favida, terei suporte no p\u00f3s venda?<\/strong><\/p>\n<p>Sim, com certeza. Basta clicar no \u00edcone do WhatsApp no cantinho da tela. Ser\u00e1 um prazer atend\u00ea-lo(a).<\/p>\n<div id=\"elementor-tab-content-1948\" class=\"elementor-tab-content elementor-clearfix elementor-active\" role=\"tabpanel\" data-tab=\"8\" aria-labelledby=\"elementor-tab-title-1948\">\n<p><strong>Quais os seus canais de contato?<\/strong><\/p>\n<\/div>\n<div id=\"elementor-tab-content-1949\" class=\"elementor-tab-content elementor-clearfix elementor-active\" role=\"tabpanel\" data-tab=\"9\" aria-labelledby=\"elementor-tab-title-1949\">\n<p>Whatsapp: 53 984751621 \u2013 Clicar no canto da tela ou ESCANEIE O QRCODE ABAIXO<\/p>\n<h4><img decoding=\"async\" class=\"alignnone wp-image-13699 jetpack-lazy-image jetpack-lazy-image--handled\" src=\"https:\/\/i0.wp.com\/portifolioos-prontos.com\/wp-content\/uploads\/2023\/02\/whatsapp-business-projeto-de-extensao-300x300.jpeg?resize=144%2C144\" sizes=\"(max-width: 144px) 100vw, 144px\" srcset=\"https:\/\/i0.wp.com\/portifolioos-prontos.com\/wp-content\/uploads\/2023\/02\/whatsapp-business-projeto-de-extensao.jpeg?resize=300%2C301&amp;ssl=1 300w, https:\/\/i0.wp.com\/portifolioos-prontos.com\/wp-content\/uploads\/2023\/02\/whatsapp-business-projeto-de-extensao.jpeg?resize=150%2C150&amp;ssl=1 150w, https:\/\/i0.wp.com\/portifolioos-prontos.com\/wp-content\/uploads\/2023\/02\/whatsapp-business-projeto-de-extensao.jpeg?resize=370%2C372&amp;ssl=1 370w, https:\/\/i0.wp.com\/portifolioos-prontos.com\/wp-content\/uploads\/2023\/02\/whatsapp-business-projeto-de-extensao.jpeg?resize=100%2C100&amp;ssl=1 100w, https:\/\/i0.wp.com\/portifolioos-prontos.com\/wp-content\/uploads\/2023\/02\/whatsapp-business-projeto-de-extensao.jpeg?w=470&amp;ssl=1 470w\" alt=\"projeto de extens\u00e3o unopar\" width=\"144\" height=\"144\" data-lazy-loaded=\"1\" \/><\/h4>\n<\/div>\n<div class=\"elementor-toggle-item\">\n<div id=\"elementor-tab-content-1949\" class=\"elementor-tab-content elementor-clearfix elementor-active\" role=\"tabpanel\" data-tab=\"9\" aria-labelledby=\"elementor-tab-title-1949\">\n<p>E-mail:portifoliosp@gmail.com<\/p>\n<div id=\"attachment_143\" class=\"wp-caption alignnone\">\n<div id=\"attachment_143\" class=\"wp-caption alignnone\">\n<p id=\"caption-attachment-143\" class=\"wp-caption-text\"><a href=\"http:\/\/portfolio-pronto.com\/\">Portf\u00f3lio<\/a>\u00a0em Word, respondido, completo e j\u00e1 nas normas<\/p>\n<\/div>\n<\/div>\n<\/div>\n<\/div>\n","protected":false},"excerpt":{"rendered":"<div class=\"product-short-description\">\n<div class=\"product-short-description\">\n<p><strong>Pague pelo PIX ou cart\u00e3o e fa\u00e7a o download agora mesmo.<\/strong><\/p>\n<\/div>\n<div class=\"sticky-add-to-cart-wrapper\">\n<div class=\"sticky-add-to-cart\">\n<p class=\"quantity buttons_added form-flat\"><img decoding=\"async\" class=\"lazyloaded smush-image-5 smush-image-3 smush-image-4 smush-detected-img smush-image-bigger-3\" src=\"https:\/\/d26lpennugtm8s.cloudfront.net\/assets\/common\/img\/logos\/payment\/visa@2x.png\" width=\"46\" height=\"29\" data-src=\"https:\/\/d26lpennugtm8s.cloudfront.net\/assets\/common\/img\/logos\/payment\/visa@2x.png\" \/><img decoding=\"async\" class=\"lazyloaded smush-image-6 smush-image-4 smush-image-5 smush-detected-img smush-image-bigger-4\" src=\"https:\/\/d26lpennugtm8s.cloudfront.net\/assets\/common\/img\/logos\/payment\/boleto@2x.png\" width=\"43\" height=\"27\" data-src=\"https:\/\/d26lpennugtm8s.cloudfront.net\/assets\/common\/img\/logos\/payment\/boleto@2x.png\" \/><img loading=\"lazy\" decoding=\"async\" class=\"lazyloaded smush-image-7 smush-image-5 smush-image-6 smush-detected-img smush-image-bigger-5\" src=\"https:\/\/d26lpennugtm8s.cloudfront.net\/assets\/common\/img\/logos\/payment\/mastercard@2x.png\" width=\"43\" height=\"27\" data-src=\"https:\/\/d26lpennugtm8s.cloudfront.net\/assets\/common\/img\/logos\/payment\/mastercard@2x.png\" \/><img loading=\"lazy\" decoding=\"async\" class=\"lazyloaded smush-image-8 smush-image-6 smush-image-7 smush-detected-img smush-image-bigger-6\" src=\"https:\/\/d26lpennugtm8s.cloudfront.net\/assets\/common\/img\/logos\/payment\/amex@2x.png\" width=\"43\" height=\"27\" data-src=\"https:\/\/d26lpennugtm8s.cloudfront.net\/assets\/common\/img\/logos\/payment\/amex@2x.png\" \/><img loading=\"lazy\" decoding=\"async\" class=\"lazyloaded smush-image-9 smush-image-7 smush-image-8 smush-detected-img smush-image-bigger-7\" src=\"https:\/\/d26lpennugtm8s.cloudfront.net\/assets\/common\/img\/logos\/payment\/diners@2x.png\" width=\"46\" height=\"29\" data-src=\"https:\/\/d26lpennugtm8s.cloudfront.net\/assets\/common\/img\/logos\/payment\/diners@2x.png\" \/><img loading=\"lazy\" decoding=\"async\" class=\"lazyloaded smush-image-10 smush-image-8 smush-image-9 alignnone smush-detected-img smush-image-bigger-8\" src=\"https:\/\/d26lpennugtm8s.cloudfront.net\/assets\/common\/img\/logos\/payment\/br\/elo@2x.png\" alt=\"portf\u00f3lio unopar anhanguera\" width=\"45\" height=\"28\" data-src=\"https:\/\/d26lpennugtm8s.cloudfront.net\/assets\/common\/img\/logos\/payment\/br\/elo@2x.png\" \/><img loading=\"lazy\" decoding=\"async\" class=\"lazyloaded smush-image-11 smush-image-9 smush-image-10 alignnone smush-detected-img smush-image-bigger-9\" src=\"https:\/\/d26lpennugtm8s.cloudfront.net\/assets\/common\/img\/logos\/payment\/br\/hipercard@2x.png\" alt=\"portf\u00f3lio unopar anhanguera\" width=\"44\" height=\"28\" data-src=\"https:\/\/d26lpennugtm8s.cloudfront.net\/assets\/common\/img\/logos\/payment\/br\/hipercard@2x.png\" \/><img loading=\"lazy\" decoding=\"async\" class=\"lazyloaded smush-image-12 smush-image-10 smush-image-11 alignnone smush-detected-img smush-image-bigger-10\" src=\"https:\/\/d26lpennugtm8s.cloudfront.net\/assets\/common\/img\/logos\/payment\/mercadopago@2x.png\" alt=\"portf\u00f3lio unopar anhanguera\" width=\"45\" height=\"28\" data-src=\"https:\/\/d26lpennugtm8s.cloudfront.net\/assets\/common\/img\/logos\/payment\/mercadopago@2x.png\" \/><img loading=\"lazy\" decoding=\"async\" class=\"alignnone lazyloaded smush-detected-img smush-image-bigger-11\" src=\"https:\/\/futurium.com.br\/wp-content\/uploads\/2021\/06\/logo-pix-icone-512.png\" alt=\"portfolio pronto\" width=\"30\" height=\"30\" data-src=\"https:\/\/futurium.com.br\/wp-content\/uploads\/2021\/06\/logo-pix-icone-512.png\" \/><\/p>\n<\/div>\n<\/div>\n<\/div>\n","protected":false},"featured_media":37021,"template":"","meta":{"_seopress_robots_primary_cat":"none","_seopress_titles_title":"","_seopress_titles_desc":"","_seopress_robots_index":""},"product_cat":[15],"product_tag":[736],"class_list":{"0":"post-37018","1":"product","2":"type-product","3":"status-publish","4":"has-post-thumbnail","6":"product_cat-uncategorized","7":"product_tag-projeto-de-extensao-programa-de-contexto-a-comunidade","9":"first","10":"instock","11":"downloadable","12":"virtual","13":"purchasable","14":"product-type-simple","15":"col-xs-6 col-sm-4","16":"col-mf-5","17":"un-5-cols"},"jetpack_sharing_enabled":true,"_links":{"self":[{"href":"https:\/\/portifolioos-prontos.com\/index.php\/wp-json\/wp\/v2\/product\/37018","targetHints":{"allow":["GET"]}}],"collection":[{"href":"https:\/\/portifolioos-prontos.com\/index.php\/wp-json\/wp\/v2\/product"}],"about":[{"href":"https:\/\/portifolioos-prontos.com\/index.php\/wp-json\/wp\/v2\/types\/product"}],"version-history":[{"count":0,"href":"https:\/\/portifolioos-prontos.com\/index.php\/wp-json\/wp\/v2\/product\/37018\/revisions"}],"wp:featuredmedia":[{"embeddable":true,"href":"https:\/\/portifolioos-prontos.com\/index.php\/wp-json\/wp\/v2\/media\/37021"}],"wp:attachment":[{"href":"https:\/\/portifolioos-prontos.com\/index.php\/wp-json\/wp\/v2\/media?parent=37018"}],"wp:term":[{"taxonomy":"product_cat","embeddable":true,"href":"https:\/\/portifolioos-prontos.com\/index.php\/wp-json\/wp\/v2\/product_cat?post=37018"},{"taxonomy":"product_tag","embeddable":true,"href":"https:\/\/portifolioos-prontos.com\/index.php\/wp-json\/wp\/v2\/product_tag?post=37018"}],"curies":[{"name":"wp","href":"https:\/\/api.w.org\/{rel}","templated":true}]}}