{"id":40902,"date":"2025-07-28T16:59:55","date_gmt":"2025-07-28T19:59:55","guid":{"rendered":"https:\/\/portifolioos-prontos.com\/?post_type=product&#038;p=40902"},"modified":"2025-10-11T14:54:11","modified_gmt":"2025-10-11T17:54:11","slug":"estagio-ii-intervencoes-psicopedagogicas","status":"publish","type":"product","link":"https:\/\/portifolioos-prontos.com\/index.php\/product\/estagio-ii-intervencoes-psicopedagogicas\/","title":{"rendered":"Est\u00e1gio II Interven\u00e7\u00f5es Psicopedag\u00f3gicas"},"content":{"rendered":"<h2>Est\u00e1gio II Interven\u00e7\u00f5es Psicopedag\u00f3gicas<\/h2>\n<hr \/>\n<h3>PLANO DE TRABALHO DE EST\u00c1GIO<br \/>\nBACHARELADO EM PSICOPEDAGOGIA<\/h3>\n<div>SUM\u00c1RIO<\/div>\n<div><\/div>\n<div>1. RELA\u00c7\u00c3O DE EST\u00c1GIOS DE PSICOPEDAGOGIA \u2013\u00a0VIG\u00caNCIA\u00a02024\/2\u2026\u2026\u2026\u2026\u2026\u2026\u2026\u2026\u2026\u2026\u2026\u2026\u2026\u2026..3<\/div>\n<div>2. PLANO DE TRABALHO A SER REALIZADO PELO ESTUDANTE\u2026\u2026\u2026\u2026\u2026\u2026\u2026\u2026\u2026\u2026\u2026\u2026\u2026\u2026\u2026\u2026\u2026..4<\/div>\n<div>ATIVIDADE 1 \u2013 Visita \u00e0 institui\u00e7\u00e3o e entrega da carta de apresenta\u00e7\u00e3o\u2026\u2026\u2026\u2026\u2026\u2026\u2026\u2026\u2026\u2026.6<\/div>\n<div>ATIVIDADE 2 \u2013 Leitura obrigat\u00f3ria e produ\u00e7\u00e3o textual\u2026\u2026\u2026\u2026\u2026\u2026\u2026\u2026\u2026\u2026\u2026\u2026\u2026\u2026\u2026\u2026\u2026\u2026\u2026\u2026\u20267<\/div>\n<div>ATIVIDADE 3 \u2013 Escuta da queixa institucional \u2026\u2026\u2026\u2026\u2026\u2026\u2026\u2026\u2026\u2026\u2026\u2026\u2026\u2026\u2026\u2026\u2026\u2026\u2026\u2026\u2026\u2026\u2026\u2026\u2026.7<\/div>\n<div>ATIVIDADE 4 \u2013 An\u00e1lise da hist\u00f3ria institucional \u2026\u2026\u2026\u2026\u2026\u2026\u2026\u2026\u2026\u2026\u2026\u2026\u2026\u2026\u2026\u2026\u2026\u2026\u2026\u2026\u2026\u2026\u2026\u2026.7<\/div>\n<div>ATIVIDADE 5 \u2013 An\u00e1lise da estrutura f\u00edsica\u2026\u2026\u2026\u2026\u2026\u2026\u2026\u2026\u2026\u2026\u2026\u2026\u2026\u2026\u2026\u2026\u2026\u2026\u2026\u2026\u2026\u2026\u2026\u2026\u2026\u2026\u2026\u2026.8<\/div>\n<div>ATIVIDADE 6 \u2013 An\u00e1lise do marco situacional\u2026\u2026\u2026\u2026\u2026\u2026\u2026\u2026\u2026\u2026\u2026\u2026\u2026\u2026\u2026\u2026\u2026\u2026\u2026\u2026\u2026\u2026\u2026\u2026\u2026\u20269<\/div>\n<div>ATIVIDADE 7 \u2013 An\u00e1lise do marco doutrinal\u2026\u2026\u2026\u2026\u2026\u2026\u2026\u2026\u2026\u2026\u2026\u2026\u2026\u2026\u2026\u2026\u2026\u2026\u2026\u2026\u2026\u2026\u2026\u2026\u2026\u2026\u2026.9<\/div>\n<div>ATIVIDADE 8 \u2013 An\u00e1lise do marco operativo\u2026\u2026\u2026\u2026\u2026\u2026\u2026\u2026\u2026\u2026\u2026\u2026\u2026\u2026\u2026\u2026\u2026\u2026\u2026\u2026\u2026\u2026\u2026\u2026\u2026\u2026.10<\/div>\n<div>ATIVIDADE 9 \u2013 Entrevista Entrevista Operativa Centrada na Modalidade de Ensino e<\/div>\n<div>Aprendizagem (E.O.C<a href=\"https:\/\/www.portfoliopronto.com\/\">.<\/a>M.E.A.) \u2026\u2026\u2026\u2026\u2026\u2026\u2026\u2026\u2026\u2026\u2026\u2026\u2026\u2026\u2026\u2026\u2026\u2026\u2026\u2026\u2026\u2026\u2026\u2026\u2026\u2026\u2026\u2026\u2026\u2026\u2026\u2026\u2026\u2026\u202611<\/div>\n<div>ATIVIDADE 10 \u2013 Elabora\u00e7\u00e3o do Informe Psicopedag\u00f3gico\u2026\u2026\u2026\u2026\u2026\u2026\u2026\u2026\u2026\u2026\u2026\u2026\u2026\u2026\u2026\u2026\u2026.12<\/div>\n<div>ATIVIDADE 12 \u2013 Aplica\u00e7\u00e3o do plano de interven\u00e7\u00e3o \u2026\u2026\u2026\u2026\u2026\u2026\u2026\u2026\u2026\u2026\u2026\u2026\u2026\u2026\u2026\u2026\u2026\u2026\u2026\u2026\u202613<\/div>\n<div>ATIVIDADE 13 \u2013 Elabora\u00e7\u00e3o do Relat\u00f3rio Final de Est\u00e1gio\u2026\u2026\u2026\u2026\u2026\u2026\u2026\u2026\u2026\u2026\u2026\u2026\u2026\u2026\u2026\u2026\u2026.13<\/div>\n<div>ATIVIDADE 14 \u2013 Termo de valida\u00e7\u00e3o do relat\u00f3rio \u2026\u2026\u2026\u2026\u2026\u2026\u2026\u2026\u2026\u2026\u2026\u2026\u2026\u2026\u2026\u2026\u2026\u2026\u2026\u2026\u2026\u2026\u2026\u2026..18<\/div>\n<div><\/div>\n<div>1. RELA\u00c7\u00c3O DE EST\u00c1GIOS DE PSICOPEDAGOGIA \u2013 VIG\u00caNCIA 2024\/2<\/div>\n<div>Identifique abaixo seu semestre, o respectivo est\u00e1gio, o campo de est\u00e1gio e a<\/div>\n<div>carga hor\u00e1ria. Na pr\u00f3xima p\u00e1gina, localize o Plano de Trabalho, contendo a descri\u00e7\u00e3o<\/div>\n<div>de cada atividade, seguida das respectivas orienta\u00e7\u00f5es.<\/div>\n<div><\/div>\n<div>CURSO SEMESTRE DISCIPLINA CAMPO SUPERIVOR DE<\/div>\n<div>CAMPO<\/div>\n<div><\/div>\n<div>CH<\/div>\n<div><\/div>\n<div>Psicopedagogia 6o<\/div>\n<div><\/div>\n<div>Est\u00e1gio II:<\/div>\n<div>Interven\u00e7\u00f5es<\/div>\n<div>Psicopedag\u00f3gicas<\/div>\n<div><\/div>\n<div>Institui\u00e7\u00f5es Pedagogo ou<\/div>\n<div>Psicopedagogo<\/div>\n<div>200<\/div>\n<div>horas<\/div>\n<div><\/div>\n<div>2. PLANO DE TRABALHO A SER REALIZADO PELO ESTUDANTE<\/div>\n<div>No quadro a seguir, h\u00e1 a descri\u00e7\u00e3o do Plano de Trabalho a ser realizado pelo<\/div>\n<div>estudante,conforme carga hor\u00e1ria total do respectivo est\u00e1gio, especificado no quadro<\/div>\n<div>da p\u00e1gina 3.<\/div>\n<div><\/div>\n<div>Plano de Trabalho<\/div>\n<div><\/div>\n<div>Est\u00e1gio<\/div>\n<div>200h<\/div>\n<div>Atividade 1: Visita \u00e0 institui\u00e7\u00e3o e entrega da carta de apresenta\u00e7\u00e3o. 4h<\/div>\n<div>Atividade 2: Leitura obrigat\u00f3ria. 18h<\/div>\n<div>Atividade 3: Escuta da queixa institucional 10h<\/div>\n<div>Atividade 4: An\u00e1lise da hist\u00f3ria institucional 20h<\/div>\n<div>Atividade 5: An\u00e1lise da estrutura f\u00edsica 10h<\/div>\n<div>Atividade 6: An\u00e1lise do marco institucional 10h<\/div>\n<div>Atividade 7: An\u00e1lise do marco doutrinal 10h<\/div>\n<div>Atividade 8: An\u00e1lise do marco operativo 10h<\/div>\n<div>Atividade 9: Entrevista Operativa Centrada na Modalidade de Ensino e Aprendizagem<\/div>\n<div>(E.O.C.M.E.A.) 20h<\/div>\n<div>Atividade 10: Elabora\u00e7\u00e3o do Informe Psicopedag\u00f3gico 28h<\/div>\n<div>Atividade 11: Aplica\u00e7\u00e3o do plano de interven\u00e7\u00e3o 30h<\/div>\n<div>Atividade 12: Elabora\u00e7\u00e3o do Relat\u00f3rio Final de Est\u00e1gio 20h<\/div>\n<div>Atividade 13: Termo de valida\u00e7\u00e3o do relat\u00f3rio 10h<\/div>\n<div>OBSERVA\u00c7\u00c3O: Com exce\u00e7\u00e3o das atividades 2, 10, 12 e 13 todas as demais atividades<\/div>\n<div>devem ser realizadas no campo de est\u00e1gio.<\/div>\n<div><\/div>\n<div>2.1 ORIENTA\u00c7\u00d5ES PARA AS ATIVIDADES<\/div>\n<div><\/div>\n<div>O Est\u00e1gio Supervisionado Curricular Obrigat\u00f3rio II consiste na realiza\u00e7\u00e3o de<\/div>\n<div>interven\u00e7\u00e3o psicopedag\u00f3gica em institui\u00e7\u00f5es.<\/div>\n<div>O caminho para esse Est\u00e1gio, portanto, inicia-se com a escolha da institui\u00e7\u00e3o e a<\/div>\n<div>conversa inicial com a dire\u00e7\u00e3o ou gest\u00e3o da institui\u00e7\u00e3o. Nessa ocasi\u00e3o voc\u00ea ter\u00e1 a<\/div>\n<div>indica\u00e7\u00e3o da queixa sobre a qual ser\u00e1 organizada todas as a\u00e7\u00f5es desse componente.<\/div>\n<div>Confirme seu campo de est\u00e1gio na p\u00e1gina 3. Atente-se \u00e0 carga hor\u00e1ria total do<\/div>\n<div>seu Est\u00e1gio, conforme Plano de Trabalho apresentado na p\u00e1gina anterior para<\/div>\n<div>identificar as atividades e sua respectiva carga hor\u00e1ria.<\/div>\n<div>Lembre-se de que todas as atividades descritas nesse plano de trabalho<\/div>\n<div>compor\u00e3o o seu relat\u00f3rio final. Por isso, sua organiza\u00e7\u00e3o na elabora\u00e7\u00e3o de todos os<\/div>\n<div>passos descritos aqui ser\u00e1 essencial na consecu\u00e7\u00e3o de bons resultados ao fim dessa<\/div>\n<div>etapa!<\/div>\n<div>Todas as atividades previstas no plano de est\u00e1gio devem ser descritas<\/div>\n<div>na ficha de acompanhamento, com a respectiva carga hor\u00e1ria e o dia de realiza\u00e7\u00e3o.<\/div>\n<div><\/div>\n<div>ATIVIDADE 1 \u2013 Visita \u00e0 institui\u00e7\u00e3o e entrega da carta de apresenta\u00e7\u00e3o<\/div>\n<div>Ao se dirigir \u00e0 institui\u00e7\u00e3o com a carta de apresenta\u00e7\u00e3o, voc\u00ea dever\u00e1 conversar com<\/div>\n<div>o diretor\/coordenador respons\u00e1vel da institui\u00e7\u00e3o, se apresentar como estudante do curso<\/div>\n<div>de Psicopedagogia \u2013 Bacharelado e explicar que seu objetivo neste Est\u00e1gio ser\u00e1 a<\/div>\n<div>realiza\u00e7\u00e3o de uma interven\u00e7\u00e3o psicopedag\u00f3gica, a qual contempla as seguintes a\u00e7\u00f5es:<\/div>\n<div>\u2013 Escuta da queixa | sintoma | crise vivida pela institui\u00e7\u00e3o<\/div>\n<div>\u2013 An\u00e1lise da hist\u00f3ria <a href=\"http:\/\/portfolio-pronto.com\">institucional<\/a><\/div>\n<div>\u2013 An\u00e1lise da estrutura f\u00edsica<\/div>\n<div>\u2013 An\u00e1lise do marco situacional<\/div>\n<div>\u2013 An\u00e1lise do marco doutrinal<\/div>\n<div>\u2013 An\u00e1lise do marco operativo<\/div>\n<div>\u2013 Elabora\u00e7\u00e3o do informe psicopedag\u00f3gico e do plano de interven\u00e7\u00e3o<\/div>\n<div>\u2013 Aplica\u00e7\u00e3o do plano de interven\u00e7\u00e3o<\/div>\n<div>\u2013 Elabora\u00e7\u00e3o do informe psicopedag\u00f3gico com os resultados obtidos e poss\u00edveis<\/div>\n<div>orienta\u00e7\u00f5es.<\/div>\n<div>N\u00e3o se esque\u00e7a j\u00e1 deixar agendado com a institui\u00e7\u00e3o sua pr\u00f3xima visita \u00e0<\/div>\n<div>institui\u00e7\u00e3o.<\/div>\n<div><\/div>\n<div>MODELO DE CARTA DE APRESENTA\u00c7\u00c3O<\/div>\n<div>[Inserir logo da Universidade]<\/div>\n<div>CARTA DE APRESENTA\u00c7\u00c3O<\/div>\n<div><\/div>\n<div>, \/___\/<\/div>\n<div>Nome da cidade dia m\u00eas ano<\/div>\n<div><\/div>\n<div>Sr(a). Diretor(a): [Inserir nome do Diretor]<\/div>\n<div>Da Institui\u00e7\u00e3o: [Inserir nome da institui\u00e7\u00e3o]<\/div>\n<div>Encaminhamos o pedido de autoriza\u00e7\u00e3o para que o(a) acad\u00eamico(a) [Inserir nome do<\/div>\n<div>Acad\u00eamico], que est\u00e1 cursando o [Inserir o semestre do aluno] semestre do Curso de [Inserir<\/div>\n<div>nome do curso] da modalidade a Dist\u00e2ncia da [Inserir nome da Universidade], possa realizar<\/div>\n<div>atividades de est\u00e1gio [Inserir nome do Est\u00e1gio] na institui\u00e7\u00e3o sob sua dire\u00e7\u00e3o.<\/div>\n<div>As atividades ter\u00e3o como objetivo a escuta da queixa institucional, an\u00e1lise da hist\u00f3ria<\/div>\n<div>institucional, da estrutura f\u00edsica, situacional e doutrinal; an\u00e1lise do marco operativo, elabora\u00e7\u00e3o da<\/div>\n<div>hip\u00f3tese diagn\u00f3stica com indica\u00e7\u00e3o do progn\u00f3stico e plano de interven\u00e7\u00e3o e a entrega do informe<\/div>\n<div>psicopedag\u00f3gico com os resultados obtidos e orienta\u00e7\u00f5es.<\/div>\n<div>As visitas \u00e0 institui\u00e7\u00e3o est\u00e3o previstas para os meses de [Inserir m\u00eas de in\u00edcio] a [Inserir m\u00eas<\/div>\n<div>de t\u00e9rmino] do ano de [Inserir o ano], totalizando 200 horas.<\/div>\n<div>Por ser fundamental a realiza\u00e7\u00e3o dessas atividades \u00e0 forma\u00e7\u00e3o dos acad\u00eamicos, contamos<\/div>\n<div>com sua aten\u00e7\u00e3o no sentido de autorizar e propiciar os encaminhamentos e as informa\u00e7\u00f5es<\/div>\n<div>necess\u00e1rias.<\/div>\n<div>Sem mais no momento, antecipadamente agrade\u00e7o.<\/div>\n<div>Cordialmente,<\/div>\n<div><\/div>\n<div>Assinatura dorespons\u00e1veldoPolodeApoioPresencial<\/div>\n<div>[Inserir nome do respons\u00e1vel do Polo de Apoio Presencial]<\/div>\n<div><\/div>\n<div>ATIVIDADE 2 \u2013 Leitura obrigat\u00f3ria e produ\u00e7\u00e3o textual<\/div>\n<div>O textos indicado para leitura est\u00e1 dispon\u00edvel no AVA do respectivo Est\u00e1gio, na<\/div>\n<div>pasta \u201cPortf\u00f3lio\u201d. Na pasta, procure pelo texto:<\/div>\n<div>CALBERG, Simone. Psicopedagogia Institucional \u2013 uma pr\u00e1xis em constru\u00e7\u00e3o. Revista<\/div>\n<div>Psicopedagogia (19) 51, 2000, p. 16 -19.<\/div>\n<div>ATIVIDADE PROPOSTA:<\/div>\n<div>Ap\u00f3s a leitura do material indicado, voc\u00ea deve produzir um texto, apresentado as<\/div>\n<div>principais ideias trabalhadas pela autora. Esse resumo ser\u00e1 fundamental para que voc\u00ea<\/div>\n<div>possa realizar as a\u00e7\u00f5es sequenciadas nesse Est\u00e1gio.<\/div>\n<div><\/div>\n<div>ATIVIDADE 3 \u2013 Escuta da queixa institucional<\/div>\n<div>No dia agendado previamente com a dire\u00e7\u00e3o da institui\u00e7\u00e3o, converse com a<\/div>\n<div>dire\u00e7\u00e3o e ou o gestor acerca da principal dificuldade. Anote todas as informa\u00e7\u00f5es<\/div>\n<div>necess\u00e1rias e que lhe permitam responder \u00e0s quest\u00f5es abaixo:<\/div>\n<div><\/div>\n<div>1. Qual \u00e9 a queixa apresentada pela dire\u00e7\u00e3o\/coordena\u00e7\u00e3o da insitui\u00e7\u00e3o?<\/div>\n<div>2. Como a dire\u00e7\u00e3o\/institui\u00e7\u00e3o se posiciona quanto \u00e0 queixa apresentada (integrado\/<\/div>\n<div>separado)?<\/div>\n<div><\/div>\n<div>ATIVIDADE PROPOSTA:<\/div>\n<div>A partir dessas perguntas, voc\u00ea dever\u00e1 elaborar um texto que sintetize e inter-relacione<\/div>\n<div>as quest\u00f5es acima, explicitando a queixa inicial.<\/div>\n<div><\/div>\n<div>ATIVIDADE 4 \u2013 An\u00e1lise da hist\u00f3ria institucional<\/div>\n<div><\/div>\n<div>ROTEIRO PARA AN\u00c1LISE HIST\u00d3RIA INSTITUCIONAL<\/div>\n<div><\/div>\n<div>A partir dessa etapa, voc\u00ea dever\u00e1 ir \u00e0 institui\u00e7\u00e3o e solicitar a documenta\u00e7\u00e3o para a<\/div>\n<div>an\u00e1lise dessas quest\u00f5es. Lembre-se de que de acordo com nosso C\u00f3digo de \u00c9tica, todas<\/div>\n<div>as informa\u00e7\u00f5es levantadas, nesse momento e nos posteriores s\u00e3o sigilosas e n\u00e3o devem<\/div>\n<div>ser partilhadas.<\/div>\n<div><\/div>\n<div>O primeiro momento do diagn\u00f3stico \u00e9 colher a hist\u00f3ria da institui\u00e7\u00e3o. A<\/div>\n<div>disponibilidade para ouvir a hist\u00f3ria da institui\u00e7\u00e3o educativa nos leva ao resgate de dados<\/div>\n<div>do passado que, muitas vezes, pode servir de ponte para compreender o presente, que<\/div>\n<div>aparentemente est\u00e1 desligado deste passado.<\/div>\n<div>Para isso, atente-se a:<\/div>\n<div>1) An\u00e1lise dos documentos da funda\u00e7\u00e3o que registram os marcos da funda\u00e7\u00e3o, os<\/div>\n<div><\/div>\n<div>regulamentos atuais, atas das reuni\u00f5es, estatutos, etc. A partir dessa an\u00e1lise obt\u00e9m-<\/div>\n<div>se a hist\u00f3ria oficial da institui\u00e7\u00e3o.<\/div>\n<div><\/div>\n<div>2) Ouvir os testemunhos orais dos integrantes da organiza\u00e7\u00e3o. Dessa forma, o<\/div>\n<div>psicopedagogo se coloca em contato com o panorama n\u00e3o oficial, informal, dos<\/div>\n<div>vinculos que n\u00e3o constam em nenhum documento escrito.<\/div>\n<div><\/div>\n<div>ATIVIDADE PROPOSTA:<\/div>\n<div>Voc\u00ea dever\u00e1 produzir um relato, de 1,5 a 2 p\u00e1ginas, contemplando os aspectos<\/div>\n<div>presentes neste roteiro, ou seja, um relato onde voc\u00ea descreva a hist\u00f3ria da institui\u00e7\u00e3o,<\/div>\n<div>sob as duas perspectivas apresentadas (<a href=\"http:\/\/portfolio-pronto.com\">registros<\/a> oficiais e informais)<\/div>\n<div><\/div>\n<div>ATIVIDADE 5 \u2013 An\u00e1lise da estrutura f\u00edsica<\/div>\n<div><\/div>\n<div>ROTEIRO PARA AN\u00c1LISE DA ESTRUTURA F\u00cdSICA<\/div>\n<div><\/div>\n<div>O pr\u00e9dio, as instala\u00e7\u00f5es f\u00edsicas e os equipamentos podem nos remeter a dois<\/div>\n<div>olhares diferenciados:<\/div>\n<div>1) Um olhar para o espa\u00e7o material objetivo \u2013 nos permite identificar as condi\u00e7\u00f5es de<\/div>\n<div>seguran\u00e7a, modernidade, higiene, facilitadores e obst\u00e1culos aos movimentos,<\/div>\n<div>qualidade das instala\u00e7\u00f5es e equipamentos did\u00e1ticos, riqueza e escassex de<\/div>\n<div>material, tipos de espa\u00e7os, etc.<\/div>\n<div>2) Olhar para o espa\u00e7o subjetivo, simb\u00f3lico \u2013 nos permite identificar as rela\u00e7\u00f5es<\/div>\n<div>vivenciadas nesse contexto. Pelo modo como os alunos, professores e outros<\/div>\n<div>funcion\u00e1rios \u201ccuidam\u201d do ambiente percebemos sua rela\u00e7\u00e3o de pertin\u00eancia ou<\/div>\n<div>alheamento.<\/div>\n<div><\/div>\n<div>ATIVIDADE PROPOSTA:<\/div>\n<div>Voc\u00ea dever\u00e1 produzir um relato, de 1,5 a 2 p\u00e1ginas, contemplando os aspectos<\/div>\n<div><\/div>\n<div>presentes neste roteiro, ou seja, descrevendo a estutura f\u00edsica em seus aspectos<\/div>\n<div>objetivos e subjetivos.<\/div>\n<div><\/div>\n<div>ATIVIDADE 6 \u2013 An\u00e1lise do marco situacional<\/div>\n<div><\/div>\n<div>ROTEIRO PARA AN\u00c1LISE DO MARCO SITUACIONAL<\/div>\n<div><\/div>\n<div>Para essa atividade, voc\u00ea dever\u00e1 se basear em documentos institucionais, como<\/div>\n<div>em conversas com gestores da institui\u00e7\u00e3o em que est\u00e1 estagiando.<\/div>\n<div>1) Como a institui\u00e7\u00e3o compreende o mundo atual?<\/div>\n<div>2) Como entende os aspectos pol\u00edticos, economicos, sociais e tecnol\u00f3gicos?<\/div>\n<div>De modo geral, essa an\u00e1lise visa identificar como a institui\u00e7\u00e3o de posiciona diante<\/div>\n<div>da realizadade que lhe \u00e9 \u201cexterna\u201d.<\/div>\n<div><\/div>\n<div>ATIVIDADE PROPOSTA:<\/div>\n<div>Tendo como base as perguntas apresentadas anteriormente, voc\u00ea dever\u00e1<\/div>\n<div>elaborar um relato de 1,5 a 2 p\u00e1ginas que sintetize todas as informa\u00e7\u00f5es.<\/div>\n<div><\/div>\n<div>ATIVIDADE 7 \u2013 An\u00e1lise do marco doutrinal<\/div>\n<div><\/div>\n<div>ROTEIRO PARA AN\u00c1LISE DO MARCO DOUTRINAL<\/div>\n<div><\/div>\n<div>Para essa an\u00e1lise ser\u00e1 preciso observar nos documentos oficiais da institui\u00e7\u00e3o,<\/div>\n<div>as vis\u00f5es da mesma quanto:<\/div>\n<div>1) Ao ideal de homem que se quer formar.<\/div>\n<div>2) O conceito de educa\u00e7\u00e3o e sociedade e a rela\u00e7\u00e3o entre eles.<\/div>\n<div>3) A concep\u00e7\u00e3o de como se d\u00e1 a constru\u00e7\u00e3o do conhecimento no campo do<\/div>\n<div>escolar.<\/div>\n<div>4) O conceito de educar \u2013 ensinar e aprender.<\/div>\n<div>ATIVIDADE PROPOSTA:<\/div>\n<div>Voc\u00ea dever\u00e1 elaborar um relato de 1,5 a 2 p\u00e1ginas que sintetize todas as<\/div>\n<div>informa\u00e7\u00f5es.<\/div>\n<div><\/div>\n<div>ATIVIDADE 8 \u2013 An\u00e1lise do marco operativo<\/div>\n<div><\/div>\n<div>ROTEIRO PARA AN\u00c1LISE DO MARCO OPERATIVO<\/div>\n<div><\/div>\n<div>Nesta an\u00e1lise est\u00e3o delimitados a porposta e os crit\u00e9rios de a\u00e7\u00e3o e do fazer<\/div>\n<div>para os diferentes aspectos da institui\u00e7\u00e3o. Este marco diz respeito a tr\u00eas dimens\u00f5es:<\/div>\n<div>1) Dimens\u00e3o pedag\u00f3gica<\/div>\n<div>\u2022 Planejamento<\/div>\n<div>\u2022 Objetivo<\/div>\n<div>\u2022 Conte\u00fado<\/div>\n<div>\u2022 Metodologia<\/div>\n<div>\u2022 Avalia\u00e7\u00e3o<\/div>\n<div>\u2022 Disciplina<\/div>\n<div>2) Dimens\u00e3o Comunicativa<\/div>\n<div>\u2022 Relacionamento com a fam\u00edlia<\/div>\n<div>\u2022 Relacionamento com a dire\u00e7\u00e3o \u2013 equipe t\u00e9cnica e professores<\/div>\n<div>\u2022 Relacionamento com a comunidade<\/div>\n<div>\u2022 Participa\u00e7\u00e3o e organiza\u00e7\u00e3o dos alunos<\/div>\n<div>\u2022 Orienta\u00e7\u00e3o vocacional<\/div>\n<div>\u2022 Atividades esportivas e culturais<\/div>\n<div>3) Dimens\u00e3o administrativa<\/div>\n<div>\u2022 Estrutura e organiza\u00e7\u00e3o escolar<\/div>\n<div>\u2022 Dirigentes<\/div>\n<div>\u2022 Formas de participa\u00e7\u00e3o dos contratados<\/div>\n<div>\u2022 Condi\u00e7\u00f5es de trabalho<\/div>\n<div>\u2022 Obten\u00e7\u00e3o e gerenciamento dos Recursos Financeiros.<\/div>\n<div><\/div>\n<div>ATIVIDADE PROPOSTA:<\/div>\n<div>Voc\u00ea dever\u00e1 elaborar um relato de 1,5 a 2 p\u00e1ginas que sintetize todas as<\/div>\n<div>informa\u00e7\u00f5es.<\/div>\n<div><\/div>\n<div>ATIVIDADE 9 \u2013 Entrevista Entrevista Operativa Centrada na Modalidade de Ensino<\/div>\n<div>e Aprendizagem (E.O.C.M.E.A.)<\/div>\n<div>ROTEIRO PARA A ENTREVISTA OPERATIVA CENTRADA NA MODALIDADE DE<\/div>\n<div><\/div>\n<div>ENSINO E APRENDIZAGEM<\/div>\n<div><\/div>\n<div>Tendo em vista a leitura do artigo indicado na atividade 2 e de todo o percurso<\/div>\n<div>realizado at\u00e9 aqui, chegou o momento de voc\u00ea elaborar uma estrat\u00e9gia de interven\u00e7\u00e3o<\/div>\n<div>a fim de conhecer a modalidade de aprendizagem das pessoas envolvidas na<\/div>\n<div>queixa. Por exemplo, se a queixa apresenta a indisciplina de uma determinada turma da<\/div>\n<div>escola, pense em uma estrat\u00e9gia a partir da qual voc\u00ea evidencie a modalidade de<\/div>\n<div>aprendizagem presente nessa turma. Se a queixa se desdobra sobre a falta de<\/div>\n<div>comprometimento da equipe docente, por exemplo, pense em uma estrat\u00e9gia que busque<\/div>\n<div>conhecer a modalidade de ensino e aprendizagem desses professores.<\/div>\n<div>Em suma, a ideia \u00e9 que a estrat\u00e9gia pensada por voc\u00ea possa ser executada tendo<\/div>\n<div>em vista um recorte da institui\u00e7\u00e3o de ensino (n\u00e3o seria poss\u00edvel realizar essa din\u00e2mica<\/div>\n<div>com todos os atores envolvidos na institui\u00e7\u00e3o). Portanto, primeiramente, eleja quem far\u00e1<\/div>\n<div>parte da din\u00e2mica proposta por voc\u00ea.<\/div>\n<div>Em um segundo momento \u2013 e com base na leitura da atividade 2 \u2013 pense em uma<\/div>\n<div>din\u00e2mica a ser utilizada por voc\u00ea, para que voc\u00ea consiga observar a modalidade de ensino<\/div>\n<div>e aprendizagem do p\u00fablico especificado por voc\u00ea.<\/div>\n<div>Detalhe toda a din\u00e2mica (in\u00edcio, meio e fim, al\u00e9m dos materiais a serem utilizados<\/div>\n<div>por voc\u00ea) de forma pormenorizada. Isso o auxiliar\u00e1 na realiza\u00e7\u00e3o da mesma.<\/div>\n<div>Agende um dia com a dire\u00e7\u00e3o e ou gest\u00e3o da institui\u00e7\u00e3o e realize a proposta<\/div>\n<div>exposta aqui. Logo ap\u00f3s a aplica\u00e7\u00e3o desssa estrat\u00e9gia, voc\u00ea dever\u00e1 produzir um relato<\/div>\n<div>onde explique todo o percurso anterior \u00e0 entrevista, a aplica\u00e7\u00e3o da din\u00e2mica (ou seja, da<\/div>\n<div>pr\u00f3pria EOCMEA) e seus resultados, tendo em vista a forma de aprendizagem do grupo<\/div>\n<div>escolhido por voc\u00ea, a partir da queixa.<\/div>\n<div><\/div>\n<div>ATIVIDADE PROPOSTA:<\/div>\n<div>Voc\u00ea dever\u00e1 elaborar um relato de 2 a 3 p\u00e1ginas que sintetize todas as<\/div>\n<div>informa\u00e7\u00f5es descrita nessa atividade.<\/div>\n<div><\/div>\n<div>ATIVIDADE 10 \u2013 Elabora\u00e7\u00e3o do Informe Psicopedag\u00f3gico<\/div>\n<div>A partir das leituras, dos documentos, das entrevistas e observa\u00e7\u00f5es, elabore um<\/div>\n<div>parecer, ou seja, um informe psicopedag\u00f3gico identificando as perspectivas dos<\/div>\n<div>professores e da comunidade escolar, as estrat\u00e9gias did\u00e1ticas, principais queixas e<\/div>\n<div>dificuldades percebidas no contexto escolar, contemplando os seguintes aspectos:<\/div>\n<div><\/div>\n<div>ATIVIDADES PROPOSTAS:<\/div>\n<div>1. Elabora\u00e7\u00e3o do Informe Psicopedag\u00f3gico, de acordo com a estrutura a seguir.<\/div>\n<div>2. Elabora\u00e7\u00e3o do descritivo das atividades a serem realizadas conforme a tabela<\/div>\n<div>abaixo.<\/div>\n<div><\/div>\n<div>ROTEIRO ELABORA\u00c7\u00c3O DO INFORME PSICOPEDAG\u00d3GICO<\/div>\n<div>Etapa Execu\u00e7\u00e3o<\/div>\n<div><\/div>\n<div>1. Dados da institui\u00e7\u00e3o Nome:<\/div>\n<div>Endere\u00e7o:<\/div>\n<div>Cidade | Estado:<\/div>\n<div>Telefone | E-mail:<\/div>\n<div>P\u00fablica ou provada:<\/div>\n<div>Nome do gestor | dire\u00e7\u00e3o:<\/div>\n<div><\/div>\n<div>2. Identifica\u00e7\u00e3o do problema Selecionar a dificuldade com maior incid\u00eancia<\/div>\n<div>presente no contexto escolar analisado, a partir<\/div>\n<div>da escutra realizada na atividade 3.<\/div>\n<div><\/div>\n<div>3. Hip\u00f3teses Voc\u00ea deve elaborar aqui um breve hist\u00f3rico das<\/div>\n<div>hip\u00f3teses levantadas por voc\u00ea a partir da<\/div>\n<div>trajet\u00f3ria realizada na institui\u00e7\u00e3o: a partir da<\/div>\n<div>queixa, das observa\u00e7\u00f5es e an\u00e1lises dos<\/div>\n<div>materiais, das escutas, da EOCMEA, entre<\/div>\n<div>outros. Quais hip\u00f3teses voc\u00ea julga serem<\/div>\n<div>plaus\u00edveis e que justifiquem a queixa?<\/div>\n<div><\/div>\n<div>4. Objetivos Definir objetivos claros e espec\u00edficos<\/div>\n<div>relacionados as a\u00e7\u00f5es a serem realizadas, para<\/div>\n<div>que a queixa seja solucionada.<\/div>\n<div><\/div>\n<div>5. Desenvolvimento do Plano de<\/div>\n<div>interven\u00e7\u00e3o<\/div>\n<div><\/div>\n<div>Especificar as estrat\u00e9gias e atividades did\u00e1ticas<\/div>\n<div>a serem aprimoradas para promover a<\/div>\n<div>supera\u00e7\u00e3o das dificuldades de aprendizagem.<\/div>\n<div>(Ex: jogos, testes, oficinas, reuni\u00e3o com os<\/div>\n<div>pais\/respons\u00e1veis, projetos direcionados,<\/div>\n<div>culmin\u00e2nica das atividades realizadas pelos<\/div>\n<div>alunos, sistema de monitoramento de<\/div>\n<div><\/div>\n<div>desempenho e feedback).<\/div>\n<div><\/div>\n<div>6. Implementa\u00e7\u00e3o do plano de<\/div>\n<div>interven\u00e7\u00e3o<\/div>\n<div><\/div>\n<div>Especificar recursos a serem utilizados,<\/div>\n<div>participantes, cronograma das atividades e<\/div>\n<div>estrat\u00e9gias a serem aplicadas e monitoradas.<\/div>\n<div>7. Acompanhamento e Avalia\u00e7\u00e3o Especificar os instrumentos de avalia\u00e7\u00e3o,<\/div>\n<div>direcionando adequa\u00e7\u00f5es quando necess\u00e1rio.<\/div>\n<div>Nesse item voc\u00ea deve mostrar como ser\u00e1 o<\/div>\n<div>acompanhamento das a\u00e7\u00f5es e como voc\u00ea far\u00e1 a<\/div>\n<div>avalia\u00e7\u00e3o dos resultados, a fim de verificar se as<\/div>\n<div>hip\u00f3teses iniciais se confirmam ou n\u00e3o.<\/div>\n<div><\/div>\n<div>8. Envolvimento da fam\u00edlia e da<\/div>\n<div>escola<\/div>\n<div><\/div>\n<div>Especificar como a fam\u00edlia poder\u00e1 apoiar as<\/div>\n<div>estrat\u00e9gias de aprendizagem.<\/div>\n<div><\/div>\n<div>9. Encerramento e<\/div>\n<div>encaminhamento<\/div>\n<div><\/div>\n<div>Especificar a forma como os objetivos propostos<\/div>\n<div>podem ser avaliados e, se necess\u00e1rio, fazer os<\/div>\n<div>devidos encaminhamentos para as fam\u00edlias.<\/div>\n<div><\/div>\n<div>CRONOGRAMA DAS ATIVIDADES DE INTERVEN\u00c7\u00c3O<\/div>\n<div>DATA CARGA<\/div>\n<div>HOR\u00c1RIA<\/div>\n<div>DESCRI\u00c7\u00c3O DA ATIVIDADE PESSOAS ENVOLVIDAS<\/div>\n<div>4h<\/div>\n<div>4h<\/div>\n<div>4h<\/div>\n<div>4h<\/div>\n<div>4h<\/div>\n<div>ATIVIDADE 12 \u2013 Aplica\u00e7\u00e3o do plano de interven\u00e7\u00e3o<\/div>\n<div>Marque uma reuni\u00e3o com a coordena\u00e7\u00e3o\/dire\u00e7\u00e3o e ou gest\u00e3o da institui\u00e7\u00e3o e<\/div>\n<div>apresente o plano de a\u00e7\u00e3o, destacando como a psicopedagogia institucional pode<\/div>\n<div>contribuir para o processo de aprendizagem com base na queixa identificada.<\/div>\n<div><\/div>\n<div>ATIVIDADE 13 \u2013 Elabora\u00e7\u00e3o do Relat\u00f3rio Final de Est\u00e1gio<\/div>\n<div>Para a montagem final do relat\u00f3rio de est\u00e1gio, voc\u00ea dever\u00e1 fazer o download<\/div>\n<div>do modelo no AVA e reunir todo o material elaborado no desenvolvimento das<\/div>\n<div>diferentes atividades descritas no Plano de Trabalho.<\/div>\n<div>Importante: envie o seu relat\u00f3rio no formato Word.<\/div>\n<div>\n<div class=\"elementor-toggle-item\">\n<div class=\"elementor-toggle-item\">\n<p id=\"elementor-tab-title-1941\" class=\"elementor-tab-title elementor-active\" tabindex=\"0\" role=\"tab\" data-tab=\"1\" aria-controls=\"elementor-tab-content-1941\" aria-expanded=\"true\" aria-selected=\"true\"><strong>Como funciona?<\/strong><\/p>\n<p>Elaboramos os portf\u00f3lios, j\u00e1 deixamos prontos, nas normas da ABNT e conforme os requisitos da universidade. F\u00e1cil assim! O MELHOR \u00c9 QUE VOC\u00ca COMPRA E J\u00c1 BAIXA NA HORA O SEU ARQUIVO EM WORD! Sabemos que conciliar trabalho, fam\u00edlia, vida profissional e estudos \u00e9 dif\u00edcil hoje em dia, por isso, estamos aqui para ajudar voc\u00ea. Conte com nossa qualidade, experi\u00eancia e profissionalismo adquirindo seu portf\u00f3lio conosco. GARANTIMOS SEU CONCEITO!<\/p>\n<p><strong>Como se realizam os envios?<\/strong><\/p>\n<\/div>\n<p id=\"elementor-tab-content-1942\" class=\"elementor-tab-content elementor-clearfix elementor-active\" role=\"tabpanel\" data-tab=\"2\" aria-labelledby=\"elementor-tab-title-1942\">O seu trabalho \u00e9 disponibilizado pronto, respondido e nas normas j\u00e1 na mesma hora aqui em nosso site na sua \u00e1rea de downloads e tamb\u00e9m no seu e-mail.<\/p>\n<p><strong>Em quanto tempo recebo o portf\u00f3lio?<\/strong><\/p>\n<p>Os envios s\u00e3o imediatos. Ap\u00f3s sua compra, o trabalho j\u00e1 \u00e9 disponibilizado instantaneamente aqui em nosso site e no seu e-mail.<\/p>\n<p><strong>E se o portf\u00f3lio que comprei precisar de corre\u00e7\u00e3o?<\/strong><\/p>\n<p>Caso haja alguma solicita\u00e7\u00e3o de corre\u00e7\u00e3o\/altera\u00e7\u00e3o por parte do tutor, basta entrar em contato conosco pelo\u00a0WhatsApp\u00a0que provid\u00eanciaremos sem custo algum.<\/p>\n<p><strong>Qual o formato do arquivo?<\/strong><\/p>\n<p>Os arquivos s\u00e3o enviados em formato Word e s\u00e3o edit\u00e1veis.<\/p>\n<p><strong>Caso eu tiver alguma d\u00favida, terei suporte no p\u00f3s venda?<\/strong><\/p>\n<p>Sim, com certeza. Basta clicar no \u00edcone do WhatsApp no cantinho da tela. Ser\u00e1 um prazer atend\u00ea-lo(a).<\/p>\n<div id=\"elementor-tab-content-1948\" class=\"elementor-tab-content elementor-clearfix elementor-active\" role=\"tabpanel\" data-tab=\"8\" aria-labelledby=\"elementor-tab-title-1948\">\n<p><strong>Quais os seus canais de contato?<\/strong><\/p>\n<\/div>\n<div id=\"elementor-tab-content-1949\" class=\"elementor-tab-content elementor-clearfix elementor-active\" role=\"tabpanel\" data-tab=\"9\" aria-labelledby=\"elementor-tab-title-1949\">\n<p>Whatsapp: 53 984751621 \u2013 Clicar no canto da tela ou ESCANEIE O QRCODE ABAIXO<\/p>\n<h4><img decoding=\"async\" class=\"alignnone wp-image-13699 jetpack-lazy-image jetpack-lazy-image--handled\" src=\"https:\/\/i0.wp.com\/portifolioos-prontos.com\/wp-content\/uploads\/2023\/02\/whatsapp-business-projeto-de-extensao-300x300.jpeg?resize=144%2C144\" sizes=\"(max-width: 144px) 100vw, 144px\" srcset=\"https:\/\/i0.wp.com\/portifolioos-prontos.com\/wp-content\/uploads\/2023\/02\/whatsapp-business-projeto-de-extensao.jpeg?resize=300%2C301&amp;ssl=1 300w, https:\/\/i0.wp.com\/portifolioos-prontos.com\/wp-content\/uploads\/2023\/02\/whatsapp-business-projeto-de-extensao.jpeg?resize=150%2C150&amp;ssl=1 150w, https:\/\/i0.wp.com\/portifolioos-prontos.com\/wp-content\/uploads\/2023\/02\/whatsapp-business-projeto-de-extensao.jpeg?resize=370%2C372&amp;ssl=1 370w, https:\/\/i0.wp.com\/portifolioos-prontos.com\/wp-content\/uploads\/2023\/02\/whatsapp-business-projeto-de-extensao.jpeg?resize=100%2C100&amp;ssl=1 100w, https:\/\/i0.wp.com\/portifolioos-prontos.com\/wp-content\/uploads\/2023\/02\/whatsapp-business-projeto-de-extensao.jpeg?w=470&amp;ssl=1 470w\" alt=\"projeto de extens\u00e3o unopar\" width=\"144\" height=\"144\" data-lazy-loaded=\"1\" \/><\/h4>\n<\/div>\n<div class=\"elementor-toggle-item\">\n<div id=\"elementor-tab-content-1949\" class=\"elementor-tab-content elementor-clearfix elementor-active\" role=\"tabpanel\" data-tab=\"9\" aria-labelledby=\"elementor-tab-title-1949\">\n<p>E-mail:portifoliosp@gmail.com<\/p>\n<div id=\"attachment_143\" class=\"wp-caption alignnone\">\n<div id=\"attachment_143\" class=\"wp-caption alignnone\">\n<p id=\"caption-attachment-143\" class=\"wp-caption-text\"><a href=\"http:\/\/portfolio-pronto.com\/\">Portf\u00f3lio<\/a>\u00a0em Word, respondido, completo e j\u00e1 nas normas<\/p>\n<\/div>\n<\/div>\n<\/div>\n<\/div>\n<\/div>\n<\/div>\n","protected":false},"excerpt":{"rendered":"<div class=\"product-short-description\">\n<div class=\"product-short-description\">\n<p><strong>Pague pelo PIX ou cart\u00e3o e fa\u00e7a o download agora mesmo.<\/strong><\/p>\n<\/div>\n<div class=\"sticky-add-to-cart-wrapper\">\n<div class=\"sticky-add-to-cart\">\n<p class=\"quantity buttons_added form-flat\"><img decoding=\"async\" class=\"lazyloaded smush-image-5 smush-image-3 smush-image-4 smush-detected-img smush-image-bigger-3\" src=\"https:\/\/d26lpennugtm8s.cloudfront.net\/assets\/common\/img\/logos\/payment\/visa@2x.png\" width=\"46\" height=\"29\" data-src=\"https:\/\/d26lpennugtm8s.cloudfront.net\/assets\/common\/img\/logos\/payment\/visa@2x.png\" \/><img decoding=\"async\" class=\"lazyloaded smush-image-6 smush-image-4 smush-image-5 smush-detected-img smush-image-bigger-4\" src=\"https:\/\/d26lpennugtm8s.cloudfront.net\/assets\/common\/img\/logos\/payment\/boleto@2x.png\" width=\"43\" height=\"27\" data-src=\"https:\/\/d26lpennugtm8s.cloudfront.net\/assets\/common\/img\/logos\/payment\/boleto@2x.png\" \/><img loading=\"lazy\" decoding=\"async\" class=\"lazyloaded smush-image-7 smush-image-5 smush-image-6 smush-detected-img smush-image-bigger-5\" src=\"https:\/\/d26lpennugtm8s.cloudfront.net\/assets\/common\/img\/logos\/payment\/mastercard@2x.png\" width=\"43\" height=\"27\" data-src=\"https:\/\/d26lpennugtm8s.cloudfront.net\/assets\/common\/img\/logos\/payment\/mastercard@2x.png\" \/><img loading=\"lazy\" decoding=\"async\" class=\"lazyloaded smush-image-8 smush-image-6 smush-image-7 smush-detected-img smush-image-bigger-6\" src=\"https:\/\/d26lpennugtm8s.cloudfront.net\/assets\/common\/img\/logos\/payment\/amex@2x.png\" width=\"43\" height=\"27\" data-src=\"https:\/\/d26lpennugtm8s.cloudfront.net\/assets\/common\/img\/logos\/payment\/amex@2x.png\" \/><img loading=\"lazy\" decoding=\"async\" class=\"lazyloaded smush-image-9 smush-image-7 smush-image-8 smush-detected-img smush-image-bigger-7\" src=\"https:\/\/d26lpennugtm8s.cloudfront.net\/assets\/common\/img\/logos\/payment\/diners@2x.png\" width=\"46\" height=\"29\" data-src=\"https:\/\/d26lpennugtm8s.cloudfront.net\/assets\/common\/img\/logos\/payment\/diners@2x.png\" \/><img loading=\"lazy\" decoding=\"async\" class=\"lazyloaded smush-image-10 smush-image-8 smush-image-9 alignnone smush-detected-img smush-image-bigger-8\" src=\"https:\/\/d26lpennugtm8s.cloudfront.net\/assets\/common\/img\/logos\/payment\/br\/elo@2x.png\" alt=\"portf\u00f3lio unopar anhanguera\" width=\"45\" height=\"28\" data-src=\"https:\/\/d26lpennugtm8s.cloudfront.net\/assets\/common\/img\/logos\/payment\/br\/elo@2x.png\" \/><img loading=\"lazy\" decoding=\"async\" class=\"lazyloaded smush-image-11 smush-image-9 smush-image-10 alignnone smush-detected-img smush-image-bigger-9\" src=\"https:\/\/d26lpennugtm8s.cloudfront.net\/assets\/common\/img\/logos\/payment\/br\/hipercard@2x.png\" alt=\"portf\u00f3lio unopar anhanguera\" width=\"44\" height=\"28\" data-src=\"https:\/\/d26lpennugtm8s.cloudfront.net\/assets\/common\/img\/logos\/payment\/br\/hipercard@2x.png\" \/><img loading=\"lazy\" decoding=\"async\" class=\"lazyloaded smush-image-12 smush-image-10 smush-image-11 alignnone smush-detected-img smush-image-bigger-10\" src=\"https:\/\/d26lpennugtm8s.cloudfront.net\/assets\/common\/img\/logos\/payment\/mercadopago@2x.png\" alt=\"portf\u00f3lio unopar anhanguera\" width=\"45\" height=\"28\" data-src=\"https:\/\/d26lpennugtm8s.cloudfront.net\/assets\/common\/img\/logos\/payment\/mercadopago@2x.png\" \/><img loading=\"lazy\" decoding=\"async\" class=\"alignnone lazyloaded smush-detected-img smush-image-bigger-11\" src=\"https:\/\/futurium.com.br\/wp-content\/uploads\/2021\/06\/logo-pix-icone-512.png\" alt=\"portfolio pronto\" width=\"30\" height=\"30\" data-src=\"https:\/\/futurium.com.br\/wp-content\/uploads\/2021\/06\/logo-pix-icone-512.png\" \/><\/p>\n<\/div>\n<\/div>\n<\/div>\n","protected":false},"featured_media":40905,"template":"","meta":{"_seopress_robots_primary_cat":"","_seopress_titles_title":"%%post_title%% - Portf\u00f3lio Pronto Unopar e Anhanguera","_seopress_titles_desc":"Portf\u00f3lio %%title%% Pronto Unopar e Anhanguera. J\u00e1 nas normas ABNT, em word . Download imediato!","_seopress_robots_index":""},"product_cat":[765,142],"product_tag":[747,746],"class_list":{"0":"post-40902","1":"product","2":"type-product","3":"status-publish","4":"has-post-thumbnail","6":"product_cat-estagio-unopar-e-anhanguera","7":"product_cat-psicopedagogia","8":"product_tag-portfolio-de-estagio-anhanguera","9":"product_tag-portfolio-de-estagio-unopar","11":"first","12":"instock","13":"downloadable","14":"virtual","15":"purchasable","16":"product-type-simple","17":"col-xs-6 col-sm-4","18":"col-mf-5","19":"un-5-cols"},"jetpack_sharing_enabled":true,"_links":{"self":[{"href":"https:\/\/portifolioos-prontos.com\/index.php\/wp-json\/wp\/v2\/product\/40902","targetHints":{"allow":["GET"]}}],"collection":[{"href":"https:\/\/portifolioos-prontos.com\/index.php\/wp-json\/wp\/v2\/product"}],"about":[{"href":"https:\/\/portifolioos-prontos.com\/index.php\/wp-json\/wp\/v2\/types\/product"}],"version-history":[{"count":1,"href":"https:\/\/portifolioos-prontos.com\/index.php\/wp-json\/wp\/v2\/product\/40902\/revisions"}],"predecessor-version":[{"id":45794,"href":"https:\/\/portifolioos-prontos.com\/index.php\/wp-json\/wp\/v2\/product\/40902\/revisions\/45794"}],"wp:featuredmedia":[{"embeddable":true,"href":"https:\/\/portifolioos-prontos.com\/index.php\/wp-json\/wp\/v2\/media\/40905"}],"wp:attachment":[{"href":"https:\/\/portifolioos-prontos.com\/index.php\/wp-json\/wp\/v2\/media?parent=40902"}],"wp:term":[{"taxonomy":"product_cat","embeddable":true,"href":"https:\/\/portifolioos-prontos.com\/index.php\/wp-json\/wp\/v2\/product_cat?post=40902"},{"taxonomy":"product_tag","embeddable":true,"href":"https:\/\/portifolioos-prontos.com\/index.php\/wp-json\/wp\/v2\/product_tag?post=40902"}],"curies":[{"name":"wp","href":"https:\/\/api.w.org\/{rel}","templated":true}]}}