{"id":4821,"date":"2022-07-19T15:48:38","date_gmt":"2022-07-19T18:48:38","guid":{"rendered":"https:\/\/portifolioos-prontos.com\/?post_type=product&#038;p=4821"},"modified":"2022-09-28T22:41:05","modified_gmt":"2022-09-29T01:41:05","slug":"portfolio-racismo-e-violencia-numa-rede-de-varejo","status":"publish","type":"product","link":"https:\/\/portifolioos-prontos.com\/index.php\/product\/portfolio-racismo-e-violencia-numa-rede-de-varejo\/","title":{"rendered":"Portf\u00f3lio Racismo e viol\u00eancia numa rede de varejo"},"content":{"rendered":"<h4>Portf\u00f3lio Racismo e viol\u00eancia numa rede de varejo<\/h4>\n<hr \/>\n<p>Para atingir os objetivos desta produ\u00e7\u00e3o textual, voc\u00ea dever\u00e1 seguir as instru\u00e7\u00f5es voltadas \u00e0<br \/>\nelabora\u00e7\u00e3o do trabalho disponibilizadas neste manual, sob a orienta\u00e7\u00e3o do Tutor a Dist\u00e2ncia,<br \/>\nconsiderando as disciplinas norteadoras.<br \/>\nA participa\u00e7\u00e3o na consecu\u00e7\u00e3o da proposta \u00e9 fundamental para que haja o pleno<br \/>\ndesenvolvimento de compet\u00eancias e habilidades requeridas em sua atua\u00e7\u00e3o profissional. Nessa<br \/>\nprodu\u00e7\u00e3o textual como tem\u00e1tica <strong>\u201cRacismo e viol\u00eancia numa rede de varejo\u201d<\/strong>, apresentada na<br \/>\nsequ\u00eancia.<br \/>\nNa Produ\u00e7\u00e3o Textual Interdisciplinar Individual (PTI) voc\u00ea dever\u00e1, em um primeiro momento,<br \/>\nconhecer a Situa\u00e7\u00e3o Geradora de Aprendizagem (SGA) que descreve a tem\u00e1tica Racismo e viol\u00eancia<br \/>\nnuma rede de varejo.<br \/>\nEm um segundo momento, voc\u00ea dever\u00e1 se envolver com a Situa\u00e7\u00e3o Geradora de<br \/>\nAprendizagem (SGA), inserindo-se nesse contexto para realizar as tarefas previstas. Para realizar<br \/>\nessas tarefas, siga as orienta\u00e7\u00f5es fornecidas nesse material e nas fundamenta\u00e7\u00f5es te\u00f3ricas diversas<br \/>\n(livros das disciplinas, teleaulas, web aulas e outros materiais complementares, sejam estes indicados<br \/>\npelos professores ou pesquisados por voc\u00ea).<\/p>\n<p>No final deste manual, constam todas as informa\u00e7\u00f5es necess\u00e1rias para a constru\u00e7\u00e3o do<br \/>\ntrabalho individual. Fa\u00e7a uma leitura na integra e observe todos as normas e orienta\u00e7\u00f5es para que o<br \/>\ndesenvolvimento do trabalho seja satisfat\u00f3rio e possa atender todas as solicita\u00e7\u00f5es que a atividade<br \/>\nexige.<br \/>\nSe houver qualquer d\u00favida no desenvolvimento deste trabalho, sempre recorra as<br \/>\ninstru\u00e7\u00f5es aqui presentes, bem como, acione o seu tutor a dist\u00e2ncia para que ele possa auxili\u00e1-lo da<br \/>\nmelhor forma poss\u00edvel.<\/p>\n<p>SITUA\u00c7\u00c3O GERADORA DE APRENDIZAGEM (SGA)<\/p>\n<p><strong>Racismo e viol\u00eancia numa rede de varejo<\/strong><\/p>\n<p>Lojas Barat\u00e3o representa hoje uma grande rede de varejo que comercializa v\u00e1rios itens,<br \/>\ndentre os quais: vestu\u00e1rios, produtos de higiene e limpeza, guloseimas, utens\u00edlios dom\u00e9sticos,<br \/>\neletroport\u00e1teis e brinquedos. \u00c9 uma rede de lojas f\u00edsicas com um leque de produtos que comp\u00f5e um<br \/>\ncat\u00e1logo de 50 mil produtos, sendo, assim, muito querida e popular nos centros urbanos das grandes<br \/>\ncidades.<br \/>\nApesar de ser uma loja bem quista pela popula\u00e7\u00e3o, neste \u00faltimo semestre a rede de varejo<br \/>\npassou por duas situa\u00e7\u00f5es que tiveram grande repercuss\u00e3o na m\u00eddia e na sociedade. Na primeira<br \/>\nsitua\u00e7\u00e3o, em uma loja da Zona Oeste, os seguran\u00e7as da empresa, alegando suspeita por roubo,<br \/>\nespancam um cliente negro de 32 anos, deixando-o gravemente ferido. Tudo aconteceu sob as vistas<br \/>\nde v\u00e1rias testemunhas e clientes que estavam na loja e acompanhavam a situa\u00e7\u00e3o incr\u00e9dulos.<br \/>\nMesmo com a grande repercuss\u00e3o na m\u00eddia, um novo caso ocorreu em um curto espa\u00e7o de<br \/>\ntempo. Desta vez, na loja da Zona Sul, onde os seguran\u00e7as abordaram um homem negro de 45 anos<br \/>\nsob suspeita de roubo e, nessa abordagem, a viol\u00eancia foi tanta que resultou em \u00f3bito deste homem<br \/>\nnegro.<br \/>\nNovamente, houve grande repercuss\u00e3o na m\u00eddia e como\u00e7\u00e3o da sociedade diante aos fatos. A<br \/>\nimprensa noticiou n\u00e3o somente a situa\u00e7\u00e3o isolada da Rede de Lojas Barat\u00e3o, mas de outras grandes<br \/>\nlojas de varejo no Brasil que apresentam a mesma hist\u00f3ria de agress\u00f5es f\u00edsicas e de discrimina\u00e7\u00e3o<br \/>\nracial ocasionadas pelos funcion\u00e1rios dessas empresas.<\/p>\n<p>IMAGINE A SEGUINTE SITUA\u00c7\u00c3O:<\/p>\n<p>Diante da repercuss\u00e3o, os gestores da Rede Lojas Barat\u00e3o decidem mudar essa situa\u00e7\u00e3o.<br \/>\nPrecisam criar pol\u00edticas de gest\u00e3o que combata o racismo estrutural dentro da pr\u00f3pria cultura da<br \/>\nempresa e gere a\u00e7\u00f5es que melhorem a sua imagem perante o p\u00fablico e seus investidores. Voc\u00ea far\u00e1<br \/>\nparte desta resolu\u00e7\u00e3o.<br \/>\nAgora, \u00e9 com voc\u00ea!<\/p>\n<p><strong>TAREFAS<\/strong><\/p>\n<p>Levando em considera\u00e7\u00e3o a SGA, responda todos os questionamentos apresentados<br \/>\nabaixo. Eles foram elaborados com base nas disciplinas ministradas ao longo deste semestre. A sua<br \/>\nparticipa\u00e7\u00e3o nesta atividade \u00e9 fundamental para que haja o pleno desenvolvimento das<br \/>\ncompet\u00eancias e habilidades requeridas em sua atua\u00e7\u00e3o profissional.<\/p>\n<p><strong>TAREFA 1<\/strong><br \/>\nAp\u00f3s a repercuss\u00e3o social ocasionada pela viol\u00eancia e racismo dentro da pr\u00f3pria empresa, os<br \/>\ngestores perceberam a import\u00e2ncia em criar um modelo de gest\u00e3o que inclua a diversidade e pol\u00edticas<br \/>\nde inclus\u00e3o social dentro da empresa. Assim, foi estabelecido inicialmente que iriam tomar a\u00e7\u00f5es<br \/>\npara adotar uma pol\u00edtica de toler\u00e2ncia zero ao racismo e \u00e0 discrimina\u00e7\u00e3o por raz\u00f5es de ra\u00e7a e etnia,<br \/>\norigem, condi\u00e7\u00e3o social, identidade de g\u00eanero, orienta\u00e7\u00e3o sexual, idade, defici\u00eancia e religi\u00e3o.<br \/>\nNeste contexto, responda:<br \/>\nA) O que \u00e9 gest\u00e3o da diversidade? Compreendendo o significado da gest\u00e3o da diversidade, quais<br \/>\nprogramas a empresa pode incluir dentro desta gest\u00e3o da diversidade?<br \/>\nB) Pesquise e referencie: quais s\u00e3o os principais benef\u00edcios para a organiza\u00e7\u00e3o que adota a<br \/>\ngest\u00e3o da diversidade?<br \/>\n<strong>TAREFA 2<\/strong><br \/>\nFrente \u00e0 situa\u00e7\u00e3o ocorrida na Rede de Lojas Barat\u00e3o, torna-se crucial discutir o papel da lideran\u00e7a no<br \/>\nque diz respeito \u00e0 promo\u00e7\u00e3o de uma cultura de diversidade e inclus\u00e3o dentro das organiza\u00e7\u00f5es.<br \/>\n\u00c9 preciso reconhecer que a diversidade \u00e9 uma riqueza que pode trazer crescimento pessoal e<br \/>\nprofissional, pois agrega conhecimentos, experi\u00eancias, percep\u00e7\u00f5es e ideias diferentes. Contudo, \u00e9<\/p>\n<p>preciso tomar muito cuidado para que essas diferen\u00e7as n\u00e3o sejam discriminadas, ocasionando<br \/>\nofensas e exclus\u00f5es.<br \/>\nJustamente nesse ponto \u00e9 que o papel dos l\u00edderes e gestores \u00e9 fundamental. Deve partir deles(as) o<br \/>\nexemplo de respeito \u00e0 diversidade e incentivo \u00e0 troca de experi\u00eancias entre pessoas diferentes.<br \/>\nCertamente, essa postura ir\u00e1 fomentar o aprendizado, agregando maior valor \u00e0 organiza\u00e7\u00e3o e<br \/>\naumentando a produtividade e a qualidade dos produtos e servi\u00e7os.<br \/>\nPensando nisso, identificamos a necessidade de desenvolver, na lideran\u00e7a da Rede de Lojas Barat\u00e3o,<br \/>\ncompet\u00eancias comportamentais voltadas ao relacionamento interpessoal e \u00e0 gest\u00e3o da diversidade.<br \/>\nPara cumprir essa tarefa, voc\u00ea ir\u00e1 propor um programa de treinamento e desenvolvimento:<br \/>\nA) Selecione tr\u00eas compet\u00eancias comportamentais que dever\u00e3o ser desenvolvidas durante o<br \/>\nprograma de treinamento e desenvolvimento, descrevendo a defini\u00e7\u00e3o dessas compet\u00eancias,<br \/>\nisto \u00e9, quais s\u00e3o os conhecimentos, as habilidades e as atitudes que constituem cada uma<br \/>\ndessas compet\u00eancias.<\/p>\n<p>B) Descreva a maneira como essas compet\u00eancias ser\u00e3o trabalhadas e desenvolvidas no p\u00fablico-<br \/>\nalvo (a lideran\u00e7a da empresa), ou seja, quais ser\u00e3o os m\u00e9todos e as t\u00e9cnicas a serem utilizados<\/p>\n<p>para transmitir os conhecimentos necess\u00e1rios e para que os l\u00edderes adquiram e desenvolvam<br \/>\nnovas habilidades e atitudes.<br \/>\nC) Discorra sobre as vantagens para todos os envolvidos \u2013 profissionais, clientes, organiza\u00e7\u00e3o e<br \/>\nsociedade \u2013 em formar uma lideran\u00e7a que valoriza a diversidade e que apresenta um<br \/>\ndesempenho eficaz, produtivo e inclusivo.<br \/>\n<strong>TAREFA 3<\/strong><br \/>\nDiante das graves situa\u00e7\u00f5es narradas, envolvendo funcion\u00e1rios das lojas da rede, podemos e<br \/>\ndevemos pensar em como a empresa deve lidar com tais funcion\u00e1rios, a fim de que sirva de exemplo<br \/>\npara os demais funcion\u00e1rios e melhore a sua imagem no mercado.<br \/>\nEm termos de legisla\u00e7\u00e3o trabalhista, existem modalidades de rescis\u00e3o, dentre as quais encontra-se a<br \/>\nrescis\u00e3o por justa causa, que consiste na extin\u00e7\u00e3o do contrato de trabalho pelo empregador, quando<br \/>\no empregado tenha cometido alguma das faltas graves previstas na CLT.<br \/>\nPensando nisso, sua tarefa \u00e9 pesquisar e responder fundamentadamente as seguintes perguntas:<br \/>\nA) O que \u00e9 uma justa causa para demiss\u00e3o do empregado?<\/p>\n<p>B) Quais atos constituem justa causa para a resolu\u00e7\u00e3o do contrato de trabalho pelo<br \/>\nempregador?<br \/>\nC) Dentre esses atos, identifique em qual deles se enquadra o comportamento dos funcion\u00e1rios.<br \/>\nExplique.<\/p>\n<p><strong>TAREFA 4:<\/strong><\/p>\n<p>Diante da situa\u00e7\u00e3o ocorrida, os gestores da rede Lojas Barat\u00e3o decidiram alterar o contexto geral do<br \/>\ngerenciamento da empresa, mudando em grande parte o seu planejamento operacional e suas a\u00e7\u00f5es<br \/>\ndireta e indiretas que possam afetar os seus consumidores e a popula\u00e7\u00e3o que vive pr\u00f3ximo as suas<br \/>\nlojas. Dessa maneira, decidiram implantar os conceitos Responsabilidade socioambiental e<br \/>\ndesenvolvimento sustent\u00e1vel, visando melhorar o cen\u00e1rio ambiental, social e econ\u00f4mico da<br \/>\nempresa.<br \/>\nA) Pensando no fato que a Responsabilidade socioambiental \u00e9 a responsabilidade que uma<br \/>\nempresa tem com a sociedade, com o meio ambiente, al\u00e9m das suas obriga\u00e7\u00f5es legais e<br \/>\necon\u00f4micas, quais par\u00e2metros trabalhados nesse conceito, poderiam gerar respostas<br \/>\npositivas diretas, eliminando a possibilidade de que novos eventos conforme relatado<br \/>\nanteriormente possam acontecer:<br \/>\nB) Diante disso, voc\u00ea dever\u00e1 definir o que \u00e9 o Desenvolvimento Sustent\u00e1vel, destacando os tr\u00eas<br \/>\ncomponentes desse conceito:<\/p>\n<p><strong>TAREFA 5:<\/strong><br \/>\nPreocupados com a situa\u00e7\u00e3o da empresa, os gestores v\u00e3o dar in\u00edcio a um programa de treinamento<br \/>\nde funcion\u00e1rios nas duas lojas onde os fatos aconteceram, objetivando a preven\u00e7\u00e3o da viol\u00eancia no<br \/>\nambiente de trabalho, promovendo atividades formativas com foco na redu\u00e7\u00e3o de preconceitos e<br \/>\nestere\u00f3tipos de ra\u00e7a. Pretende-se futuramente estender para todas as lojas do grupo.<br \/>\nPara iniciar o investimento ser\u00e1 necess\u00e1rio fazer um levantamento do faturamento dos \u00faltimos 10<br \/>\nmeses nas duas lojas e apresentar em um relat\u00f3rio aos s\u00f3cios da empresa.<br \/>\nOs valores do faturamento das duas lojas em quest\u00e3o, apresentados pelo setor financeiro, foram os<br \/>\nseguintes:<\/p>\n<p><img decoding=\"async\" class=\"alignnone size-full wp-image-54295 jetpack-lazy-image lazyloaded jetpack-lazy-image--handled\" src=\"https:\/\/i0.wp.com\/portfoliooead.com.br\/wp-content\/uploads\/2022\/07\/Sem-titulo-11.png?resize=148%2C261&amp;is-pending-load=1#038;ssl=1\" sizes=\"(max-width: 148px) 100vw, 148px\" alt=\"Racismo e viol\u00eancia numa rede de varejo,Racismo e viol\u00eancia numa rede de varejo Portfolios Prontos,portf\u00f3lio Racismo e viol\u00eancia numa rede de varejo,portf\u00f3lio pronto unopar Racismo e viol\u00eancia numa rede de varejo,portf\u00f3lio administra\u00e7\u00e3o Racismo e viol\u00eancia numa rede de varejo,portf\u00f3lio administra\u00e7\u00e3o unopar,portf\u00f3lio adm unopar,portf\u00f3lio adm,Portfolio pronto,portifolio pronto,portf\u00f3lio pronto,portifolios prontos,portif\u00f3lios prontos,portf\u00f3lio pronto unopar,portifolio pronto unopar,portif\u00f3lio pronto unopar,portifolios prontos unopar,portifolios prontos anhanguera,produ\u00e7\u00e3o textual interdisciplinar,portfolio pronto unopar,portf\u00f3lios prontos anhanguera,portf\u00f3lio pronto anhanguera,portfolios ead,portf\u00f3lios ead,portfolioead,apostileiros,portf\u00f3lio ead,portifolios ead,portif\u00f3lios ead,eadhelp,shop do acad\u00eamico,unopar portfolio,portfolio pronto ead,portfolio unopar ead,ead portfolio ava,portf\u00f3lio ead anhanguera,portf\u00f3lio ead pronto,portf\u00f3lio ead unopar,portf\u00f3lio pronto em word,pti unopar,ptg unopar,modelo de portf\u00f3lio unopar,modelo de portf\u00f3lio anhanguera,como fazer um portf\u00f3lio para faculdade,como faz portf\u00f3lio universidade,como faz portf\u00f3lios para universidade,portf\u00f3lios prontos para universidade,portf\u00f3lios pronto para faculdade,portf\u00f3lio pronto para editar,portifolios prontos para editar,portf\u00f3lio em word,portfolio em word,portf\u00f3lio em word para editar,portifolio em word para editar,portfolio unopar pronto para editar,modelo de portfolio para unopar,modelo de portif\u00f3lio para unopar,modelo de portf\u00f3lio para unopar,unopar portf\u00f3lio pronto,anhanguera portf\u00f3lio pronto,portf\u00f3lio em word pronto,comprar portf\u00f3lio pronto,como fazer um portf\u00f3lio,como fazer portf\u00f3lio digital,portfolio,portf\u00f3lio,portifolio,portif\u00f3lio,portf\u00f3lio interdisciplinar individual,portfolio interdisciplinar individual,exemplos de portf\u00f3lio para faculdade,baixar portf\u00f3lio pronto,portf\u00f3lio acad\u00eamico,portf\u00f3lio online,portfoliooead,portfolio ead,portf\u00f3lio pronto interdisciplinar individual,relat\u00f3rio de est\u00e1gio unopar,relat\u00f3rio de est\u00e1gio pronto unopar,como criar um portf\u00f3lio,o que \u00e9 um portf\u00f3lio e como fazer,portfolio exemplo,modelo de portfolio acad\u00eamico,relat\u00f3rio de est\u00e1gio gest\u00e3o escolar pronto unopar,portf\u00f3lio como fazer,prova profici\u00eancia unopar,portfolio individual est\u00e1gio curricular obrigat\u00f3rio ii anos iniciais do ensino fundamental,prova de profici\u00eancia pedagogia unopar,capa de trabalho unopar para editar,portf\u00f3lio acad\u00eamico unopar,como fazer um portf\u00f3lio acad\u00eamico,portf\u00f3lio exemplos word,portfolio acad\u00eamico,portfolio individual,portfolio individual unopar,portfolio individual anhanguera,portfolio marketing digital,portf\u00f3lio educa\u00e7\u00e3o f\u00edsica unopar,portf\u00f3lio gest\u00e3o educacional e espa\u00e7os n\u00e3o escolares,como fazer um portifolio unopar,modelo de portf\u00f3lio unopar em arquivo word,capa de portf\u00f3lio de pedagogia,como fazer um portf\u00f3lio no word,projeto integrado unopar,exemplo de portf\u00f3lio academico pedagogia\" width=\"148\" height=\"261\" data-attachment-id=\"54295\" data-permalink=\"https:\/\/portfoliooead.com.br\/?attachment_id=54295#main\" data-orig-file=\"https:\/\/i0.wp.com\/portfoliooead.com.br\/wp-content\/uploads\/2022\/07\/Sem-titulo-11.png?fit=148%2C261&amp;ssl=1\" data-orig-size=\"148,261\" data-comments-opened=\"1\" data-image-meta=\"{&quot;aperture&quot;:&quot;0&quot;,&quot;credit&quot;:&quot;&quot;,&quot;camera&quot;:&quot;&quot;,&quot;caption&quot;:&quot;&quot;,&quot;created_timestamp&quot;:&quot;0&quot;,&quot;copyright&quot;:&quot;&quot;,&quot;focal_length&quot;:&quot;0&quot;,&quot;iso&quot;:&quot;0&quot;,&quot;shutter_speed&quot;:&quot;0&quot;,&quot;title&quot;:&quot;&quot;,&quot;orientation&quot;:&quot;0&quot;}\" data-image-title=\"Sem t\u00edtulo\" data-image-description=\"\" data-image-caption=\"\" data-medium-file=\"https:\/\/i0.wp.com\/portfoliooead.com.br\/wp-content\/uploads\/2022\/07\/Sem-titulo-11.png?fit=148%2C261&amp;ssl=1\" data-large-file=\"https:\/\/i0.wp.com\/portfoliooead.com.br\/wp-content\/uploads\/2022\/07\/Sem-titulo-11.png?fit=148%2C261&amp;ssl=1\" data-recalc-dims=\"1\" data-ll-status=\"loaded\" data-lazy-loaded=\"1\" \/><\/p>\n<p>Para constar no relat\u00f3rio, vamos utilizar a m\u00e9dia, a mediana e a moda dos valores de faturamento<br \/>\nmensal, que s\u00e3o usadas para simplificar um conjunto de informa\u00e7\u00f5es em \u00fanico elemento, que s\u00e3o<br \/>\nchamados de medidas de tend\u00eancia central.<br \/>\nOs valores que ser\u00e3o apresentados no relat\u00f3rio:<br \/>\nA) M\u00e9dia dos faturamentos<br \/>\nB) Mediana dos faturamentos<br \/>\nC) Moda dos faturamentos<\/p>\n<p><strong>REFER\u00caNCIAS<\/strong><\/p>\n<p>CINTRA, J.; DALBEM, E. Comportamento organizacional. Londrina: Editora e Distribuidora<br \/>\nEducacional S. A., 2016.<br \/>\nGRAMIGNA, M. R. Modelo de compet\u00eancias e gest\u00e3o dos talentos. 2a Ed. S\u00e3o Paulo: Pearson<br \/>\nPrentice Hall, 2007.<br \/>\nGuia Trabalhista. Rescis\u00e3o de contrato de trabalho por justa causa do empregado. Dispon\u00edvel em:<br \/>\n&lt;encurtador.com.br\/hlCGY&gt; Acesso em 29 jun.2022.<br \/>\nJ\u00daNIOR, Valdir Machado Valad\u00e3o. Gest\u00e3o da Diversidade nas Organiza\u00e7\u00f5es: uma An\u00e1lise das Pr\u00e1ticas<br \/>\ndas Melhores Empresas para Trabalhar no Brasil. In: EnGPR 2011: III Encontro de Gest\u00e3o de Pessoas<br \/>\ne Rela\u00e7\u00f5es de Trabalho. Jo\u00e3o Pessoa: PB \u2013 20 a 22 de nov. 2011. Dispon\u00edvel em:<br \/>\n<a href=\"http:\/\/www.anpad.org.br\/admin\/pdf\/EnGPR264.pdf\" rel=\"nofollow\">http:\/\/www.anpad.org.br\/admin\/pdf\/EnGPR264.pdf<\/a>. Acesso: 29 Jun\/2022.<br \/>\nMORETTIN, P. A.; BUSSAB, W. O. Estat\u00edstica b\u00e1sica. 9. ed. S\u00e3o Paulo: Saraiva, 2017. (Minha<br \/>\nBiblioteca).<\/p>\n<p>PRODU\u00c7\u00c3O TEXTUAL<br \/>\nINTERDISCIPLINAR<\/p>\n<p>RODRIGUES, E. de A. Modelos de gest\u00e3o. Londrina: Editora e Distribuidora Educacional S.A., 2016.<br \/>\nTESTA, Janaina Vargas. Legisla\u00e7\u00e3o social e trabalhista. Londrina: Editora e Distribuidora Educacional S.A.,<br \/>\n2019.<br \/>\nVIEIRA, S. Fundamentos de estat\u00edstica. 6. ed. S\u00e3o Paulo: Atlas, 2019. (Minha Biblioteca).<br \/>\nDesenvolvimento sustent\u00e1vel. Dispon\u00edvel em:\u00a0<a href=\"https:\/\/bit.ly\/3npDwtq\" rel=\"nofollow\">https:\/\/bit.ly\/3npDwtq<\/a>. Acesso em 29 jun. 2022.<\/p>\n<div class=\"elementor-toggle-item\">\n<div id=\"elementor-tab-content-1941\" class=\"elementor-tab-content elementor-clearfix elementor-active\" role=\"tabpanel\" data-tab=\"1\" aria-labelledby=\"elementor-tab-title-1941\">\n<p>Elaboramos os portf\u00f3lios, j\u00e1 deixamos prontos, nas normas da ABNT e conforme os requisitos da universidade. F\u00e1cil assim! O MELHOR \u00c9 QUE VOC\u00ca COMPRA E J\u00c1 BAIXA NA HORA O SEU ARQUIVO EM WORD! Sabemos que conciliar trabalho, fam\u00edlia, vida profissional e estudos \u00e9 dif\u00edcil hoje em dia, por isso, estamos aqui para ajudar voc\u00ea. Conte com nossa qualidade, experi\u00eancia e profissionalismo adquirindo seu portf\u00f3lio conosco. GARANTIMOS SEU CONCEITO!<\/p>\n<div class=\"elementor-toggle-item\">\n<h4 id=\"elementor-tab-title-1941\" class=\"elementor-tab-title elementor-active\" tabindex=\"0\" role=\"tab\" data-tab=\"1\" aria-controls=\"elementor-tab-content-1941\" aria-expanded=\"true\" aria-selected=\"true\">Como funciona?<\/h4>\n<div id=\"elementor-tab-content-1941\" class=\"elementor-tab-content elementor-clearfix elementor-active\" role=\"tabpanel\" data-tab=\"1\" aria-labelledby=\"elementor-tab-title-1941\">\n<p>Elaboramos os portf\u00f3lios, j\u00e1 deixamos prontos, nas normas da ABNT e conforme os requisitos da universidade. F\u00e1cil assim! O MELHOR \u00c9 QUE VOC\u00ca COMPRA E J\u00c1 BAIXA NA HORA O SEU ARQUIVO EM WORD! Sabemos que conciliar trabalho, fam\u00edlia, vida profissional e estudos \u00e9 dif\u00edcil hoje em dia, por isso, estamos aqui para ajudar voc\u00ea. Conte com nossa qualidade, experi\u00eancia e profissionalismo adquirindo seu portf\u00f3lio conosco. GARANTIMOS SEU CONCEITO!<\/p>\n<h4>Como se realizam os envios?<\/h4>\n<\/div>\n<\/div>\n<div class=\"elementor-toggle-item\">\n<div id=\"elementor-tab-content-1942\" class=\"elementor-tab-content elementor-clearfix elementor-active\" role=\"tabpanel\" data-tab=\"2\" aria-labelledby=\"elementor-tab-title-1942\">O seu trabalho \u00e9 disponibilizado pronto, respondido e nas normas j\u00e1 na mesma hora aqui em nosso site na sua \u00e1rea de downloads e tamb\u00e9m no seu e-mail.<\/div>\n<\/div>\n<div class=\"elementor-toggle-item\">\n<div id=\"elementor-tab-content-1943\" class=\"elementor-tab-content elementor-clearfix elementor-active\" role=\"tabpanel\" data-tab=\"3\" aria-labelledby=\"elementor-tab-title-1943\">\n<h4>Em quanto tempo recebo o portf\u00f3lio?<\/h4>\n<\/div>\n<\/div>\n<div class=\"elementor-toggle-item\">\n<div id=\"elementor-tab-content-1944\" class=\"elementor-tab-content elementor-clearfix elementor-active\" role=\"tabpanel\" data-tab=\"4\" aria-labelledby=\"elementor-tab-title-1944\">\n<p>Os envios s\u00e3o imediatos. Ap\u00f3s sua compra, o trabalho j\u00e1 \u00e9 disponibilizado instantaneamente aqui em nosso site e no seu e-mail.<\/p>\n<h4>E se o portf\u00f3lio que comprei precisar de corre\u00e7\u00e3o?<\/h4>\n<\/div>\n<\/div>\n<div class=\"elementor-toggle-item\">\n<div id=\"elementor-tab-content-1945\" class=\"elementor-tab-content elementor-clearfix elementor-active\" role=\"tabpanel\" data-tab=\"5\" aria-labelledby=\"elementor-tab-title-1945\">\n<p>Caso haja alguma solicita\u00e7\u00e3o de corre\u00e7\u00e3o\/altera\u00e7\u00e3o por parte do tutor, basta entrar em contato conosco pelo\u00a0<a href=\"https:\/\/api.whatsapp.com\/send\/?phone=5553984751621&amp;text&amp;app_absent=0\">WhatsApp<\/a>\u00a0que provid\u00eanciaremos sem custo algum.<\/p>\n<h4>Qual o formato do arquivo?<\/h4>\n<\/div>\n<\/div>\n<div class=\"elementor-toggle-item\">\n<div id=\"elementor-tab-content-1946\" class=\"elementor-tab-content elementor-clearfix elementor-active\" role=\"tabpanel\" data-tab=\"6\" aria-labelledby=\"elementor-tab-title-1946\">\n<p>Os arquivos s\u00e3o enviados em formato Word e s\u00e3o edit\u00e1veis.<\/p>\n<h4>Caso eu tiver alguma d\u00favida, terei suporte no p\u00f3s venda?<\/h4>\n<\/div>\n<\/div>\n<div class=\"elementor-toggle-item\">\n<div id=\"elementor-tab-content-1948\" class=\"elementor-tab-content elementor-clearfix elementor-active\" role=\"tabpanel\" data-tab=\"8\" aria-labelledby=\"elementor-tab-title-1948\">\n<p>Sim, com certeza. Basta clicar no \u00edcone do WhatsApp no cantinho da tela. Ser\u00e1 um prazer atend\u00ea-lo(a).<\/p>\n<div class=\"elementor-toggle-item\">\n<div id=\"elementor-tab-content-1948\" class=\"elementor-tab-content elementor-clearfix elementor-active\" role=\"tabpanel\" data-tab=\"8\" aria-labelledby=\"elementor-tab-title-1948\">\n<h4>Quais os seus canais de contato?<\/h4>\n<\/div>\n<\/div>\n<div class=\"elementor-toggle-item\">\n<div id=\"elementor-tab-content-1949\" class=\"elementor-tab-content elementor-clearfix elementor-active\" role=\"tabpanel\" data-tab=\"9\" aria-labelledby=\"elementor-tab-title-1949\">\n<p>Whatsapp: 53 984751621 \u2013 Clicar no canto da tela ou ESCANEIE O QRCODE ABAIXO<\/p>\n<p><img decoding=\"async\" class=\"alignnone wp-image-7603\" src=\"http:\/\/portifolioos-prontos.com\/wp-content\/uploads\/2022\/09\/portfolio-unopar-pronto-colaborar-ava-producao-textual-interdisciplinar.png\" alt=\"Racismo e viol\u00eancia numa rede de varejo,Racismo e viol\u00eancia numa rede de varejo Portfolios Prontos,portf\u00f3lio Racismo e viol\u00eancia numa rede de varejo,portf\u00f3lio pronto unopar Racismo e viol\u00eancia numa rede de varejo,portf\u00f3lio administra\u00e7\u00e3o Racismo e viol\u00eancia numa rede de varejo,portf\u00f3lio administra\u00e7\u00e3o unopar,portf\u00f3lio adm unopar,portf\u00f3lio adm,Portfolio pronto,portifolio pronto,portf\u00f3lio pronto,portifolios prontos,portif\u00f3lios prontos,portf\u00f3lio pronto unopar,portifolio pronto unopar,portif\u00f3lio pronto unopar,portifolios prontos unopar,portifolios prontos anhanguera,produ\u00e7\u00e3o textual interdisciplinar,portfolio pronto unopar,portf\u00f3lios prontos anhanguera,portf\u00f3lio pronto anhanguera,portfolios ead,portf\u00f3lios ead,portfolioead,apostileiros,portf\u00f3lio ead,portifolios ead,portif\u00f3lios ead,eadhelp,shop do acad\u00eamico,unopar portfolio,portfolio pronto ead,portfolio unopar ead,ead portfolio ava,portf\u00f3lio ead anhanguera,portf\u00f3lio ead pronto,portf\u00f3lio ead unopar,portf\u00f3lio pronto em word,pti unopar,ptg unopar,modelo de portf\u00f3lio unopar,modelo de portf\u00f3lio anhanguera,como fazer um portf\u00f3lio para faculdade,como faz portf\u00f3lio universidade,como faz portf\u00f3lios para universidade,portf\u00f3lios prontos para universidade,portf\u00f3lios pronto para faculdade,portf\u00f3lio pronto para editar,portifolios prontos para editar,portf\u00f3lio em word,portfolio em word,portf\u00f3lio em word para editar,portifolio em word para editar,portfolio unopar pronto para editar,modelo de portfolio para unopar,modelo de portif\u00f3lio para unopar,modelo de portf\u00f3lio para unopar,unopar portf\u00f3lio pronto,anhanguera portf\u00f3lio pronto,portf\u00f3lio em word pronto,comprar portf\u00f3lio pronto,como fazer um portf\u00f3lio,como fazer portf\u00f3lio digital,portfolio,portf\u00f3lio,portifolio,portif\u00f3lio,portf\u00f3lio interdisciplinar individual,portfolio interdisciplinar individual,exemplos de portf\u00f3lio para faculdade,baixar portf\u00f3lio pronto,portf\u00f3lio acad\u00eamico,portf\u00f3lio online,portfoliooead,portfolio ead,portf\u00f3lio pronto interdisciplinar individual,relat\u00f3rio de est\u00e1gio unopar,relat\u00f3rio de est\u00e1gio pronto unopar,como criar um portf\u00f3lio,o que \u00e9 um portf\u00f3lio e como fazer,portfolio exemplo,modelo de portfolio acad\u00eamico,relat\u00f3rio de est\u00e1gio gest\u00e3o escolar pronto unopar,portf\u00f3lio como fazer,prova profici\u00eancia unopar,portfolio individual est\u00e1gio curricular obrigat\u00f3rio ii anos iniciais do ensino fundamental,prova de profici\u00eancia pedagogia unopar,capa de trabalho unopar para editar,portf\u00f3lio acad\u00eamico unopar,como fazer um portf\u00f3lio acad\u00eamico,portf\u00f3lio exemplos word,portfolio acad\u00eamico,portfolio individual,portfolio individual unopar,portfolio individual anhanguera,portfolio marketing digital,portf\u00f3lio educa\u00e7\u00e3o f\u00edsica unopar,portf\u00f3lio gest\u00e3o educacional e espa\u00e7os n\u00e3o escolares,como fazer um portifolio unopar,modelo de portf\u00f3lio unopar em arquivo word,capa de portf\u00f3lio de pedagogia,como fazer um portf\u00f3lio no word,projeto integrado unopar,exemplo de portf\u00f3lio academico pedagogia\" width=\"141\" height=\"141\" srcset=\"https:\/\/portifolioos-prontos.com\/wp-content\/uploads\/2022\/09\/portfolio-unopar-pronto-colaborar-ava-producao-textual-interdisciplinar.png 150w, https:\/\/portifolioos-prontos.com\/wp-content\/uploads\/2022\/09\/portfolio-unopar-pronto-colaborar-ava-producao-textual-interdisciplinar-100x100.png 100w\" sizes=\"(max-width: 141px) 100vw, 141px\" \/><\/p>\n<\/div>\n<\/div>\n<\/div>\n<\/div>\n<div class=\"elementor-toggle-item\">\n<div id=\"elementor-tab-content-1949\" class=\"elementor-tab-content elementor-clearfix elementor-active\" role=\"tabpanel\" data-tab=\"9\" aria-labelledby=\"elementor-tab-title-1949\">\n<p>E-mail:portifoliosp@gmail.com<\/p>\n<div id=\"attachment_143\" class=\"wp-caption alignnone\" style=\"width: 164px;\">\n<div id=\"attachment_143\" style=\"width: 171px\" class=\"wp-caption alignnone\"><a href=\"http:\/\/portifolioos-prontos.com\"><img decoding=\"async\" aria-describedby=\"caption-attachment-143\" class=\"wp-image-143\" title=\"portfolio pronto unopar\" src=\"http:\/\/portifolioos-prontos.com\/wp-content\/uploads\/2022\/04\/conceitomaximo.png\" alt=\"PORTFOLIO PRONTO UNOPAR ANHANGUERA\" width=\"161\" height=\"46\" aria-describedby=\"caption-attachment-143\" \/><\/a><p id=\"caption-attachment-143\" class=\"wp-caption-text\">Portf\u00f3lio em Word, respondido, completo e j\u00e1 nas normas.<\/p><\/div>\n<\/div>\n<\/div>\n<\/div>\n<\/div>\n<\/div>\n","protected":false},"excerpt":{"rendered":"<p>Portf\u00f3lio Racismo e viol\u00eancia numa rede de varejo Para atingir os objetivos desta produ\u00e7\u00e3o textual, voc\u00ea dever\u00e1 seguir as instru\u00e7\u00f5es voltadas \u00e0 elabora\u00e7\u00e3o do trabalho disponibilizadas neste manual, sob a orienta\u00e7\u00e3o do Tutor a Dist\u00e2ncia, considerando as disciplinas norteadoras. A participa\u00e7\u00e3o na consecu\u00e7\u00e3o da proposta \u00e9 fundamental para que haja o pleno desenvolvimento de compet\u00eancias&hellip;<\/p>\n","protected":false},"featured_media":5277,"template":"","meta":{"_seopress_robots_primary_cat":"none","_seopress_titles_title":"%%post_title%% %%sitetitle%%","_seopress_titles_desc":"%%post_content%%","_seopress_robots_index":""},"product_cat":[28,32,15],"product_tag":[],"class_list":{"0":"post-4821","1":"product","2":"type-product","3":"status-publish","4":"has-post-thumbnail","6":"product_cat-administracao","7":"product_cat-ciencias-contabeis","8":"product_cat-uncategorized","10":"first","11":"instock","12":"featured","13":"downloadable","14":"virtual","15":"purchasable","16":"product-type-simple","17":"col-xs-6 col-sm-4","18":"col-mf-5","19":"un-5-cols"},"jetpack_sharing_enabled":true,"_links":{"self":[{"href":"https:\/\/portifolioos-prontos.com\/index.php\/wp-json\/wp\/v2\/product\/4821","targetHints":{"allow":["GET"]}}],"collection":[{"href":"https:\/\/portifolioos-prontos.com\/index.php\/wp-json\/wp\/v2\/product"}],"about":[{"href":"https:\/\/portifolioos-prontos.com\/index.php\/wp-json\/wp\/v2\/types\/product"}],"version-history":[{"count":0,"href":"https:\/\/portifolioos-prontos.com\/index.php\/wp-json\/wp\/v2\/product\/4821\/revisions"}],"wp:featuredmedia":[{"embeddable":true,"href":"https:\/\/portifolioos-prontos.com\/index.php\/wp-json\/wp\/v2\/media\/5277"}],"wp:attachment":[{"href":"https:\/\/portifolioos-prontos.com\/index.php\/wp-json\/wp\/v2\/media?parent=4821"}],"wp:term":[{"taxonomy":"product_cat","embeddable":true,"href":"https:\/\/portifolioos-prontos.com\/index.php\/wp-json\/wp\/v2\/product_cat?post=4821"},{"taxonomy":"product_tag","embeddable":true,"href":"https:\/\/portifolioos-prontos.com\/index.php\/wp-json\/wp\/v2\/product_tag?post=4821"}],"curies":[{"name":"wp","href":"https:\/\/api.w.org\/{rel}","templated":true}]}}