{"id":4868,"date":"2022-07-19T16:22:32","date_gmt":"2022-07-19T19:22:32","guid":{"rendered":"https:\/\/portifolioos-prontos.com\/?post_type=product&#038;p=4868"},"modified":"2022-10-06T14:35:17","modified_gmt":"2022-10-06T17:35:17","slug":"portfolio-projeto-de-vida-e-a-formacao-integral-dos-sujeitos","status":"publish","type":"product","link":"https:\/\/portifolioos-prontos.com\/index.php\/product\/portfolio-projeto-de-vida-e-a-formacao-integral-dos-sujeitos\/","title":{"rendered":"Portf\u00f3lio Projeto de Vida e a forma\u00e7\u00e3o integral dos sujeitos"},"content":{"rendered":"<h4>Portf\u00f3lio Projeto de Vida e a forma\u00e7\u00e3o integral dos sujeitos<\/h4>\n<h4>Curso: Pedagogia<\/h4>\n<h4>Semestre: 5\u00ba \/ 6\u00ba<\/h4>\n<hr \/>\n<p>A proposta de Produ\u00e7\u00e3o Textual Interdisciplinar Individual (PTI) abordar\u00e1 o protagonismo<br \/>\njuvenil no contexto escolar e o tema do trabalho ser\u00e1 <strong>Projeto de Vida e a forma\u00e7\u00e3o integral dos<\/strong><br \/>\n<strong>sujeitos<\/strong>. Escolhemos este tema para possibilitar a aprendizagem interdisciplinar dos conte\u00fados<br \/>\ndesenvolvidos nas disciplinas desse semestre e, tamb\u00e9m, para consolidar a pr\u00e1tica como um<br \/>\nambiente de reflex\u00e3o.<br \/>\nNesse escopo, destacamos que, no ano de 2016, a Presid\u00eancia da Rep\u00fablica instituiu a<br \/>\nMedida Provis\u00f3ria n\u00ba 746, convertida posteriormente na Lei Federal n\u00ba 13.415, de 16 de fevereiro<br \/>\nde 2017, que trouxe altera\u00e7\u00f5es para as diretrizes e bases da educa\u00e7\u00e3o nacional. Entre as altera\u00e7\u00f5es<br \/>\nocorridas, encontra-se a mudan\u00e7a na estrutura do Ensino M\u00e9dio e a inclus\u00e3o de trabalho voltado<br \/>\npara a constru\u00e7\u00e3o de propostas de Projeto de Vida para os estudantes nos curr\u00edculos desta etapa da<br \/>\nEduca\u00e7\u00e3o B\u00e1sica. A Base Nacional Comum Curricular (BNCC) tamb\u00e9m contempla o Projeto de Vida<br \/>\nentre as suas dez compet\u00eancias gerais, que devem ser trabalhadas em todas as etapas da Educa\u00e7\u00e3o<br \/>\nB\u00e1sica. Diante dessa demanda, as Secretarias Estaduais de Educa\u00e7\u00e3o iniciaram um processo de<\/p>\n<p>PRODU\u00c7\u00c3O TEXTUAL<br \/>\nINTERDISCIPLINAR<\/p>\n<p>reforma curricular, buscando incluir a tem\u00e1tica Projeto de Vida nos processos de forma\u00e7\u00e3o dos<br \/>\nestudantes.<br \/>\nSendo assim, \u00e9 fundamental que os profissionais da educa\u00e7\u00e3o atuantes na etapa do Ensino<br \/>\nM\u00e9dio, seja como docentes, coordenadores pedag\u00f3gicos ou gestores, reflitam sobre o Projeto de<br \/>\nVida, considerado como uma das premissas para a forma\u00e7\u00e3o integral dos estudantes.<br \/>\nO principal objetivo de trabalhar com o Projeto de Vida com os jovens estudantes \u00e9 que eles<br \/>\ndesenvolvam as compet\u00eancias e habilidades necess\u00e1rias para assumirem o protagonismo de suas<br \/>\nvidas e possam tomar decis\u00f5es no \u00e2mbito pessoal, social e profissional com autonomia, consci\u00eancia<br \/>\ne responsabilidade. Nas etapas de desenvolvimento do Projeto de Vida, os estudantes ir\u00e3o adquirir<br \/>\nconhecimentos necess\u00e1rios para atuarem no mercado de trabalho, tornarem-se cidad\u00e3os<br \/>\nrespons\u00e1veis e \u00e9ticos, assim como escolherem um estilo de vida sustent\u00e1vel.<br \/>\nDe acordo com a BNCC (2018, p. 465), no Ensino M\u00e9dio, os jovens devem vivenciar<br \/>\nexperi\u00eancias que:<\/p>\n<p>\u2022 Favore\u00e7am a atribui\u00e7\u00e3o de sentido \u00e0s aprendizagens, por sua vincula\u00e7\u00e3o aos<br \/>\ndesafios da realidade e pela explicita\u00e7\u00e3o dos contextos de produ\u00e7\u00e3o e circula\u00e7\u00e3o de<br \/>\nconhecimentos.<br \/>\n\u2022 Garantam o protagonismo dos estudantes em sua aprendizagem e o<br \/>\ndesenvolvimento de suas capacidades de abstra\u00e7\u00e3o, reflex\u00e3o, interpreta\u00e7\u00e3o,<br \/>\nproposi\u00e7\u00e3o e a\u00e7\u00e3o, essenciais \u00e0 sua autonomia pessoal, profissional, intelectual e<br \/>\npol\u00edtica.<br \/>\n\u2022 Valorizem os pap\u00e9is sociais desempenhados pelos jovens, para al\u00e9m de sua<br \/>\ncondi\u00e7\u00e3o de estudante, e qualifiquem os processos de constru\u00e7\u00e3o de suas<br \/>\nidentidades e de seu projeto de vida.<br \/>\n\u2022 Promovam aprendizagem colaborativa, desenvolvendo, nos estudantes, a<br \/>\ncapacidade de trabalharem em equipe e aprenderem com seus pares.<br \/>\n\u2022 Estimulem atitudes cooperativas e propositivas para o enfrentamento dos<br \/>\ndesafios da comunidade, do mundo do trabalho e da sociedade em geral,<br \/>\nalicer\u00e7adas no conhecimento e na inova\u00e7\u00e3o.<\/p>\n<p>Sendo assim, a escola deve ser o lugar em que s\u00e3o oferecidas as condi\u00e7\u00f5es fundamentais<br \/>\npara a forma\u00e7\u00e3o do estudante como uma pessoa aut\u00f4noma, capaz de tomar decis\u00f5es baseadas em<br \/>\nconhecimentos e valores, solid\u00e1ria, que se envolva na solu\u00e7\u00e3o de problemas e reconhe\u00e7a a<br \/>\nnecessidade de dar sequ\u00eancia aos seus estudos em outras etapas na educa\u00e7\u00e3o.<\/p>\n<p>PRODU\u00c7\u00c3O TEXTUAL<br \/>\nINTERDISCIPLINAR<\/p>\n<p>Trabalhar com o Projeto de Vida \u00e9, tamb\u00e9m, uma forma de inovar no trabalho pedag\u00f3gico<br \/>\nrealizado no Ensino M\u00e9dio, pois possibilita a inser\u00e7\u00e3o das metodologias ativas nas pr\u00e1ticas<br \/>\nrealizadas nessa etapa.<br \/>\nAs metodologias ativas centram-se na ideia de que o aluno possa atuar como protagonista<br \/>\nde seu conhecimento e que o professor seja um mediador desse processo. Promovem a forma\u00e7\u00e3o<br \/>\nde um aluno mais livre, emancipado, aut\u00f4nomo e cooperativo, ou seja, protagonista do seu<br \/>\nprocesso de aprender, n\u00e3o sendo aquele sujeito apenas informado de conte\u00fados propostos por<br \/>\nementas curriculares. Nota-se, ent\u00e3o, que \u201cAs metodologias ativas s\u00e3o pontos de partida para<br \/>\navan\u00e7ar para processos mais avan\u00e7ados de reflex\u00e3o, de integra\u00e7\u00e3o cognitiva, de generaliza\u00e7\u00e3o, de<br \/>\nreelabora\u00e7\u00e3o de novas pr\u00e1ticas\u201d (MORAN, J. M. Mudando a educa\u00e7\u00e3o com metodologias ativas. In: SOUZA, C. A.;<br \/>\nMORALES, O. E. T. (Org.). Converg\u00eancias midi\u00e1ticas, educa\u00e7\u00e3o e cidadania: aproxima\u00e7\u00f5es jovens, v. 2. Ponta Grossa:<br \/>\nFoca Foto-PROEX\/UEPG, 2015.)<br \/>\nAcreditamos que, dessa forma, um dos maiores problemas que o Ensino M\u00e9dio no Brasil<br \/>\nenfrenta, a evas\u00e3o, possa ser amenizado, pois a tend\u00eancia \u00e9 que os estudantes se envolvam mais<br \/>\ncom as propostas realizadas na escola, atribuam significado \u00e0s aprendizagens e valorizem a<br \/>\neduca\u00e7\u00e3o como essencial para seu desenvolvimento como sujeito social.<\/p>\n<p>ORIENTA\u00c7\u00d5ES DA PRODU\u00c7\u00c3O TEXTUAL<\/p>\n<p>1. Leitura e interpreta\u00e7\u00e3o da SGA<\/p>\n<p>Por meio da leitura da SGA e, tamb\u00e9m, da situa\u00e7\u00e3o-problema apresentada, voc\u00ea deve<br \/>\nelaborar uma produ\u00e7\u00e3o textual que contemple um ou mais conte\u00fados de sua \u00e1rea.<\/p>\n<p>SITUA\u00c7\u00c3O GERADORA DE APRENDIZAGEM (SGA)<\/p>\n<p>A evas\u00e3o escolar representa um dos maiores desafios da educa\u00e7\u00e3o brasileira, em especial,<br \/>\nna etapa do Ensino M\u00e9dio. Entre suas causas, podemos citar quest\u00f5es socioecon\u00f4micas, raciais,<br \/>\nfamiliares e de sa\u00fade. Na escola estadual \u201cClarice Lispector\u201d, esse tem sido um desafio a ser<\/p>\n<p>PRODU\u00c7\u00c3O TEXTUAL<br \/>\nINTERDISCIPLINAR<\/p>\n<p>enfrentado pela equipe gestora, pois os \u00edndices de evas\u00e3o aumentaram nos \u00faltimos cinco anos,<br \/>\nprincipalmente, entre os alunos do Ensino M\u00e9dio.<br \/>\nA dire\u00e7\u00e3o da escola \u00e9 ocupada pela pedagoga Rute, que tem buscado compreender os<br \/>\nfatores desse aumento e, assim, tra\u00e7ar estrat\u00e9gias para reverter a situa\u00e7\u00e3o. A diretora prima pela<br \/>\ngest\u00e3o democr\u00e1tica dentro da escola e, nesse sentido, constantemente convida os professores e<br \/>\nequipe pedag\u00f3gica para refletir sobre essas quest\u00f5es.<br \/>\nEm um desses momentos de reflex\u00e3o, ao realizarem a leitura das compet\u00eancias gerais da<br \/>\nBNCC e da Lei n\u00ba 13.415\/2017, que alterou a LDB (Lei n\u00ba 9394\/1996), chamou a aten\u00e7\u00e3o dos<br \/>\ndocentes os seguintes trechos:<\/p>\n<p>Compet\u00eancia 6: Trabalho e Projeto de Vida \u2014 Valorizar a diversidade de saberes e<br \/>\nviv\u00eancias culturais e apropriar-se de conhecimentos e experi\u00eancias que lhe<br \/>\npossibilitem entender as rela\u00e7\u00f5es pr\u00f3prias do mundo do trabalho e fazer escolhas<br \/>\nalinhadas ao exerc\u00edcio da cidadania e ao seu projeto de vida, com liberdade,<br \/>\nautonomia, consci\u00eancia cr\u00edtica e responsabilidade (BRASIL, 2018).<br \/>\nArtigo 3\u00ba \u00a7 7\u00ba \u2013 Os curr\u00edculos do ensino m\u00e9dio dever\u00e3o considerar a forma\u00e7\u00e3o<br \/>\nintegral do aluno, de maneira a adotar um trabalho voltado para a constru\u00e7\u00e3o de<br \/>\nseu projeto de vida e para sua forma\u00e7\u00e3o nos aspectos f\u00edsicos, cognitivos e<br \/>\nsocioemocionais (BRASIL, 2017).<\/p>\n<p>Os professores, a equipe pedag\u00f3gica e a diretora Rute identificaram, a partir dessa leitura,<br \/>\nque o trabalho com o Projeto de Vida pode ser a estrat\u00e9gia necess\u00e1ria para atribuir sentido e<br \/>\nsignificado \u00e0s experi\u00eancias escolares na vida do estudante e lev\u00e1-lo a se envolver com as atividades<br \/>\npedag\u00f3gicas desenvolvidas na escola e, consequentemente, evitar a evas\u00e3o. A diretora Rute ainda<br \/>\nacrescentou a necessidade de repensarem as abordagens metodol\u00f3gicas realizadas no col\u00e9gio,<br \/>\nvisto que muito alunos n\u00e3o se sentem desafiados a atuarem de forma mais participativa nas<br \/>\natividades propostas.<\/p>\n<p>SITUA\u00c7\u00c3O-PROBLEMA (SP)<\/p>\n<p>A equipe gestora e os professores do col\u00e9gio estadual \u201cClarice Lispector\u201d decidiram<br \/>\nimplementar o trabalho de constru\u00e7\u00e3o do Projeto de Vida com os estudantes do Ensino M\u00e9dio.<br \/>\nPara tal proposta, perceberam ser importante trabalhar com metodologias ativas para que os<br \/>\nestudantes assumissem o protagonismo no processo.<\/p>\n<p>PRODU\u00c7\u00c3O TEXTUAL<br \/>\nINTERDISCIPLINAR<\/p>\n<p>Nesse trabalho, os estudantes ir\u00e3o refletir sobre seus sonhos, ambi\u00e7\u00f5es, onde almejam<br \/>\nchegar e quem pretendem ser, tanto na sua vida pessoal e social quanto na profissional. O objetivo<br \/>\n\u00e9 que os estudantes projetem uma vis\u00e3o de si no futuro e compreendam a import\u00e2ncia dos estudos<br \/>\npara que essas proje\u00e7\u00f5es se concretizem. O Projeto de Vida deve proporcionar experi\u00eancias para<br \/>\ncompreender a realidade, os desafios do mundo contempor\u00e2neo, assim como, promover a tomada<br \/>\nde decis\u00f5es \u00e9ticas, formando sujeitos cr\u00edticos, criativos, aut\u00f4nomos e respons\u00e1veis.<br \/>\nAlguns professores afirmaram que n\u00e3o tinham clareza em como o Projeto de Vida seria<br \/>\nconstru\u00eddo pelos estudantes e sobre qual o papel dos professores na media\u00e7\u00e3o desse processo,<br \/>\nvisto que deveriam colocar em pr\u00e1tica propostas voltadas \u00e0s metodologias ativas. Assim, a diretora<br \/>\nRute se comprometeu, junto \u00e0 equipe pedag\u00f3gica do col\u00e9gio, a elaborar um infogr\u00e1fico explicativo<br \/>\nsobre os aspectos que envolvem o Projeto de Vida e sua constru\u00e7\u00e3o a partir das metodologias<br \/>\nativas, que servir\u00e1 como orienta\u00e7\u00e3o para os professores.<br \/>\nAcad\u00eamico, agora \u00e9 com voc\u00ea!<\/p>\n<p>ORIENTA\u00c7\u00d5ES PARA A EXECU\u00c7\u00c3O DO TRABALHO<\/p>\n<p>Tendo como base essas considera\u00e7\u00f5es, voc\u00ea deve organizar a produ\u00e7\u00e3o textual, observando<br \/>\nos seguintes itens:<\/p>\n<p>1\u00ba) Realizar a leitura dos textos sugeridos abaixo. Al\u00e9m dessas sugest\u00f5es, voc\u00ea poder\u00e1<br \/>\nutilizar, para a elabora\u00e7\u00e3o da produ\u00e7\u00e3o textual, os demais materiais disponibilizados pelas<br \/>\ndisciplinas do semestre:<br \/>\nTexto 1: BRASIL. Lei de Diretrizes e Bases da Educa\u00e7\u00e3o Nacional. Lei n\u00ba 13.415\/2017, de 13<br \/>\nde fevereiro de 2017, Altera as Leis n\u00ba 9.394, de 20 de dezembro de 1996, que estabelece as<br \/>\ndiretrizes e bases da educa\u00e7\u00e3o nacional, e 11.494, de 20 de junho 2007, que regulamenta o Fundo<br \/>\nde Manuten\u00e7\u00e3o e Desenvolvimento da Educa\u00e7\u00e3o B\u00e1sica e de Valoriza\u00e7\u00e3o dos Profissionais da<br \/>\nEduca\u00e7\u00e3o, a Consolida\u00e7\u00e3o das Leis do Trabalho \u2013 CLT, aprovada pelo Decreto-Lei n\u00ba 5.452, de 1\u00ba de<br \/>\nmaio de 1943, e o Decreto-Lei n\u00ba 236, de 28 de fevereiro de 1967; revoga a Lei n\u00ba 11.161, de 5 de<br \/>\nagosto de 2005; e institui a Pol\u00edtica de Fomento \u00e0 Implementa\u00e7\u00e3o de Escolas de Ensino M\u00e9dio em<\/p>\n<p>PRODU\u00c7\u00c3O TEXTUAL<br \/>\nINTERDISCIPLINAR<\/p>\n<p>Tempo Integral. 2017. Dispon\u00edvel em:\u00a0<a href=\"http:\/\/www.planalto.gov.br\/ccivil_03\/_ato2015-\" rel=\"nofollow\">http:\/\/www.planalto.gov.br\/ccivil_03\/_ato2015-<\/a><br \/>\n2018\/2017\/lei\/L13415.htm. Acesso em: 10 jun. 2022.<br \/>\nTexto 2: BRASIL. Minist\u00e9rio da Educa\u00e7\u00e3o. Base Nacional Comum Curricular. Bras\u00edlia, 2018, p.<br \/>\n461-468.<br \/>\nTexto 3: SANTOS, Kaliana Silva; GONTIJO, Simone Braz Ferreira. Ensino m\u00e9dio e projeto de<br \/>\nvida: possibilidades e desafios. Revista Nova Paideia \u2013 Revista Interdisciplinar em Educa\u00e7\u00e3o e<br \/>\nPesquisa, [S. l.], v. 2, n. 1, p. 19 \u2013 34, 2020. Dispon\u00edvel em:<br \/>\n<a href=\"http:\/\/ojs.novapaideia.org\/index.php\/RIEP\/article\/view\/27\" rel=\"nofollow\">http:\/\/ojs.novapaideia.org\/index.php\/RIEP\/article\/view\/27<\/a>. Acesso em: 10 jun. 2022.<br \/>\nTexto 4: MORAN, Jos\u00e9. Metodologias ativas para realizar transforma\u00e7\u00f5es progressivas e<br \/>\nprofundas no curr\u00edculo. 2013. Dispon\u00edvel em:\u00a0<a href=\"http:\/\/www2.eca.usp.br\/moran\/wp-\" rel=\"nofollow\">http:\/\/www2.eca.usp.br\/moran\/wp-<\/a><br \/>\ncontent\/uploads\/2013\/12\/transformacoes.pdf. Acesso em: 10 jun. 2022.<\/p>\n<p>2\u00ba) Elaborar a\u00a0Introdu\u00e7\u00e3o\u00a0da produ\u00e7\u00e3o textual. Neste t\u00f3pico, voc\u00ea deve\u00a0redigir, em at\u00e9 uma<br \/>\np\u00e1gina, uma apresenta\u00e7\u00e3o sobre o que ser\u00e1 abordado no trabalho, expor os objetivos e a<br \/>\nimport\u00e2ncia de sua realiza\u00e7\u00e3o.\u00a0\u00a0(1 lauda)<\/p>\n<p>3\u00ba) Para o\u00a0Desenvolvimento\u00a0do trabalho, voc\u00ea deve elaborar as duas atividades indicadas a<br \/>\nseguir: (2 a 3 laudas)<br \/>\na) Construir um texto com o seguinte tema \u201cO Projeto de Vida e a forma\u00e7\u00e3o integral dos<br \/>\nsujeitos\u201d. Para essa elabora\u00e7\u00e3o, utilize as leituras do item anterior. Este texto poder\u00e1 ser<br \/>\nadaptado para o item Contextualiza\u00e7\u00e3o do infogr\u00e1fico.<br \/>\nb) Elaborar um infogr\u00e1fico, utilizando a ferramenta digital Canva, apresentando os principais<br \/>\naspectos relacionados ao Projeto de Vida e sua constru\u00e7\u00e3o a partir das metodologias ativas<br \/>\nque foram pontuados no texto. Esse infogr\u00e1fico ser\u00e1 destinado aos professores do col\u00e9gio<br \/>\npara orient\u00e1-los na media\u00e7\u00e3o do trabalho de constru\u00e7\u00e3o do projeto de vida por parte dos<br \/>\nestudantes do Ensino M\u00e9dio.<br \/>\nInfogr\u00e1fico \u00e9 um conte\u00fado explicativo que cont\u00e9m informa\u00e7\u00f5es verbais e visuais,<br \/>\ntransmitindo dados e conceitos de forma f\u00e1cil. Infogr\u00e1ficos costumam conter textos,<br \/>\nilustra\u00e7\u00f5es, gr\u00e1ficos, \u00edcones e outros tipos de m\u00eddia em sua produ\u00e7\u00e3o. Para facilitar a sua<br \/>\ncompreens\u00e3o, apresentamos um exemplo no anexo 1.<\/p>\n<p>PRODU\u00c7\u00c3O TEXTUAL<br \/>\nINTERDISCIPLINAR<\/p>\n<p>Para criar o infogr\u00e1fico no Canva, basta seguir as etapas apresentadas na sequ\u00eancia:<\/p>\n<p><strong>Passo 1.<\/strong><br \/>\nAcesse o Canva. Para tanto, basta digitar o endere\u00e7o (<a href=\"https:\/\/www.canva.com\/pt_br\/\" rel=\"nofollow\">https:\/\/www.canva.com\/pt_br\/<\/a>) no<br \/>\nnavegador.<\/p>\n<p><strong>Passo 2.<\/strong><br \/>\n\u2013 Caso voc\u00ea j\u00e1 tenha acessado anteriormente, basta entrar na conta.<br \/>\n\u2013 Caso seja o primeiro acesso, basta clicar em registre-se, conforme imagem a seguir.<\/p>\n<p><img fetchpriority=\"high\" decoding=\"async\" class=\"alignnone size-medium wp-image-54142 jetpack-lazy-image jetpack-lazy-image--handled lazyloaded\" src=\"https:\/\/i0.wp.com\/portfoliooead.com.br\/wp-content\/uploads\/2022\/07\/125877.png?resize=600%2C395&amp;is-pending-load=1#038;ssl=1\" sizes=\"(max-width: 600px) 100vw, 600px\" srcset=\"https:\/\/i0.wp.com\/portfoliooead.com.br\/wp-content\/uploads\/2022\/07\/125877.png?resize=600%2C395&amp;ssl=1 600w, https:\/\/i0.wp.com\/portfoliooead.com.br\/wp-content\/uploads\/2022\/07\/125877.png?resize=250%2C165&amp;ssl=1 250w, https:\/\/i0.wp.com\/portfoliooead.com.br\/wp-content\/uploads\/2022\/07\/125877.png?w=638&amp;ssl=1 638w\" alt=\"Projeto de Vida e a forma\u00e7\u00e3o integral dos sujeitos,portf\u00f3lio Projeto de Vida e a forma\u00e7\u00e3o integral dos sujeitos,portf\u00f3lio pronto Projeto de Vida e a forma\u00e7\u00e3o integral dos sujeitos,portf\u00f3lio ead Projeto de Vida e a forma\u00e7\u00e3o integral dos sujeitos,portf\u00f3lio unopar Projeto de Vida e a forma\u00e7\u00e3o integral dos sujeitos,portf\u00f3lio pedagogia Projeto de Vida e a forma\u00e7\u00e3o integral dos sujeitos,pedagogia Projeto de Vida e a forma\u00e7\u00e3o integral dos sujeitos,pedagogia unopar,pedagogia anhanguera,trabalho unopar Projeto de Vida e a forma\u00e7\u00e3o integral dos sujeitos,trabalhos prontos Projeto de Vida e a forma\u00e7\u00e3o integral dos sujeitos,portf\u00f3lio pedagogia unopar,portf\u00f3lio pedagogia anhanguera,portf\u00f3lio pedagogia,portf\u00f3lio pedagogia pdf,portf\u00f3lio pedagogia unopar 1 semestre,portf\u00f3lio pedagogia 1 semestre anhanguera,portf\u00f3lio pedagogia unopar 2021,portfolio pedagogia 4 semestre unopar,portf\u00f3lio pedagogia unopar 1 semestre 2021,portfolio pedagogia unopar 2 semestre,portfolio pedagogia 5 semestre unopar,portfolio pedagogia 2 semestre,projeto de vida e a forma\u00e7\u00e3o integral dos sujeitos portfolio,projeto de vida e a forma\u00e7\u00e3o integral dos sujeitos unopar,projeto de vida e a forma\u00e7\u00e3o integral dos sujeitos slides,projeto de vida e a forma\u00e7\u00e3o integral dos sujeitos passei direto,projeto de vida e a forma\u00e7\u00e3o integral dos sujeitos brainly,projeto de vida e a forma\u00e7\u00e3o integral dos sujeitos conclus\u00e3o,projeto de vida e a forma\u00e7\u00e3o integral dos sujeitos bncc,projeto de vida e a forma\u00e7\u00e3o integral dos sujeitos pronto,projeto de vida e a forma\u00e7\u00e3o integral dos sujeitos desenvolvimento,Portfolio pronto,portifolio pronto,portf\u00f3lio pronto,portifolios prontos,portif\u00f3lios prontos,portf\u00f3lio pronto unopar,portifolio pronto unopar,portif\u00f3lio pronto unopar,portifolios prontos unopar,portifolios prontos anhanguera,portf\u00f3lios prontos anhanguera,portf\u00f3lio pronto anhanguera,portfolios ead,portf\u00f3lios ead,portfolioead,apostileiros,portf\u00f3lio ead,portifolios ead,portif\u00f3lios ead,eadhelp,shop do acad\u00eamico,unopar portfolio,portfolio pronto ead,portfolio unopar ead,ead portfolio ava,portf\u00f3lio ead anhanguera,portf\u00f3lio ead pront,o portf\u00f3lio ead unopar,portf\u00f3lio pronto em word,pti unopar,ptg unopar,modelo de portf\u00f3lio unopar,modelo de portf\u00f3lio anhanguera,como fazer um portf\u00f3lio para faculdade,como faz portf\u00f3lio universidade,como faz portf\u00f3lios para universidade,portf\u00f3lios prontos para universidade,portf\u00f3lios pronto para faculdade,portf\u00f3lio pronto para editar,portifolios prontos para editar,portf\u00f3lio em word,portfolio em word,portf\u00f3lio em word para editar,portifolio em word para editar,portfolio unopar pronto para editar,modelo de portfolio para unopar,modelo de portif\u00f3lio para unopar,modelo de portf\u00f3lio para unopar,unopar portf\u00f3lio pronto,anhanguera portf\u00f3lio pronto,portf\u00f3lio em word pronto,comprar portf\u00f3lio pronto,como fazer um portf\u00f3lio,como fazer portf\u00f3lio digital,portfolio,portf\u00f3lio,portifolio,portif\u00f3lio,portf\u00f3lio interdisciplinar individual,portfolio interdisciplinar individual,exemplos de portf\u00f3lio para faculdade,baixar portf\u00f3lio pronto,portf\u00f3lio acad\u00eamico,portf\u00f3lio online,portfoliooead,portfolio ead,portf\u00f3lio pronto interdisciplinar individual,relat\u00f3rio de est\u00e1gio unopar,relat\u00f3rio de est\u00e1gio pronto unopar,como criar um portf\u00f3lio,o que \u00e9 um portf\u00f3lio e como fazer,portfolio exemplo,modelo de portfolio acad\u00eamico,relat\u00f3rio de est\u00e1gio gest\u00e3o escolar pronto unopar,portf\u00f3lio como fazer,prova profici\u00eancia unopar,portfolio individual est\u00e1gio curricular obrigat\u00f3rio ii anos iniciais do ensino fundamental,prova de profici\u00eancia pedagogia unopar,capa de trabalho unopar para editar,portf\u00f3lio acad\u00eamico unopar,como fazer um portf\u00f3lio acad\u00eamico,portf\u00f3lio exemplos word,portfolio acad\u00eamico,portfolio individual,portfolio individual unopar,portfolio individual anhanguera,portfolio marketing digital,portf\u00f3lio educa\u00e7\u00e3o f\u00edsica unopar,portf\u00f3lio gest\u00e3o educacional e espa\u00e7os n\u00e3o escolares,como fazer um portifolio unopar,modelo de portf\u00f3lio unopar em arquivo word,capa de portf\u00f3lio de pedagogia,como fazer um portf\u00f3lio no word,projeto integrado unopar,exemplo de portf\u00f3lio academico pedagogia\" width=\"600\" height=\"395\" data-attachment-id=\"54142\" data-permalink=\"https:\/\/portfoliooead.com.br\/?attachment_id=54142#main\" data-orig-file=\"https:\/\/i0.wp.com\/portfoliooead.com.br\/wp-content\/uploads\/2022\/07\/125877.png?fit=638%2C420&amp;ssl=1\" data-orig-size=\"638,420\" data-comments-opened=\"1\" data-image-meta=\"{&quot;aperture&quot;:&quot;0&quot;,&quot;credit&quot;:&quot;&quot;,&quot;camera&quot;:&quot;&quot;,&quot;caption&quot;:&quot;&quot;,&quot;created_timestamp&quot;:&quot;0&quot;,&quot;copyright&quot;:&quot;&quot;,&quot;focal_length&quot;:&quot;0&quot;,&quot;iso&quot;:&quot;0&quot;,&quot;shutter_speed&quot;:&quot;0&quot;,&quot;title&quot;:&quot;&quot;,&quot;orientation&quot;:&quot;0&quot;}\" data-image-title=\"125877\" data-image-description=\"\" data-image-caption=\"\" data-medium-file=\"https:\/\/i0.wp.com\/portfoliooead.com.br\/wp-content\/uploads\/2022\/07\/125877.png?fit=600%2C395&amp;ssl=1\" data-large-file=\"https:\/\/i0.wp.com\/portfoliooead.com.br\/wp-content\/uploads\/2022\/07\/125877.png?fit=638%2C420&amp;ssl=1\" data-recalc-dims=\"1\" data-ll-status=\"loaded\" data-lazy-loaded=\"1\" \/><\/p>\n<p>Agora, apresentamos uma lista sobre quais elementos s\u00e3o necess\u00e1rios no infogr\u00e1fico.<br \/>\nContextualiza\u00e7\u00e3o Apresenta\u00e7\u00e3o do tema investigado e a<br \/>\ncontextualiza\u00e7\u00e3o em rela\u00e7\u00e3o \u00e0 pr\u00e1tica pedag\u00f3gica.<\/p>\n<p>Principais aspectos sobre o Projeto de Vida<\/p>\n<p>O que \u00e9; quais objetivos da elabora\u00e7\u00e3o do projeto de<br \/>\nvida; qual a import\u00e2ncia do projeto de vida no<br \/>\nensino m\u00e9dio; quais dimens\u00f5es da vida do jovem o<\/p>\n<p>projeto de vida pode englobar; como criar um<br \/>\nprojeto de vida na escola; entre outros.<\/p>\n<p>Papel do professor na media\u00e7\u00e3o da<br \/>\nconstru\u00e7\u00e3o do Projeto de Vida a partir<br \/>\ndas metodologias ativas<\/p>\n<p>O que s\u00e3o metodologias ativas; como aplicar as<br \/>\nmetodologias ativas na constru\u00e7\u00e3o do projeto de<br \/>\nvida; como o professor atua nesse processo, entre<br \/>\noutros.<\/p>\n<p>Refer\u00eancias Indique os materiais utilizados para a prepara\u00e7\u00e3o do infogr\u00e1fico.<\/p>\n<p>Aten\u00e7\u00e3o:<br \/>\n* O infogr\u00e1fico dever\u00e1 ser inclu\u00eddo em formato grande, ocupando uma p\u00e1gina inteira do trabalho,<br \/>\ngarantindo, assim, a legibilidade.<br \/>\n** Para aprofundar os conhecimentos sobre a produ\u00e7\u00e3o de infogr\u00e1fico no Canva, \u00e9 poss\u00edvel assistir<br \/>\nao v\u00eddeo:\u00a0<a href=\"https:\/\/www.youtube.com\/watch?v=zB4PwLWcfok\" rel=\"nofollow\">https:\/\/www.youtube.com\/watch?v=zB4PwLWcfok<\/a>\u00a0.<\/p>\n<p>4\u00ba) Para finalizar, deve-se elaborar as Considera\u00e7\u00f5es finais, em at\u00e9 uma p\u00e1gina, para<br \/>\napresentar a conclus\u00e3o do trabalho, sintetizando os elementos discutidos no seu texto. Apresente,<br \/>\ntamb\u00e9m, as contribui\u00e7\u00f5es que o trabalho trouxe para o aprendizado de todos.<\/p>\n<p>5\u00ba)\u00a0Refer\u00eancias: n\u00e3o se esque\u00e7a de listar todos os autores e materiais que foram utilizados<br \/>\ndurante o desenvolvimento do\u00a0trabalho.<\/p>\n<div class=\"elementor-toggle-item\">\n<div class=\"elementor-toggle-item\">\n<h4 id=\"elementor-tab-title-1941\" class=\"elementor-tab-title elementor-active\" tabindex=\"0\" role=\"tab\" data-tab=\"1\" aria-controls=\"elementor-tab-content-1941\" aria-expanded=\"true\" aria-selected=\"true\">Como funciona?<\/h4>\n<div id=\"elementor-tab-content-1941\" class=\"elementor-tab-content elementor-clearfix elementor-active\" role=\"tabpanel\" data-tab=\"1\" aria-labelledby=\"elementor-tab-title-1941\">\n<p>Elaboramos os portf\u00f3lios, j\u00e1 deixamos prontos, nas normas da ABNT e conforme os requisitos da universidade. F\u00e1cil assim! O MELHOR \u00c9 QUE VOC\u00ca COMPRA E J\u00c1 BAIXA NA HORA O SEU ARQUIVO EM WORD! Sabemos que conciliar trabalho, fam\u00edlia, vida profissional e estudos \u00e9 dif\u00edcil hoje em dia, por isso, estamos aqui para ajudar voc\u00ea. Conte com nossa qualidade, experi\u00eancia e profissionalismo adquirindo seu portf\u00f3lio conosco. GARANTIMOS SEU CONCEITO!<\/p>\n<h4>Como se realizam os envios?<\/h4>\n<\/div>\n<\/div>\n<div class=\"elementor-toggle-item\">\n<div id=\"elementor-tab-content-1942\" class=\"elementor-tab-content elementor-clearfix elementor-active\" role=\"tabpanel\" data-tab=\"2\" aria-labelledby=\"elementor-tab-title-1942\">O seu trabalho \u00e9 disponibilizado pronto, respondido e nas normas j\u00e1 na mesma hora aqui em nosso site na sua \u00e1rea de downloads e tamb\u00e9m no seu e-mail.<\/div>\n<\/div>\n<div class=\"elementor-toggle-item\">\n<div id=\"elementor-tab-content-1943\" class=\"elementor-tab-content elementor-clearfix elementor-active\" role=\"tabpanel\" data-tab=\"3\" aria-labelledby=\"elementor-tab-title-1943\">\n<h4>Em quanto tempo recebo o portf\u00f3lio?<\/h4>\n<\/div>\n<\/div>\n<div class=\"elementor-toggle-item\">\n<div id=\"elementor-tab-content-1944\" class=\"elementor-tab-content elementor-clearfix elementor-active\" role=\"tabpanel\" data-tab=\"4\" aria-labelledby=\"elementor-tab-title-1944\">\n<p>Os envios s\u00e3o imediatos. Ap\u00f3s sua compra, o trabalho j\u00e1 \u00e9 disponibilizado instantaneamente aqui em nosso site e no seu e-mail.<\/p>\n<h4>E se o portf\u00f3lio que comprei precisar de corre\u00e7\u00e3o?<\/h4>\n<\/div>\n<\/div>\n<div class=\"elementor-toggle-item\">\n<div id=\"elementor-tab-content-1945\" class=\"elementor-tab-content elementor-clearfix elementor-active\" role=\"tabpanel\" data-tab=\"5\" aria-labelledby=\"elementor-tab-title-1945\">\n<p>Caso haja alguma solicita\u00e7\u00e3o de corre\u00e7\u00e3o\/altera\u00e7\u00e3o por parte do tutor, basta entrar em contato conosco pelo\u00a0WhatsApp\u00a0que provid\u00eanciaremos sem custo algum.<\/p>\n<h4>Qual o formato do arquivo?<\/h4>\n<\/div>\n<\/div>\n<div class=\"elementor-toggle-item\">\n<div id=\"elementor-tab-content-1946\" class=\"elementor-tab-content elementor-clearfix elementor-active\" role=\"tabpanel\" data-tab=\"6\" aria-labelledby=\"elementor-tab-title-1946\">\n<p>Os arquivos s\u00e3o enviados em formato Word e s\u00e3o edit\u00e1veis.<\/p>\n<h4>Caso eu tiver alguma d\u00favida, terei suporte no p\u00f3s venda?<\/h4>\n<\/div>\n<\/div>\n<div class=\"elementor-toggle-item\">\n<div id=\"elementor-tab-content-1948\" class=\"elementor-tab-content elementor-clearfix elementor-active\" role=\"tabpanel\" data-tab=\"8\" aria-labelledby=\"elementor-tab-title-1948\">\n<p>Sim, com certeza. Basta clicar no \u00edcone do WhatsApp no cantinho da tela. Ser\u00e1 um prazer atend\u00ea-lo(a).<\/p>\n<div class=\"elementor-toggle-item\">\n<div id=\"elementor-tab-content-1948\" class=\"elementor-tab-content elementor-clearfix elementor-active\" role=\"tabpanel\" data-tab=\"8\" aria-labelledby=\"elementor-tab-title-1948\">\n<h4>Quais os seus canais de contato?<\/h4>\n<\/div>\n<\/div>\n<div class=\"elementor-toggle-item\">\n<div id=\"elementor-tab-content-1949\" class=\"elementor-tab-content elementor-clearfix elementor-active\" role=\"tabpanel\" data-tab=\"9\" aria-labelledby=\"elementor-tab-title-1949\">\n<p>Whatsapp: 53 984751621 \u2013 Clicar no canto da tela ou ESCANEIE O QRCODE ABAIXO<\/p>\n<p><img decoding=\"async\" class=\"alignnone wp-image-7603\" src=\"http:\/\/portifolioos-prontos.com\/wp-content\/uploads\/2022\/09\/portfolio-unopar-pronto-colaborar-ava-producao-textual-interdisciplinar.png\" alt=\"Projeto de Vida e a forma\u00e7\u00e3o integral dos sujeitos,portf\u00f3lio Projeto de Vida e a forma\u00e7\u00e3o integral dos sujeitos,portf\u00f3lio pronto Projeto de Vida e a forma\u00e7\u00e3o integral dos sujeitos,portf\u00f3lio ead Projeto de Vida e a forma\u00e7\u00e3o integral dos sujeitos,portf\u00f3lio unopar Projeto de Vida e a forma\u00e7\u00e3o integral dos sujeitos,portf\u00f3lio pedagogia Projeto de Vida e a forma\u00e7\u00e3o integral dos sujeitos,pedagogia Projeto de Vida e a forma\u00e7\u00e3o integral dos sujeitos,pedagogia unopar,pedagogia anhanguera,trabalho unopar Projeto de Vida e a forma\u00e7\u00e3o integral dos sujeitos,trabalhos prontos Projeto de Vida e a forma\u00e7\u00e3o integral dos sujeitos,portf\u00f3lio pedagogia unopar,portf\u00f3lio pedagogia anhanguera,portf\u00f3lio pedagogia,portf\u00f3lio pedagogia pdf,portf\u00f3lio pedagogia unopar 1 semestre,portf\u00f3lio pedagogia 1 semestre anhanguera,portf\u00f3lio pedagogia unopar 2021,portfolio pedagogia 4 semestre unopar,portf\u00f3lio pedagogia unopar 1 semestre 2021,portfolio pedagogia unopar 2 semestre,portfolio pedagogia 5 semestre unopar,portfolio pedagogia 2 semestre,projeto de vida e a forma\u00e7\u00e3o integral dos sujeitos portfolio,projeto de vida e a forma\u00e7\u00e3o integral dos sujeitos unopar,projeto de vida e a forma\u00e7\u00e3o integral dos sujeitos slides,projeto de vida e a forma\u00e7\u00e3o integral dos sujeitos passei direto,projeto de vida e a forma\u00e7\u00e3o integral dos sujeitos brainly,projeto de vida e a forma\u00e7\u00e3o integral dos sujeitos conclus\u00e3o,projeto de vida e a forma\u00e7\u00e3o integral dos sujeitos bncc,projeto de vida e a forma\u00e7\u00e3o integral dos sujeitos pronto,projeto de vida e a forma\u00e7\u00e3o integral dos sujeitos desenvolvimento,Portfolio pronto,portifolio pronto,portf\u00f3lio pronto,portifolios prontos,portif\u00f3lios prontos,portf\u00f3lio pronto unopar,portifolio pronto unopar,portif\u00f3lio pronto unopar,portifolios prontos unopar,portifolios prontos anhanguera,portf\u00f3lios prontos anhanguera,portf\u00f3lio pronto anhanguera,portfolios ead,portf\u00f3lios ead,portfolioead,apostileiros,portf\u00f3lio ead,portifolios ead,portif\u00f3lios ead,eadhelp,shop do acad\u00eamico,unopar portfolio,portfolio pronto ead,portfolio unopar ead,ead portfolio ava,portf\u00f3lio ead anhanguera,portf\u00f3lio ead pront,o portf\u00f3lio ead unopar,portf\u00f3lio pronto em word,pti unopar,ptg unopar,modelo de portf\u00f3lio unopar,modelo de portf\u00f3lio anhanguera,como fazer um portf\u00f3lio para faculdade,como faz portf\u00f3lio universidade,como faz portf\u00f3lios para universidade,portf\u00f3lios prontos para universidade,portf\u00f3lios pronto para faculdade,portf\u00f3lio pronto para editar,portifolios prontos para editar,portf\u00f3lio em word,portfolio em word,portf\u00f3lio em word para editar,portifolio em word para editar,portfolio unopar pronto para editar,modelo de portfolio para unopar,modelo de portif\u00f3lio para unopar,modelo de portf\u00f3lio para unopar,unopar portf\u00f3lio pronto,anhanguera portf\u00f3lio pronto,portf\u00f3lio em word pronto,comprar portf\u00f3lio pronto,como fazer um portf\u00f3lio,como fazer portf\u00f3lio digital,portfolio,portf\u00f3lio,portifolio,portif\u00f3lio,portf\u00f3lio interdisciplinar individual,portfolio interdisciplinar individual,exemplos de portf\u00f3lio para faculdade,baixar portf\u00f3lio pronto,portf\u00f3lio acad\u00eamico,portf\u00f3lio online,portfoliooead,portfolio ead,portf\u00f3lio pronto interdisciplinar individual,relat\u00f3rio de est\u00e1gio unopar,relat\u00f3rio de est\u00e1gio pronto unopar,como criar um portf\u00f3lio,o que \u00e9 um portf\u00f3lio e como fazer,portfolio exemplo,modelo de portfolio acad\u00eamico,relat\u00f3rio de est\u00e1gio gest\u00e3o escolar pronto unopar,portf\u00f3lio como fazer,prova profici\u00eancia unopar,portfolio individual est\u00e1gio curricular obrigat\u00f3rio ii anos iniciais do ensino fundamental,prova de profici\u00eancia pedagogia unopar,capa de trabalho unopar para editar,portf\u00f3lio acad\u00eamico unopar,como fazer um portf\u00f3lio acad\u00eamico,portf\u00f3lio exemplos word,portfolio acad\u00eamico,portfolio individual,portfolio individual unopar,portfolio individual anhanguera,portfolio marketing digital,portf\u00f3lio educa\u00e7\u00e3o f\u00edsica unopar,portf\u00f3lio gest\u00e3o educacional e espa\u00e7os n\u00e3o escolares,como fazer um portifolio unopar,modelo de portf\u00f3lio unopar em arquivo word,capa de portf\u00f3lio de pedagogia,como fazer um portf\u00f3lio no word,projeto integrado unopar,exemplo de portf\u00f3lio academico pedagogia\" width=\"141\" height=\"141\" srcset=\"https:\/\/portifolioos-prontos.com\/wp-content\/uploads\/2022\/09\/portfolio-unopar-pronto-colaborar-ava-producao-textual-interdisciplinar.png 150w, https:\/\/portifolioos-prontos.com\/wp-content\/uploads\/2022\/09\/portfolio-unopar-pronto-colaborar-ava-producao-textual-interdisciplinar-100x100.png 100w\" sizes=\"(max-width: 141px) 100vw, 141px\" \/><\/p>\n<\/div>\n<\/div>\n<\/div>\n<\/div>\n<div class=\"elementor-toggle-item\">\n<div id=\"elementor-tab-content-1949\" class=\"elementor-tab-content elementor-clearfix elementor-active\" role=\"tabpanel\" data-tab=\"9\" aria-labelledby=\"elementor-tab-title-1949\">\n<p>E-mail:portifoliosp@gmail.com<\/p>\n<div id=\"attachment_143\" class=\"wp-caption alignnone\">\n<div id=\"attachment_143\" class=\"wp-caption alignnone\" style=\"width: 150px;\">\n<p><a href=\"http:\/\/portifolioos-prontos.com\/\"><img decoding=\"async\" class=\"wp-image-143\" title=\"portfolio pronto unopar\" src=\"http:\/\/portifolioos-prontos.com\/wp-content\/uploads\/2022\/04\/conceitomaximo.png\" alt=\"PORTFOLIO PRONTO UNOPAR ANHANGUERA\" width=\"150\" height=\"43\" aria-describedby=\"caption-attachment-143\" \/><\/a><\/p>\n<p id=\"caption-attachment-143\" class=\"wp-caption-text\">Portf\u00f3lio em Word, respondido, completo e j\u00e1 nas normas.<\/p>\n<\/div>\n<\/div>\n<\/div>\n<\/div>\n<\/div>\n","protected":false},"excerpt":{"rendered":"<p>Portf\u00f3lio Projeto de Vida e a forma\u00e7\u00e3o integral dos sujeitos Curso: Pedagogia Semestre: 5\u00ba \/ 6\u00ba A proposta de Produ\u00e7\u00e3o Textual Interdisciplinar Individual (PTI) abordar\u00e1 o protagonismo juvenil no contexto escolar e o tema do trabalho ser\u00e1 Projeto de Vida e a forma\u00e7\u00e3o integral dos sujeitos. Escolhemos este tema para possibilitar a aprendizagem interdisciplinar dos&hellip;<\/p>\n","protected":false},"featured_media":5196,"template":"","meta":{"_seopress_robots_primary_cat":"none","_seopress_titles_title":"%%post_title%% %%sitetitle%%","_seopress_titles_desc":"%%post_content%%","_seopress_robots_index":""},"product_cat":[47,52,15],"product_tag":[],"class_list":{"0":"post-4868","1":"product","2":"type-product","3":"status-publish","4":"has-post-thumbnail","6":"product_cat-licenciaturas","7":"product_cat-pedagogia","8":"product_cat-uncategorized","10":"first","11":"instock","12":"featured","13":"downloadable","14":"virtual","15":"purchasable","16":"product-type-simple","17":"col-xs-6 col-sm-4","18":"col-mf-5","19":"un-5-cols"},"jetpack_sharing_enabled":true,"_links":{"self":[{"href":"https:\/\/portifolioos-prontos.com\/index.php\/wp-json\/wp\/v2\/product\/4868","targetHints":{"allow":["GET"]}}],"collection":[{"href":"https:\/\/portifolioos-prontos.com\/index.php\/wp-json\/wp\/v2\/product"}],"about":[{"href":"https:\/\/portifolioos-prontos.com\/index.php\/wp-json\/wp\/v2\/types\/product"}],"version-history":[{"count":0,"href":"https:\/\/portifolioos-prontos.com\/index.php\/wp-json\/wp\/v2\/product\/4868\/revisions"}],"wp:featuredmedia":[{"embeddable":true,"href":"https:\/\/portifolioos-prontos.com\/index.php\/wp-json\/wp\/v2\/media\/5196"}],"wp:attachment":[{"href":"https:\/\/portifolioos-prontos.com\/index.php\/wp-json\/wp\/v2\/media?parent=4868"}],"wp:term":[{"taxonomy":"product_cat","embeddable":true,"href":"https:\/\/portifolioos-prontos.com\/index.php\/wp-json\/wp\/v2\/product_cat?post=4868"},{"taxonomy":"product_tag","embeddable":true,"href":"https:\/\/portifolioos-prontos.com\/index.php\/wp-json\/wp\/v2\/product_tag?post=4868"}],"curies":[{"name":"wp","href":"https:\/\/api.w.org\/{rel}","templated":true}]}}