{"id":50155,"date":"2026-03-08T09:38:14","date_gmt":"2026-03-08T12:38:14","guid":{"rendered":"https:\/\/portifolioos-prontos.com\/?post_type=product&#038;p=50155"},"modified":"2026-03-08T09:38:16","modified_gmt":"2026-03-08T12:38:16","slug":"projeto-de-extensao-iii-jornalismo","status":"publish","type":"product","link":"https:\/\/portifolioos-prontos.com\/index.php\/product\/projeto-de-extensao-iii-jornalismo\/","title":{"rendered":"Projeto de Extens\u00e3o III Jornalismo"},"content":{"rendered":"<p><strong>Projeto de Extens\u00e3o III Jornalismo<\/strong><\/p>\n<hr \/>\n<p><strong>CURSO:<\/strong><br \/>\nJORNALISMO &#8211; BACHARELADO<\/p>\n<p><strong>COMPONENTE CURRICULAR:<\/strong><br \/>\nPROJETO DE EXTENS\u00c3O III &#8211; JORNALISMO<\/p>\n<p><strong>PROGRAMA DE EXTENS\u00c3O:<\/strong><br \/>\nPROGRAMA DE INOVA\u00c7\u00c3O E EMPREENDEDORISMO<\/p>\n<hr \/>\n<p><strong>FINALIDADE E MOTIVA\u00c7\u00c3O:<\/strong><br \/>\nPor meio da extens\u00e3o no Programa de Inova\u00e7\u00e3o e Empreendedorismo no curso de Jornalismo pelo programa de inova\u00e7\u00e3o e empreendedorismo, a extens\u00e3o universit\u00e1ria do curso de jornalismo pode permitir a oferta de contribui\u00e7\u00f5es \u00e0 solu\u00e7\u00e3o de problemas diversificados, presentes no contexto social, e ao desenvolvimento local ou regional, sendo que a inova\u00e7\u00e3o e o empreendedorismo podem oferecer importante impactos econ\u00f4mico e produtivo e, dessa forma, podendo originar novo saber e o desenvolvimento de compet\u00eancias e soft skills espec\u00edficas. As a\u00e7\u00f5es poder\u00e3o ser realizadas em locais diversos, como: Jornais comunit\u00e1rios, micro e pequenas empresas, estabelecimentos de microempreendedores (mei), associa\u00e7\u00f5es de bairro, escolas, associa\u00e7\u00f5es comerciais, ONGs, esta\u00e7\u00f5es de r\u00e1dio e de TV, museus, bibliotecas, entre outros.<\/p>\n<hr \/>\n<p><strong>COMPET\u00caNCIAS:<\/strong><br \/>\nI &#8211; Desenvolver e implementar projetos de jornalismo em comunica\u00e7\u00e3o comunit\u00e1ria, estrat\u00e9gica ou corporativa;<br \/>\nII &#8211; Propor, experimentar e inovar as linguagens jornal\u00edsticas;<br \/>\nIII &#8211; Adequar o texto jornal\u00edstico \u00e0 diversidade lingu\u00edstica, social e cultural do p\u00fablico.<\/p>\n<hr \/>\n<p><strong>PERFIL DO EGRESSO:<\/strong><br \/>\nA IES busca que o egresso do curso de Jornalismo seja um profissional que tenha como pressupostos essenciais um perfil generalista, humanista, propositivo e din\u00e2mico, apto a analisar, interpretar e agir em situa\u00e7\u00f5es pertinentes ao Jornalismo, a partir de atitudes anal\u00edticas, reflexivas, cr\u00edticas e \u00e9ticas, pois adquiriram compet\u00eancias e habilidades suficientes para atuar compromissado com os contextos socioecon\u00f4mico e pol\u00edtico do pa\u00eds, atuando como profissional e cidad\u00e3o preocupado com os interesses e desafios da sociedade contempor\u00e2nea, sendo que pelas atividades extensionistas vinculadas ao Programa de Extens\u00e3o Inova\u00e7\u00e3o e Empreendedorismo, esse egresso poder\u00e1 desenvolver habilidades e capacidade para conduzir atividades referentes \u00e0 compreens\u00e3o da realidade social, cultural e econ\u00f4mica do meio em que est\u00e1 inserido, direcionando suas a\u00e7\u00f5es para a transforma\u00e7\u00e3o da realidade e para o desenvolvimento social e da qualidade de vida.<\/p>\n<hr \/>\n<p><strong>SOFT SKILLS (COMPET\u00caNCIAS SOCIOEMOCIONAIS):<\/strong><br \/>\nAprendizado Ativo<br \/>\nFlexibilidade e adapta\u00e7\u00e3o<br \/>\nPlanejamento e organiza\u00e7\u00e3o<\/p>\n<hr \/>\n<p><strong>OBJETIVOS DE APRENDIZAGEM:<\/strong><br \/>\nA extens\u00e3o universit\u00e1ria do curso de Jornalismo, orientada pelo Programa de Inova\u00e7\u00e3o e Empreendedorismo, tem como principal objetivo o novo saber gerado por meio da aplica\u00e7\u00e3o do conhecimento adquirido no curso durante a busca da contribui\u00e7\u00e3o \u00e0 resolu\u00e7\u00e3o de problemas contextuais \u00e0 sociedade, e, ainda, ao desenvolvimento social e da melhoria da qualidade de vida, dessa forma, oportunizando que o corpo discente realize a\u00e7\u00f5es embasadas na sua aprendizagem multidisciplinar.<\/p>\n<hr \/>\n<p><strong>CONTE\u00daDOS:<\/strong><br \/>\nI &#8211; G\u00eaneros jornal\u00edsticos;<br \/>\nII -Jornalismo de r\u00e1dio, TV e impresso;<br \/>\nIII &#8211; Comunica\u00e7\u00e3o corporativa e assessoria de imprensa;<br \/>\nIV \u2013 Gest\u00e3o de Indicadores<\/p>\n<hr \/>\n<p><strong>INDICA\u00c7\u00d5ES BIBLIOGR\u00c1FICAS:<\/strong><br \/>\nCAVALHEIRO, Renato de Faria; ALVES, Alexandra da Silva. Comunica\u00e7\u00e3o integrada organizacional. Londrina: Editora e Distribuidora Educacional S.A., 2018.<br \/>\nCIZOTO, Sonelise Auxiliadora. Homem, cultura e sociedade. Londrina: Editora e Distribuidora Educacional S.A., 2016.<br \/>\nMASCARO, Laura Degaspare Monte. Direitos humanos e cidadania. Londrina: Editora e Distribuidora Educacional S.A., 2017.<br \/>\nOLIVEIRA, Marina; CARVALHO, Guilherme Gon\u00e7alves; NEVES, Daniela Silva. Assessoria de imprensa. Curitiba: Contentus, 2020.<\/p>\n<hr \/>\n<p><strong>RELAT\u00d3RIO FINAL:<\/strong><\/p>\n<p>Aluno e Aluna, ap\u00f3s realizar suas atividades de extens\u00e3o, \u00e9 necess\u00e1rio que voc\u00ea o formalize, enviando esse Relat\u00f3rio Final para ser avaliado junto ao seu Ambiente Virtual (AVA) e tamb\u00e9m para voc\u00ea poder comprovar sua atua\u00e7\u00e3o.<br \/>\nPara o preenchimento, busque as anota\u00e7\u00f5es junto ao TEMPLATE PCDA para auxiliar na apresenta\u00e7\u00e3o das atividades desenvolvidas.<br \/>\nTodos os campos s\u00e3o de preenchimento obrigat\u00f3rio!<\/p>\n<hr \/>\n<p><strong>DESCRI\u00c7\u00c3O DA A\u00c7\u00c3O COM RESULTADOS ALCAN\u00c7ADOS<\/strong><\/p>\n<hr \/>\n<p><strong>Metas dos Objetivos de Desenvolvimento Sustent\u00e1vel (ODS) aderentes a este projeto:<\/strong><br \/>\nCAMPO OBRIGAT\u00d3RIO \u2013 busque no seu Template PDCA quais Metas voc\u00ea selecionou como aderentes ao seu projeto, conforme cada Objetivo de Desenvolvimento Sustent\u00e1vel (ODS) da Organiza\u00e7\u00e3o das Na\u00e7\u00f5es Unidas (ONU) que voc\u00ea explorou no seu planejamento.<\/p>\n<p>Liste as Metas selecionadas (pelo menos uma op\u00e7\u00e3o):<\/p>\n<hr \/>\n<p><strong>Local de realiza\u00e7\u00e3o da atividade extensionista:<\/strong><\/p>\n<hr \/>\n<p><strong>Durante a a\u00e7\u00e3o:<\/strong><\/p>\n<hr \/>\n<p><strong>Caso necess\u00e1rio, houve mudan\u00e7a de estrat\u00e9gia para alcan\u00e7ar o resultado:<\/strong><\/p>\n<hr \/>\n<p><strong>Resultado da a\u00e7\u00e3o:<\/strong><\/p>\n<hr \/>\n<p><strong>Conclus\u00e3o:<\/strong><\/p>\n<hr \/>\n<p><strong>Depoimentos (se houver):<\/strong><\/p>\n<hr \/>\n<p><strong>RELATE SUA PERCEP\u00c7\u00c3O DAS A\u00c7\u00d5ES EXTENSIONISTAS REALIZADAS NO PROGRAMA DESENVOLVIDO:<\/strong><\/p>\n<p>CAMPO OBRIGAT\u00d3RIO \u2013 relate em no m\u00ednimo 15 (quinze) linhas sua experi\u00eancia com as a\u00e7\u00f5es extensionistas. O texto deve ser de sua autoria e in\u00e9dito, evite pl\u00e1gio.<\/p>\n<p>Quest\u00f5es norteadoras:<br \/>\n(1) Voc\u00ea notou que suas habilidades profissionais foram aprimoradas, com a atua\u00e7\u00e3o nas a\u00e7\u00f5es extensionistas?<br \/>\n(2) Voc\u00ea identificou melhoria\/resolu\u00e7\u00e3o do problema identificado?<br \/>\n(3) Voc\u00ea conseguiu articular os conhecimentos adquiridos no curso com as a\u00e7\u00f5es extensionistas?<\/p>\n<p>Ao escrever seu texto evite deix\u00e1-lo em forma de respostas as quest\u00f5es norteadoras, relate sua experi\u00eancia em forma de texto dissertativo com justificativas.<\/p>\n<hr \/>\n<p><strong>DEPOIMENTO DA INSTITUI\u00c7\u00c3O PARTICIPANTE<\/strong><\/p>\n<p>CAMPO OBRIGAT\u00d3RIO &#8211; insira depoimento(s) do(s) gestor(es) da institui\u00e7\u00e3o\/\u00f3rg\u00e3o\/associa\u00e7\u00e3o participante que contribuam como um feedback da a\u00e7\u00e3o realizada por voc\u00ea.<\/p>\n<hr \/>\n<p><strong>REFER\u00caNCIAS BIBLIOGR\u00c1FICAS<\/strong><\/p>\n<p>CAMPO OBRIGAT\u00d3RIO \u2013 Siga a normas ABNT, para isso consulte sua Biblioteca Virtual;<br \/>\nUtilize como refer\u00eancias bibliogr\u00e1ficas as indica\u00e7\u00f5es do Campo: Indica\u00e7\u00f5es Bibliogr\u00e1ficas e as demais refer\u00eancias utilizadas no desenvolvimento do seu projeto.<\/p>\n<hr \/>\n<p><strong>AUTOAVALIA\u00c7\u00c3O DA ATIVIDADE:<\/strong><\/p>\n<p>Realize a sua avalia\u00e7\u00e3o em rela\u00e7\u00e3o \u00e0 atividade desenvolvida considerando uma escala de 0 a 10 para cada pergunta, assinalando com um X:<\/p>\n<p><strong>1. A atividade permitiu o desenvolvimento do projeto de extens\u00e3o articulando as compet\u00eancias e conte\u00fados propostos junto ao Curso?<\/strong><\/p>\n<p>0 1 2 3 4 5 6 7 8 9 10<br \/>\n() () () () () () () () () () ()<\/p>\n<hr \/>\n<p><strong>2. A atividade possui carga hor\u00e1ria suficiente para a sua realiza\u00e7\u00e3o?<\/strong><\/p>\n<p>0 1 2 3 4 5 6 7 8 9 10<br \/>\n() () () () () () () () () () ()<\/p>\n<hr \/>\n<p><strong>3. A atividade \u00e9 relevante para a sua forma\u00e7\u00e3o e articula\u00e7\u00e3o de compet\u00eancias e conte\u00fados?<\/strong><\/p>\n<p>0 1 2 3 4 5 6 7 8 9 10<br \/>\n() () () () () () () () () () ()<\/p>\n<hr \/>\n<p><strong>4. A atividade contribui para o cumprimento dos objetivos definidos pela Institui\u00e7\u00e3o de Ensino (IES) e Curso, observando o Plano de Desenvolvimento Institucional e Projeto Pedag\u00f3gico de Curso vigentes?<\/strong><\/p>\n<p>0 1 2 3 4 5 6 7 8 9 10<br \/>\n() () () () () () () () () () ()<\/p>\n<hr \/>\n<p><strong>5. A atividade contribui para a melhoria da sociedade por meio dos resultados demonstrados no relat\u00f3rio ou pelos relatos apresentados pelos envolvidos?<\/strong><\/p>\n<p>0 1 2 3 4 5 6 7 8 9 10<br \/>\n() () () () () () () () () () ()<\/p>\n<hr \/>\n<p><strong>6. A atividade permite o desenvolvimento de a\u00e7\u00f5es junto \u00e0 Inicia\u00e7\u00e3o Cient\u00edfica e ao Ensino?<\/strong><\/p>\n<p>0 1 2 3 4 5 6 7 8 9 10<br \/>\n() () () () () () () () () () ()<\/p>\n<hr \/>\n<p><strong>7. Caso queira contribuir com maior detalhamento, traga seu depoimento\/ sugest\u00e3o.<\/strong><\/p>\n<div class=\"elementor-toggle-item\">\n<p id=\"elementor-tab-title-1941\" class=\"elementor-tab-title elementor-active\" tabindex=\"0\" role=\"tab\" data-tab=\"1\" aria-controls=\"elementor-tab-content-1941\" aria-expanded=\"true\" aria-selected=\"true\"><strong>Como funciona?<\/strong><\/p>\n<p>Elaboramos os portf\u00f3lios, j\u00e1 deixamos prontos, nas normas da ABNT e conforme os requisitos da universidade. F\u00e1cil assim! O MELHOR \u00c9 QUE VOC\u00ca COMPRA E J\u00c1 BAIXA NA HORA O SEU ARQUIVO EM WORD! Sabemos que conciliar trabalho, fam\u00edlia, vida profissional e estudos \u00e9 dif\u00edcil hoje em dia, por isso, estamos aqui para ajudar voc\u00ea. Conte com nossa qualidade, experi\u00eancia e profissionalismo adquirindo seu portf\u00f3lio conosco. GARANTIMOS SEU CONCEITO!<\/p>\n<p><strong>Como se realizam os envios?<\/strong><\/p>\n<\/div>\n<p id=\"elementor-tab-content-1942\" class=\"elementor-tab-content elementor-clearfix elementor-active\" role=\"tabpanel\" data-tab=\"2\" aria-labelledby=\"elementor-tab-title-1942\">O seu trabalho \u00e9 disponibilizado pronto, respondido e nas normas j\u00e1 na mesma hora aqui em nosso site na sua \u00e1rea de downloads e tamb\u00e9m no seu e-mail.<\/p>\n<p><strong>Em quanto tempo recebo o portf\u00f3lio?<\/strong><\/p>\n<p>Os envios s\u00e3o imediatos. Ap\u00f3s sua compra, o trabalho j\u00e1 \u00e9 disponibilizado instantaneamente aqui em nosso site e no seu e-mail.<\/p>\n<p><strong>E se o portf\u00f3lio que comprei precisar de corre\u00e7\u00e3o?<\/strong><\/p>\n<p>Caso haja alguma solicita\u00e7\u00e3o de corre\u00e7\u00e3o\/altera\u00e7\u00e3o por parte do tutor, basta entrar em contato conosco pelo\u00a0WhatsApp\u00a0que provid\u00eanciaremos sem custo algum.<\/p>\n<p><strong>Qual o formato do arquivo?<\/strong><\/p>\n<p>Os arquivos s\u00e3o enviados em formato Word e s\u00e3o edit\u00e1veis.<\/p>\n<p><strong>Caso eu tiver alguma d\u00favida, terei suporte no p\u00f3s venda?<\/strong><\/p>\n<p>Sim, com certeza. Basta clicar no \u00edcone do WhatsApp no cantinho da tela. Ser\u00e1 um prazer atend\u00ea-lo(a).<\/p>\n<div id=\"elementor-tab-content-1948\" class=\"elementor-tab-content elementor-clearfix elementor-active\" role=\"tabpanel\" data-tab=\"8\" aria-labelledby=\"elementor-tab-title-1948\">\n<p><strong>Quais os seus canais de contato?<\/strong><\/p>\n<\/div>\n<div id=\"elementor-tab-content-1949\" class=\"elementor-tab-content elementor-clearfix elementor-active\" role=\"tabpanel\" data-tab=\"9\" aria-labelledby=\"elementor-tab-title-1949\">\n<p>Whatsapp: 53 984751621 \u2013 Clicar no canto da tela ou ESCANEIE O QRCODE ABAIXO<\/p>\n<h4><img decoding=\"async\" class=\"alignnone wp-image-13699 jetpack-lazy-image jetpack-lazy-image--handled\" src=\"https:\/\/i0.wp.com\/portifolioos-prontos.com\/wp-content\/uploads\/2023\/02\/whatsapp-business-projeto-de-extensao-300x300.jpeg?resize=144%2C144\" sizes=\"(max-width: 144px) 100vw, 144px\" srcset=\"https:\/\/i0.wp.com\/portifolioos-prontos.com\/wp-content\/uploads\/2023\/02\/whatsapp-business-projeto-de-extensao.jpeg?resize=300%2C301&amp;ssl=1 300w, https:\/\/i0.wp.com\/portifolioos-prontos.com\/wp-content\/uploads\/2023\/02\/whatsapp-business-projeto-de-extensao.jpeg?resize=150%2C150&amp;ssl=1 150w, https:\/\/i0.wp.com\/portifolioos-prontos.com\/wp-content\/uploads\/2023\/02\/whatsapp-business-projeto-de-extensao.jpeg?resize=370%2C372&amp;ssl=1 370w, https:\/\/i0.wp.com\/portifolioos-prontos.com\/wp-content\/uploads\/2023\/02\/whatsapp-business-projeto-de-extensao.jpeg?resize=100%2C100&amp;ssl=1 100w, https:\/\/i0.wp.com\/portifolioos-prontos.com\/wp-content\/uploads\/2023\/02\/whatsapp-business-projeto-de-extensao.jpeg?w=470&amp;ssl=1 470w\" alt=\"projeto de extens\u00e3o unopar\" width=\"144\" height=\"144\" data-lazy-loaded=\"1\" \/><\/h4>\n<\/div>\n<div class=\"elementor-toggle-item\">\n<div id=\"elementor-tab-content-1949\" class=\"elementor-tab-content elementor-clearfix elementor-active\" role=\"tabpanel\" data-tab=\"9\" aria-labelledby=\"elementor-tab-title-1949\">\n<p>E-mail:portifoliosp@gmail.com<\/p>\n<div id=\"attachment_143\" class=\"wp-caption alignnone\">\n<div id=\"attachment_143\" class=\"wp-caption alignnone\">\n<p id=\"caption-attachment-143\" class=\"wp-caption-text\"><a href=\"http:\/\/portfolio-pronto.com\/\">Portf\u00f3lio<\/a>\u00a0em Word, respondido, completo e j\u00e1 nas normas<\/p>\n<\/div>\n<\/div>\n<\/div>\n<\/div>\n","protected":false},"excerpt":{"rendered":"<p>Projeto de Extens\u00e3o III Jornalismo CURSO: JORNALISMO &#8211; BACHARELADO COMPONENTE CURRICULAR: PROJETO DE EXTENS\u00c3O III &#8211; JORNALISMO PROGRAMA DE EXTENS\u00c3O: PROGRAMA DE INOVA\u00c7\u00c3O E EMPREENDEDORISMO FINALIDADE E MOTIVA\u00c7\u00c3O: Por meio da extens\u00e3o no Programa de Inova\u00e7\u00e3o e Empreendedorismo no curso de Jornalismo pelo programa de inova\u00e7\u00e3o e empreendedorismo, a extens\u00e3o universit\u00e1ria do curso de jornalismo&hellip;<\/p>\n","protected":false},"featured_media":50158,"template":"","meta":{"_seopress_robots_primary_cat":"","_seopress_titles_title":"%%post_title%% %%sitetitle%%","_seopress_titles_desc":"%%post_excerpt%%","_seopress_robots_index":""},"product_cat":[286],"product_tag":[],"class_list":{"0":"post-50155","1":"product","2":"type-product","3":"status-publish","4":"has-post-thumbnail","6":"product_cat-jornalismo","8":"first","9":"instock","10":"shipping-taxable","11":"purchasable","12":"product-type-simple","13":"col-xs-6 col-sm-4","14":"col-mf-5","15":"un-5-cols"},"jetpack_sharing_enabled":true,"_links":{"self":[{"href":"https:\/\/portifolioos-prontos.com\/index.php\/wp-json\/wp\/v2\/product\/50155","targetHints":{"allow":["GET"]}}],"collection":[{"href":"https:\/\/portifolioos-prontos.com\/index.php\/wp-json\/wp\/v2\/product"}],"about":[{"href":"https:\/\/portifolioos-prontos.com\/index.php\/wp-json\/wp\/v2\/types\/product"}],"version-history":[{"count":2,"href":"https:\/\/portifolioos-prontos.com\/index.php\/wp-json\/wp\/v2\/product\/50155\/revisions"}],"predecessor-version":[{"id":50165,"href":"https:\/\/portifolioos-prontos.com\/index.php\/wp-json\/wp\/v2\/product\/50155\/revisions\/50165"}],"wp:featuredmedia":[{"embeddable":true,"href":"https:\/\/portifolioos-prontos.com\/index.php\/wp-json\/wp\/v2\/media\/50158"}],"wp:attachment":[{"href":"https:\/\/portifolioos-prontos.com\/index.php\/wp-json\/wp\/v2\/media?parent=50155"}],"wp:term":[{"taxonomy":"product_cat","embeddable":true,"href":"https:\/\/portifolioos-prontos.com\/index.php\/wp-json\/wp\/v2\/product_cat?post=50155"},{"taxonomy":"product_tag","embeddable":true,"href":"https:\/\/portifolioos-prontos.com\/index.php\/wp-json\/wp\/v2\/product_tag?post=50155"}],"curies":[{"name":"wp","href":"https:\/\/api.w.org\/{rel}","templated":true}]}}