{"id":5039,"date":"2022-07-22T09:03:22","date_gmt":"2022-07-22T12:03:22","guid":{"rendered":"https:\/\/portifolioos-prontos.com\/?post_type=product&#038;p=5039"},"modified":"2023-07-26T19:43:40","modified_gmt":"2023-07-26T22:43:40","slug":"projeto-de-ensino-licenciatura-em-historia","status":"publish","type":"product","link":"https:\/\/portifolioos-prontos.com\/index.php\/product\/projeto-de-ensino-licenciatura-em-historia\/","title":{"rendered":"Projeto de ensino Licenciatura em Hist\u00f3ria"},"content":{"rendered":"<h4>Projeto de ensino Licenciatura em Hist\u00f3ria<\/h4>\n<hr \/>\n<p>Sum\u00e1rio<br \/>\n1. APRESENTA\u00c7\u00c3O\u2026\u2026\u2026\u2026\u2026\u2026\u2026\u2026\u2026\u2026\u2026\u2026\u2026\u2026\u2026\u2026\u2026\u2026\u2026\u2026\u2026\u2026\u2026\u2026\u2026\u2026\u2026\u2026\u2026\u2026\u2026\u2026\u2026\u2026\u2026\u2026\u2026\u2026\u2026\u2026\u2026\u2026\u2026\u2026\u2026.3<br \/>\n2. CARACTERIZA\u00c7\u00c3O DO PROJETO DE ENSINO \u2026\u2026\u2026\u2026\u2026\u2026\u2026\u2026\u2026\u2026\u2026\u2026\u2026\u2026\u2026\u2026\u2026\u2026\u2026\u2026\u2026\u2026\u2026\u2026\u2026\u2026\u2026\u2026\u2026\u2026\u20264<br \/>\n2.1 TEMA\u2026\u2026\u2026\u2026\u2026\u2026\u2026\u2026\u2026\u2026\u2026\u2026\u2026\u2026\u2026\u2026\u2026\u2026\u2026\u2026\u2026\u2026\u2026\u2026\u2026\u2026\u2026\u2026\u2026\u2026\u2026\u2026\u2026\u2026\u2026\u2026\u2026\u2026\u2026\u2026\u2026\u2026\u2026\u2026\u2026\u2026\u2026\u2026\u2026\u2026 7<br \/>\n2.2 JUSTIFICATIVA \u2026\u2026\u2026\u2026\u2026\u2026\u2026\u2026\u2026\u2026\u2026\u2026\u2026\u2026\u2026\u2026\u2026\u2026\u2026\u2026\u2026\u2026\u2026\u2026\u2026\u2026\u2026\u2026\u2026\u2026\u2026\u2026\u2026\u2026\u2026\u2026\u2026\u2026\u2026\u2026\u2026\u2026\u2026\u2026.. 10<br \/>\n2.3 PARTICIPANTES \u2026\u2026\u2026\u2026\u2026\u2026\u2026\u2026\u2026\u2026\u2026\u2026\u2026\u2026\u2026\u2026\u2026\u2026\u2026\u2026\u2026\u2026\u2026\u2026\u2026\u2026\u2026\u2026\u2026\u2026\u2026\u2026\u2026\u2026\u2026\u2026\u2026\u2026\u2026\u2026\u2026\u2026\u2026\u2026 11<br \/>\n2.4 OBJETIVOS\u2026\u2026\u2026\u2026\u2026\u2026\u2026\u2026\u2026\u2026\u2026\u2026\u2026\u2026\u2026\u2026\u2026\u2026\u2026\u2026\u2026\u2026\u2026\u2026\u2026\u2026\u2026\u2026\u2026\u2026\u2026\u2026\u2026\u2026\u2026\u2026\u2026\u2026\u2026\u2026\u2026\u2026\u2026\u2026\u2026\u2026.. 12<br \/>\n2.5 PROBLEMATIZA\u00c7\u00c3O\u2026\u2026\u2026\u2026\u2026\u2026\u2026\u2026\u2026\u2026\u2026\u2026\u2026\u2026\u2026\u2026\u2026\u2026\u2026\u2026\u2026\u2026\u2026\u2026\u2026\u2026\u2026\u2026\u2026\u2026\u2026\u2026\u2026\u2026\u2026\u2026\u2026\u2026\u2026\u2026\u2026.. 13<br \/>\n2.6 REFERENCIAL TE\u00d3RICO\u2026\u2026\u2026\u2026\u2026\u2026\u2026\u2026\u2026\u2026\u2026\u2026\u2026\u2026\u2026\u2026\u2026\u2026\u2026\u2026\u2026\u2026\u2026\u2026\u2026\u2026\u2026\u2026\u2026\u2026\u2026\u2026\u2026\u2026\u2026\u2026\u2026\u2026\u2026\u2026. 14<br \/>\n2.7 METODOLOGIA \u2026\u2026\u2026\u2026\u2026\u2026\u2026\u2026\u2026\u2026\u2026\u2026\u2026\u2026\u2026\u2026\u2026\u2026\u2026\u2026\u2026\u2026\u2026\u2026\u2026\u2026\u2026\u2026\u2026\u2026\u2026\u2026\u2026\u2026\u2026\u2026\u2026\u2026\u2026\u2026\u2026\u2026\u2026\u2026 16<br \/>\n2.8 CRONOGRAMA DO PROJETO \u2026\u2026\u2026\u2026\u2026\u2026\u2026\u2026\u2026\u2026\u2026\u2026\u2026\u2026\u2026\u2026\u2026\u2026\u2026\u2026\u2026\u2026\u2026\u2026\u2026\u2026\u2026\u2026\u2026\u2026\u2026\u2026\u2026\u2026\u2026\u2026\u2026 17<br \/>\n2.9 RECURSOS HUMANOS E MATERIAIS \u2026\u2026\u2026\u2026\u2026\u2026\u2026\u2026\u2026\u2026\u2026\u2026\u2026\u2026\u2026\u2026\u2026\u2026\u2026\u2026\u2026\u2026\u2026\u2026\u2026\u2026\u2026\u2026\u2026\u2026\u2026\u2026\u2026. 18<br \/>\n2.10 AVALIA\u00c7\u00c3O\u2026\u2026\u2026\u2026\u2026\u2026\u2026\u2026\u2026\u2026\u2026\u2026\u2026\u2026\u2026\u2026\u2026\u2026\u2026\u2026\u2026\u2026\u2026\u2026\u2026\u2026\u2026\u2026\u2026\u2026\u2026\u2026\u2026\u2026\u2026\u2026\u2026\u2026\u2026\u2026\u2026\u2026\u2026\u2026\u2026\u2026. 19<br \/>\n3. INFORMA\u00c7\u00d5ES IMPORTANTES \u2026\u2026\u2026\u2026\u2026\u2026\u2026\u2026\u2026\u2026\u2026\u2026\u2026\u2026\u2026\u2026\u2026\u2026\u2026\u2026\u2026\u2026\u2026\u2026\u2026\u2026\u2026\u2026\u2026\u2026\u2026\u2026\u2026\u2026\u2026\u2026\u202620<br \/>\n3.1 ORIENTA\u00c7\u00d5ES GERAIS\u2026\u2026\u2026\u2026\u2026\u2026\u2026\u2026\u2026\u2026\u2026\u2026\u2026\u2026\u2026\u2026\u2026\u2026\u2026\u2026\u2026\u2026\u2026\u2026\u2026\u2026\u2026\u2026\u2026\u2026\u2026\u2026\u2026\u2026\u2026\u2026\u2026\u2026\u2026\u2026.. 21<\/p>\n<p>3<\/p>\n<p>1. APRESENTA\u00c7\u00c3O<\/p>\n<p>O presente manual oferece orienta\u00e7\u00f5es aos acad\u00eamicos do curso de <a href=\"http:\/\/portifolioos-prontos.com\">Licenciatura<\/a> em<br \/>\nHist\u00f3ria sobre a elabora\u00e7\u00e3o do Projeto de Ensino, cuja finalidade \u00e9 proporcionar uma reflex\u00e3o<br \/>\nque possa unir os saberes do aluno \u00e0s contribui\u00e7\u00f5es da ci\u00eancia, para promover o seu<br \/>\ndesenvolvimento intelectual e o aprofundamento dos conte\u00fados aliados \u00e0s viv\u00eancias<br \/>\nrealizadas durante o curso.<br \/>\nDesse modo, busca-se contribuir com o pensamento acad\u00eamico e a realidade<br \/>\nestudada. Para isso, prop\u00f5e-se aos alunos a elabora\u00e7\u00e3o de um projeto direcionado para a<br \/>\nEduca\u00e7\u00e3o B\u00e1sica.<br \/>\nDiante de sua import\u00e2ncia para a forma\u00e7\u00e3o docente, entende-se que o Projeto de<br \/>\nEnsino \u00e9 condi\u00e7\u00e3o para que o aluno receba o diploma de conclus\u00e3o de curso. Nesse sentido, \u00e9<br \/>\navaliado por um tutor a dist\u00e2ncia, que atribui uma pontua\u00e7\u00e3o de acordo com os crit\u00e9rios de<br \/>\navalia\u00e7\u00e3o estabelecidos. Al\u00e9m disso, parte da pontua\u00e7\u00e3o do Projeto de Ensino \u00e9 composta da<br \/>\napresenta\u00e7\u00e3o oral realizada no polo.<br \/>\n\u00c9 importante refor\u00e7ar que o Projeto de Ensino se constituir\u00e1 de uma elabora\u00e7\u00e3o<br \/>\nte\u00f3rica, que n\u00e3o precisar\u00e1 ser efetivamente aplicada na Educa\u00e7\u00e3o B\u00e1sica.<\/p>\n<p>4<\/p>\n<p>2. CARACTERIZA\u00c7\u00c3O DO PROJETO DE ENSINO<\/p>\n<p>Na perspectiva de Vasconcellos (2002, p. 97), um projeto de ensino transcende a<br \/>\nno\u00e7\u00e3o de um mero \u201cplano\u201d, possuindo um \u201csignificado mais vivo, din\u00e2mico e potencialmente<br \/>\nmobilizador\u201d. Trata-se, segundo o autor, de um conceito que remete a um \u201cprocesso de<br \/>\nreflex\u00e3o, de constru\u00e7\u00e3o das representa\u00e7\u00f5es e da coloca\u00e7\u00e3o em pr\u00e1tica\u201d, o que evidencia a sua<br \/>\nrela\u00e7\u00e3o direta com a atua\u00e7\u00e3o docente.<br \/>\nA qualidade de um projeto de ensino, caracter\u00edstica que leva \u00e0 sua efetividade, est\u00e1<br \/>\natrelada \u00e0 sua articula\u00e7\u00e3o \u201c\u00e0 realidade dos educandos, \u00e0 ess\u00eancia significativa da \u00e1rea do<br \/>\nsaber, aos outros educadores (trabalho interdisciplinar) e \u00e0 realidade social mais geral\u201d<br \/>\n(VASCONCELLOS, 2002, p. 103). Dessa forma, elaborar um projeto de ensino vai muito al\u00e9m<br \/>\nda mera sele\u00e7\u00e3o de conte\u00fados e reda\u00e7\u00e3o de planos de aula; a elabora\u00e7\u00e3o de um projeto de<br \/>\nensino envolve todo um processo de constru\u00e7\u00e3o do conhecimento, pautado em uma s\u00e9rie de<br \/>\nvari\u00e1veis para as quais se deve atentar, sintetizadas, conforme Vasconcellos (2002), em tr\u00eas<br \/>\ndimens\u00f5es:<\/p>\n<p>\uf0b7 an\u00e1lise da realidade;<br \/>\n\uf0b7 proje\u00e7\u00e3o de finalidades;<br \/>\n\uf0b7 formas de media\u00e7\u00e3o.<\/p>\n<p>Em s\u00edntese, por meio da organiza\u00e7\u00e3o de um projeto de ensino, busca-se (I)<br \/>\ncompreender um determinado contexto de atua\u00e7\u00e3o pedag\u00f3gica (comunidade, escola, alunos);<br \/>\n(II) delimitar o alcance das a\u00e7\u00f5es previstas em sua execu\u00e7\u00e3o (objetivos, metas, resultados<br \/>\nesperados); e (III) definir os procedimentos necess\u00e1rios e adequados ao seu desenvolvimento<br \/>\n(metodologias, recursos).<br \/>\nA partir dessas premissas, para a elabora\u00e7\u00e3o de seu projeto, o acad\u00eamico deve<br \/>\nconsiderar os seguintes elementos:<\/p>\n<p>\uf0b7 Tema;<br \/>\n\uf0b7 Justificativa;<br \/>\n\uf0b7 Participantes;<\/p>\n<p>5<\/p>\n<p>\uf0b7 Objetivos;<br \/>\n\uf0b7 Problematiza\u00e7\u00e3o;<br \/>\n\uf0b7 Referencial Te\u00f3rico;<br \/>\n\uf0b7 Conte\u00fados Curriculares;<br \/>\n\uf0b7 Metodologia;<br \/>\n\uf0b7 Cronograma;<br \/>\n\uf0b7 Recursos;<br \/>\n\uf0b7 Avalia\u00e7\u00e3o;<br \/>\n\uf0b7 Refer\u00eancias.<\/p>\n<p>O primeiro passo para a constru\u00e7\u00e3o do projeto \u00e9 a leitura dos seguintes textos:<br \/>\n\u2013 ALMEIDA NETO, Ant\u00f4nio S. de. Projetar sobre projetos: curr\u00edculo e ensino de Hist\u00f3ria. Educar<br \/>\nem Revista, Curitiba, v. 36, jul. 2020. Dispon\u00edvel em:<br \/>\n&lt;<a href=\"https:\/\/www.scielo.br\/scielo.php?script=sci_arttext&amp;pid=S0104-\" rel=\"nofollow\">https:\/\/www.scielo.br\/scielo.php?script=sci_arttext&amp;pid=S0104-<\/a><br \/>\n40602020000100127&amp;tlng=pt&gt; Acesso em: 24 jul. 2020.<\/p>\n<p>\u2013 CANDAU, Vera Maria F.; KOFF, Ad\u00e9lia Maria N. S. A Did\u00e1tica hoje: reinventando caminhos.<br \/>\nEduc. Realidade, Porto Alegre, v. 40, n. 2, p. 329-348, jun. 2015. Dispon\u00edvel em:<br \/>\n&lt;<a href=\"https:\/\/www.scielo.br\/scielo.php?script=sci_arttext&amp;pid=S2175-\" rel=\"nofollow\">https:\/\/www.scielo.br\/scielo.php?script=sci_arttext&amp;pid=S2175-<\/a><br \/>\n62362015000200329&amp;lng=pt&amp;nrm=iso&amp;tlng=pt&gt; Acesso em: 24 jul. 2020.<\/p>\n<p>\u2013 Para identificar os conte\u00fados que s\u00e3o estudados nos anos finais do ensino fundamental (6o<br \/>\nao 9o anos) ou pensar sobre os conte\u00fados que podem ser abordados no ensino m\u00e9dio, \u00e9<br \/>\nimportante a leitura da Base Nacional Comum Curricular (BNCC). A BNCC est\u00e1 dispon\u00edvel em:<br \/>\n&lt;<a href=\"http:\/\/basenacionalcomum.mec.gov.br\/&amp;gt\" rel=\"nofollow\">http:\/\/basenacionalcomum.mec.gov.br\/&amp;gt<\/a>; Acesso em: 24 jul. 2020.<br \/>\nAp\u00f3s acessar o site, clique em \u201cBNCC em PDF\u201d e leia as p\u00e1ginas indicadas a seguir:<br \/>\n\uf0b7 Para identificar as unidades tem\u00e1ticas, seus respectivos objetos de conhecimento<br \/>\n(conte\u00fados) e habilidades dos anos finais do ensino fundamental, leia as p. 416 a 433.<br \/>\n\uf0b7 Para pensar sobre quais conte\u00fados podem ser abordados no ensino m\u00e9dio, na \u00e1rea de<br \/>\nCi\u00eancias Humanas e Sociais Aplicadas, leia as p. 561 a 579. A \u00e1rea de Ci\u00eancias Humanas<\/p>\n<p>6<br \/>\ne Sociais Aplicadas n\u00e3o apresenta os conte\u00fados que devem ser abordados, mas sim,<br \/>\ncompet\u00eancias espec\u00edficas e habilidades que devem ser desenvolvidas nos estudantes<br \/>\ndo ensino m\u00e9dio. Dessa forma, se voc\u00ea pretende elaborar um projeto de ensino<br \/>\ndestinado a uma s\u00e9rie\/ano do ensino m\u00e9dio, dever\u00e1 pensar em um conte\u00fado de<br \/>\nHist\u00f3ria que ao ser estudado pelos estudantes, contribua para desenvolver<br \/>\ndeterminada(s) e habilidade(s) previstas para a \u00e1rea de Ci\u00eancias Humanas e Sociais<br \/>\nAplicadas.<\/p>\n<p>Al\u00e9m desses textos, outra importante fonte de informa\u00e7\u00e3o s\u00e3o os livros das diversas<br \/>\ndisciplinas cursadas na gradua\u00e7\u00e3o. Os conte\u00fados estudados nesses componentes curriculares<br \/>\najudar\u00e3o na escolha e interliga\u00e7\u00e3o dos temas que podem ser contemplados no projeto.<\/p>\n<p>7<\/p>\n<p>2.1 TEMA<\/p>\n<p>Um tema, segundo Marconi e Lakatos (2003, p. 44), \u00e9 um \u201cassunto que se deseja<br \/>\nprovar ou desenvolver\u201d ou, ainda, em express\u00e3o evocada pelas autoras, \u201cuma dificuldade<br \/>\nainda sem solu\u00e7\u00e3o\u201d. A escolha de um tema est\u00e1 balizada, frequentemente, por fatores<br \/>\ninternos (afinidade pessoal, compatibilidade com a \u00e1rea) ou externos (tempo, acesso a<br \/>\nmateriais, etc.) (MARCONI; LAKATOS, 2003).<br \/>\nO tema do Projeto de Ensino deve ser direcionado para o ensino na Educa\u00e7\u00e3o B\u00e1sica,<br \/>\nrelacionado a um conte\u00fado da disciplina de Hist\u00f3ria, nas s\u00e9ries finais do ensino fundamental<br \/>\nou no ensino m\u00e9dio, contemplando as principais quest\u00f5es que perpassam o processo de<br \/>\nensino e aprendizagem. Deve ser uma proposta de educa\u00e7\u00e3o que pretende uma aprendizagem<br \/>\nmais ativa e participativa dos alunos.<br \/>\n\u00c9 importante que o Projeto de Ensino se efetive como um instrumento para a<br \/>\nconstru\u00e7\u00e3o de novos conhecimentos, no intuito de formar indiv\u00edduos com uma vis\u00e3o mais<br \/>\nglobal da realidade.<br \/>\nO enfoque dever\u00e1 apresentar coer\u00eancia com a habilita\u00e7\u00e3o que o seu curso<br \/>\nproporciona, tendo como refer\u00eancia os estudos realizados no seu percurso.<br \/>\nAo selecionar o tema, \u00e9 importante atentar para quest\u00f5es como:<\/p>\n<p>Relev\u00e2ncia da ideia \uf0b7 A ideia tem import\u00e2ncia para o<\/p>\n<p>ensino?<br \/>\n\uf0b7 Est\u00e1 direcionada para o ensino e a<br \/>\naprendizagem na educa\u00e7\u00e3o b\u00e1sica de<br \/>\nacordo com o segmento de atua\u00e7\u00e3o<br \/>\npara o qual o curso habilita?<br \/>\n\uf0b7 Contempla a doc\u00eancia e a pesquisa?<br \/>\n\uf0b7 Est\u00e1 relacionada \u00e0s tem\u00e1ticas<br \/>\nabordadas no curso?<br \/>\n\uf0b7 Contribui para o seu crescimento<br \/>\nprofissional?<\/p>\n<p>Viabilidade da ideia \uf0b7 \u00c9 poss\u00edvel de ser executada na<br \/>\neduca\u00e7\u00e3o b\u00e1sica de acordo com o<br \/>\nsegmento de atua\u00e7\u00e3o para o qual o<\/p>\n<p>8<\/p>\n<p>curso habilita?<br \/>\n\uf0b7 O problema de pesquisa est\u00e1 bem<br \/>\ndefinido?<br \/>\n\uf0b7 Existem bibliografia e outros<br \/>\nmateriais de f\u00e1cil acesso para a<br \/>\nescrita do projeto?<\/p>\n<p>Os pontos acima, se bem refletidos, ir\u00e3o direcionar a elabora\u00e7\u00e3o do seu projeto. Sabe<br \/>\npor qu\u00ea? Muitas vezes, temos uma ideia interessante, mas n\u00e3o \u00e9 poss\u00edvel de ser estudada na<br \/>\neduca\u00e7\u00e3o b\u00e1sica, devido \u00e0 complexidade da tem\u00e1tica. Pode at\u00e9 ser que, em alguns casos,<br \/>\nconsigamos desenvolver em sala de aula, mas n\u00e3o encontramos materiais necess\u00e1rios para a<br \/>\nleitura sobre o assunto, e o projeto carece de fundamenta\u00e7\u00e3o te\u00f3rica, com limites n\u00e3o bem<br \/>\ndelineados, muitas vezes confusos, at\u00e9 mesmo para o pr\u00f3prio professor. Por isso, h\u00e1 a<br \/>\nnecessidade de levar em considera\u00e7\u00e3o essas observa\u00e7\u00f5es no desenvolvimento de seu Projeto<br \/>\nde Ensino.<\/p>\n<p>Sugest\u00e3o\/exemplos de temas:<br \/>\n\u2013 O uso da m\u00fasica para estudo da Ditadura Militar no Brasil com alunos do 3o ano do Ensino<br \/>\nM\u00e9dio.<br \/>\n\u2013 An\u00e1lise da Carta de Caminha para estudo do Descobrimento do Brasil com alunos do 7o ano<br \/>\ndo Ensino Fundamental.<br \/>\n\u2013 O uso de charges para estudo da Independ\u00eancia dos pa\u00edses africanos com alunos do 3o ano<br \/>\ndo Ensino M\u00e9dio.<br \/>\n\u2013 O uso de pinturas hist\u00f3ricas para estudo da Independ\u00eancia do Brasil com alunos do 8o ano<br \/>\ndo Ensino Fundamental.<br \/>\n\u2013 O uso de imagens para estudo da Sociedade Feudal com alunos do 6o ano do Ensino<br \/>\nFundamental.<br \/>\n\u2013 A m\u00e3o-de-obra do imigrante no Brasil no s\u00e9c. XIX: an\u00e1lise de documentos do Arquivo<br \/>\nNacional com alunos do 2o ano do Ensino M\u00e9dio.<br \/>\n\u2013 Educa\u00e7\u00e3o patrimonial: o uso de acervo museol\u00f3gico com alunos do 9o ano, para estudo da<\/p>\n<p>9<\/p>\n<p>economia cafeeira na regi\u00e3o de Londrina entre as d\u00e9cadas de 1940 e 1970.<\/p>\n<p>Aten\u00e7\u00e3o:<br \/>\nO tema deve contemplar um conte\u00fado da disciplina de Hist\u00f3ria para os anos finais do<br \/>\nensino fundamental ou para o ensino m\u00e9dio. Tamb\u00e9m dever\u00e1 apresentar o documento<br \/>\nhist\u00f3rico que ser\u00e1 utilizado e a s\u00e9rie\/ano para o qual o projeto se destina.<br \/>\nObserve que no tema \u201cO uso de imagens para estudo da Sociedade Feudal com alunos<br \/>\ndo 6o ano do ensino fundamental\u201d, podemos identificar o conte\u00fado a ser abordado (a<br \/>\nsociedade feudal), o per\u00edodo (idade m\u00e9dia), o documento hist\u00f3rico que ser\u00e1 utilizado<br \/>\n(imagens), e a s\u00e9rie\/ano para o qual o projeto se destina (6o ano do ensino fundamental).<br \/>\n\u00c9 importante que o projeto de ensino contemple o trabalho com um ou dois<br \/>\ndocumentos hist\u00f3ricos que podem ser analisados para o estudo do conte\u00fado previsto. Dentre<br \/>\nos documentos hist\u00f3ricos que voc\u00ea poder\u00e1 escolher temos: imagens (fotografias, charges,<br \/>\npinturas hist\u00f3ricas), m\u00fasica, filmes, jornais, literatura, patrim\u00f4nio hist\u00f3rico cultural, acervos<br \/>\nde museus, documenta\u00e7\u00e3o arquiv\u00edstica, dentre outros. Tamb\u00e9m poder\u00e1 escolher trabalhar<br \/>\ncom fontes orais, caso o seu projeto tenha essa necessidade.<\/p>\n<p>Esta parte do projeto dever\u00e1 conter uma (1) lauda.<\/p>\n<p>10<\/p>\n<p>2.2 JUSTIFICATIVA<br \/>\nNa perspectiva de Marconi e Lakatos (2003, p. 219), uma justificativa \u201cconsiste numa<br \/>\nexposi\u00e7\u00e3o sucinta, por\u00e9m completa, das raz\u00f5es de ordem te\u00f3rica e dos motivos de ordem<br \/>\npr\u00e1tica que tornam importante\u201d uma dada a\u00e7\u00e3o ou pesquisa.<br \/>\nA justificativa fundamenta a escolha do tema e a motiva\u00e7\u00e3o do Projeto. Para isso,<br \/>\ndestaque a relev\u00e2ncia da sua pesquisa, apresentando argumentos que identifiquem a<br \/>\nimport\u00e2ncia do tema proposto. Defenda sua proposta, apresente a finalidade do seu estudo,<br \/>\nconven\u00e7a o leitor de que seus prop\u00f3sitos s\u00e3o justos e merecem uma abordagem sistem\u00e1tica<br \/>\ne cient\u00edfica. \u00c9 importante frisar que, por cursar uma licenciatura, futuramente, voc\u00ea atuar\u00e1 na<br \/>\n\u00e1rea do ensino, como professor. Assim, sua pesquisa deve ser relevante para essa \u00e1rea. Ao<br \/>\napresentar os seus argumentos, \u00e9 essencial fundament\u00e1-los teoricamente, ou seja, apresentar<br \/>\ninforma\u00e7\u00f5es te\u00f3ricas (cita\u00e7\u00f5es e refer\u00eancias) que sustentem sua justificativa.<br \/>\nVale ressaltar que a justificativa difere-se da fundamenta\u00e7\u00e3o te\u00f3rica. Assim, quando se<br \/>\nfala de abordagem de \u201craz\u00f5es de ordem te\u00f3rica\u201d na elabora\u00e7\u00e3o deste item, deve-se ter em<br \/>\nmente que n\u00e3o se deve explicitar ou aprofundar o referencial te\u00f3rico, mas, sim, ressaltar sua<br \/>\nimport\u00e2ncia para as a\u00e7\u00f5es a serem desenvolvidas (MARCONI, LAKATOS, 2003).<\/p>\n<p>Esta parte do projeto dever\u00e1 conter, no m\u00ednimo, uma (1) e, no m\u00e1ximo, duas (2) laudas.<\/p>\n<p>11<\/p>\n<p>2.3 PARTICIPANTES<\/p>\n<p>Nesta parte do trabalho, voc\u00ea deve especificar a quem o projeto se destina, ou seja,<br \/>\naqueles que ser\u00e3o diretamente afetados\/mobilizados\/atendidos\/contemplados com seu<br \/>\ndesenvolvimento.<br \/>\nImportante observar, na defini\u00e7\u00e3o dos participantes, o atendimento ao segmento da<br \/>\nEduca\u00e7\u00e3o B\u00e1sica para o qual seu curso de gradua\u00e7\u00e3o o habilita para atua\u00e7\u00e3o. Assim, por<br \/>\nexemplo, se o seu curso licencia para atuar no Ensino Fundamental Anos Finais e Ensino<br \/>\nM\u00e9dio, o Projeto de Ensino n\u00e3o pode ser direcionado \u00e0 Educa\u00e7\u00e3o Infantil ou Ensino<br \/>\nFundamental Anos Iniciais.<\/p>\n<p>Esta parte do projeto dever\u00e1 conter, no m\u00e1ximo, meia (0,5) lauda.<\/p>\n<p>12<\/p>\n<p>2.4 OBJETIVOS<\/p>\n<p>Toda pesquisa deve ter um objetivo determinado para saber o que se vai procurar e o<br \/>\nque se pretende alcan\u00e7ar, possibilitando o aumento dos conhecimentos sobre determinado<br \/>\nassunto (Marconi e Lakatos, 2003, p. 156).<br \/>\nNesta etapa, voc\u00ea deve especificar qual o prop\u00f3sito, aquilo que se quer com o estudo<br \/>\ndo tema e o que se pretende alcan\u00e7ar ao propor esse Projeto de Ensino para a Educa\u00e7\u00e3o<br \/>\nB\u00e1sica.<\/p>\n<p>Objetivo Geral Indica o que se pretende alcan\u00e7ar de forma<br \/>\nampla e est\u00e1 relacionado \u00e0 quest\u00e3o principal<br \/>\ndo projeto.<\/p>\n<p>Objetivos Espec\u00edficos Contribuem para alcan\u00e7ar o objetivo geral,<br \/>\napontando as etapas que levam \u00e0 obten\u00e7\u00e3o<br \/>\ndo objetivo maior.<br \/>\nVoc\u00ea dever\u00e1 elencar 3 objetivos espec\u00edficos<br \/>\nque se pretende alcan\u00e7ar com o<br \/>\ndesenvolvimento do Projeto<br \/>\n(conhecimentos, mudan\u00e7as de atitude e\/ou<br \/>\nhabilidades).<\/p>\n<p>Esta parte do projeto dever\u00e1 conter, no m\u00e1ximo, meia (0,5) lauda.<\/p>\n<p>13<\/p>\n<p>2.5 PROBLEMATIZA\u00c7\u00c3O<br \/>\nA problematiza\u00e7\u00e3o inicia-se a partir da observa\u00e7\u00e3o das situa\u00e7\u00f5es do cotidiano escolar<br \/>\ne de estudos j\u00e1 realizados, verificando-se dificuldades, quest\u00f5es conflitantes, possibilidade de<br \/>\naprimoramento e outros fatores que podem delimitar um t\u00f3pico de estudo e gerar uma<br \/>\npergunta.<br \/>\nA no\u00e7\u00e3o de \u201cproblema\u201d est\u00e1 atrelada a \u201cuma dificuldade, te\u00f3rica ou pr\u00e1tica, no<br \/>\nconhecimento de alguma coisa de real import\u00e2ncia, para a qual se deve encontrar uma<br \/>\nsolu\u00e7\u00e3o (MARCONI; LAKATOS, 2003, p. 159).<br \/>\nFormular o problema consiste em dizer, de maneira expl\u00edcita, clara, compreens\u00edvel e<br \/>\noperacional, qual a dificuldade encontrada e que se pretende resolver, limitando o seu campo<br \/>\ne apresentando suas caracter\u00edsticas (MARCONI; LAKATOS, 2003, p. 127). Para desenvolver<br \/>\neste item, reflita e discorra: como o tema selecionado pode ser trabalhado para superar uma<br \/>\ndificuldade ou situa\u00e7\u00e3o identificada no contexto escolar?<br \/>\nDessa forma, para organizar este item, voc\u00ea deve primeiramente apresentar o<br \/>\ncontexto observado, situar a dificuldade identificada e, por fim, apresentar reflex\u00f5es capazes<br \/>\nde delinear o campo te\u00f3rico dentro do qual ser\u00e3o buscadas solu\u00e7\u00f5es para o problema<br \/>\nmotivador do projeto.<br \/>\nEsta parte do projeto dever\u00e1 conter, no m\u00ednimo, uma (1) e, no m\u00e1ximo, duas(2) laudas.<\/p>\n<p>14<\/p>\n<p>2.6 REFERENCIAL TE\u00d3RICO<br \/>\nPara Marconi e Lakatos (2003, p. 225), \u201cpesquisa alguma parte da estaca zero\u201d, assim<br \/>\ncomo qualquer a\u00e7\u00e3o pedag\u00f3gica sempre estar\u00e1 baseada em algum conhecimento precedente.<br \/>\nA revis\u00e3o bibliogr\u00e1fica \u00e9 importante, pois fundamenta seu Projeto teoricamente e<br \/>\nfavorece a defini\u00e7\u00e3o de contornos mais precisos da problem\u00e1tica a ser estudada. Neste item,<br \/>\nvoc\u00ea deve apresentar as principais teorias que se relacionam com seu Projeto de Ensino. Cabe<br \/>\n\u00e0 revis\u00e3o bibliogr\u00e1fica a defini\u00e7\u00e3o de termos e de conceitos essenciais para o trabalho, relatar<br \/>\no que se diz sobre o objeto na atualidade, qual o enfoque que est\u00e1 recebendo hoje, quais<br \/>\nlacunas que ainda existem, etc. Vale ressaltar que \u201ca ci\u00eancia lida com conceitos\u201d, e os<br \/>\n\u201cconceitos podem ter significados diferentes de acordo com o quadro de refer\u00eancia ou a<br \/>\nci\u00eancia que os emprega\u201d (MARCONI, LAKATOS, 2003, p. 225), da\u00ed a necessidade deste item.<br \/>\nNesta parte, voc\u00ea dever\u00e1 discutir\/analisar as ideias de no m\u00ednimo dois autores diferentes<br \/>\nque subsidiem o tema que escolheu e mais dois autores que fundamentem teoricamente o<br \/>\ndocumento hist\u00f3rico para desenvolver seu projeto. Ou seja, voc\u00ea dever\u00e1 pesquisar artigos,<br \/>\nlivros, dentre outros materiais que tratam do tema escolhido. N\u00e3o \u00e9 recomendado o uso de<br \/>\nlivros did\u00e1ticos. Isso significa que voc\u00ea dever\u00e1 buscar pelo menos quatro autores e inseri-los<br \/>\nno debate.<br \/>\nAssim, para a elabora\u00e7\u00e3o da revis\u00e3o bibliogr\u00e1fica, \u00e9 necess\u00e1rio realizar um levantamento<\/p>\n<p>de textos adequados e atualizados, referentes ao tema escolhido. Como sugest\u00e3o para realiz\u00e1-<br \/>\nla, voc\u00ea necessita tomar por base as leituras realizadas e elaborar um texto que contenha<\/p>\n<p>refer\u00eancias a autores e obras que abordem a tem\u00e1tica escolhida para a realiza\u00e7\u00e3o do Projeto<br \/>\nde Ensino.<br \/>\nA revis\u00e3o bibliogr\u00e1fica de seu Projeto de Ensino, assim como de qualquer trabalho<br \/>\nacad\u00eamico, dever ser pautada na utiliza\u00e7\u00e3o de fontes confi\u00e1veis. Al\u00e9m de materiais<br \/>\nconvencionais, como livros e artigos de peri\u00f3dicos (revistas cient\u00edficas), podem ser utilizados<br \/>\ntrabalhos acad\u00eamicos de relev\u00e2ncia comprovada na \u00e1rea, como disserta\u00e7\u00f5es e teses. Vale<br \/>\nressaltar que, dada a dissemina\u00e7\u00e3o das tecnologias digitais de informa\u00e7\u00e3o e comunica\u00e7\u00e3o, boa<br \/>\nparte do acesso a esses materiais \u00e9 feita por meios digitais, na internet, o que exige cuidado e<br \/>\naten\u00e7\u00e3o na sele\u00e7\u00e3o das fontes, bem como a sua correta referencia\u00e7\u00e3o.<\/p>\n<p>15<br \/>\nEm s\u00edntese, voc\u00ea dever\u00e1 buscar autores e inseri-los no debate, por meio de cita\u00e7\u00f5es<br \/>\ndiretas e indiretas. \u00c9 importante sempre referenci\u00e1-los, conforme as normas da ABNT. Nunca<br \/>\ncopie as ideias do autor sem mencion\u00e1-los, pois a pr\u00e1tica da apropria\u00e7\u00e3o de textos alheios<br \/>\nconstitui pl\u00e1gio, crime com pena prevista em lei (Lei n.o 9.610).<\/p>\n<p>Esta parte do projeto dever\u00e1 conter, no m\u00ednimo, cinco (5) e, no m\u00e1ximo, sete (7) laudas.<\/p>\n<p>16<\/p>\n<p>2.7 METODOLOGIA<\/p>\n<p>Neste item, voc\u00ea deve explicitar o desdobramento te\u00f3rico-pr\u00e1tico, fundamentado em<br \/>\na\u00e7\u00f5es a serem desenvolvidas, e as estrat\u00e9gias necess\u00e1rias para realiz\u00e1-las.<br \/>\nVoc\u00ea deve observar as seguintes etapas:<br \/>\n\uf0b7 Planejamento: \u00c9 nesse momento que se organiza as pr\u00e1ticas, e se faz uma<br \/>\nliga\u00e7\u00e3o entre os conte\u00fados\/abordagens e o contexto social. O<br \/>\ndesencadeamento das a\u00e7\u00f5es ocorre por meio das perguntas: O que fazer?<br \/>\nComo fazer? Quem vai ajudar?<br \/>\n\uf0b7 Execu\u00e7\u00e3o: \u00c9 a descri\u00e7\u00e3o de como as atividades ser\u00e3o desenvolvidas, focando<br \/>\nem tudo que precisa ser feito para que o projeto de fato se efetive.<br \/>\nConsiderando que o Projeto \u00e9 voltado para a Educa\u00e7\u00e3o B\u00e1sica, voc\u00ea pode contemplar<br \/>\ndiferentes abordagens: o uso de metodologias ativas e de tecnologias digitais; aulas pr\u00e1ticas<br \/>\ne expositivo-dialogadas; elabora\u00e7\u00e3o de mapas conceituais; experimenta\u00e7\u00e3o de t\u00e9cnicas e<br \/>\nmateriais; solu\u00e7\u00f5es de problemas; estudos de caso; estudos dirigidos; trabalhos colaborativos<br \/>\npor meio das redes sociais (Facebook, Twitter, blogs), entre outros.<br \/>\nCaso esteja previsto o trabalho com materiais dispon\u00edveis na internet, inclua os links<br \/>\ndos materiais que pretende utilizar.<\/p>\n<p>Esta etapa deve ter, no m\u00ednimo, uma (1) lauda e meia e, no m\u00e1ximo, duas (2) laudas.<\/p>\n<p>17<\/p>\n<p>2.8 CRONOGRAMA DO PROJETO<\/p>\n<p>O tempo previsto para a execu\u00e7\u00e3o do projeto se relaciona diretamente aos objetivos<br \/>\npropostos, no entanto n\u00e3o deve ser muito longo, pois pode causar desinteresse.<br \/>\nDessa forma, ao prever o tempo para a realiza\u00e7\u00e3o do projeto, organize um cronograma<br \/>\npara realizar cada atividade prevista na Metodologia, o que pode ser feito desta forma:<\/p>\n<p>Etapas do Projeto Per\u00edodo<br \/>\n1. Planejamento<br \/>\n2. Execu\u00e7\u00e3o<br \/>\n3. Avalia\u00e7\u00e3o<\/p>\n<p>Esta etapa deve conter, no m\u00ednimo, meia e, no m\u00e1ximo, uma (1) lauda.<\/p>\n<p>18<\/p>\n<p>2.9 RECURSOS HUMANOS E MATERIAIS<\/p>\n<p>Prever a necessidade de recursos humanos e materiais proporciona a organiza\u00e7\u00e3o do<br \/>\ntrabalho e o encaminhamento do estudo e da investiga\u00e7\u00e3o, enriquecendo o Projeto na sua<br \/>\ntotalidade. Nesta parte do trabalho, voc\u00ea deve elencar os recursos necess\u00e1rios para a<br \/>\nexecu\u00e7\u00e3o do Projeto.<\/p>\n<p>Esta etapa deve conter, no m\u00ednimo, meia e, no m\u00e1ximo, uma (1) lauda.<\/p>\n<p>19<\/p>\n<p>2.10 AVALIA\u00c7\u00c3O<br \/>\nAvaliar um projeto \u00e9 ter em mente que se t\u00ednha como objetivos tra\u00e7ados inicialmente<br \/>\ne verificar se eles foram atingidos (NOGUEIRA, 2008, p.70). Neste item, ser\u00e1 necess\u00e1rio<br \/>\ndescrever como ocorrer\u00e1 a avalia\u00e7\u00e3o, indicando de forma clara os procedimentos e os seus<br \/>\nrespectivos crit\u00e9rios.<br \/>\nExemplos: constru\u00e7\u00e3o de portf\u00f3lio; montagem de exposi\u00e7\u00e3o; observa\u00e7\u00e3o peri\u00f3dica<br \/>\nregistrada em di\u00e1rios de classe, entre outras possibilidades.<\/p>\n<p>Esta etapa deve conter, no m\u00ednimo, meia e, no m\u00e1ximo, uma (1) lauda.<\/p>\n<div class=\"elementor-toggle-item\">\n<div class=\"elementor-toggle-item\">\n<h4 id=\"elementor-tab-title-1941\" class=\"elementor-tab-title elementor-active\" tabindex=\"0\" role=\"tab\" data-tab=\"1\" aria-controls=\"elementor-tab-content-1941\" aria-expanded=\"true\" aria-selected=\"true\">Como funciona?<\/h4>\n<div id=\"elementor-tab-content-1941\" class=\"elementor-tab-content elementor-clearfix elementor-active\" role=\"tabpanel\" data-tab=\"1\" aria-labelledby=\"elementor-tab-title-1941\">\n<p>Elaboramos os portf\u00f3lios, j\u00e1 deixamos prontos, nas normas da ABNT e conforme os requisitos da universidade. F\u00e1cil assim! O MELHOR \u00c9 QUE VOC\u00ca COMPRA E J\u00c1 BAIXA NA HORA O SEU ARQUIVO EM WORD! Sabemos que conciliar trabalho, fam\u00edlia, vida profissional e estudos \u00e9 dif\u00edcil hoje em dia, por isso, estamos aqui para ajudar voc\u00ea. Conte com nossa qualidade, experi\u00eancia e profissionalismo adquirindo seu portf\u00f3lio conosco. GARANTIMOS SEU CONCEITO!<\/p>\n<h4>Como se realizam os envios?<\/h4>\n<\/div>\n<\/div>\n<div class=\"elementor-toggle-item\">\n<div id=\"elementor-tab-content-1942\" class=\"elementor-tab-content elementor-clearfix elementor-active\" role=\"tabpanel\" data-tab=\"2\" aria-labelledby=\"elementor-tab-title-1942\">O seu trabalho \u00e9 disponibilizado pronto, respondido e nas normas j\u00e1 na mesma hora aqui em nosso site na sua \u00e1rea de downloads e tamb\u00e9m no seu e-mail.<\/div>\n<\/div>\n<div class=\"elementor-toggle-item\">\n<div id=\"elementor-tab-content-1943\" class=\"elementor-tab-content elementor-clearfix elementor-active\" role=\"tabpanel\" data-tab=\"3\" aria-labelledby=\"elementor-tab-title-1943\">\n<h4>Em quanto tempo recebo o portf\u00f3lio?<\/h4>\n<\/div>\n<\/div>\n<div class=\"elementor-toggle-item\">\n<div id=\"elementor-tab-content-1944\" class=\"elementor-tab-content elementor-clearfix elementor-active\" role=\"tabpanel\" data-tab=\"4\" aria-labelledby=\"elementor-tab-title-1944\">\n<p>Os envios s\u00e3o imediatos. Ap\u00f3s sua compra, o trabalho j\u00e1 \u00e9 disponibilizado instantaneamente aqui em nosso site e no seu e-mail.<\/p>\n<h4>E se o portf\u00f3lio que comprei precisar de corre\u00e7\u00e3o?<\/h4>\n<\/div>\n<\/div>\n<div class=\"elementor-toggle-item\">\n<div id=\"elementor-tab-content-1945\" class=\"elementor-tab-content elementor-clearfix elementor-active\" role=\"tabpanel\" data-tab=\"5\" aria-labelledby=\"elementor-tab-title-1945\">\n<p>Caso haja alguma solicita\u00e7\u00e3o de corre\u00e7\u00e3o\/altera\u00e7\u00e3o por parte do tutor, basta entrar em contato conosco pelo\u00a0WhatsApp\u00a0que provid\u00eanciaremos sem custo algum.<\/p>\n<h4>Qual o formato do arquivo?<\/h4>\n<\/div>\n<\/div>\n<div class=\"elementor-toggle-item\">\n<div id=\"elementor-tab-content-1946\" class=\"elementor-tab-content elementor-clearfix elementor-active\" role=\"tabpanel\" data-tab=\"6\" aria-labelledby=\"elementor-tab-title-1946\">\n<p>Os arquivos s\u00e3o enviados em formato Word e s\u00e3o edit\u00e1veis.<\/p>\n<h4>Caso eu tiver alguma d\u00favida, terei suporte no p\u00f3s venda?<\/h4>\n<\/div>\n<\/div>\n<div class=\"elementor-toggle-item\">\n<div id=\"elementor-tab-content-1948\" class=\"elementor-tab-content elementor-clearfix elementor-active\" role=\"tabpanel\" data-tab=\"8\" aria-labelledby=\"elementor-tab-title-1948\">\n<p>Sim, com certeza. Basta clicar no \u00edcone do WhatsApp no cantinho da tela. Ser\u00e1 um prazer atend\u00ea-lo(a).<\/p>\n<div class=\"elementor-toggle-item\">\n<div id=\"elementor-tab-content-1948\" class=\"elementor-tab-content elementor-clearfix elementor-active\" role=\"tabpanel\" data-tab=\"8\" aria-labelledby=\"elementor-tab-title-1948\">\n<h4>Quais os seus canais de contato?<\/h4>\n<\/div>\n<\/div>\n<div class=\"elementor-toggle-item\">\n<div id=\"elementor-tab-content-1949\" class=\"elementor-tab-content elementor-clearfix elementor-active\" role=\"tabpanel\" data-tab=\"9\" aria-labelledby=\"elementor-tab-title-1949\">\n<p>Whatsapp: 53 984751621 \u2013 Clicar no canto da tela ou ESCANEIE O QRCODE ABAIXO<\/p>\n<p><img decoding=\"async\" class=\"alignnone wp-image-7603\" src=\"http:\/\/portifolioos-prontos.com\/wp-content\/uploads\/2022\/09\/portfolio-unopar-pronto-colaborar-ava-producao-textual-interdisciplinar.png\" alt=\"Projeto de ensino Licenciatura em Hist\u00f3ria,projeto de ensino curso de licenciatura em hist\u00f3ria,Projeto de ensino Hist\u00f3ria,projeto de hist\u00f3ria ensino fundamental,projeto de ensino historia,projeto de ensino historia unopar,projeto de hist\u00f3ria ensino fundamental 2,projeto de ensino de hist\u00f3ria unopar pdf,projeto conta\u00e7\u00e3o de hist\u00f3rias ensino fundamental 2,projeto conta\u00e7\u00e3o de hist\u00f3rias ensino fundamental 1,projeto conta\u00e7\u00e3o de hist\u00f3rias ensino fundamental,projeto contadores de hist\u00f3rias ensino fundamental,projeto de ensino unopar,projeto de ensino unopar pedagogia 2021,projeto de ensino unopar 2021,projeto de ensino unopar pedagogia 8 semestre,projeto de ensino unopar pedagogia 2020,projeto de ensino unopar pedagogia,projeto de ensino unopar historia,projeto de ensino unopar 2019,projeto de ensino unopar brinquedoteca,projeto de ensino ludicidade unopar,unopar projeto de ensino,unopar projeto de ensino hist\u00f3ria,projeto de ensino em hist\u00f3ria unopar,O impacto da pandemia no mundo,Portfolio pronto,portifolio pronto,portf\u00f3lio pronto,portifolios prontos,portif\u00f3lios prontos,portf\u00f3lio pronto unopar,portifolio pronto unopar,portif\u00f3lio pronto unopar,portifolios prontos unopar,portifolios prontos anhanguera,portf\u00f3lios prontos anhanguera,portf\u00f3lio pronto anhanguera,portfolios ead,portf\u00f3lios ead,portfolioead,apostileiros,portf\u00f3lio ead,portifolios ead,portif\u00f3lios ead,eadhelp,shop do acad\u00eamico,unopar portfolio,portfolio pronto ead,portfolio unopar ead,ead portfolio ava,portf\u00f3lio ead anhanguera,portf\u00f3lio ead pront,o portf\u00f3lio ead unopar,portf\u00f3lio pronto em word,pti unopar,ptg unopar,modelo de portf\u00f3lio unopar,modelo de portf\u00f3lio anhanguera,como fazer um portf\u00f3lio para faculdade,como faz portf\u00f3lio universidade,como faz portf\u00f3lios para universidade,portf\u00f3lios prontos para universidade,portf\u00f3lios pronto para faculdade,portf\u00f3lio pronto para editar,portifolios prontos para editar,portf\u00f3lio em word,portfolio em word,portf\u00f3lio em word para editar,portifolio em word para editar,portfolio unopar pronto para editar,modelo de portfolio para unopar,modelo de portif\u00f3lio para unopar,modelo de portf\u00f3lio para unopar,unopar portf\u00f3lio pronto,anhanguera portf\u00f3lio pronto,portf\u00f3lio em word pronto,comprar portf\u00f3lio pronto,como fazer um portf\u00f3lio,como fazer portf\u00f3lio digital,portfolio,portf\u00f3lio,portifolio,portif\u00f3lio,portf\u00f3lio interdisciplinar individual,portfolio interdisciplinar individual,exemplos de portf\u00f3lio para faculdade,baixar portf\u00f3lio pronto,portf\u00f3lio acad\u00eamico,portf\u00f3lio online,portfoliooead,portfolio ead,portf\u00f3lio pronto interdisciplinar individual,relat\u00f3rio de est\u00e1gio unopar,relat\u00f3rio de est\u00e1gio pronto unopar,como criar um portf\u00f3lio,o que \u00e9 um portf\u00f3lio e como fazer,portfolio exemplo,modelo de portfolio acad\u00eamico,relat\u00f3rio de est\u00e1gio gest\u00e3o escolar pronto unopar,portf\u00f3lio como fazer,prova profici\u00eancia unopar,portfolio individual est\u00e1gio curricular obrigat\u00f3rio ii anos iniciais do ensino fundamental,prova de profici\u00eancia pedagogia unopar,capa de trabalho unopar para editar,portf\u00f3lio acad\u00eamico unopar,como fazer um portf\u00f3lio acad\u00eamico,portf\u00f3lio exemplos word,portfolio acad\u00eamico,portfolio individual,portfolio individual unopar,portfolio individual anhanguera,portfolio marketing digital,portf\u00f3lio educa\u00e7\u00e3o f\u00edsica unopar,portf\u00f3lio gest\u00e3o educacional e espa\u00e7os n\u00e3o escolares,como fazer um portifolio unopar,modelo de portf\u00f3lio unopar em arquivo word,capa de portf\u00f3lio de pedagogia,como fazer um portf\u00f3lio no word,projeto integrado unopar,exemplo de portf\u00f3lio academico pedagogia\" width=\"141\" height=\"141\" srcset=\"https:\/\/portifolioos-prontos.com\/wp-content\/uploads\/2022\/09\/portfolio-unopar-pronto-colaborar-ava-producao-textual-interdisciplinar.png 150w, https:\/\/portifolioos-prontos.com\/wp-content\/uploads\/2022\/09\/portfolio-unopar-pronto-colaborar-ava-producao-textual-interdisciplinar-100x100.png 100w\" sizes=\"(max-width: 141px) 100vw, 141px\" \/><\/p>\n<\/div>\n<\/div>\n<\/div>\n<\/div>\n<div class=\"elementor-toggle-item\">\n<div id=\"elementor-tab-content-1949\" class=\"elementor-tab-content elementor-clearfix elementor-active\" role=\"tabpanel\" data-tab=\"9\" aria-labelledby=\"elementor-tab-title-1949\">\n<p>E-mail:portifoliosp@gmail.com<\/p>\n<div id=\"attachment_143\" class=\"wp-caption alignnone\">\n<div id=\"attachment_143\" class=\"wp-caption alignnone\" style=\"width: 161px;\">\n<p><a href=\"http:\/\/portifolioos-prontos.com\/\"><img decoding=\"async\" class=\"wp-image-143\" title=\"portfolio pronto unopar\" src=\"http:\/\/portifolioos-prontos.com\/wp-content\/uploads\/2022\/04\/conceitomaximo.png\" alt=\"PORTFOLIO PRONTO UNOPAR ANHANGUERA\" width=\"161\" height=\"46\" aria-describedby=\"caption-attachment-143\" \/><\/a><\/p>\n<p id=\"caption-attachment-143\" class=\"wp-caption-text\">Portf\u00f3lio em Word, respondido, completo e j\u00e1 nas normas.<\/p>\n<\/div>\n<\/div>\n<\/div>\n<\/div>\n<\/div>\n","protected":false},"excerpt":{"rendered":"<p>Projeto de ensino Licenciatura em Hist\u00f3ria Sum\u00e1rio 1. APRESENTA\u00c7\u00c3O\u2026\u2026\u2026\u2026\u2026\u2026\u2026\u2026\u2026\u2026\u2026\u2026\u2026\u2026\u2026\u2026\u2026\u2026\u2026\u2026\u2026\u2026\u2026\u2026\u2026\u2026\u2026\u2026\u2026\u2026\u2026\u2026\u2026\u2026\u2026\u2026\u2026\u2026\u2026\u2026\u2026\u2026\u2026\u2026\u2026.3 2. CARACTERIZA\u00c7\u00c3O DO PROJETO DE ENSINO \u2026\u2026\u2026\u2026\u2026\u2026\u2026\u2026\u2026\u2026\u2026\u2026\u2026\u2026\u2026\u2026\u2026\u2026\u2026\u2026\u2026\u2026\u2026\u2026\u2026\u2026\u2026\u2026\u2026\u2026\u20264 2.1 TEMA\u2026\u2026\u2026\u2026\u2026\u2026\u2026\u2026\u2026\u2026\u2026\u2026\u2026\u2026\u2026\u2026\u2026\u2026\u2026\u2026\u2026\u2026\u2026\u2026\u2026\u2026\u2026\u2026\u2026\u2026\u2026\u2026\u2026\u2026\u2026\u2026\u2026\u2026\u2026\u2026\u2026\u2026\u2026\u2026\u2026\u2026\u2026\u2026\u2026\u2026 7 2.2 JUSTIFICATIVA \u2026\u2026\u2026\u2026\u2026\u2026\u2026\u2026\u2026\u2026\u2026\u2026\u2026\u2026\u2026\u2026\u2026\u2026\u2026\u2026\u2026\u2026\u2026\u2026\u2026\u2026\u2026\u2026\u2026\u2026\u2026\u2026\u2026\u2026\u2026\u2026\u2026\u2026\u2026\u2026\u2026\u2026\u2026\u2026.. 10 2.3 PARTICIPANTES \u2026\u2026\u2026\u2026\u2026\u2026\u2026\u2026\u2026\u2026\u2026\u2026\u2026\u2026\u2026\u2026\u2026\u2026\u2026\u2026\u2026\u2026\u2026\u2026\u2026\u2026\u2026\u2026\u2026\u2026\u2026\u2026\u2026\u2026\u2026\u2026\u2026\u2026\u2026\u2026\u2026\u2026\u2026\u2026 11 2.4 OBJETIVOS\u2026\u2026\u2026\u2026\u2026\u2026\u2026\u2026\u2026\u2026\u2026\u2026\u2026\u2026\u2026\u2026\u2026\u2026\u2026\u2026\u2026\u2026\u2026\u2026\u2026\u2026\u2026\u2026\u2026\u2026\u2026\u2026\u2026\u2026\u2026\u2026\u2026\u2026\u2026\u2026\u2026\u2026\u2026\u2026\u2026\u2026.. 12 2.5 PROBLEMATIZA\u00c7\u00c3O\u2026\u2026\u2026\u2026\u2026\u2026\u2026\u2026\u2026\u2026\u2026\u2026\u2026\u2026\u2026\u2026\u2026\u2026\u2026\u2026\u2026\u2026\u2026\u2026\u2026\u2026\u2026\u2026\u2026\u2026\u2026\u2026\u2026\u2026\u2026\u2026\u2026\u2026\u2026\u2026\u2026.. 13 2.6 REFERENCIAL TE\u00d3RICO\u2026\u2026\u2026\u2026\u2026\u2026\u2026\u2026\u2026\u2026\u2026\u2026\u2026\u2026\u2026\u2026\u2026\u2026\u2026\u2026\u2026\u2026\u2026\u2026\u2026\u2026\u2026\u2026\u2026\u2026\u2026\u2026\u2026\u2026\u2026\u2026\u2026\u2026\u2026\u2026. 14 2.7 METODOLOGIA \u2026\u2026\u2026\u2026\u2026\u2026\u2026\u2026\u2026\u2026\u2026\u2026\u2026\u2026\u2026\u2026\u2026\u2026\u2026\u2026\u2026\u2026\u2026\u2026\u2026\u2026\u2026\u2026\u2026\u2026\u2026\u2026\u2026\u2026\u2026\u2026\u2026\u2026\u2026\u2026\u2026\u2026\u2026\u2026 16 2.8 CRONOGRAMA DO PROJETO \u2026\u2026\u2026\u2026\u2026\u2026\u2026\u2026\u2026\u2026\u2026\u2026\u2026\u2026\u2026\u2026\u2026\u2026\u2026\u2026\u2026\u2026\u2026\u2026\u2026\u2026\u2026\u2026\u2026\u2026\u2026\u2026\u2026\u2026\u2026\u2026\u2026 17 2.9 RECURSOS HUMANOS E MATERIAIS \u2026\u2026\u2026\u2026\u2026\u2026\u2026\u2026\u2026\u2026\u2026\u2026\u2026\u2026\u2026\u2026\u2026\u2026\u2026\u2026\u2026\u2026\u2026\u2026\u2026\u2026\u2026\u2026\u2026\u2026\u2026\u2026\u2026. 18 2.10&hellip;<\/p>\n","protected":false},"featured_media":7837,"template":"","meta":{"_seopress_robots_primary_cat":"none","_seopress_titles_title":"%%post_title%% %%sitetitle%%","_seopress_titles_desc":"%%post_title%% Portfolio pronto ead Unopar | Anhanguera - Pronto, em Word, respondido, completo, nas normas da ABNT. DOWNLOAD IMEDIATO.","_seopress_robots_index":""},"product_cat":[45,47,117,15],"product_tag":[],"class_list":{"0":"post-5039","1":"product","2":"type-product","3":"status-publish","4":"has-post-thumbnail","6":"product_cat-historia","7":"product_cat-licenciaturas","8":"product_cat-projeto-de-ensino","9":"product_cat-uncategorized","11":"first","12":"instock","13":"shipping-taxable","14":"purchasable","15":"product-type-simple","16":"col-xs-6 col-sm-4","17":"col-mf-5","18":"un-5-cols"},"jetpack_sharing_enabled":true,"_links":{"self":[{"href":"https:\/\/portifolioos-prontos.com\/index.php\/wp-json\/wp\/v2\/product\/5039","targetHints":{"allow":["GET"]}}],"collection":[{"href":"https:\/\/portifolioos-prontos.com\/index.php\/wp-json\/wp\/v2\/product"}],"about":[{"href":"https:\/\/portifolioos-prontos.com\/index.php\/wp-json\/wp\/v2\/types\/product"}],"version-history":[{"count":0,"href":"https:\/\/portifolioos-prontos.com\/index.php\/wp-json\/wp\/v2\/product\/5039\/revisions"}],"wp:featuredmedia":[{"embeddable":true,"href":"https:\/\/portifolioos-prontos.com\/index.php\/wp-json\/wp\/v2\/media\/7837"}],"wp:attachment":[{"href":"https:\/\/portifolioos-prontos.com\/index.php\/wp-json\/wp\/v2\/media?parent=5039"}],"wp:term":[{"taxonomy":"product_cat","embeddable":true,"href":"https:\/\/portifolioos-prontos.com\/index.php\/wp-json\/wp\/v2\/product_cat?post=5039"},{"taxonomy":"product_tag","embeddable":true,"href":"https:\/\/portifolioos-prontos.com\/index.php\/wp-json\/wp\/v2\/product_tag?post=5039"}],"curies":[{"name":"wp","href":"https:\/\/api.w.org\/{rel}","templated":true}]}}