{"id":51472,"date":"2026-04-20T22:05:34","date_gmt":"2026-04-21T01:05:34","guid":{"rendered":"https:\/\/portifolioos-prontos.com\/?post_type=product&#038;p=51472"},"modified":"2026-04-20T22:05:48","modified_gmt":"2026-04-21T01:05:48","slug":"projeto-de-extensao-iii-administracao-publica","status":"publish","type":"product","link":"https:\/\/portifolioos-prontos.com\/index.php\/product\/projeto-de-extensao-iii-administracao-publica\/","title":{"rendered":"Projeto de Extens\u00e3o III &#8211; Administra\u00e7\u00e3o P\u00fablica"},"content":{"rendered":"<h4><strong>Projeto de Extens\u00e3o III &#8211; Administra\u00e7\u00e3o P\u00fablica<\/strong><\/h4>\n<p data-start=\"557\" data-end=\"613\"><strong data-start=\"557\" data-end=\"582\">PROGRAMA DE EXTENS\u00c3O:<\/strong><br data-start=\"582\" data-end=\"585\" \/>PROGRAMA DE SUSTENTABILIDADE<\/p>\n<hr data-start=\"615\" data-end=\"618\" \/>\n<h1 data-section-id=\"3uu3l\" data-start=\"620\" data-end=\"648\"><span role=\"text\"><strong data-start=\"622\" data-end=\"648\">FINALIDADE E MOTIVA\u00c7\u00c3O<\/strong><\/span><\/h1>\n<p data-start=\"650\" data-end=\"1549\">O programa extensionista voltado as a\u00e7\u00f5es de Sustentabilidade do curso de Administra\u00e7\u00e3o P\u00fablica vinculada ao Programa de Sustentabilidade, al\u00e9m de possibilitar o novo saber e o desenvolvimento de compet\u00eancias e soft skills espec\u00edfica pelo corpo discente do curso, pode contribuir com iniciativas de responsabilidade socioambiental pela proposta de a\u00e7\u00f5es que podem ser realizadas junto a: entidades pertencentes \u00e0 administra\u00e7\u00e3o p\u00fablica municipal, estadual ou federal; escolas; col\u00e9gios; organiza\u00e7\u00f5es n\u00e3o governamentais (ong); institui\u00e7\u00f5es privadas com a\u00e7\u00f5es sociais; funda\u00e7\u00f5es; entidades do judici\u00e1rio como Procons e tribunais; entidades religiosas como igrejas, ordens, templos, congrega\u00e7\u00f5es, miss\u00f5es e casas de acolhimento ou assist\u00eancia; entidades de sa\u00fade e assist\u00eancia social; organiza\u00e7\u00f5es da sociedade civil de interesse p\u00fablico (OSCIPS); organiza\u00e7\u00f5es de moradores e cooperativas, entre outras.<\/p>\n<hr data-start=\"1551\" data-end=\"1554\" \/>\n<h1 data-section-id=\"n62h96\" data-start=\"1556\" data-end=\"1574\"><span role=\"text\"><strong data-start=\"1558\" data-end=\"1574\">COMPET\u00caNCIAS<\/strong><\/span><\/h1>\n<p data-start=\"1576\" data-end=\"1912\">I &#8211; Compreender a import\u00e2ncia da contribui\u00e7\u00e3o de resolu\u00e7\u00e3o de problemas de car\u00e1ter estrat\u00e9gico;<br data-start=\"1671\" data-end=\"1674\" \/>II &#8211; Conhecer a aplicabilidade da Administra\u00e7\u00e3o P\u00fablica nas empresas, na vida das pessoas e o seu impacto na qualidade de vida.;<br data-start=\"1802\" data-end=\"1805\" \/>III &#8211; Compreender o impacto do uso dos mecanismos e ferramentas de Administra\u00e7\u00e3o no desenvolvimento social.<\/p>\n<hr data-start=\"1914\" data-end=\"1917\" \/>\n<h1 data-section-id=\"p6lvjn\" data-start=\"1919\" data-end=\"1942\"><span role=\"text\"><strong data-start=\"1921\" data-end=\"1942\">PERFIL DO EGRESSO<\/strong><\/span><\/h1>\n<p data-start=\"1944\" data-end=\"2317\">O perfil do egresso do curso de Administra\u00e7\u00e3o P\u00fablica, idealizado pela IES proporciona a forma\u00e7\u00e3o do profissional respons\u00e1vel em rela\u00e7\u00e3o \u00e0 res p\u00fablica e ao car\u00e1ter p\u00fablico e democr\u00e1tico do Estado; promotor da transpar\u00eancia e da participa\u00e7\u00e3o e inclus\u00e3o social;comprometido com a coprodu\u00e7\u00e3o do bem p\u00fablico, com a isonomia social e com o respeito \u00e0 diversidade local e global.<\/p>\n<hr data-start=\"2319\" data-end=\"2322\" \/>\n<h1 data-section-id=\"cfjgpl\" data-start=\"2324\" data-end=\"2372\"><span role=\"text\"><strong data-start=\"2326\" data-end=\"2372\">SOFT SKILLS (COMPET\u00caNCIAS SOCIOEMOCIONAIS)<\/strong><\/span><\/h1>\n<p data-start=\"2374\" data-end=\"2462\">An\u00e1lise e resolu\u00e7\u00e3o de problemas<br data-start=\"2406\" data-end=\"2409\" \/>Planejamento e organiza\u00e7\u00e3o<br data-start=\"2435\" data-end=\"2438\" \/>Comunica\u00e7\u00e3o Interpessoal<\/p>\n<hr data-start=\"2464\" data-end=\"2467\" \/>\n<h1 data-section-id=\"sr4qw3\" data-start=\"2469\" data-end=\"2500\"><span role=\"text\"><strong data-start=\"2471\" data-end=\"2500\">OBJETIVOS DE APRENDIZAGEM<\/strong><\/span><\/h1>\n<p data-start=\"2502\" data-end=\"2830\">As a\u00e7\u00f5es de extens\u00e3o universit\u00e1ria do curso de Administra\u00e7\u00e3o P\u00fablica orientadas pelo Programa de Sustentabilidade t\u00eam como objetivo principal contribuir com as iniciativas de preserva\u00e7\u00e3o ambiental local ou regional, al\u00e9m de possibilitar que o corpo discente do curso aplique sua aprendizagem multidisciplinar adquirida no curso.<\/p>\n<hr data-start=\"2832\" data-end=\"2835\" \/>\n<h1 data-section-id=\"gzibhz\" data-start=\"2837\" data-end=\"2852\"><span role=\"text\"><strong data-start=\"2839\" data-end=\"2852\">CONTE\u00daDOS<\/strong><\/span><\/h1>\n<p data-start=\"2854\" data-end=\"2966\">I &#8211; Auditoria e Controle no Setor P\u00fablico;<br data-start=\"2896\" data-end=\"2899\" \/>II &#8211; Direito P\u00fablico;<br data-start=\"2920\" data-end=\"2923\" \/>III &#8211; Licita\u00e7\u00e3o, Contratos e Terceiriza\u00e7\u00e3o;<\/p>\n<hr data-start=\"2968\" data-end=\"2971\" \/>\n<h1 data-section-id=\"1cooehv\" data-start=\"2973\" data-end=\"3004\"><span role=\"text\"><strong data-start=\"2975\" data-end=\"3004\">INDICA\u00c7\u00d5ES BIBLIOGR\u00c1FICAS<\/strong><\/span><\/h1>\n<p data-start=\"3006\" data-end=\"3477\">GON\u00c7ALVES, Guilherme Corr\u00eaa. Auditoria no Setor P\u00fablico. Porto Alegre: Grupo A, 2020<br data-start=\"3090\" data-end=\"3093\" \/>NOHARA, Irene P. Fundamentos de Direito P\u00fablico . S\u00e3o Paulo: Grupo GEN, 2022.<br data-start=\"3170\" data-end=\"3173\" \/>COUTO, Reinaldo; CAPAGIO, \u00c1lvaro do Canto. Nova Lei de Licita\u00e7\u00f5es e Contratos Administrativos. S\u00e3o Paulo: Saraiva Jur, 2021.<br data-start=\"3297\" data-end=\"3300\" \/>Public Contract Law Journal ISSN: 0033-3441<br data-start=\"3343\" data-end=\"3346\" \/>RAUSP Management Journal. 2013. ISSN: 2531-0488. [ProQuest].<br data-start=\"3406\" data-end=\"3409\" \/>Revista Contabilidade &amp; Finan\u00e7as. 2012. ISSN: 1519-7077. [ProQuest].<\/p>\n<hr data-start=\"3479\" data-end=\"3482\" \/>\n<h1 data-section-id=\"dri6mb\" data-start=\"3484\" data-end=\"3505\"><span role=\"text\"><strong data-start=\"3486\" data-end=\"3505\">RELAT\u00d3RIO FINAL<\/strong><\/span><\/h1>\n<p data-start=\"3507\" data-end=\"3910\">Aluno e Aluna, ap\u00f3s realizar suas atividades de extens\u00e3o, \u00e9 necess\u00e1rio que voc\u00ea o formalize, enviando esse Relat\u00f3rio Final para ser avaliado junto ao seu Ambiente Virtual (AVA) e tamb\u00e9m para voc\u00ea poder comprovar sua atua\u00e7\u00e3o.<br data-start=\"3731\" data-end=\"3734\" \/>Para o preenchimento, busque as anota\u00e7\u00f5es junto ao TEMPLATE PCDA para auxiliar na apresenta\u00e7\u00e3o das atividades desenvolvidas.<br data-start=\"3858\" data-end=\"3861\" \/>Todos os campos s\u00e3o de preenchimento obrigat\u00f3rio!<\/p>\n<hr data-start=\"3912\" data-end=\"3915\" \/>\n<h1 data-section-id=\"1jkb0iu\" data-start=\"3917\" data-end=\"3966\"><span role=\"text\"><strong data-start=\"3919\" data-end=\"3966\">DESCRI\u00c7\u00c3O DA A\u00c7\u00c3O COM RESULTADOS ALCAN\u00c7ADOS<\/strong><\/span><\/h1>\n<h2 data-section-id=\"1ilc3m6\" data-start=\"3968\" data-end=\"4057\"><span role=\"text\"><strong data-start=\"3971\" data-end=\"4057\">Metas dos Objetivos de Desenvolvimento Sustent\u00e1vel (ODS) aderentes a este projeto:<\/strong><\/span><\/h2>\n<p data-start=\"4059\" data-end=\"4305\">CAMPO OBRIGAT\u00d3RIO \u2013 busque no seu Template PDCA quais Metas voc\u00ea selecionou como aderentes ao seu projeto, conforme cada Objetivo de Desenvolvimento Sustent\u00e1vel (ODS) da Organiza\u00e7\u00e3o das Na\u00e7\u00f5es Unidas (ONU) que voc\u00ea explorou no seu planejamento.<\/p>\n<p data-start=\"4307\" data-end=\"4403\">Liste as Metas selecionadas (pelo menos uma op\u00e7\u00e3o):<br data-start=\"4358\" data-end=\"4361\" \/>Clique ou toque aqui para inserir o texto.<\/p>\n<hr data-start=\"4405\" data-end=\"4408\" \/>\n<h2 data-section-id=\"9kuan8\" data-start=\"4410\" data-end=\"4464\"><span role=\"text\"><strong data-start=\"4413\" data-end=\"4464\">Local de realiza\u00e7\u00e3o da atividade extensionista:<\/strong><\/span><\/h2>\n<p data-start=\"4466\" data-end=\"4508\">Clique ou toque aqui para inserir o texto.<\/p>\n<hr data-start=\"4510\" data-end=\"4513\" \/>\n<h2 data-section-id=\"1fh10g9\" data-start=\"4515\" data-end=\"4537\"><span role=\"text\"><strong data-start=\"4518\" data-end=\"4537\">Durante a a\u00e7\u00e3o:<\/strong><\/span><\/h2>\n<p data-start=\"4539\" data-end=\"4581\">Clique ou toque aqui para inserir o texto.<\/p>\n<hr data-start=\"4583\" data-end=\"4586\" \/>\n<h2 data-section-id=\"1tqwirc\" data-start=\"4588\" data-end=\"4666\"><span role=\"text\"><strong data-start=\"4591\" data-end=\"4666\">Caso necess\u00e1rio, houve mudan\u00e7a de estrat\u00e9gia para alcan\u00e7ar o resultado:<\/strong><\/span><\/h2>\n<p data-start=\"4668\" data-end=\"4710\">Clique ou toque aqui para inserir o texto.<\/p>\n<hr data-start=\"4712\" data-end=\"4715\" \/>\n<h2 data-section-id=\"vwciyb\" data-start=\"4717\" data-end=\"4742\"><span role=\"text\"><strong data-start=\"4720\" data-end=\"4742\">Resultado da a\u00e7\u00e3o:<\/strong><\/span><\/h2>\n<p data-start=\"4744\" data-end=\"4786\">Clique ou toque aqui para inserir o texto.<\/p>\n<hr data-start=\"4788\" data-end=\"4791\" \/>\n<h2 data-section-id=\"724i9k\" data-start=\"4793\" data-end=\"4810\"><span role=\"text\"><strong data-start=\"4796\" data-end=\"4810\">Conclus\u00e3o:<\/strong><\/span><\/h2>\n<p data-start=\"4812\" data-end=\"4854\">Clique ou toque aqui para inserir o texto.<\/p>\n<hr data-start=\"4856\" data-end=\"4859\" \/>\n<h2 data-section-id=\"1mi12aq\" data-start=\"4861\" data-end=\"4892\"><span role=\"text\"><strong data-start=\"4864\" data-end=\"4892\">Depoimentos (se houver):<\/strong><\/span><\/h2>\n<p data-start=\"4894\" data-end=\"4936\">Clique ou toque aqui para inserir o texto.<\/p>\n<hr data-start=\"4938\" data-end=\"4941\" \/>\n<h1 data-section-id=\"cxjkvo\" data-start=\"4943\" data-end=\"5030\"><span role=\"text\"><strong data-start=\"4945\" data-end=\"5030\">RELATE SUA PERCEP\u00c7\u00c3O DAS A\u00c7\u00d5ES EXTENSIONISTAS REALIZADAS NO PROGRAMA DESENVOLVIDO<\/strong><\/span><\/h1>\n<p data-start=\"5032\" data-end=\"5194\">CAMPO OBRIGAT\u00d3RIO \u2013 relate em no m\u00ednimo 15 (quinze) linhas sua experi\u00eancia com as a\u00e7\u00f5es extensionistas. O texto deve ser de sua autoria e in\u00e9dito, evite pl\u00e1gio.<\/p>\n<p data-start=\"5196\" data-end=\"5495\">Quest\u00f5es norteadoras:<br data-start=\"5217\" data-end=\"5220\" \/>(1) Voc\u00ea notou que suas habilidades profissionais foram aprimoradas, com a atua\u00e7\u00e3o nas a\u00e7\u00f5es extensionistas?<br data-start=\"5328\" data-end=\"5331\" \/>(2) Voc\u00ea identificou melhoria\/resolu\u00e7\u00e3o do problema identificado?<br data-start=\"5396\" data-end=\"5399\" \/>(3) Voc\u00ea conseguiu articular os conhecimentos adquiridos no curso com as a\u00e7\u00f5es extensionistas?<\/p>\n<p data-start=\"5497\" data-end=\"5654\">Ao escrever seu texto evite deix\u00e1-lo em forma de respostas as quest\u00f5es norteadoras, relate sua experi\u00eancia em forma de texto dissertativo com justificativas.<\/p>\n<p data-start=\"5656\" data-end=\"5698\">Clique ou toque aqui para inserir o texto.<\/p>\n<hr data-start=\"5700\" data-end=\"5703\" \/>\n<h1 data-section-id=\"jpcvdl\" data-start=\"5705\" data-end=\"5749\"><span role=\"text\"><strong data-start=\"5707\" data-end=\"5749\">DEPOIMENTO DA INSTITUI\u00c7\u00c3O PARTICIPANTE<\/strong><\/span><\/h1>\n<p data-start=\"5751\" data-end=\"5915\">CAMPO OBRIGAT\u00d3RIO &#8211; insira depoimento(s) do(s) gestor(es) da institui\u00e7\u00e3o\/\u00f3rg\u00e3o\/associa\u00e7\u00e3o participante que contribuam como um feedback da a\u00e7\u00e3o realizada por voc\u00ea.<\/p>\n<p data-start=\"5917\" data-end=\"5959\">Clique ou toque aqui para inserir o texto.<\/p>\n<hr data-start=\"5961\" data-end=\"5964\" \/>\n<h1 data-section-id=\"e5ixkl\" data-start=\"5966\" data-end=\"5998\"><span role=\"text\"><strong data-start=\"5968\" data-end=\"5998\">REFER\u00caNCIAS BIBLIOGR\u00c1FICAS<\/strong><\/span><\/h1>\n<p data-start=\"6000\" data-end=\"6244\">CAMPO OBRIGAT\u00d3RIO \u2013 Siga a normas ABNT, para isso consulte sua Biblioteca Virtual;<br data-start=\"6082\" data-end=\"6085\" \/>Utilize como refer\u00eancias bibliogr\u00e1ficas as indica\u00e7\u00f5es do Campo: Indica\u00e7\u00f5es Bibliogr\u00e1ficas e as demais refer\u00eancias utilizadas no desenvolvimento do seu projeto.<\/p>\n<p data-start=\"6246\" data-end=\"6288\">Clique ou toque aqui para inserir o texto.<\/p>\n<hr data-start=\"6290\" data-end=\"6293\" \/>\n<h1 data-section-id=\"qcncky\" data-start=\"6295\" data-end=\"6327\"><span role=\"text\"><strong data-start=\"6297\" data-end=\"6327\">AUTOAVALIA\u00c7\u00c3O DA ATIVIDADE<\/strong><\/span><\/h1>\n<p data-start=\"6329\" data-end=\"6464\">Realize a sua avalia\u00e7\u00e3o em rela\u00e7\u00e3o \u00e0 atividade desenvolvida considerando uma escala de 0 a 10 para cada pergunta, assinalando com um X:<\/p>\n<hr data-start=\"6466\" data-end=\"6469\" \/>\n<h2 data-section-id=\"1epcro8\" data-start=\"6471\" data-end=\"6608\"><span role=\"text\"><strong data-start=\"6474\" data-end=\"6608\">1. A atividade permitiu o desenvolvimento do projeto de extens\u00e3o articulando as compet\u00eancias e conte\u00fados propostos junto ao Curso?<\/strong><\/span><\/h2>\n<p data-start=\"6610\" data-end=\"6678\">0 1 2 3 4 5 6 7 8 9 10<br data-start=\"6632\" data-end=\"6635\" \/>(\u2610) (\u2610) (\u2610) (\u2610) (\u2610) (\u2610) (\u2610) (\u2610) (\u2610) (\u2610) (\u2610)<\/p>\n<hr data-start=\"6680\" data-end=\"6683\" \/>\n<h2 data-section-id=\"v079d1\" data-start=\"6685\" data-end=\"6761\"><span role=\"text\"><strong data-start=\"6688\" data-end=\"6761\">2. A atividade possui carga hor\u00e1ria suficiente para a sua realiza\u00e7\u00e3o?<\/strong><\/span><\/h2>\n<p data-start=\"6763\" data-end=\"6831\">0 1 2 3 4 5 6 7 8 9 10<br data-start=\"6785\" data-end=\"6788\" \/>(\u2610) (\u2610) (\u2610) (\u2610) (\u2610) (\u2610) (\u2610) (\u2610) (\u2610) (\u2610) (\u2610)<\/p>\n<hr data-start=\"6833\" data-end=\"6836\" \/>\n<h2 data-section-id=\"13xz5mc\" data-start=\"6838\" data-end=\"6934\"><span role=\"text\"><strong data-start=\"6841\" data-end=\"6934\">3. A atividade \u00e9 relevante para a sua forma\u00e7\u00e3o e articula\u00e7\u00e3o de compet\u00eancias e conte\u00fados?<\/strong><\/span><\/h2>\n<p data-start=\"6936\" data-end=\"7004\">0 1 2 3 4 5 6 7 8 9 10<br data-start=\"6958\" data-end=\"6961\" \/>(\u2610) (\u2610) (\u2610) (\u2610) (\u2610) (\u2610) (\u2610) (\u2610) (\u2610) (\u2610) (\u2610)<\/p>\n<hr data-start=\"7006\" data-end=\"7009\" \/>\n<h2 data-section-id=\"1m8w5cu\" data-start=\"7011\" data-end=\"7219\"><span role=\"text\"><strong data-start=\"7014\" data-end=\"7219\">4. A atividade contribui para o cumprimento dos objetivos definidos pela Institui\u00e7\u00e3o de Ensino (IES) e Curso, observando o Plano de Desenvolvimento Institucional e Projeto Pedag\u00f3gico de Curso vigentes?<\/strong><\/span><\/h2>\n<p data-start=\"7221\" data-end=\"7289\">0 1 2 3 4 5 6 7 8 9 10<br data-start=\"7243\" data-end=\"7246\" \/>(\u2610) (\u2610) (\u2610) (\u2610) (\u2610) (\u2610) (\u2610) (\u2610) (\u2610) (\u2610) (\u2610)<\/p>\n<hr data-start=\"7291\" data-end=\"7294\" \/>\n<h2 data-section-id=\"1svc28s\" data-start=\"7296\" data-end=\"7454\"><span role=\"text\"><strong data-start=\"7299\" data-end=\"7454\">5. A atividade contribui para a melhoria da sociedade por meio dos resultados demonstrados no relat\u00f3rio ou pelos relatos apresentados pelos envolvidos?<\/strong><\/span><\/h2>\n<p data-start=\"7456\" data-end=\"7524\">0 1 2 3 4 5 6 7 8 9 10<br data-start=\"7478\" data-end=\"7481\" \/>(\u2610) (\u2610) (\u2610) (\u2610) (\u2610) (\u2610) (\u2610) (\u2610) (\u2610) (\u2610) (\u2610)<\/p>\n<hr data-start=\"7526\" data-end=\"7529\" \/>\n<h2 data-section-id=\"1npp6zd\" data-start=\"7531\" data-end=\"7629\"><span role=\"text\"><strong data-start=\"7534\" data-end=\"7629\">6. A atividade permite o desenvolvimento de a\u00e7\u00f5es junto \u00e0 Inicia\u00e7\u00e3o Cient\u00edfica e ao Ensino?<\/strong><\/span><\/h2>\n<p data-start=\"7631\" data-end=\"7699\">0 1 2 3 4 5 6 7 8 9 10<br data-start=\"7653\" data-end=\"7656\" \/>(\u2610) (\u2610) (\u2610) (\u2610) (\u2610) (\u2610) (\u2610) (\u2610) (\u2610) (\u2610) (\u2610)<\/p>\n<hr data-start=\"7701\" data-end=\"7704\" \/>\n<h2 data-section-id=\"s01ehz\" data-start=\"7706\" data-end=\"7794\"><span role=\"text\"><strong data-start=\"7709\" data-end=\"7794\">7. Caso queira contribuir com maior detalhamento, traga seu depoimento\/ sugest\u00e3o.<\/strong><\/span><\/h2>\n<p data-start=\"7796\" data-end=\"7838\">Clique ou toque aqui para inserir o texto.<\/p>\n<p>&nbsp;<\/p>\n","protected":false},"excerpt":{"rendered":"<p>Projeto de Extens\u00e3o III &#8211; Administra\u00e7\u00e3o P\u00fablica PROGRAMA DE EXTENS\u00c3O:PROGRAMA DE SUSTENTABILIDADE FINALIDADE E MOTIVA\u00c7\u00c3O O programa extensionista voltado as a\u00e7\u00f5es de Sustentabilidade do curso de Administra\u00e7\u00e3o P\u00fablica vinculada ao Programa de Sustentabilidade, al\u00e9m de possibilitar o novo saber e o desenvolvimento de compet\u00eancias e soft skills espec\u00edfica pelo corpo discente do curso, pode contribuir&hellip;<\/p>\n","protected":false},"featured_media":51475,"template":"","meta":{"_seopress_robots_primary_cat":"none","_seopress_titles_title":"","_seopress_titles_desc":"","_seopress_robots_index":""},"product_cat":[306],"product_tag":[],"class_list":{"0":"post-51472","1":"product","2":"type-product","3":"status-publish","4":"has-post-thumbnail","6":"product_cat-administracao-publica","8":"first","9":"instock","10":"shipping-taxable","11":"purchasable","12":"product-type-simple","13":"col-xs-6 col-sm-4","14":"col-mf-5","15":"un-5-cols"},"jetpack_sharing_enabled":true,"_links":{"self":[{"href":"https:\/\/portifolioos-prontos.com\/index.php\/wp-json\/wp\/v2\/product\/51472","targetHints":{"allow":["GET"]}}],"collection":[{"href":"https:\/\/portifolioos-prontos.com\/index.php\/wp-json\/wp\/v2\/product"}],"about":[{"href":"https:\/\/portifolioos-prontos.com\/index.php\/wp-json\/wp\/v2\/types\/product"}],"version-history":[{"count":2,"href":"https:\/\/portifolioos-prontos.com\/index.php\/wp-json\/wp\/v2\/product\/51472\/revisions"}],"predecessor-version":[{"id":51487,"href":"https:\/\/portifolioos-prontos.com\/index.php\/wp-json\/wp\/v2\/product\/51472\/revisions\/51487"}],"wp:featuredmedia":[{"embeddable":true,"href":"https:\/\/portifolioos-prontos.com\/index.php\/wp-json\/wp\/v2\/media\/51475"}],"wp:attachment":[{"href":"https:\/\/portifolioos-prontos.com\/index.php\/wp-json\/wp\/v2\/media?parent=51472"}],"wp:term":[{"taxonomy":"product_cat","embeddable":true,"href":"https:\/\/portifolioos-prontos.com\/index.php\/wp-json\/wp\/v2\/product_cat?post=51472"},{"taxonomy":"product_tag","embeddable":true,"href":"https:\/\/portifolioos-prontos.com\/index.php\/wp-json\/wp\/v2\/product_tag?post=51472"}],"curies":[{"name":"wp","href":"https:\/\/api.w.org\/{rel}","templated":true}]}}