{"id":51573,"date":"2026-04-22T21:33:48","date_gmt":"2026-04-23T00:33:48","guid":{"rendered":"https:\/\/portifolioos-prontos.com\/?post_type=product&#038;p=51573"},"modified":"2026-04-22T21:33:48","modified_gmt":"2026-04-23T00:33:48","slug":"projeto-de-extensao-ii-administracao-publica","status":"publish","type":"product","link":"https:\/\/portifolioos-prontos.com\/index.php\/product\/projeto-de-extensao-ii-administracao-publica\/","title":{"rendered":"Projeto de extens\u00e3o II &#8211; Administra\u00e7\u00e3o P\u00fablica"},"content":{"rendered":"<h4><strong>Projeto de extens\u00e3o II &#8211; Administra\u00e7\u00e3o P\u00fablica<\/strong><\/h4>\n<section class=\"text-token-text-primary w-full focus:outline-none [--shadow-height:45px] has-data-writing-block:pointer-events-none has-data-writing-block:-mt-(--shadow-height) has-data-writing-block:pt-(--shadow-height) [&amp;:has([data-writing-block])&gt;*]:pointer-events-auto [content-visibility:auto] supports-[content-visibility:auto]:[contain-intrinsic-size:auto_100lvh] R6Vx5W_threadScrollVars scroll-mb-[calc(var(--scroll-root-safe-area-inset-bottom,0px)+var(--thread-response-height))] scroll-mt-[calc(var(--header-height)+min(200px,max(70px,20svh)))]\" dir=\"auto\" data-turn-id=\"request-WEB:e93f6487-878d-4411-8bec-632a3dd7c62e-0\" data-testid=\"conversation-turn-2\" data-scroll-anchor=\"false\" data-turn=\"assistant\">\n<div class=\"text-base my-auto mx-auto pb-10 [--thread-content-margin:var(--thread-content-margin-xs,calc(var(--spacing)*4))] @w-sm\/main:[--thread-content-margin:var(--thread-content-margin-sm,calc(var(--spacing)*6))] @w-lg\/main:[--thread-content-margin:var(--thread-content-margin-lg,calc(var(--spacing)*16))] px-(--thread-content-margin)\">\n<div class=\"[--thread-content-max-width:40rem] @w-lg\/main:[--thread-content-max-width:48rem] mx-auto max-w-(--thread-content-max-width) flex-1 group\/turn-messages focus-visible:outline-hidden relative flex w-full min-w-0 flex-col agent-turn\">\n<div class=\"flex max-w-full flex-col gap-4 grow\">\n<div class=\"min-h-8 text-message relative flex w-full flex-col items-end gap-2 text-start break-words whitespace-normal outline-none keyboard-focused:focus-ring [.text-message+&amp;]:mt-1\" dir=\"auto\" tabindex=\"0\" data-message-author-role=\"assistant\" data-message-id=\"284b7395-4954-4e59-84cc-1e9936bd67fc\" data-turn-start-message=\"true\" data-message-model-slug=\"gpt-5-3\">\n<div class=\"flex w-full flex-col gap-1 empty:hidden\">\n<div class=\"markdown prose dark:prose-invert w-full wrap-break-word light markdown-new-styling\">\n<p data-start=\"446\" data-end=\"494\">\n<h5 data-section-id=\"13jfh70\" data-start=\"501\" data-end=\"524\">PROGRAMA DE EXTENS\u00c3O<\/h5>\n<p data-start=\"526\" data-end=\"568\">PROGRAMA DE INOVA\u00c7\u00c3O E EMPREENDEDORISMO.<\/p>\n<hr data-start=\"570\" data-end=\"573\" \/>\n<h2 data-section-id=\"65j04i\" data-start=\"575\" data-end=\"600\">FINALIDADE E MOTIVA\u00c7\u00c3O<\/h2>\n<p data-start=\"602\" data-end=\"1330\">Pelo programa de extens\u00e3o Inova\u00e7\u00e3o e Empreendedorismo o curso de Administra\u00e7\u00e3o P\u00fablica tem a miss\u00e3o de transferir \u00e0 sociedade os conhecimentos gerados e potencializar a gera\u00e7\u00e3o de novos conhecimentos de modo aplicado, permitindo o desenvolvimento de a\u00e7\u00f5es no \u00e2mbito da tecnologia e inova\u00e7\u00e3o, que apresentam solu\u00e7\u00f5es e produtos para resolu\u00e7\u00e3o de problemas diversificados presentes no contexto social, trazendo impacto positivo a comunidade envolvida. Ao identificar as dificuldades da comunidade, os alunos compreendem a necessidade e a motiva\u00e7\u00e3o para efetuar as a\u00e7\u00f5es de apoio relacionadas ao curso pelas quais poder\u00e3o ser desenvolvidas compet\u00eancias t\u00e9cnicas e soft skills espec\u00edficas absorvidas durante sua jornada acad\u00eamica.<\/p>\n<p data-start=\"1332\" data-end=\"1403\">Os conte\u00fados program\u00e1ticos sugeridos para correlacionar as a\u00e7\u00f5es s\u00e3o:<\/p>\n<ul data-start=\"1405\" data-end=\"1631\">\n<li data-section-id=\"1szoghq\" data-start=\"1405\" data-end=\"1507\">Conte\u00fados relacionados \u00e0 realidade hist\u00f3rica e contempor\u00e2nea da sociedade e do Estado brasileiros;<\/li>\n<li data-section-id=\"4e6f3x\" data-start=\"1508\" data-end=\"1585\">Conte\u00fados metodol\u00f3gicos, abrangendo estudos quantitativos e qualitativos;<\/li>\n<li data-section-id=\"cecokj\" data-start=\"1586\" data-end=\"1631\">Governos e pol\u00edticas p\u00fablicas comparadas.<\/li>\n<\/ul>\n<p data-start=\"1633\" data-end=\"2197\">Os locais que poder\u00e3o contemplar esse projeto s\u00e3o: Entidades pertencentes \u00e0 Administra\u00e7\u00e3o P\u00fablica municipal, estadual ou federal; escolas; col\u00e9gios; Organiza\u00e7\u00f5es n\u00e3o governamentais (ONG); Institui\u00e7\u00f5es privadas com a\u00e7\u00f5es sociais; funda\u00e7\u00f5es; entidades do Judici\u00e1rio como Procons e Tribunais; Entidades religiosas como igrejas, ordens, templos, congrega\u00e7\u00f5es, miss\u00f5es e casas de acolhimento ou assist\u00eancia; entidades de sa\u00fade e assist\u00eancia social; Organiza\u00e7\u00f5es da Sociedade Civil de Interesse P\u00fablico (OSCIPs); Organiza\u00e7\u00f5es de moradores e Cooperativas, entre outras.<\/p>\n<hr data-start=\"2199\" data-end=\"2202\" \/>\n<h2 data-section-id=\"1ldos0p\" data-start=\"2204\" data-end=\"2219\">COMPET\u00caNCIAS<\/h2>\n<p data-start=\"2221\" data-end=\"2576\">I &#8211; Reconhecer, definir, analisar e propor solu\u00e7\u00f5es para problemas e para conflitos de interesse p\u00fablico;<br data-start=\"2326\" data-end=\"2329\" \/>II &#8211; Aplicar m\u00e9todos e t\u00e9cnicas de natureza quantitativa e qualitativa;<br data-start=\"2400\" data-end=\"2403\" \/>III &#8211; Planejar, organizar, dirigir, controlar e avaliar processos de tomada de decis\u00e3o e de inova\u00e7\u00e3o no ciclo de pol\u00edticas, de programas, de planos e de projetos p\u00fablicos.<\/p>\n<hr data-start=\"2578\" data-end=\"2581\" \/>\n<h2 data-section-id=\"3na2fk\" data-start=\"2583\" data-end=\"2603\">PERFIL DO EGRESSO<\/h2>\n<p data-start=\"2605\" data-end=\"2981\">O perfil do egresso do curso de Administra\u00e7\u00e3o P\u00fablica, idealizado pela IES proporciona a forma\u00e7\u00e3o do profissional respons\u00e1vel em rela\u00e7\u00e3o \u00e0 res p\u00fablica e ao car\u00e1ter p\u00fablico e democr\u00e1tico do Estado; promotor da transpar\u00eancia e da participa\u00e7\u00e3o e inclus\u00e3o social; comprometido com a coprodu\u00e7\u00e3o do bem p\u00fablico, com a isonomia social e com o respeito \u00e0 diversidade local e global.<\/p>\n<hr data-start=\"2983\" data-end=\"2986\" \/>\n<h2 data-section-id=\"1hlcqje\" data-start=\"2988\" data-end=\"3033\">SOFT SKILLS (COMPET\u00caNCIAS SOCIOEMOCIONAIS)<\/h2>\n<ul data-start=\"3035\" data-end=\"3113\">\n<li data-section-id=\"4p4osx\" data-start=\"3035\" data-end=\"3071\">An\u00e1lise e resolu\u00e7\u00e3o de problemas<\/li>\n<li data-section-id=\"179thba\" data-start=\"3072\" data-end=\"3099\">Criatividade e inova\u00e7\u00e3o<\/li>\n<li data-section-id=\"1udlpvb\" data-start=\"3100\" data-end=\"3113\">Lideran\u00e7a<\/li>\n<\/ul>\n<hr data-start=\"3115\" data-end=\"3118\" \/>\n<h2 data-section-id=\"1ndbssg\" data-start=\"3120\" data-end=\"3148\">OBJETIVOS DE APRENDIZAGEM<\/h2>\n<p data-start=\"3150\" data-end=\"3636\">O objetivo de aprendizagem do programa de extens\u00e3o em Inova\u00e7\u00e3o e Empreendedorismo do curso de Administra\u00e7\u00e3o P\u00fablica est\u00e1 relacionado ao fato de disseminar os conhecimentos multidisciplinares e transversais desenvolvidos no curso, com a finalidade de apoiar a comunidade no \u00e2mbito tecnol\u00f3gico, inovador e empreendedor explorando a Administra\u00e7\u00e3o P\u00fablica e Gest\u00e3o P\u00fablica, fomentando a gera\u00e7\u00e3o de conhecimentos t\u00e9cnicos desenvolvidos nas a\u00e7\u00f5es e aprimorando das habilidades dos egressos.<\/p>\n<hr data-start=\"3638\" data-end=\"3641\" \/>\n<h2 data-section-id=\"ikxbro\" data-start=\"3643\" data-end=\"3655\">CONTE\u00daDOS<\/h2>\n<p data-start=\"3657\" data-end=\"3892\">I &#8211; Conte\u00fados relacionados \u00e0 realidade hist\u00f3rica e contempor\u00e2nea da sociedade e do Estado brasileiros;<br data-start=\"3759\" data-end=\"3762\" \/>II &#8211; Conte\u00fados metodol\u00f3gicos, abrangendo estudos quantitativos e qualitativos;<br data-start=\"3840\" data-end=\"3843\" \/>III &#8211; Governos e pol\u00edticas p\u00fablicas comparadas.<\/p>\n<hr data-start=\"3894\" data-end=\"3897\" \/>\n<h2 data-section-id=\"19fie80\" data-start=\"3899\" data-end=\"3927\">INDICA\u00c7\u00d5ES BIBLIOGR\u00c1FICAS<\/h2>\n<p data-start=\"3929\" data-end=\"4045\">RIBEIRO, Darcy. O povo brasileiro: a forma\u00e7\u00e3o e o sentido do Brasil. 3. ed. S\u00e3o Paulo: Companhia das Letras, 2015.<\/p>\n<p data-start=\"4047\" data-end=\"4147\">MATIAS-PEREIRA, Jos\u00e9. Manual de metodologia da pesquisa cient\u00edfica. 4. ed. S\u00e3o Paulo: Atlas, 2019.<\/p>\n<p data-start=\"4149\" data-end=\"4251\">MENDES, Gilmar. Pol\u00edticas P\u00fablicas no Brasil: uma abordagem institucional. S\u00e3o Paulo: Saraiva, 2017.<\/p>\n<hr data-start=\"4253\" data-end=\"4256\" \/>\n<h1 data-section-id=\"1too96r\" data-start=\"4258\" data-end=\"4275\">RELAT\u00d3RIO FINAL<\/h1>\n<p data-start=\"4277\" data-end=\"4503\">Aluno e Aluna, ap\u00f3s realizar suas atividades de extens\u00e3o, \u00e9 necess\u00e1rio que voc\u00ea o formalize, enviando esse Relat\u00f3rio Final para ser avaliado junto ao seu Ambiente Virtual (AVA) e tamb\u00e9m para voc\u00ea poder comprovar sua atua\u00e7\u00e3o.<\/p>\n<p data-start=\"4505\" data-end=\"4631\">Para o preenchimento, busque as anota\u00e7\u00f5es junto ao TEMPLATE PCDA para auxiliar na apresenta\u00e7\u00e3o das atividades desenvolvidas.<\/p>\n<p data-start=\"4633\" data-end=\"4684\">Todos os campos s\u00e3o de preenchimento obrigat\u00f3rio!<\/p>\n<hr data-start=\"4686\" data-end=\"4689\" \/>\n<h2 data-section-id=\"105yttx\" data-start=\"4691\" data-end=\"4737\">DESCRI\u00c7\u00c3O DA A\u00c7\u00c3O COM RESULTADOS ALCAN\u00c7ADOS<\/h2>\n<h3 data-section-id=\"rkf6t3\" data-start=\"4739\" data-end=\"4824\">Metas dos Objetivos de Desenvolvimento Sustent\u00e1vel (ODS) aderentes a este projeto<\/h3>\n<p data-start=\"4826\" data-end=\"5072\">CAMPO OBRIGAT\u00d3RIO \u2013 busque no seu Template PDCA quais Metas voc\u00ea selecionou como aderentes ao seu projeto, conforme cada Objetivo de Desenvolvimento Sustent\u00e1vel (ODS) da Organiza\u00e7\u00e3o das Na\u00e7\u00f5es Unidas (ONU) que voc\u00ea explorou no seu planejamento.<\/p>\n<p data-start=\"5074\" data-end=\"5127\">Liste as Metas selecionadas (pelo menos uma op\u00e7\u00e3o):<\/p>\n<hr data-start=\"5129\" data-end=\"5132\" \/>\n<h3 data-section-id=\"1mg07jx\" data-start=\"5134\" data-end=\"5184\">Local de realiza\u00e7\u00e3o da atividade extensionista<\/h3>\n<hr data-start=\"5186\" data-end=\"5189\" \/>\n<h3 data-section-id=\"12pdkvk\" data-start=\"5191\" data-end=\"5209\">Durante a a\u00e7\u00e3o<\/h3>\n<hr data-start=\"5211\" data-end=\"5214\" \/>\n<h3 data-section-id=\"mtwizl\" data-start=\"5216\" data-end=\"5290\">Caso necess\u00e1rio, houve mudan\u00e7a de estrat\u00e9gia para alcan\u00e7ar o resultado<\/h3>\n<hr data-start=\"5292\" data-end=\"5295\" \/>\n<h3 data-section-id=\"1ncjc16\" data-start=\"5297\" data-end=\"5318\">Resultado da a\u00e7\u00e3o<\/h3>\n<hr data-start=\"5320\" data-end=\"5323\" \/>\n<h3 data-section-id=\"13hu4h\" data-start=\"5325\" data-end=\"5338\">Conclus\u00e3o<\/h3>\n<hr data-start=\"5340\" data-end=\"5343\" \/>\n<h3 data-section-id=\"13p8g7v\" data-start=\"5345\" data-end=\"5372\">Depoimentos (se houver)<\/h3>\n<hr data-start=\"5374\" data-end=\"5377\" \/>\n<h2 data-section-id=\"17j017b\" data-start=\"5379\" data-end=\"5463\">RELATE SUA PERCEP\u00c7\u00c3O DAS A\u00c7\u00d5ES EXTENSIONISTAS REALIZADAS NO PROGRAMA DESENVOLVIDO<\/h2>\n<p data-start=\"5465\" data-end=\"5627\">CAMPO OBRIGAT\u00d3RIO \u2013 relate em no m\u00ednimo 15 (quinze) linhas sua experi\u00eancia com as a\u00e7\u00f5es extensionistas. O texto deve ser de sua autoria e in\u00e9dito, evite pl\u00e1gio.<\/p>\n<p data-start=\"5629\" data-end=\"5652\">Quest\u00f5es norteadoras:<\/p>\n<p data-start=\"5654\" data-end=\"5764\">(1) Voc\u00ea notou que suas habilidades profissionais foram aprimoradas, com a atua\u00e7\u00e3o nas a\u00e7\u00f5es extensionistas?<\/p>\n<p data-start=\"5766\" data-end=\"5833\">(2) Voc\u00ea identificou melhoria\/resolu\u00e7\u00e3o do problema identificado?<\/p>\n<p data-start=\"5835\" data-end=\"5931\">(3) Voc\u00ea conseguiu articular os conhecimentos adquiridos no curso com as a\u00e7\u00f5es extensionistas?<\/p>\n<p data-start=\"5933\" data-end=\"6092\">Ao escrever seu texto evite deix\u00e1-lo em forma de respostas as quest\u00f5es norteadoras, relate sua experi\u00eancia em forma de texto dissertativo com justificativas.<\/p>\n<hr data-start=\"6094\" data-end=\"6097\" \/>\n<h2 data-section-id=\"s6x9ne\" data-start=\"6099\" data-end=\"6140\">DEPOIMENTO DA INSTITUI\u00c7\u00c3O PARTICIPANTE<\/h2>\n<p data-start=\"6142\" data-end=\"6306\">CAMPO OBRIGAT\u00d3RIO &#8211; insira depoimento(s) do(s) gestor(es) da institui\u00e7\u00e3o\/\u00f3rg\u00e3o\/associa\u00e7\u00e3o participante que contribuam como um feedback da a\u00e7\u00e3o realizada por voc\u00ea.<\/p>\n<hr data-start=\"6308\" data-end=\"6311\" \/>\n<h2 data-section-id=\"1ft68mu\" data-start=\"6313\" data-end=\"6342\">REFER\u00caNCIAS BIBLIOGR\u00c1FICAS<\/h2>\n<p data-start=\"6344\" data-end=\"6588\">CAMPO OBRIGAT\u00d3RIO \u2013 Siga a normas ABNT, para isso consulte sua Biblioteca Virtual; Utilize como refer\u00eancias bibliogr\u00e1ficas as indica\u00e7\u00f5es do Campo: Indica\u00e7\u00f5es Bibliogr\u00e1ficas e as demais refer\u00eancias utilizadas no desenvolvimento do seu projeto.<\/p>\n<hr data-start=\"6590\" data-end=\"6593\" \/>\n<h2 data-section-id=\"ygwnxt\" data-start=\"6595\" data-end=\"6624\">AUTOAVALIA\u00c7\u00c3O DA ATIVIDADE<\/h2>\n<p data-start=\"6626\" data-end=\"6763\">Realize a sua avalia\u00e7\u00e3o em rela\u00e7\u00e3o \u00e0 atividade desenvolvida considerando uma escala de 0 a 10 para cada pergunta, assinalando com um X:<\/p>\n<ol data-start=\"6765\" data-end=\"7963\">\n<li data-section-id=\"9yos7t\" data-start=\"6765\" data-end=\"6957\">A atividade permitiu o desenvolvimento do projeto de extens\u00e3o articulando as compet\u00eancias e conte\u00fados propostos junto ao Curso?<br data-start=\"6895\" data-end=\"6898\" \/>0 1 2 3 4 5 6 7 8 9 10<br data-start=\"6920\" data-end=\"6923\" \/>() () () () () () () () () () ()<\/li>\n<li data-section-id=\"z59r6s\" data-start=\"6959\" data-end=\"7090\">A atividade possui carga hor\u00e1ria suficiente para a sua realiza\u00e7\u00e3o?<br data-start=\"7028\" data-end=\"7031\" \/>0 1 2 3 4 5 6 7 8 9 10<br data-start=\"7053\" data-end=\"7056\" \/>() () () () () () () () () () ()<\/li>\n<li data-section-id=\"q158j9\" data-start=\"7092\" data-end=\"7243\">A atividade \u00e9 relevante para a sua forma\u00e7\u00e3o e articula\u00e7\u00e3o de compet\u00eancias e conte\u00fados?<br data-start=\"7181\" data-end=\"7184\" \/>0 1 2 3 4 5 6 7 8 9 10<br data-start=\"7206\" data-end=\"7209\" \/>() () () () () () () () () () ()<\/li>\n<li data-section-id=\"u6b1zz\" data-start=\"7245\" data-end=\"7508\">A atividade contribui para o cumprimento dos objetivos definidos pela Institui\u00e7\u00e3o de Ensino (IES) e Curso, observando o Plano de Desenvolvimento Institucional e Projeto Pedag\u00f3gico de Curso vigentes?<br data-start=\"7446\" data-end=\"7449\" \/>0 1 2 3 4 5 6 7 8 9 10<br data-start=\"7471\" data-end=\"7474\" \/>() () () () () () () () () () ()<\/li>\n<li data-section-id=\"wcrxct\" data-start=\"7510\" data-end=\"7723\">A atividade contribui para a melhoria da sociedade por meio dos resultados demonstrados no relat\u00f3rio ou pelos relatos apresentados pelos envolvidos?<br data-start=\"7661\" data-end=\"7664\" \/>0 1 2 3 4 5 6 7 8 9 10<br data-start=\"7686\" data-end=\"7689\" \/>() () () () () () () () () () ()<\/li>\n<li data-section-id=\"d8ik9k\" data-start=\"7725\" data-end=\"7878\">A atividade permite o desenvolvimento de a\u00e7\u00f5es junto \u00e0 Inicia\u00e7\u00e3o Cient\u00edfica e ao Ensino?<br data-start=\"7816\" data-end=\"7819\" \/>0 1 2 3 4 5 6 7 8 9 10<br data-start=\"7841\" data-end=\"7844\" \/>() () () () () () () () () () ()<\/li>\n<li data-section-id=\"1l8bekn\" data-start=\"7880\" data-end=\"7963\">Caso queira contribuir com maior detalhamento, traga seu depoimento\/ sugest\u00e3o.<\/li>\n<\/ol>\n<\/div>\n<\/div>\n<\/div>\n<\/div>\n<\/div>\n<\/div>\n<\/section>\n<div class=\"pointer-events-none -mt-px h-px translate-y-[calc(var(--scroll-root-safe-area-inset-bottom)-14*var(--spacing))]\" aria-hidden=\"true\"><\/div>\n<div class=\"pointer-events-none translate-y-(--scroll-root-safe-area-inset-bottom) R6Vx5W_threadScrollVars min-h-(--gutter-remaining-height,0px) group-data-stream-active\/scroll-root:h-[calc(var(--thread-response-height)-16*var(--spacing))]\"><\/div>\n","protected":false},"excerpt":{"rendered":"<p>Projeto de extens\u00e3o II &#8211; Administra\u00e7\u00e3o P\u00fablica PROGRAMA DE EXTENS\u00c3O PROGRAMA DE INOVA\u00c7\u00c3O E EMPREENDEDORISMO. FINALIDADE E MOTIVA\u00c7\u00c3O Pelo programa de extens\u00e3o Inova\u00e7\u00e3o e Empreendedorismo o curso de Administra\u00e7\u00e3o P\u00fablica tem a miss\u00e3o de transferir \u00e0 sociedade os conhecimentos gerados e potencializar a gera\u00e7\u00e3o de novos conhecimentos de modo aplicado, permitindo o desenvolvimento de a\u00e7\u00f5es&hellip;<\/p>\n","protected":false},"featured_media":51576,"template":"","meta":{"_seopress_robots_primary_cat":"","_seopress_titles_title":"","_seopress_titles_desc":"","_seopress_robots_index":""},"product_cat":[306],"product_tag":[],"class_list":{"0":"post-51573","1":"product","2":"type-product","3":"status-publish","4":"has-post-thumbnail","6":"product_cat-administracao-publica","8":"first","9":"instock","10":"shipping-taxable","11":"purchasable","12":"product-type-simple","13":"col-xs-6 col-sm-4","14":"col-mf-5","15":"un-5-cols"},"jetpack_sharing_enabled":true,"_links":{"self":[{"href":"https:\/\/portifolioos-prontos.com\/index.php\/wp-json\/wp\/v2\/product\/51573","targetHints":{"allow":["GET"]}}],"collection":[{"href":"https:\/\/portifolioos-prontos.com\/index.php\/wp-json\/wp\/v2\/product"}],"about":[{"href":"https:\/\/portifolioos-prontos.com\/index.php\/wp-json\/wp\/v2\/types\/product"}],"version-history":[{"count":1,"href":"https:\/\/portifolioos-prontos.com\/index.php\/wp-json\/wp\/v2\/product\/51573\/revisions"}],"predecessor-version":[{"id":51577,"href":"https:\/\/portifolioos-prontos.com\/index.php\/wp-json\/wp\/v2\/product\/51573\/revisions\/51577"}],"wp:featuredmedia":[{"embeddable":true,"href":"https:\/\/portifolioos-prontos.com\/index.php\/wp-json\/wp\/v2\/media\/51576"}],"wp:attachment":[{"href":"https:\/\/portifolioos-prontos.com\/index.php\/wp-json\/wp\/v2\/media?parent=51573"}],"wp:term":[{"taxonomy":"product_cat","embeddable":true,"href":"https:\/\/portifolioos-prontos.com\/index.php\/wp-json\/wp\/v2\/product_cat?post=51573"},{"taxonomy":"product_tag","embeddable":true,"href":"https:\/\/portifolioos-prontos.com\/index.php\/wp-json\/wp\/v2\/product_tag?post=51573"}],"curies":[{"name":"wp","href":"https:\/\/api.w.org\/{rel}","templated":true}]}}