{"id":51663,"date":"2026-04-24T18:10:23","date_gmt":"2026-04-24T21:10:23","guid":{"rendered":"https:\/\/portifolioos-prontos.com\/?post_type=product&#038;p=51663"},"modified":"2026-04-24T18:10:24","modified_gmt":"2026-04-24T21:10:24","slug":"projeto-de-extensao-ii-producao-audiovisual","status":"publish","type":"product","link":"https:\/\/portifolioos-prontos.com\/index.php\/product\/projeto-de-extensao-ii-producao-audiovisual\/","title":{"rendered":"Projeto de Extens\u00e3o II &#8211; Produ\u00e7\u00e3o Audiovisual"},"content":{"rendered":"<h4 data-start=\"0\" data-end=\"12\">Projeto de Extens\u00e3o II &#8211; Produ\u00e7\u00e3o Audiovisual<\/h4>\n<h5 data-start=\"0\" data-end=\"12\">CURSO:<\/h5>\n<p data-start=\"13\" data-end=\"40\">CST EM PRODU\u00c7\u00c3O AUDIOVISUAL<\/p>\n<h5 data-start=\"42\" data-end=\"70\">COMPONENTE CURRICULAR:<\/h5>\n<p data-start=\"71\" data-end=\"116\">PROJETO DE EXTENS\u00c3O II &#8211; PRODU\u00c7\u00c3O AUDIOVISUAL<\/p>\n<h5 data-start=\"118\" data-end=\"145\">PROGRAMA DE EXTENS\u00c3O:<\/h5>\n<p data-start=\"146\" data-end=\"182\">PROGRAMA DE A\u00c7\u00c3O E DIFUS\u00c3O CULTURAL.<\/p>\n<h5 data-start=\"184\" data-end=\"213\">FINALIDADE E MOTIVA\u00c7\u00c3O:<\/h5>\n<p data-start=\"214\" data-end=\"862\">A motiva\u00e7\u00e3o da extens\u00e3o no Programa de A\u00e7\u00e3o e Difus\u00e3o Cultural para o curso de Tecnologia em Produ\u00e7\u00e3o Audiovisual est\u00e1 na preserva\u00e7\u00e3o da mem\u00f3ria, do patrim\u00f4nio art\u00edstico e do patrim\u00f4nio cultural em suas diversas vertentes junto \u00e0 comunidade. Ao identificar as necessidades de seu entorno, os alunos poder\u00e3o efetuar a\u00e7\u00f5es de apoio relacionados a tem\u00e1tica do programa e poder\u00e3o desenvolver habilidades e compet\u00eancias espec\u00edficas no \u00e2mbito do curso. Os locais que poder\u00e3o contemplar o projeto s\u00e3o: ONGs, Centros Culturais, Prefeitura, Associa\u00e7\u00f5es de Bairros, Associa\u00e7\u00f5es Comerciais, Escolas, Associa\u00e7\u00f5es ligadas \u00e0 profiss\u00e3o e diversos \u00d3rg\u00e3os P\u00fablicos.<\/p>\n<h5 data-start=\"864\" data-end=\"883\">COMPET\u00caNCIAS:<\/h5>\n<p data-start=\"884\" data-end=\"1136\">I &#8211; Planeja e produz materiais audiovisuais cinematogr\u00e1ficos, televisivos e digitais, com teor art\u00edstico, jornal\u00edstico documental e publicit\u00e1rio;<br data-start=\"1029\" data-end=\"1032\" \/>II &#8211; Opera a ilumina\u00e7\u00e3o, sonoriza\u00e7\u00e3o, decupagens e edi\u00e7\u00e3o;<br data-start=\"1090\" data-end=\"1093\" \/>III &#8211; Gerencia os setores t\u00e9cnicos da \u00e1rea.<\/p>\n<h5 data-start=\"1138\" data-end=\"1162\">PERFIL DO EGRESSO:<\/h5>\n<p data-start=\"1163\" data-end=\"1600\">O perfil do egresso do curso de Tecnologia em Produ\u00e7\u00e3o Audiovisual, idealizado pela IES busca incentivar uma s\u00e9rie de valores e atitudes que capacitam o profissional a atuar de forma \u00e9tica e comprometida com os interesses e desafios da sociedade contempor\u00e2nea. Sendo atento e cr\u00edtico \u00e0s quest\u00f5es hist\u00f3ricas, culturais e socioambientais no \u00e2mbito do audiovisual, mantendo a responsabilidade social, conduta moral e respeito ao ser humano.<\/p>\n<h5 data-start=\"1602\" data-end=\"1651\">SOFT SKILLS (COMPET\u00caNCIAS SOCIOEMOCIONAIS):<\/h5>\n<p data-start=\"1652\" data-end=\"1725\">Planejamento e organiza\u00e7\u00e3o<br data-start=\"1678\" data-end=\"1681\" \/>Aprendizado Ativo<br data-start=\"1698\" data-end=\"1701\" \/>Resili\u00eancia e Toler\u00e2ncia<\/p>\n<h5 data-start=\"1727\" data-end=\"1759\">OBJETIVOS DE APRENDIZAGEM:<\/h5>\n<p data-start=\"1760\" data-end=\"2112\">Os objetivos da extens\u00e3o do curso de Tecnologia em Produ\u00e7\u00e3o Audiovisual vinculados ao Programa de A\u00e7\u00e3o e Difus\u00e3o Cultural buscam trazer a dissemina\u00e7\u00e3o da necessidade de preserva\u00e7\u00e3o do patrim\u00f4nio cultural material e imaterial da comunidade locorregional. Aliados ao sentimento de pertencimento, preparando o egresso para uma atua\u00e7\u00e3o global e consciente.<\/p>\n<h5 data-start=\"2114\" data-end=\"2130\">CONTE\u00daDOS:<\/h5>\n<p data-start=\"2131\" data-end=\"2227\">I &#8211; Edi\u00e7\u00e3o e p\u00f3s-produ\u00e7\u00e3o;<br data-start=\"2157\" data-end=\"2160\" \/>II &#8211; Est\u00e9tica e hist\u00f3ria do cinema, r\u00e1dio e tv;<br data-start=\"2207\" data-end=\"2210\" \/>III &#8211; Cenografia.<\/p>\n<h5 data-start=\"2229\" data-end=\"2261\">INDICA\u00c7\u00d5ES BIBLIOGR\u00c1FICAS:<\/h5>\n<p data-start=\"2262\" data-end=\"2568\">REDONDO, Larissa Perfeito B. Edi\u00e7\u00e3o, p\u00f3s-produ\u00e7\u00e3o e dire\u00e7\u00e3o de arte. S\u00e3o Paulo: Platos Solu\u00e7\u00f5es Educacionais S.A., 2021.<br data-start=\"2382\" data-end=\"2385\" \/>HAGEMEYER, Rafael R. Hist\u00f3ria &amp; Audiovisual. Belo Horinzonte: Aut\u00eantica, 2012.<br data-start=\"2463\" data-end=\"2466\" \/>JESUS, Adriano Miranda Vasconcellos D.; C\u00c9, Ot\u00e1via A. Produ\u00e7\u00e3o audiovisual. Porto Alegre: SAGAH, 2019.<\/p>\n<h5 data-start=\"2570\" data-end=\"2592\">RELAT\u00d3RIO FINAL:<\/h5>\n<p data-start=\"2593\" data-end=\"2996\">Aluno e Aluna, ap\u00f3s realizar suas atividades de extens\u00e3o, \u00e9 necess\u00e1rio que voc\u00ea o formalize, enviando esse Relat\u00f3rio Final para ser avaliado junto ao seu Ambiente Virtual (AVA) e tamb\u00e9m para voc\u00ea poder comprovar sua atua\u00e7\u00e3o.<br data-start=\"2817\" data-end=\"2820\" \/>Para o preenchimento, busque as anota\u00e7\u00f5es junto ao TEMPLATE PCDA para auxiliar na apresenta\u00e7\u00e3o das atividades desenvolvidas.<br data-start=\"2944\" data-end=\"2947\" \/>Todos os campos s\u00e3o de preenchimento obrigat\u00f3rio!<\/p>\n<h5 data-start=\"2998\" data-end=\"3047\">DESCRI\u00c7\u00c3O DA A\u00c7\u00c3O COM RESULTADOS ALCAN\u00c7ADOS<\/h5>\n<h5 data-start=\"3049\" data-end=\"3137\">Metas dos Objetivos de Desenvolvimento Sustent\u00e1vel (ODS) aderentes a este projeto:<\/h5>\n<p data-start=\"3138\" data-end=\"3382\">CAMPO OBRIGAT\u00d3RIO \u2013 busque no seu Template PDCA quais Metas voc\u00ea selecionou como aderentes ao seu projeto, conforme cada Objetivo de Desenvolvimento Sustent\u00e1vel (ODS) da Organiza\u00e7\u00e3o das Na\u00e7\u00f5es Unidas (ONU) que voc\u00ea explorou no seu planejamento.<\/p>\n<h5 data-start=\"3384\" data-end=\"3441\">Liste as Metas selecionadas (pelo menos uma op\u00e7\u00e3o):<\/h5>\n<h5 data-start=\"3443\" data-end=\"3496\">Local de realiza\u00e7\u00e3o da atividade extensionista:<\/h5>\n<h5 data-start=\"3498\" data-end=\"3519\">Durante a a\u00e7\u00e3o:<\/h5>\n<h5 data-start=\"3521\" data-end=\"3598\">Caso necess\u00e1rio, houve mudan\u00e7a de estrat\u00e9gia para alcan\u00e7ar o resultado:<\/h5>\n<h5 data-start=\"3600\" data-end=\"3624\">Resultado da a\u00e7\u00e3o:<\/h5>\n<h5 data-start=\"3626\" data-end=\"3642\">Conclus\u00e3o:<\/h5>\n<h5 data-start=\"3644\" data-end=\"3674\">Depoimentos (se houver):<\/h5>\n<h5 data-start=\"3676\" data-end=\"3764\">RELATE SUA PERCEP\u00c7\u00c3O DAS A\u00c7\u00d5ES EXTENSIONISTAS REALIZADAS NO PROGRAMA DESENVOLVIDO:<\/h5>\n<p data-start=\"3765\" data-end=\"3925\">CAMPO OBRIGAT\u00d3RIO \u2013 relate em no m\u00ednimo 15 (quinze) linhas sua experi\u00eancia com as a\u00e7\u00f5es extensionistas. O texto deve ser de sua autoria e in\u00e9dito, evite pl\u00e1gio.<\/p>\n<h5 data-start=\"3927\" data-end=\"3954\">Quest\u00f5es norteadoras:<\/h5>\n<p data-start=\"3955\" data-end=\"4228\">(1) Voc\u00ea notou que suas habilidades profissionais foram aprimoradas, com a atua\u00e7\u00e3o nas a\u00e7\u00f5es extensionistas?<br data-start=\"4063\" data-end=\"4066\" \/>(2) Voc\u00ea identificou melhoria\/resolu\u00e7\u00e3o do problema identificado?<br data-start=\"4131\" data-end=\"4134\" \/>(3) Voc\u00ea conseguiu articular os conhecimentos adquiridos no curso com as a\u00e7\u00f5es extensionistas?<\/p>\n<p data-start=\"4230\" data-end=\"4387\">Ao escrever seu texto evite deix\u00e1-lo em forma de respostas as quest\u00f5es norteadoras, relate sua experi\u00eancia em forma de texto dissertativo com justificativas.<\/p>\n<h5 data-start=\"4389\" data-end=\"4433\">DEPOIMENTO DA INSTITUI\u00c7\u00c3O PARTICIPANTE<\/h5>\n<p data-start=\"4434\" data-end=\"4596\">CAMPO OBRIGAT\u00d3RIO &#8211; insira depoimento(s) do(s) gestor(es) da institui\u00e7\u00e3o\/\u00f3rg\u00e3o\/associa\u00e7\u00e3o participante que contribuam como um feedback da a\u00e7\u00e3o realizada por voc\u00ea.<\/p>\n<h5 data-start=\"4598\" data-end=\"4630\">REFER\u00caNCIAS BIBLIOGR\u00c1FICAS<\/h5>\n<p data-start=\"4631\" data-end=\"4875\">CAMPO OBRIGAT\u00d3RIO \u2013 Siga a normas ABNT, para isso consulte sua Biblioteca Virtual;<br data-start=\"4713\" data-end=\"4716\" \/>Utilize como refer\u00eancias bibliogr\u00e1ficas as indica\u00e7\u00f5es do Campo: Indica\u00e7\u00f5es Bibliogr\u00e1ficas e as demais refer\u00eancias utilizadas no desenvolvimento do seu projeto.<\/p>\n<h5 data-start=\"4877\" data-end=\"4910\">AUTOAVALIA\u00c7\u00c3O DA ATIVIDADE:<\/h5>\n<p data-start=\"4912\" data-end=\"5047\">Realize a sua avalia\u00e7\u00e3o em rela\u00e7\u00e3o \u00e0 atividade desenvolvida considerando uma escala de 0 a 10 para cada pergunta, assinalando com um X:<\/p>\n<h5 data-start=\"5049\" data-end=\"5185\">1. A atividade permitiu o desenvolvimento do projeto de extens\u00e3o articulando as compet\u00eancias e conte\u00fados propostos junto ao Curso?<\/h5>\n<p data-start=\"5187\" data-end=\"5244\">0 1 2 3 4 5 6 7 8 9 10<br data-start=\"5209\" data-end=\"5212\" \/>() () () () () () () () () () ()<\/p>\n<h5 data-start=\"5246\" data-end=\"5321\">2. A atividade possui carga hor\u00e1ria suficiente para a sua realiza\u00e7\u00e3o?<\/h5>\n<p data-start=\"5323\" data-end=\"5380\">0 1 2 3 4 5 6 7 8 9 10<br data-start=\"5345\" data-end=\"5348\" \/>() () () () () () () () () () ()<\/p>\n<h5 data-start=\"5382\" data-end=\"5477\">3. A atividade \u00e9 relevante para a sua forma\u00e7\u00e3o e articula\u00e7\u00e3o de compet\u00eancias e conte\u00fados?<\/h5>\n<p data-start=\"5479\" data-end=\"5536\">0 1 2 3 4 5 6 7 8 9 10<br data-start=\"5501\" data-end=\"5504\" \/>() () () () () () () () () () ()<\/p>\n<h5 data-start=\"5538\" data-end=\"5745\">4. A atividade contribui para o cumprimento dos objetivos definidos pela Institui\u00e7\u00e3o de Ensino (IES) e Curso, observando o Plano de Desenvolvimento Institucional e Projeto Pedag\u00f3gico de Curso vigentes?<\/h5>\n<p data-start=\"5747\" data-end=\"5804\">0 1 2 3 4 5 6 7 8 9 10<br data-start=\"5769\" data-end=\"5772\" \/>() () () () () () () () () () ()<\/p>\n<h5 data-start=\"5806\" data-end=\"5963\">5. A atividade contribui para a melhoria da sociedade por meio dos resultados demonstrados no relat\u00f3rio ou pelos relatos apresentados pelos envolvidos?<\/h5>\n<p data-start=\"5965\" data-end=\"6022\">0 1 2 3 4 5 6 7 8 9 10<br data-start=\"5987\" data-end=\"5990\" \/>() () () () () () () () () () ()<\/p>\n<h5 data-start=\"6024\" data-end=\"6121\">6. A atividade permite o desenvolvimento de a\u00e7\u00f5es junto \u00e0 Inicia\u00e7\u00e3o Cient\u00edfica e ao Ensino?<\/h5>\n<p data-start=\"6123\" data-end=\"6180\">0 1 2 3 4 5 6 7 8 9 10<br data-start=\"6145\" data-end=\"6148\" \/>() () () () () () () () () () ()<\/p>\n<h5 data-start=\"6182\" data-end=\"6269\" data-is-last-node=\"\" data-is-only-node=\"\">7. Caso queira contribuir com maior detalhamento, traga seu depoimento\/ sugest\u00e3o.<\/h5>\n","protected":false},"excerpt":{"rendered":"<p>Projeto de Extens\u00e3o II &#8211; Produ\u00e7\u00e3o Audiovisual CURSO: CST EM PRODU\u00c7\u00c3O AUDIOVISUAL COMPONENTE CURRICULAR: PROJETO DE EXTENS\u00c3O II &#8211; PRODU\u00c7\u00c3O AUDIOVISUAL PROGRAMA DE EXTENS\u00c3O: PROGRAMA DE A\u00c7\u00c3O E DIFUS\u00c3O CULTURAL. FINALIDADE E MOTIVA\u00c7\u00c3O: A motiva\u00e7\u00e3o da extens\u00e3o no Programa de A\u00e7\u00e3o e Difus\u00e3o Cultural para o curso de Tecnologia em Produ\u00e7\u00e3o Audiovisual est\u00e1 na preserva\u00e7\u00e3o&hellip;<\/p>\n","protected":false},"featured_media":51666,"template":"","meta":{"_seopress_robots_primary_cat":"","_seopress_titles_title":"","_seopress_titles_desc":"","_seopress_robots_index":""},"product_cat":[808],"product_tag":[],"class_list":{"0":"post-51663","1":"product","2":"type-product","3":"status-publish","4":"has-post-thumbnail","6":"product_cat-producao-audiovisual","8":"first","9":"instock","10":"shipping-taxable","11":"purchasable","12":"product-type-simple","13":"col-xs-6 col-sm-4","14":"col-mf-5","15":"un-5-cols"},"jetpack_sharing_enabled":true,"_links":{"self":[{"href":"https:\/\/portifolioos-prontos.com\/index.php\/wp-json\/wp\/v2\/product\/51663","targetHints":{"allow":["GET"]}}],"collection":[{"href":"https:\/\/portifolioos-prontos.com\/index.php\/wp-json\/wp\/v2\/product"}],"about":[{"href":"https:\/\/portifolioos-prontos.com\/index.php\/wp-json\/wp\/v2\/types\/product"}],"version-history":[{"count":1,"href":"https:\/\/portifolioos-prontos.com\/index.php\/wp-json\/wp\/v2\/product\/51663\/revisions"}],"predecessor-version":[{"id":51667,"href":"https:\/\/portifolioos-prontos.com\/index.php\/wp-json\/wp\/v2\/product\/51663\/revisions\/51667"}],"wp:featuredmedia":[{"embeddable":true,"href":"https:\/\/portifolioos-prontos.com\/index.php\/wp-json\/wp\/v2\/media\/51666"}],"wp:attachment":[{"href":"https:\/\/portifolioos-prontos.com\/index.php\/wp-json\/wp\/v2\/media?parent=51663"}],"wp:term":[{"taxonomy":"product_cat","embeddable":true,"href":"https:\/\/portifolioos-prontos.com\/index.php\/wp-json\/wp\/v2\/product_cat?post=51663"},{"taxonomy":"product_tag","embeddable":true,"href":"https:\/\/portifolioos-prontos.com\/index.php\/wp-json\/wp\/v2\/product_tag?post=51663"}],"curies":[{"name":"wp","href":"https:\/\/api.w.org\/{rel}","templated":true}]}}