{"id":6066,"date":"2022-08-02T17:56:32","date_gmt":"2022-08-02T20:56:32","guid":{"rendered":"https:\/\/portifolioos-prontos.com\/?post_type=product&#038;p=6066"},"modified":"2022-09-14T15:30:22","modified_gmt":"2022-09-14T18:30:22","slug":"portfolio-contaminacao-de-alimentos-por-pesticidas-organoclorados-e-alteracoes-hematologicas","status":"publish","type":"product","link":"https:\/\/portifolioos-prontos.com\/index.php\/product\/portfolio-contaminacao-de-alimentos-por-pesticidas-organoclorados-e-alteracoes-hematologicas\/","title":{"rendered":"PORTF\u00d3LIO CONTAMINA\u00c7\u00c3O DE ALIMENTOS POR PESTICIDAS ORGANOCLORADOS E ALTERA\u00c7\u00d5ES HEMATOLOGICAS"},"content":{"rendered":"<h4>Portfolio Contamina\u00e7\u00e3o de alimentos por pesticidas organoclorados e altera\u00e7\u00f5es hematol\u00f3gicas<\/h4>\n<h4>Curso de: Farm\u00e1cia<\/h4>\n<h4><span class=\"fontstyle0\">Semestre: 5\u00ba FLEX\/ 6\u00baREG<\/span><\/h4>\n<p><span class=\"fontstyle0\">A proposta de Produ\u00e7\u00e3o Textual Interdisciplinar em Grupo (PTG) ter\u00e1 como tem\u00e1tica<br \/>\n<strong>contamina\u00e7\u00e3o de alimentos por pesticidas organoclorados e altera\u00e7\u00f5es hematologicas<\/strong><\/span><span class=\"fontstyle0\">.\u00a0<\/span><span class=\"fontstyle0\">Escolhemos<br \/>\nesta tem\u00e1tica para possibilitar a aprendizagem interdisciplinar dos conte\u00fados desenvolvidos nas<br \/>\ndisciplinas desse semestre conforme o eixo integrador.<br \/>\nNa atividade de produ\u00e7\u00e3o textual, os alunos responder\u00e3o questionamentos relacionados a<br \/>\ncada disciplina estudada no semestre, a fim de elucidar e resolver a situa\u00e7\u00e3o-problema (Situa\u00e7\u00e3o<br \/>\nGeradora de Aprendizagem \u2013 SGA) proposta.<\/span><\/p>\n<p><span class=\"fontstyle0\">SITUA\u00c7\u00c3O GERADOTA DE APRENIZAGEM (SGA)<br \/>\n<\/span><span class=\"fontstyle2\">A Cidade dos Meninos \u00e9 um bairro do munic\u00edpio de Duque de Caxias, no estado do Rio de Janeiro,<br \/>\nno sudeste do Brasil. Na d\u00e9cada de 1950, foi instalada no bairro uma f\u00e1brica para produ\u00e7\u00e3o de<br \/>\nhexaclorobenzeno (HCB) e formula\u00e7\u00e3o e armazenamento de outros pesticidas organoclorado (OC),\u00a0<span class=\"fontstyle0\">para programas de controle de vetores. A f\u00e1brica foi encerrada em 1961 e os restantes dos produtos<br \/>\npesticidas foram abandonados ao ar livre perto da f\u00e1brica (Minist\u00e9rio da Sa\u00fade, 2003). Desde ent\u00e3o,<br \/>\na contamina\u00e7\u00e3o por OC se espalhou pelo territ\u00f3rio da Cidade dos Meninos, levando a altos n\u00edveis de<br \/>\nagrot\u00f3xicos OC como beta-hexaclorociclohexano. Consequentemente, os indiv\u00edduos que residem<br \/>\nnesta \u00e1rea t\u00eam sido cronicamente expostos a n\u00edveis elevados de v\u00e1rios pesticidas OC ao longo de<br \/>\nv\u00e1rias d\u00e9cadas.<br \/>\nA agricultura familiar foi uma atividade econ\u00f4mica importante nesta \u00e1rea no passado, onde a canade-a\u00e7\u00facar, mandioca e hortali\u00e7as eram cultivadas em grandes propriedades e as atividades pecu\u00e1rias<br \/>\nlidavam com su\u00ednos e bovinos. Devido aos alertas sobre a contamina\u00e7\u00e3o por OC, as fam\u00edlias que vivem<br \/>\nno bairro hoje n\u00e3o cultivam produtos de horta caseira, e os produtos alimentares locais s\u00e3o<br \/>\npredominantemente alguns frutos de \u00e1rvores que crescem naturalmente na \u00e1rea. O consumo de<br \/>\nfrutas produzidas localmente, o contato com o solo e a inala\u00e7\u00e3o ou ingest\u00e3o de poeira foram<br \/>\nsugeridos como as principais vias de exposi\u00e7\u00e3o atual aos agrot\u00f3xicos OC nesta popula\u00e7\u00e3o. Outros<br \/>\ntipos de agrot\u00f3xicos, como organofosforados, carbamatos ou ditiocarbamatos, n\u00e3o s\u00e3o utilizados<br \/>\npara prote\u00e7\u00e3o de cultivos ou controle de doen\u00e7as infecciosas na Cidade dos Meninos.<br \/>\nOs pesticidas OC podem exercer diversos efeitos adversos no tecido hematopoi\u00e9tico e no<br \/>\nf\u00edgado nas popula\u00e7\u00f5es que foram cronicamente expostas a altas n\u00edveis desses compostos. Nos casos<br \/>\nde pessoas diagnosticadas com anemia apl\u00e1stica adquirida devido \u00e0 exposi\u00e7\u00e3o a longos per\u00edodos aos<br \/>\npesticidas OC, os tratamentos depender\u00e3o da gravidade da sua condi\u00e7\u00e3o e da sua idade, e podem<br \/>\nincluir desde a observa\u00e7\u00e3o, transfus\u00f5es de sangue, medicamentos ou at\u00e9 mesmo transplante de<br \/>\nmedula \u00f3ssea.<br \/>\nO transplante de c\u00e9lulas-tronco (medula \u00f3ssea) para reconstruir a medula \u00f3ssea com c\u00e9lulastronco de um doador \u00e9 a \u00fanica op\u00e7\u00e3o de cura para pessoas com anemia apl\u00e1stica grave. Durante a<br \/>\nespera por um doador de medula \u00f3ssea que seja compat\u00edvel, o paciente pode tomar medicamentos<br \/>\nimunossupressores, ciclosporina ou tacrolimus. A maioria das pessoas que recebem o tratamento<br \/>\npara anemia apl\u00e1stica conseguem ter uma boa qualidade de vida.<\/span>\u00a0<\/span><\/p>\n<p><span class=\"fontstyle0\">DESAFIOS PROPOSTOS<br \/>\n<\/span><span class=\"fontstyle2\">1. Discuta a rela\u00e7\u00e3o da exposi\u00e7\u00e3o cr\u00f4nica a pesticidas organoclorados (OC) e altera\u00e7\u00f5es<br \/>\nhematol\u00f3gicas.<br \/>\n2. Sobre o caso apresentado, a contamina\u00e7\u00e3o pelos pesticidas OC ocorre pela exposi\u00e7\u00e3o ao solo e<br \/>\ningest\u00e3o de alimentos ali cultivados, motivo pelo qual, hoje, as fam\u00edlias n\u00e3o cultivam produtos<br \/>\nde horta caseira. Explique como ocorre o controle dos n\u00edveis desses contaminantes nos<br \/>\nalimentos. A an\u00e1lise sensorial seria bem aplicada no caso apresentado?<br \/>\n3. A Ag\u00eancia Nacional de Vigil\u00e2ncia Sanit\u00e1ria (ANVISA), em 2020, aprovou o<br \/>\nuso medicamento Eltrombopague, combinado com a terapia imunossupressora padr\u00e3o, para<br \/>\ntratar anemia apl\u00e1stica grave. Qual mecanismo de a\u00e7\u00e3o do Eltrombopaque? Por que esse<br \/>\ntratamento deve ser monitorado?<br \/>\n4. O medicamento Eltrombopague Olamina \u00e9 dispensado pelo Sistema \u00danico de Sa\u00fade (SUS) nas<br \/>\nconcentra\u00e7\u00f5es de 25 mg e 50 mg (por comprimido). Discuta o motivo desse medicamento ser<br \/>\ndispensado em forma de comprimido revestido.<\/span><\/p>\n<div class=\"elementor-toggle-item\">\n<h4 id=\"elementor-tab-title-1941\" class=\"elementor-tab-title elementor-active\" tabindex=\"0\" role=\"tab\" data-tab=\"1\" aria-controls=\"elementor-tab-content-1941\" aria-expanded=\"true\" aria-selected=\"true\">Como funciona?<\/h4>\n<div id=\"elementor-tab-content-1941\" class=\"elementor-tab-content elementor-clearfix elementor-active\" role=\"tabpanel\" data-tab=\"1\" aria-labelledby=\"elementor-tab-title-1941\">\n<p>Elaboramos os portf\u00f3lios, j\u00e1 deixamos prontos, nas normas da ABNT e conforme os requisitos da universidade. F\u00e1cil assim! O MELHOR \u00c9 QUE VOC\u00ca COMPRA E J\u00c1 BAIXA NA HORA O SEU ARQUIVO EM WORD! Sabemos que conciliar trabalho, fam\u00edlia, vida profissional e estudos \u00e9 dif\u00edcil hoje em dia, por isso, estamos aqui para ajudar voc\u00ea. Conte com nossa qualidade, experi\u00eancia e profissionalismo adquirindo seu portf\u00f3lio conosco. GARANTIMOS SEU CONCEITO!<\/p>\n<h4>Como se realizam os envios?<\/h4>\n<\/div>\n<\/div>\n<div class=\"elementor-toggle-item\">\n<div id=\"elementor-tab-content-1942\" class=\"elementor-tab-content elementor-clearfix elementor-active\" role=\"tabpanel\" data-tab=\"2\" aria-labelledby=\"elementor-tab-title-1942\">O seu trabalho \u00e9 disponibilizado pronto, respondido e nas normas j\u00e1 na mesma hora aqui em nosso site na sua \u00e1rea de downloads e tamb\u00e9m no seu e-mail.<\/div>\n<\/div>\n<div class=\"elementor-toggle-item\">\n<div id=\"elementor-tab-content-1943\" class=\"elementor-tab-content elementor-clearfix elementor-active\" role=\"tabpanel\" data-tab=\"3\" aria-labelledby=\"elementor-tab-title-1943\">\n<h4>Em quanto tempo recebo o portf\u00f3lio?<\/h4>\n<\/div>\n<\/div>\n<div class=\"elementor-toggle-item\">\n<div id=\"elementor-tab-content-1944\" class=\"elementor-tab-content elementor-clearfix elementor-active\" role=\"tabpanel\" data-tab=\"4\" aria-labelledby=\"elementor-tab-title-1944\">\n<p>Os envios s\u00e3o imediatos. Ap\u00f3s sua compra, o trabalho j\u00e1 \u00e9 disponibilizado instantaneamente aqui em nosso site e no seu e-mail.<\/p>\n<h4>E se o portf\u00f3lio que comprei precisar de corre\u00e7\u00e3o?<\/h4>\n<\/div>\n<\/div>\n<div class=\"elementor-toggle-item\">\n<div id=\"elementor-tab-content-1945\" class=\"elementor-tab-content elementor-clearfix elementor-active\" role=\"tabpanel\" data-tab=\"5\" aria-labelledby=\"elementor-tab-title-1945\">\n<p>Caso haja alguma solicita\u00e7\u00e3o de corre\u00e7\u00e3o\/altera\u00e7\u00e3o por parte do tutor, basta entrar em contato conosco pelo\u00a0WhatsApp\u00a0que provid\u00eanciaremos sem custo algum.<\/p>\n<h4>Qual o formato do arquivo?<\/h4>\n<\/div>\n<\/div>\n<div class=\"elementor-toggle-item\">\n<div id=\"elementor-tab-content-1946\" class=\"elementor-tab-content elementor-clearfix elementor-active\" role=\"tabpanel\" data-tab=\"6\" aria-labelledby=\"elementor-tab-title-1946\">\n<p>Os arquivos s\u00e3o enviados em formato Word e s\u00e3o edit\u00e1veis.<\/p>\n<h4>Caso eu tiver alguma d\u00favida, terei suporte no p\u00f3s venda?<\/h4>\n<\/div>\n<\/div>\n<div class=\"elementor-toggle-item\">\n<div id=\"elementor-tab-content-1948\" class=\"elementor-tab-content elementor-clearfix elementor-active\" role=\"tabpanel\" data-tab=\"8\" aria-labelledby=\"elementor-tab-title-1948\">\n<p>Sim, com certeza. Basta clicar no \u00edcone do WhatsApp no cantinho da tela. Ser\u00e1 um prazer atend\u00ea-lo(a).<\/p>\n<div class=\"elementor-toggle-item\">\n<div id=\"elementor-tab-content-1948\" class=\"elementor-tab-content elementor-clearfix elementor-active\" role=\"tabpanel\" data-tab=\"8\" aria-labelledby=\"elementor-tab-title-1948\">\n<h4>Quais os seus canais de contato?<\/h4>\n<\/div>\n<\/div>\n<div class=\"elementor-toggle-item\">\n<div id=\"elementor-tab-content-1949\" class=\"elementor-tab-content elementor-clearfix elementor-active\" role=\"tabpanel\" data-tab=\"9\" aria-labelledby=\"elementor-tab-title-1949\">\n<p>Whatsapp: 53 984751621 \u2013 Clicar no canto da tela ou ESCANEIE O QRCODE ABAIXO<\/p>\n<p><img decoding=\"async\" class=\"alignnone wp-image-7603\" src=\"http:\/\/portifolioos-prontos.com\/wp-content\/uploads\/2022\/09\/portfolio-unopar-pronto-colaborar-ava-producao-textual-interdisciplinar.png\" alt=\"Contamina\u00e7\u00e3o de alimentos por pesticidas organoclorados e altera\u00e7\u00f5es hematol\u00f3gicas,portf\u00f3lio Contamina\u00e7\u00e3o de alimentos por pesticidas organoclorados e altera\u00e7\u00f5es hematol\u00f3gicas,portf\u00f3lio ead Contamina\u00e7\u00e3o de alimentos por pesticidas organoclorados e altera\u00e7\u00f5es hematol\u00f3gicas,portf\u00f3lio pronto Contamina\u00e7\u00e3o de alimentos por pesticidas organoclorados e altera\u00e7\u00f5es hematol\u00f3gicas,portf\u00f3lio unopar Contamina\u00e7\u00e3o de alimentos por pesticidas organoclorados e altera\u00e7\u00f5es hematol\u00f3gicas,portf\u00f3lio anhanguera Contamina\u00e7\u00e3o de alimentos por pesticidas organoclorados e altera\u00e7\u00f5es hematol\u00f3gicas,mystudbay Contamina\u00e7\u00e3o de alimentos por pesticidas organoclorados e altera\u00e7\u00f5es hematol\u00f3gicas,trabalho pronto Contamina\u00e7\u00e3o de alimentos por pesticidas organoclorados e altera\u00e7\u00f5es hematol\u00f3gicas,trabalho feito Contamina\u00e7\u00e3o de alimentos por pesticidas organoclorados e altera\u00e7\u00f5es hematol\u00f3gicas,trabalhos feitos,trabalhos feitos Contamina\u00e7\u00e3o de alimentos por pesticidas organoclorados e altera\u00e7\u00f5es hematol\u00f3gicas,pti Contamina\u00e7\u00e3o de alimentos por pesticidas organoclorados e altera\u00e7\u00f5es hematol\u00f3gicas,ptg Contamina\u00e7\u00e3o de alimentos por pesticidas organoclorados e altera\u00e7\u00f5es hematol\u00f3gicas,Portfolio pronto,portifolio pronto,portf\u00f3lio pronto,portifolios prontos,portif\u00f3lios prontos,portf\u00f3lio pronto unopar,portifolio pronto unopar,portif\u00f3lio pronto unopar,portifolios prontos unopar,portifolios prontos anhanguera,portf\u00f3lios prontos anhanguera,portf\u00f3lio pronto anhanguera,portfolios ead,portf\u00f3lios ead,portfolioead,apostileiros,portf\u00f3lio ead,portifolios ead,portif\u00f3lios ead,eadhelp,shop do acad\u00eamico,unopar portfolio,portfolio pronto ead,portfolio unopar ead,ead portfolio ava,portf\u00f3lio ead anhanguera,portf\u00f3lio ead pront,o portf\u00f3lio ead unopar,portf\u00f3lio pronto em word,pti unopar,ptg unopar,modelo de portf\u00f3lio unopar,modelo de portf\u00f3lio anhanguera,como fazer um portf\u00f3lio para faculdade,como faz portf\u00f3lio universidade,como faz portf\u00f3lios para universidade,portf\u00f3lios prontos para universidade,portf\u00f3lios pronto para faculdade,portf\u00f3lio pronto para editar,portifolios prontos para editar,portf\u00f3lio em word,portfolio em word,portf\u00f3lio em word para editar,portifolio em word para editar,portfolio unopar pronto para editar,modelo de portfolio para unopar,modelo de portif\u00f3lio para unopar,modelo de portf\u00f3lio para unopar,unopar portf\u00f3lio pronto,anhanguera portf\u00f3lio pronto,portf\u00f3lio em word pronto,comprar portf\u00f3lio pronto,como fazer um portf\u00f3lio,como fazer portf\u00f3lio digital,portfolio,portf\u00f3lio,portifolio,portif\u00f3lio,portf\u00f3lio interdisciplinar individual,portfolio interdisciplinar individual,exemplos de portf\u00f3lio para faculdade,baixar portf\u00f3lio pronto,portf\u00f3lio acad\u00eamico,portf\u00f3lio online,portfoliooead,portfolio ead,portf\u00f3lio pronto interdisciplinar individual,relat\u00f3rio de est\u00e1gio unopar,relat\u00f3rio de est\u00e1gio pronto unopar,como criar um portf\u00f3lio,o que \u00e9 um portf\u00f3lio e como fazer,portfolio exemplo,modelo de portfolio acad\u00eamico,relat\u00f3rio de est\u00e1gio gest\u00e3o escolar pronto unopar,portf\u00f3lio como fazer,prova profici\u00eancia unopar,portfolio individual est\u00e1gio curricular obrigat\u00f3rio ii anos iniciais do ensino fundamental,prova de profici\u00eancia pedagogia unopar,capa de trabalho unopar para editar,portf\u00f3lio acad\u00eamico unopar,como fazer um portf\u00f3lio acad\u00eamico,portf\u00f3lio exemplos word,portfolio acad\u00eamico,portfolio individual,portfolio individual unopar,portfolio individual anhanguera,portfolio marketing digital,portf\u00f3lio educa\u00e7\u00e3o f\u00edsica unopar,portf\u00f3lio gest\u00e3o educacional e espa\u00e7os n\u00e3o escolares,como fazer um portifolio unopar,modelo de portf\u00f3lio unopar em arquivo word,capa de portf\u00f3lio de pedagogia,como fazer um portf\u00f3lio no word,projeto integrado unopar,exemplo de portf\u00f3lio academico pedagogia\" width=\"141\" height=\"141\" srcset=\"https:\/\/portifolioos-prontos.com\/wp-content\/uploads\/2022\/09\/portfolio-unopar-pronto-colaborar-ava-producao-textual-interdisciplinar.png 150w, https:\/\/portifolioos-prontos.com\/wp-content\/uploads\/2022\/09\/portfolio-unopar-pronto-colaborar-ava-producao-textual-interdisciplinar-100x100.png 100w\" sizes=\"(max-width: 141px) 100vw, 141px\" \/><\/p>\n<\/div>\n<\/div>\n<\/div>\n<\/div>\n<div class=\"elementor-toggle-item\">\n<div id=\"elementor-tab-content-1949\" class=\"elementor-tab-content elementor-clearfix elementor-active\" role=\"tabpanel\" data-tab=\"9\" aria-labelledby=\"elementor-tab-title-1949\">\n<p>E-mail:portifoliosp@gmail.com<\/p>\n<div id=\"attachment_143\" class=\"wp-caption alignnone\">\n<div id=\"attachment_143\" class=\"wp-caption alignnone\" style=\"width: 157px;\">\n<p><a href=\"http:\/\/portifolioos-prontos.com\/\"><img decoding=\"async\" class=\"wp-image-143\" title=\"portfolio pronto unopar\" src=\"http:\/\/portifolioos-prontos.com\/wp-content\/uploads\/2022\/04\/conceitomaximo.png\" alt=\"PORTFOLIO PRONTO UNOPAR ANHANGUERA\" width=\"157\" height=\"45\" aria-describedby=\"caption-attachment-143\" \/><\/a><\/p>\n<p id=\"caption-attachment-143\" class=\"wp-caption-text\">Portf\u00f3lio em Word, respondido, completo e j\u00e1 nas normas.<\/p>\n<\/div>\n<\/div>\n<\/div>\n<\/div>\n","protected":false},"excerpt":{"rendered":"<p>Portfolio Contamina\u00e7\u00e3o de alimentos por pesticidas organoclorados e altera\u00e7\u00f5es hematol\u00f3gicas Curso de: Farm\u00e1cia Semestre: 5\u00ba FLEX\/ 6\u00baREG A proposta de Produ\u00e7\u00e3o Textual Interdisciplinar em Grupo (PTG) ter\u00e1 como tem\u00e1tica contamina\u00e7\u00e3o de alimentos por pesticidas organoclorados e altera\u00e7\u00f5es hematologicas.\u00a0Escolhemos esta tem\u00e1tica para possibilitar a aprendizagem interdisciplinar dos conte\u00fados desenvolvidos nas disciplinas desse semestre conforme o eixo&hellip;<\/p>\n","protected":false},"featured_media":6071,"template":"","meta":{"_seopress_robots_primary_cat":"none","_seopress_titles_title":"%%post_title%% %%sitetitle%%","_seopress_titles_desc":"%%post_content%%","_seopress_robots_index":""},"product_cat":[30,15],"product_tag":[],"class_list":{"0":"post-6066","1":"product","2":"type-product","3":"status-publish","4":"has-post-thumbnail","6":"product_cat-farmacia","7":"product_cat-uncategorized","9":"first","10":"instock","11":"downloadable","12":"virtual","13":"purchasable","14":"product-type-simple","15":"col-xs-6 col-sm-4","16":"col-mf-5","17":"un-5-cols"},"jetpack_sharing_enabled":true,"_links":{"self":[{"href":"https:\/\/portifolioos-prontos.com\/index.php\/wp-json\/wp\/v2\/product\/6066","targetHints":{"allow":["GET"]}}],"collection":[{"href":"https:\/\/portifolioos-prontos.com\/index.php\/wp-json\/wp\/v2\/product"}],"about":[{"href":"https:\/\/portifolioos-prontos.com\/index.php\/wp-json\/wp\/v2\/types\/product"}],"version-history":[{"count":0,"href":"https:\/\/portifolioos-prontos.com\/index.php\/wp-json\/wp\/v2\/product\/6066\/revisions"}],"wp:featuredmedia":[{"embeddable":true,"href":"https:\/\/portifolioos-prontos.com\/index.php\/wp-json\/wp\/v2\/media\/6071"}],"wp:attachment":[{"href":"https:\/\/portifolioos-prontos.com\/index.php\/wp-json\/wp\/v2\/media?parent=6066"}],"wp:term":[{"taxonomy":"product_cat","embeddable":true,"href":"https:\/\/portifolioos-prontos.com\/index.php\/wp-json\/wp\/v2\/product_cat?post=6066"},{"taxonomy":"product_tag","embeddable":true,"href":"https:\/\/portifolioos-prontos.com\/index.php\/wp-json\/wp\/v2\/product_tag?post=6066"}],"curies":[{"name":"wp","href":"https:\/\/api.w.org\/{rel}","templated":true}]}}