{"id":6223,"date":"2022-08-04T12:41:02","date_gmt":"2022-08-04T15:41:02","guid":{"rendered":"https:\/\/portifolioos-prontos.com\/?post_type=product&#038;p=6223"},"modified":"2025-09-15T11:26:58","modified_gmt":"2025-09-15T14:26:58","slug":"projeto-de-ensino-educacao-fisica","status":"publish","type":"product","link":"https:\/\/portifolioos-prontos.com\/index.php\/product\/projeto-de-ensino-educacao-fisica\/","title":{"rendered":"Projeto de ensino Educa\u00e7\u00e3o f\u00edsica"},"content":{"rendered":"<h4>Projeto de ensino Educa\u00e7\u00e3o f\u00edsica<\/h4>\n<h4>Curso:\u00a0Educa\u00e7\u00e3o f\u00edsica\u00a0licenciatura<\/h4>\n<h3><a href=\"https:\/\/api.whatsapp.com\/send\/?phone=5553984751621&amp;text&amp;type=phone_number&amp;app_absent=0\">Compre pelo WhatsApp para selecionar o tema que deseja.<\/a><\/h3>\n<p><strong>Sum\u00e1rio<\/strong><br \/>\n1. APRESENTA\u00c7\u00c3O\u2026\u2026\u2026\u2026\u2026\u2026\u2026\u2026\u2026\u2026\u2026\u2026\u2026\u2026\u2026\u2026\u2026\u2026\u2026\u2026\u2026\u2026\u2026\u2026\u2026\u2026\u2026\u2026\u2026\u2026\u2026\u2026\u2026\u2026\u2026\u2026\u2026\u2026\u2026\u2026\u2026\u2026\u2026\u2026\u2026.3<br \/>\n2. CARACTERIZA\u00c7\u00c3O DO PROJETO DE ENSINO \u2026\u2026\u2026\u2026\u2026\u2026\u2026\u2026\u2026\u2026\u2026\u2026\u2026\u2026\u2026\u2026\u2026\u2026\u2026\u2026\u2026\u2026\u2026\u2026\u2026\u2026\u2026\u2026\u2026\u2026\u20264<br \/>\n2.1 TEMA\u2026\u2026\u2026\u2026\u2026\u2026\u2026\u2026\u2026\u2026\u2026\u2026\u2026\u2026\u2026\u2026\u2026\u2026\u2026\u2026\u2026\u2026\u2026\u2026\u2026\u2026\u2026\u2026\u2026\u2026\u2026\u2026\u2026\u2026\u2026\u2026\u2026\u2026\u2026\u2026\u2026\u2026\u2026\u2026\u2026\u2026\u2026\u2026\u2026\u2026 6<br \/>\n2.2 JUSTIFICATIVA \u2026\u2026\u2026\u2026\u2026\u2026\u2026\u2026\u2026\u2026\u2026\u2026\u2026\u2026\u2026\u2026\u2026\u2026\u2026\u2026\u2026\u2026\u2026\u2026\u2026\u2026\u2026\u2026\u2026\u2026\u2026\u2026\u2026\u2026\u2026\u2026\u2026\u2026\u2026\u2026\u2026\u2026\u2026\u2026\u2026. 8<br \/>\n2.3 PARTICIPANTES \u2026\u2026\u2026\u2026\u2026\u2026\u2026\u2026\u2026\u2026\u2026\u2026\u2026\u2026\u2026\u2026\u2026\u2026\u2026\u2026\u2026\u2026\u2026\u2026\u2026\u2026\u2026\u2026\u2026\u2026\u2026\u2026\u2026\u2026\u2026\u2026\u2026\u2026\u2026\u2026\u2026\u2026\u2026\u2026.. 9<br \/>\n2.4 OBJETIVOS\u2026\u2026\u2026\u2026\u2026\u2026\u2026\u2026\u2026\u2026\u2026\u2026\u2026\u2026\u2026\u2026\u2026\u2026\u2026\u2026\u2026\u2026\u2026\u2026\u2026\u2026\u2026\u2026\u2026\u2026\u2026\u2026\u2026\u2026\u2026\u2026\u2026\u2026\u2026\u2026\u2026\u2026\u2026\u2026\u2026\u2026.. 10<br \/>\n2.5 PROBLEMATIZA\u00c7\u00c3O\u2026\u2026\u2026\u2026\u2026\u2026\u2026\u2026\u2026\u2026\u2026\u2026\u2026\u2026\u2026\u2026\u2026\u2026\u2026\u2026\u2026\u2026\u2026\u2026\u2026\u2026\u2026\u2026\u2026\u2026\u2026\u2026\u2026\u2026\u2026\u2026\u2026\u2026\u2026\u2026\u2026.. 11<br \/>\n2.6 REFERENCIAL TE\u00d3RICO\u2026\u2026\u2026\u2026\u2026\u2026\u2026\u2026\u2026\u2026\u2026\u2026\u2026\u2026\u2026\u2026\u2026\u2026\u2026\u2026\u2026\u2026\u2026\u2026\u2026\u2026\u2026\u2026\u2026\u2026\u2026\u2026\u2026\u2026\u2026\u2026\u2026\u2026\u2026\u2026. 12<br \/>\n2.7 METODOLOGIA \u2026\u2026\u2026\u2026\u2026\u2026\u2026\u2026\u2026\u2026\u2026\u2026\u2026\u2026\u2026\u2026\u2026\u2026\u2026\u2026\u2026\u2026\u2026\u2026\u2026\u2026\u2026\u2026\u2026\u2026\u2026\u2026\u2026\u2026\u2026\u2026\u2026\u2026\u2026\u2026\u2026\u2026\u2026\u2026 14<br \/>\n2.8 CRONOGRAMA DO PROJETO \u2026\u2026\u2026\u2026\u2026\u2026\u2026\u2026\u2026\u2026\u2026\u2026\u2026\u2026\u2026\u2026\u2026\u2026\u2026\u2026\u2026\u2026\u2026\u2026\u2026\u2026\u2026\u2026\u2026\u2026\u2026\u2026\u2026\u2026\u2026\u2026\u2026 15<br \/>\n2.9 RECURSOS HUMANOS E MATERIAIS \u2026\u2026\u2026\u2026\u2026\u2026\u2026\u2026\u2026\u2026\u2026\u2026\u2026\u2026\u2026\u2026\u2026\u2026\u2026\u2026\u2026\u2026\u2026\u2026\u2026\u2026\u2026\u2026\u2026\u2026\u2026\u2026\u2026. 16<br \/>\n2.10 AVALIA\u00c7\u00c3O\u2026\u2026\u2026\u2026\u2026\u2026\u2026\u2026\u2026\u2026\u2026\u2026\u2026\u2026\u2026\u2026\u2026\u2026\u2026\u2026\u2026\u2026\u2026\u2026\u2026\u2026\u2026\u2026\u2026\u2026\u2026\u2026\u2026\u2026\u2026\u2026\u2026\u2026\u2026\u2026\u2026\u2026\u2026\u2026\u2026\u2026. 17<br \/>\n3. INFORMA\u00c7\u00d5ES IMPORTANTES \u2026\u2026\u2026\u2026\u2026\u2026\u2026\u2026\u2026\u2026\u2026\u2026\u2026\u2026\u2026\u2026\u2026\u2026\u2026\u2026\u2026\u2026\u2026\u2026\u2026\u2026\u2026\u2026\u2026\u2026\u2026\u2026\u2026\u2026\u2026\u2026\u202618<br \/>\n3.1 ORIENTA\u00c7\u00d5ES GERAIS\u2026\u2026\u2026\u2026\u2026\u2026\u2026\u2026\u2026\u2026\u2026\u2026\u2026\u2026\u2026\u2026\u2026\u2026\u2026\u2026\u2026\u2026\u2026\u2026\u2026\u2026\u2026\u2026\u2026\u2026\u2026\u2026\u2026\u2026\u2026\u2026\u2026\u2026\u2026\u2026.. 19<\/p>\n<p>1. APRESENTA\u00c7\u00c3O<\/p>\n<p>O presente manual oferece orienta\u00e7\u00f5es aos acad\u00eamicos do Educa\u00e7\u00e3o F\u00edsica<br \/>\nLicenciatura sobre a elabora\u00e7\u00e3o do Projeto de Ensino, cuja finalidade \u00e9 proporcionar uma<br \/>\nreflex\u00e3o que possa unir os saberes do aluno \u00e0s contribui\u00e7\u00f5es da ci\u00eancia, para promover o seu<br \/>\ndesenvolvimento intelectual e o aprofundamento dos conte\u00fados aliados \u00e0s viv\u00eancias<br \/>\nrealizadas durante o curso.<br \/>\nDesse modo, busca-se contribuir com o pensamento acad\u00eamico e a realidade<br \/>\nestudada. Para isso, prop\u00f5e-se aos alunos a elabora\u00e7\u00e3o de um projeto direcionado para a<br \/>\nEduca\u00e7\u00e3o B\u00e1sica.<br \/>\nDiante de sua import\u00e2ncia para a forma\u00e7\u00e3o docente, entende-se que o Projeto de<br \/>\nEnsino \u00e9 condi\u00e7\u00e3o para que o aluno receba o diploma de conclus\u00e3o de curso. Nesse sentido, \u00e9<br \/>\navaliado por um tutor a dist\u00e2ncia, que atribui uma pontua\u00e7\u00e3o de acordo com os crit\u00e9rios de<br \/>\navalia\u00e7\u00e3o estabelecidos. Al\u00e9m disso, parte da pontua\u00e7\u00e3o do Projeto de Ensino \u00e9 composta da<br \/>\napresenta\u00e7\u00e3o oral realizada no polo.<br \/>\n\u00c9 importante refor\u00e7ar que o Projeto de Ensino se constituir\u00e1 de uma elabora\u00e7\u00e3o<br \/>\nte\u00f3rica, que n\u00e3o precisar\u00e1 ser efetivamente aplicada na Educa\u00e7\u00e3o B\u00e1sica.<\/p>\n<p>2. CARACTERIZA\u00c7\u00c3O DO PROJETO DE ENSINO<\/p>\n<p>Na perspectiva de Vasconcellos (2002, p. 97), um projeto de ensino transcende a<br \/>\nno\u00e7\u00e3o de um mero \u201cplano\u201d, possuindo um \u201csignificado mais vivo, din\u00e2mico e potencialmente<br \/>\nmobilizador\u201d. Trata-se, segundo o autor, de um conceito que remete a um \u201cprocesso de<br \/>\nreflex\u00e3o, de constru\u00e7\u00e3o das representa\u00e7\u00f5es e da coloca\u00e7\u00e3o em pr\u00e1tica\u201d, o que evidencia a sua<br \/>\nrela\u00e7\u00e3o direta com a atua\u00e7\u00e3o docente.<br \/>\nA qualidade de um projeto de ensino, caracter\u00edstica que leva \u00e0 sua efetividade, est\u00e1<br \/>\natrelada \u00e0 sua articula\u00e7\u00e3o \u201c\u00e0 realidade dos educandos, \u00e0 ess\u00eancia significativa da \u00e1rea do<br \/>\nsaber, aos outros educadores (trabalho interdisciplinar) e \u00e0 realidade social mais geral\u201d<br \/>\n(VASCONCELLOS, 2002, p. 103). Dessa forma, elaborar um projeto de ensino vai muito al\u00e9m<br \/>\nda mera sele\u00e7\u00e3o de conte\u00fados e reda\u00e7\u00e3o de planos de aula; a elabora\u00e7\u00e3o de um projeto de<br \/>\nensino envolve todo um processo de constru\u00e7\u00e3o do conhecimento, pautado em uma s\u00e9rie de<br \/>\nvari\u00e1veis para as quais se deve atentar, sintetizadas, conforme Vasconcellos (2002), em tr\u00eas<br \/>\ndimens\u00f5es:<\/p>\n<p>\u2022 an\u00e1lise da realidade;<br \/>\n\u2022 proje\u00e7\u00e3o de finalidades;<br \/>\n\u2022 formas de media\u00e7\u00e3o.<\/p>\n<p>Em s\u00edntese, por meio da organiza\u00e7\u00e3o de um projeto de ensino, busca-se (i)<br \/>\ncompreender um determinado contexto de atua\u00e7\u00e3o pedag\u00f3gica (comunidade, escola, alunos);<br \/>\n(ii) delimitar o alcance das a\u00e7\u00f5es previstas em sua execu\u00e7\u00e3o (objetivos, metas, resultados<br \/>\nesperados); e (iii) definir os procedimentos necess\u00e1rios e adequados ao seu desenvolvimento<br \/>\n(metodologias, recursos).<br \/>\nA partir dessas premissas, para a elabora\u00e7\u00e3o de seu projeto, o acad\u00eamico deve<br \/>\nconsiderar os seguintes elementos:<\/p>\n<p>\u2022 Tema;<br \/>\n\u2022 Justificativa;<br \/>\n\u2022 Participantes;<\/p>\n<p>\u2022 Objetivos;<br \/>\n\u2022 Problematiza\u00e7\u00e3o;<br \/>\n\u2022 Referencial Te\u00f3rico;<br \/>\n\u2022 Conte\u00fados Curriculares;<br \/>\n\u2022 Metodologia;<br \/>\n\u2022 Cronograma;<br \/>\n\u2022 Recursos;<br \/>\n\u2022 Avalia\u00e7\u00e3o;<br \/>\n\u2022 Refer\u00eancias.<\/p>\n<p>O primeiro passo para a constru\u00e7\u00e3o do projeto \u00e9 a leitura da BNCC. Para realizar a escolha<br \/>\ndo conte\u00fado de Educa\u00e7\u00e3o F\u00edsica Licenciatura, acesse a Base Nacional Comum Curricular por<br \/>\nmeio do endere\u00e7o eletr\u00f4nico<br \/>\n<a href=\"http:\/\/basenacionalcomum.mec.gov.br\/images\/BNCC_EI_EF_110518_versaofinal_site.pdf\" rel=\"nofollow\">http:\/\/basenacionalcomum.mec.gov.br\/images\/BNCC_EI_EF_110518_versaofinal_site.pdf<\/a>.<br \/>\nPara identificar as unidades tem\u00e1ticas e seus respectivos objetos de conhecimento<br \/>\n(conte\u00fados) do Ensino Fundamental \u2013 Anos Iniciais e do Ensino Fundamental \u2013 Anos Finais,<br \/>\nleia as p\u00e1ginas 213 a 239. E para refletir sobre quais conte\u00fados podem ser abordados no<br \/>\nEnsino M\u00e9dio, leia as p\u00e1ginas 481 a 497.<br \/>\nAl\u00e9m desses textos, outra importante fonte de informa\u00e7\u00e3o s\u00e3o os livros das diversas<br \/>\ndisciplinas cursadas na gradua\u00e7\u00e3o. Os conte\u00fados estudados nesses componentes curriculares<br \/>\najudar\u00e3o na escolha e interliga\u00e7\u00e3o dos temas que podem ser contemplados no projeto.<\/p>\n<p>2.1 TEMA<\/p>\n<p>Um tema, segundo Marconi e Lakatos (2003, p. 44), \u00e9 um \u201cassunto que se deseja<br \/>\nprovar ou desenvolver\u201d ou, ainda, em express\u00e3o evocada pelas autoras, \u201cuma dificuldade<br \/>\nainda sem solu\u00e7\u00e3o\u201d. A escolha de um tema est\u00e1 balizada, frequentemente, por fatores<br \/>\ninternos (afinidade pessoal, compatibilidade com a \u00e1rea) ou externos (tempo, acesso a<br \/>\nmateriais, etc.) (MARCONI; LAKATOS, 2003).<br \/>\nO tema do Projeto de Ensino deve ser direcionado para o ensino na Educa\u00e7\u00e3o B\u00e1sica,<br \/>\nde acordo com a habilita\u00e7\u00e3o de seu curso, contemplando as principais quest\u00f5es que<br \/>\nperpassam o processo de ensino e aprendizagem. Deve ser uma proposta de educa\u00e7\u00e3o que<br \/>\npretende uma aprendizagem mais ativa e participativa dos alunos.<br \/>\n\u00c9 importante que o Projeto de Ensino se efetive como um instrumento para a<br \/>\nconstru\u00e7\u00e3o de novos conhecimentos, no intuito de formar indiv\u00edduos com uma vis\u00e3o mais<br \/>\nglobal da realidade.<br \/>\nO enfoque dever\u00e1 apresentar coer\u00eancia com a habilita\u00e7\u00e3o que o seu curso<br \/>\nproporciona, tendo como refer\u00eancia os estudos realizados no seu percurso.<br \/>\nAo selecionar o tema, \u00e9 importante atentar para quest\u00f5es como:<\/p>\n<p>Relev\u00e2ncia da<br \/>\nideia<\/p>\n<p>\u2022 A ideia tem import\u00e2ncia para o ensino?<br \/>\n\u2022 Est\u00e1 direcionada para o ensino e a aprendizagem na educa\u00e7\u00e3o<br \/>\nb\u00e1sica de acordo com o segmento de atua\u00e7\u00e3o para o qual o curso<br \/>\nhabilita?<br \/>\n\u2022 Contempla a doc\u00eancia e a pesquisa?<br \/>\n\u2022 Est\u00e1 relacionada \u00e0s tem\u00e1ticas abordadas no curso?<br \/>\n\u2022 Contribui para o seu crescimento profissional?<\/p>\n<p>Viabilidade da<br \/>\nideia<\/p>\n<p>\u2022 \u00c9 poss\u00edvel de ser executada na educa\u00e7\u00e3o b\u00e1sica de acordo com o<br \/>\nsegmento de atua\u00e7\u00e3o para o qual o curso habilita?<br \/>\n\u2022 O problema de pesquisa est\u00e1 bem definido?<br \/>\n\u2022 Existem bibliografia e outros materiais de f\u00e1cil acesso para a escrita<br \/>\ndo projeto?<\/p>\n<p>Os pontos acima, se bem refletidos, ir\u00e3o direcionar a elabora\u00e7\u00e3o do seu projeto. Sabe<br \/>\npor qu\u00ea? Muitas vezes, temos uma ideia interessante, mas n\u00e3o \u00e9 poss\u00edvel de ser estudada na<br \/>\neduca\u00e7\u00e3o b\u00e1sica, devido \u00e0 complexidade da tem\u00e1tica. Pode at\u00e9 ser que, em alguns casos,<br \/>\nconsigamos desenvolver em sala de aula, mas n\u00e3o encontramos materiais necess\u00e1rios para a<br \/>\nleitura sobre o assunto, e o projeto carece de fundamenta\u00e7\u00e3o te\u00f3rica, com limites n\u00e3o bem<br \/>\ndelineados, muitas vezes confusos, at\u00e9 mesmo para o pr\u00f3prio professor. Por isso, h\u00e1 a<br \/>\nnecessidade de levar em considera\u00e7\u00e3o essas observa\u00e7\u00f5es no desenvolvimento de seu Projeto<br \/>\nde Ensino.<br \/>\nO tema escolhido deve estar vinculado ao ensino e a aprendizagem de Educa\u00e7\u00e3o F\u00edsica<br \/>\nna Educa\u00e7\u00e3o B\u00e1sica, no qual podem ser exploradas diferentes abordagens como: Educa\u00e7\u00e3o<br \/>\nF\u00edsica como \u00e1rea de linguagens; Pr\u00e1ticas Corporais da Educa\u00e7\u00e3o F\u00edsica; Brincadeiras, Jogos e<br \/>\nEsportes; Dan\u00e7as e Lutas; Gin\u00e1sticas e Pr\u00e1ticas Corporais de Aventura; e Gest\u00e3o Escolar.<br \/>\nEsta parte do projeto dever\u00e1 conter, no m\u00ednimo, uma (1) e, no m\u00e1ximo, duas (2) laudas.<\/p>\n<p>2.2 JUSTIFICATIVA<br \/>\nNa perspectiva de Marconi e Lakatos (2003, p. 219), uma justificativa \u201cconsiste numa<br \/>\nexposi\u00e7\u00e3o sucinta, por\u00e9m completa, das raz\u00f5es de ordem te\u00f3rica e dos motivos de ordem<br \/>\npr\u00e1tica que tornam importante\u201d uma dada a\u00e7\u00e3o ou pesquisa.<br \/>\nA justificativa fundamenta a escolha do tema e a motiva\u00e7\u00e3o do Projeto. Para isso,<br \/>\ndestaque a relev\u00e2ncia da sua pesquisa, apresentando argumentos que identifiquem a<br \/>\nimport\u00e2ncia do tema proposto. Defenda sua proposta, apresente a finalidade do seu estudo,<br \/>\nconven\u00e7a o leitor de que seus prop\u00f3sitos s\u00e3o justos e merecem uma abordagem sistem\u00e1tica<br \/>\ne cient\u00edfica. \u00c9 importante frisar que, por cursar uma licenciatura, futuramente, voc\u00ea atuar\u00e1 na<br \/>\n\u00e1rea do ensino, como professor. Assim, sua pesquisa deve ser relevante para essa \u00e1rea. Ao<br \/>\napresentar os seus argumentos, \u00e9 essencial fundament\u00e1-los teoricamente, ou seja, apresentar<br \/>\ninforma\u00e7\u00f5es te\u00f3ricas (cita\u00e7\u00f5es e refer\u00eancias) que sustentem sua justificativa.<br \/>\nVale ressaltar que a justificativa difere-se da fundamenta\u00e7\u00e3o te\u00f3rica. Assim, quando se<br \/>\nfala de abordagem de \u201craz\u00f5es de ordem te\u00f3rica\u201d na elabora\u00e7\u00e3o deste item, deve-se ter em<br \/>\nmente que n\u00e3o se deve explicitar ou aprofundar o referencial te\u00f3rico, mas, sim, ressaltar sua<br \/>\nimport\u00e2ncia para as a\u00e7\u00f5es a serem desenvolvidas (MARCONI, LAKATOS, 2003).<br \/>\nEsta parte do projeto dever\u00e1 conter, no m\u00ednimo, uma (1) e, no m\u00e1ximo, duas (2) laudas.<\/p>\n<p>2.3 PARTICIPANTES<\/p>\n<p>Nesta parte do trabalho, voc\u00ea deve especificar a quem o projeto se destina, ou seja,<br \/>\naqueles que ser\u00e3o diretamente afetados\/mobilizados\/atendidos\/contemplados com seu<br \/>\ndesenvolvimento.<br \/>\nImportante observar, na defini\u00e7\u00e3o dos participantes, o atendimento ao segmento da<br \/>\nEduca\u00e7\u00e3o B\u00e1sica para o qual seu curso de gradua\u00e7\u00e3o o habilita para atua\u00e7\u00e3o. Assim, por<br \/>\nexemplo, se o seu curso licencia para atuar no Ensino Fundamental Anos Finais e Ensino<br \/>\nM\u00e9dio, o Projeto de Ensino n\u00e3o pode ser direcionado \u00e0 Educa\u00e7\u00e3o Infantil ou Ensino<br \/>\nFundamental Anos Iniciais.<br \/>\nEsta parte do projeto dever\u00e1 conter, no m\u00e1ximo, meia (0,5) lauda.<\/p>\n<p>2.4 OBJETIVOS<\/p>\n<p>Toda pesquisa deve ter um objetivo determinado para saber o que se vai procurar e o<br \/>\nque se pretende alcan\u00e7ar, possibilitando o aumento dos conhecimentos sobre determinado<br \/>\nassunto (Marconi e Lakatos, 2003, p. 156).<br \/>\nNesta etapa, voc\u00ea deve especificar qual o prop\u00f3sito, aquilo que se quer com o estudo<br \/>\ndo tema e o que se pretende alcan\u00e7ar ao propor esse Projeto de Ensino para a Educa\u00e7\u00e3o<br \/>\nB\u00e1sica.<\/p>\n<p>Objetivo Geral Indica o que se pretende alcan\u00e7ar de forma ampla e est\u00e1 relacionado \u00e0<\/p>\n<p>quest\u00e3o principal do projeto.<\/p>\n<p>Objetivos<br \/>\nEspec\u00edficos<\/p>\n<p>Contribuem para alcan\u00e7ar o objetivo geral, apontando as etapas que<br \/>\nlevam \u00e0 obten\u00e7\u00e3o do objetivo maior.<br \/>\nVoc\u00ea dever\u00e1 elencar 3 objetivos espec\u00edficos que se pretende alcan\u00e7ar com<br \/>\no desenvolvimento do Projeto (conhecimentos, mudan\u00e7as de atitude e\/ou<br \/>\nhabilidades).<\/p>\n<p>Esta parte do projeto dever\u00e1 conter, no m\u00e1ximo, meia (0,5) lauda.<\/p>\n<p>2.5 PROBLEMATIZA\u00c7\u00c3O<br \/>\nA problematiza\u00e7\u00e3o inicia-se a partir da observa\u00e7\u00e3o das situa\u00e7\u00f5es do cotidiano escolar<br \/>\ne de estudos j\u00e1 realizados, verificando-se dificuldades, quest\u00f5es conflitantes, possibilidade de<br \/>\naprimoramento e outros fatores que podem delimitar um t\u00f3pico de estudo e gerar uma<br \/>\npergunta.<br \/>\nA no\u00e7\u00e3o de \u201cproblema\u201d est\u00e1 atrelada a \u201cuma dificuldade, te\u00f3rica ou pr\u00e1tica, no<br \/>\nconhecimento de alguma coisa de real import\u00e2ncia, para a qual se deve encontrar uma<br \/>\nsolu\u00e7\u00e3o (MARCONI; LAKATOS, 2003, p. 159).<br \/>\nFormular o problema consiste em dizer, de maneira expl\u00edcita, clara, compreens\u00edvel e<br \/>\noperacional, qual a dificuldade encontrada e que se pretende resolver, limitando o seu campo<br \/>\ne apresentando suas caracter\u00edsticas (MARCONI; LAKATOS, 2003, p. 127). Para desenvolver<br \/>\neste item, reflita e discorra: como o tema selecionado pode ser trabalhado para superar uma<br \/>\ndificuldade ou situa\u00e7\u00e3o identificada no contexto escolar?<br \/>\nDessa forma, para organizar este item, voc\u00ea deve primeiramente apresentar o<br \/>\ncontexto observado, situar a dificuldade identificada e, por fim, apresentar reflex\u00f5es capazes<br \/>\nde delinear o campo te\u00f3rico dentro do qual ser\u00e3o buscadas solu\u00e7\u00f5es para o problema<br \/>\nmotivador do projeto.<br \/>\nEsta parte do projeto dever\u00e1 conter, no m\u00ednimo, uma (1) e, no m\u00e1ximo, duas(2) laudas.<\/p>\n<p>2.6 REFERENCIAL TE\u00d3RICO<br \/>\nPara Marconi e Lakatos (2003, p. 225), \u201cpesquisa alguma parte da estaca zero\u201d, assim<br \/>\ncomo qualquer a\u00e7\u00e3o pedag\u00f3gica sempre estar\u00e1 baseada em algum conhecimento precedente.<br \/>\nA revis\u00e3o bibliogr\u00e1fica \u00e9 importante, pois fundamenta seu Projeto teoricamente e<br \/>\nfavorece a defini\u00e7\u00e3o de contornos mais precisos da problem\u00e1tica a ser estudada. Neste item,<br \/>\nvoc\u00ea deve apresentar as principais teorias que se relacionam com seu Projeto de Ensino. Cabe<br \/>\n\u00e0 revis\u00e3o bibliogr\u00e1fica a defini\u00e7\u00e3o de termos e de conceitos essenciais para o trabalho, relatar<br \/>\no que se diz sobre o objeto na atualidade, qual o enfoque que est\u00e1 recebendo hoje, quais<br \/>\nlacunas que ainda existem, etc. Vale ressaltar que \u201ca ci\u00eancia lida com conceitos\u201d, e os<br \/>\n\u201cconceitos podem ter significados diferentes de acordo com o quadro de refer\u00eancia ou a<br \/>\nci\u00eancia que os emprega\u201d (MARCONI, LAKATOS, 2003, p. 225), da\u00ed a necessidade deste item.<br \/>\nNesta parte, voc\u00ea dever\u00e1 discutir\/analisar as ideias de autores diferentes que subsidiem<br \/>\no tema que escolheu. Ou seja, voc\u00ea dever\u00e1 pesquisar artigos, livros, dentre outros materiais<br \/>\nque tratam do tema escolhido. N\u00e3o \u00e9 recomendado o uso de livros did\u00e1ticos.<br \/>\nAssim, para a elabora\u00e7\u00e3o da revis\u00e3o bibliogr\u00e1fica, \u00e9 necess\u00e1rio realizar um levantamento<\/p>\n<p>de textos adequados e atualizados, referentes ao tema escolhido. Como sugest\u00e3o para realiz\u00e1-<br \/>\nla, voc\u00ea necessita tomar por base as leituras realizadas e elaborar um texto que contenha<\/p>\n<p>refer\u00eancias a autores e obras que abordem a tem\u00e1tica escolhida para a realiza\u00e7\u00e3o do Projeto<br \/>\nde Ensino.<br \/>\nA revis\u00e3o bibliogr\u00e1fica de seu Projeto de Ensino, assim como de qualquer trabalho<br \/>\nacad\u00eamico, dever ser pautada na utiliza\u00e7\u00e3o de fontes confi\u00e1veis. Al\u00e9m de materiais<br \/>\nconvencionais, como livros e artigos de peri\u00f3dicos (revistas cient\u00edficas), podem ser utilizados<br \/>\ntrabalhos acad\u00eamicos de relev\u00e2ncia comprovada na \u00e1rea, como disserta\u00e7\u00f5es e teses. Vale<br \/>\nressaltar que, dada a dissemina\u00e7\u00e3o das tecnologias digitais de informa\u00e7\u00e3o e comunica\u00e7\u00e3o, boa<br \/>\nparte do acesso a esses materiais \u00e9 feita por meios digitais, na internet, o que exige cuidado e<br \/>\naten\u00e7\u00e3o na sele\u00e7\u00e3o das fontes, bem como a sua correta referencia\u00e7\u00e3o.<br \/>\nEm s\u00edntese, voc\u00ea dever\u00e1 buscar autores e inseri-los no debate, por meio de cita\u00e7\u00f5es<br \/>\ndiretas e indiretas. \u00c9 importante sempre referenci\u00e1-los, conforme as normas da ABNT. Nunca<br \/>\ncopie as ideias do autor sem mencion\u00e1-los, pois a pr\u00e1tica da apropria\u00e7\u00e3o de textos alheios<br \/>\nconstitui pl\u00e1gio, crime com pena prevista em lei (Lei n.o 9.610).<br \/>\nEsta parte do projeto dever\u00e1 conter, no m\u00ednimo, cinco (5) e, no m\u00e1ximo, sete (7) laudas.<\/p>\n<p>2.7 METODOLOGIA<\/p>\n<p>Neste item, voc\u00ea deve explicitar o desdobramento te\u00f3rico-pr\u00e1tico, fundamentado em<br \/>\na\u00e7\u00f5es a serem desenvolvidas, e as estrat\u00e9gias necess\u00e1rias para realiz\u00e1-las.<br \/>\nVoc\u00ea deve observar as seguintes etapas:<br \/>\n\u2022 Planejamento: \u00c9 nesse momento que se organiza as pr\u00e1ticas, e se faz uma<br \/>\nliga\u00e7\u00e3o entre os conte\u00fados\/abordagens e o contexto social. O<br \/>\ndesencadeamento das a\u00e7\u00f5es ocorre por meio das perguntas: O que fazer?<br \/>\nComo fazer? Quem vai ajudar?<br \/>\n\u2022 Execu\u00e7\u00e3o: \u00c9 a descri\u00e7\u00e3o de como as atividades ser\u00e3o desenvolvidas, focando<br \/>\nem tudo que precisa ser feito para que o projeto de fato se efetive.<br \/>\nConsiderando que o Projeto \u00e9 voltado para a Educa\u00e7\u00e3o B\u00e1sica, voc\u00ea pode contemplar<br \/>\ndiferentes abordagens: o uso de metodologias ativas e de tecnologias digitais; aulas pr\u00e1ticas<br \/>\ne expositivo-dialogadas; elabora\u00e7\u00e3o de mapas conceituais; experimenta\u00e7\u00e3o de t\u00e9cnicas e<br \/>\nmateriais; solu\u00e7\u00f5es de problemas; estudos de caso; estudos dirigidos; trabalhos colaborativos<br \/>\npor meio das redes sociais (Facebook, Twitter, blogs), entre outros.<br \/>\nCaso esteja previsto o trabalho com materiais dispon\u00edveis na internet, inclua os links<br \/>\ndos materiais que pretende utilizar.<br \/>\nEsta etapa deve ter, no m\u00ednimo, uma (1) lauda e meia e, no m\u00e1ximo, duas (2) laudas.<\/p>\n<p>2.8 CRONOGRAMA DO PROJETO<\/p>\n<p>O tempo previsto para a execu\u00e7\u00e3o do projeto se relaciona diretamente aos objetivos<br \/>\npropostos, no entanto n\u00e3o deve ser muito longo, pois pode causar desinteresse.<br \/>\nDessa forma, ao prever o tempo para a realiza\u00e7\u00e3o do projeto, organize um cronograma<br \/>\npara realizar cada atividade prevista na Metodologia, o que pode ser feito desta forma:<\/p>\n<p><img decoding=\"async\" class=\"jetpack-lazy-image lazyloaded jetpack-lazy-image--handled\" src=\"https:\/\/i0.wp.com\/cdn.awsli.com.br\/1302\/1302728\/arquivos\/445884.png?w=1020&amp;is-pending-load=1#038;ssl=1\" alt=\"Projeto de ensino educa\u00e7\u00e3o f\u00edsica\" data-recalc-dims=\"1\" data-ll-status=\"loaded\" data-lazy-loaded=\"1\" \/><\/p>\n<p>Esta etapa deve conter, no m\u00ednimo, meia e, no m\u00e1ximo, uma (1) lauda.<\/p>\n<p>2.9 RECURSOS HUMANOS E MATERIAIS<\/p>\n<p>Prever a necessidade de recursos humanos e materiais proporciona a organiza\u00e7\u00e3o do<br \/>\ntrabalho e o encaminhamento do estudo e da investiga\u00e7\u00e3o, enriquecendo o Projeto na sua<br \/>\ntotalidade. Nesta parte do trabalho, voc\u00ea deve elencar os recursos necess\u00e1rios para a<br \/>\nexecu\u00e7\u00e3o do Projeto.<\/p>\n<p>Esta etapa deve conter, no m\u00ednimo, meia e, no m\u00e1ximo, uma (1) lauda.<\/p>\n<p>2.10 AVALIA\u00c7\u00c3O<br \/>\nAvaliar um projeto \u00e9 ter em mente que se tinha como objetivos tra\u00e7ados inicialmente<br \/>\ne verificar se eles foram atingidos (NOGUEIRA, 2008, p.70). Neste item, ser\u00e1 necess\u00e1rio<br \/>\ndescrever como ocorrer\u00e1 a avalia\u00e7\u00e3o, indicando de forma clara os procedimentos e os seus<br \/>\nrespectivos crit\u00e9rios.<br \/>\nExemplos: constru\u00e7\u00e3o de portf\u00f3lio; montagem de exposi\u00e7\u00e3o; observa\u00e7\u00e3o peri\u00f3dica<br \/>\nregistrada em di\u00e1rios de classe, entre outras possibilidades.<br \/>\nEsta etapa deve conter, no m\u00ednimo, meia e, no m\u00e1ximo, uma (1) lauda.<\/p>\n<div class=\"elementor-toggle-item\">\n<div class=\"elementor-toggle-item\">\n<p id=\"elementor-tab-title-1941\" class=\"elementor-tab-title elementor-active\" tabindex=\"0\" role=\"tab\" data-tab=\"1\" aria-controls=\"elementor-tab-content-1941\" aria-expanded=\"true\" aria-selected=\"true\"><strong>Como funciona?<\/strong><\/p>\n<p>Elaboramos os portf\u00f3lios, j\u00e1 deixamos prontos, nas normas da ABNT e conforme os requisitos da universidade. F\u00e1cil assim! O MELHOR \u00c9 QUE VOC\u00ca COMPRA E J\u00c1 BAIXA NA HORA O SEU ARQUIVO EM WORD! Sabemos que conciliar trabalho, fam\u00edlia, vida profissional e estudos \u00e9 dif\u00edcil hoje em dia, por isso, estamos aqui para ajudar voc\u00ea. Conte com nossa qualidade, experi\u00eancia e profissionalismo adquirindo seu portf\u00f3lio conosco. GARANTIMOS SEU CONCEITO!<\/p>\n<p><strong>Como se realizam os envios?<\/strong><\/p>\n<\/div>\n<p id=\"elementor-tab-content-1942\" class=\"elementor-tab-content elementor-clearfix elementor-active\" role=\"tabpanel\" data-tab=\"2\" aria-labelledby=\"elementor-tab-title-1942\">O seu trabalho \u00e9 disponibilizado pronto, respondido e nas normas j\u00e1 na mesma hora aqui em nosso site na sua \u00e1rea de downloads e tamb\u00e9m no seu e-mail.<\/p>\n<p><strong>Em quanto tempo recebo o portf\u00f3lio?<\/strong><\/p>\n<p>Os envios s\u00e3o imediatos. Ap\u00f3s sua compra, o trabalho j\u00e1 \u00e9 disponibilizado instantaneamente aqui em nosso site e no seu e-mail.<\/p>\n<p><strong>E se o portf\u00f3lio que comprei precisar de corre\u00e7\u00e3o?<\/strong><\/p>\n<p>Caso haja alguma solicita\u00e7\u00e3o de corre\u00e7\u00e3o\/altera\u00e7\u00e3o por parte do tutor, basta entrar em contato conosco pelo\u00a0WhatsApp\u00a0que provid\u00eanciaremos sem custo algum.<\/p>\n<p><strong>Qual o formato do arquivo?<\/strong><\/p>\n<p>Os arquivos s\u00e3o enviados em formato Word e s\u00e3o edit\u00e1veis.<\/p>\n<p><strong>Caso eu tiver alguma d\u00favida, terei suporte no p\u00f3s venda?<\/strong><\/p>\n<p>Sim, com certeza. Basta clicar no \u00edcone do WhatsApp no cantinho da tela. Ser\u00e1 um prazer atend\u00ea-lo(a).<\/p>\n<div id=\"elementor-tab-content-1948\" class=\"elementor-tab-content elementor-clearfix elementor-active\" role=\"tabpanel\" data-tab=\"8\" aria-labelledby=\"elementor-tab-title-1948\">\n<p><strong>Quais os seus canais de contato?<\/strong><\/p>\n<\/div>\n<div id=\"elementor-tab-content-1949\" class=\"elementor-tab-content elementor-clearfix elementor-active\" role=\"tabpanel\" data-tab=\"9\" aria-labelledby=\"elementor-tab-title-1949\">\n<p>Whatsapp: 53 984751621 \u2013 Clicar no canto da tela ou ESCANEIE O QRCODE ABAIXO<\/p>\n<h4><img decoding=\"async\" class=\"alignnone wp-image-13699 jetpack-lazy-image jetpack-lazy-image--handled\" src=\"https:\/\/i0.wp.com\/portifolioos-prontos.com\/wp-content\/uploads\/2023\/02\/whatsapp-business-projeto-de-extensao-300x300.jpeg?resize=144%2C144\" sizes=\"(max-width: 144px) 100vw, 144px\" srcset=\"https:\/\/i0.wp.com\/portifolioos-prontos.com\/wp-content\/uploads\/2023\/02\/whatsapp-business-projeto-de-extensao.jpeg?resize=300%2C301&amp;ssl=1 300w, https:\/\/i0.wp.com\/portifolioos-prontos.com\/wp-content\/uploads\/2023\/02\/whatsapp-business-projeto-de-extensao.jpeg?resize=150%2C150&amp;ssl=1 150w, https:\/\/i0.wp.com\/portifolioos-prontos.com\/wp-content\/uploads\/2023\/02\/whatsapp-business-projeto-de-extensao.jpeg?resize=370%2C372&amp;ssl=1 370w, https:\/\/i0.wp.com\/portifolioos-prontos.com\/wp-content\/uploads\/2023\/02\/whatsapp-business-projeto-de-extensao.jpeg?resize=100%2C100&amp;ssl=1 100w, https:\/\/i0.wp.com\/portifolioos-prontos.com\/wp-content\/uploads\/2023\/02\/whatsapp-business-projeto-de-extensao.jpeg?w=470&amp;ssl=1 470w\" alt=\"projeto de extens\u00e3o unopar\" width=\"144\" height=\"144\" data-lazy-loaded=\"1\" \/><\/h4>\n<\/div>\n<div class=\"elementor-toggle-item\">\n<div id=\"elementor-tab-content-1949\" class=\"elementor-tab-content elementor-clearfix elementor-active\" role=\"tabpanel\" data-tab=\"9\" aria-labelledby=\"elementor-tab-title-1949\">\n<p>E-mail:portifoliosp@gmail.com<\/p>\n<div id=\"attachment_143\" class=\"wp-caption alignnone\">\n<div id=\"attachment_143\" class=\"wp-caption alignnone\">\n<p id=\"caption-attachment-143\" class=\"wp-caption-text\"><a href=\"http:\/\/portfolio-pronto.com\/\">Portf\u00f3lio<\/a>\u00a0em Word, respondido, completo e j\u00e1 nas normas<\/p>\n<\/div>\n<\/div>\n<\/div>\n<\/div>\n<\/div>\n","protected":false},"excerpt":{"rendered":"<div class=\"product-short-description\"><strong>Pague pelo PIX ou cart\u00e3o e fa\u00e7a o download agora mesmo.<\/strong><\/div>\n<div class=\"sticky-add-to-cart-wrapper\">\n<div class=\"sticky-add-to-cart\">\n<p class=\"quantity buttons_added form-flat\"><img decoding=\"async\" class=\"lazyloaded smush-image-5 smush-image-3 smush-image-4 smush-detected-img smush-image-bigger-3\" src=\"https:\/\/d26lpennugtm8s.cloudfront.net\/assets\/common\/img\/logos\/payment\/visa@2x.png\" width=\"46\" height=\"29\" data-src=\"https:\/\/d26lpennugtm8s.cloudfront.net\/assets\/common\/img\/logos\/payment\/visa@2x.png\" \/><img decoding=\"async\" class=\"lazyloaded smush-image-6 smush-image-4 smush-image-5 smush-detected-img smush-image-bigger-4\" src=\"https:\/\/d26lpennugtm8s.cloudfront.net\/assets\/common\/img\/logos\/payment\/boleto@2x.png\" width=\"43\" height=\"27\" data-src=\"https:\/\/d26lpennugtm8s.cloudfront.net\/assets\/common\/img\/logos\/payment\/boleto@2x.png\" \/><img loading=\"lazy\" decoding=\"async\" class=\"lazyloaded smush-image-7 smush-image-5 smush-image-6 smush-detected-img smush-image-bigger-5\" src=\"https:\/\/d26lpennugtm8s.cloudfront.net\/assets\/common\/img\/logos\/payment\/mastercard@2x.png\" width=\"43\" height=\"27\" data-src=\"https:\/\/d26lpennugtm8s.cloudfront.net\/assets\/common\/img\/logos\/payment\/mastercard@2x.png\" \/><img loading=\"lazy\" decoding=\"async\" class=\"lazyloaded smush-image-8 smush-image-6 smush-image-7 smush-detected-img smush-image-bigger-6\" src=\"https:\/\/d26lpennugtm8s.cloudfront.net\/assets\/common\/img\/logos\/payment\/amex@2x.png\" width=\"43\" height=\"27\" data-src=\"https:\/\/d26lpennugtm8s.cloudfront.net\/assets\/common\/img\/logos\/payment\/amex@2x.png\" \/><img loading=\"lazy\" decoding=\"async\" class=\"lazyloaded smush-image-9 smush-image-7 smush-image-8 smush-detected-img smush-image-bigger-7\" src=\"https:\/\/d26lpennugtm8s.cloudfront.net\/assets\/common\/img\/logos\/payment\/diners@2x.png\" width=\"46\" height=\"29\" data-src=\"https:\/\/d26lpennugtm8s.cloudfront.net\/assets\/common\/img\/logos\/payment\/diners@2x.png\" \/><img loading=\"lazy\" decoding=\"async\" class=\"lazyloaded smush-image-10 smush-image-8 smush-image-9 alignnone smush-detected-img smush-image-bigger-8\" src=\"https:\/\/d26lpennugtm8s.cloudfront.net\/assets\/common\/img\/logos\/payment\/br\/elo@2x.png\" alt=\"portf\u00f3lio unopar anhanguera\" width=\"45\" height=\"28\" data-src=\"https:\/\/d26lpennugtm8s.cloudfront.net\/assets\/common\/img\/logos\/payment\/br\/elo@2x.png\" \/><img loading=\"lazy\" decoding=\"async\" class=\"lazyloaded smush-image-11 smush-image-9 smush-image-10 alignnone smush-detected-img smush-image-bigger-9\" src=\"https:\/\/d26lpennugtm8s.cloudfront.net\/assets\/common\/img\/logos\/payment\/br\/hipercard@2x.png\" alt=\"portf\u00f3lio unopar anhanguera\" width=\"44\" height=\"28\" data-src=\"https:\/\/d26lpennugtm8s.cloudfront.net\/assets\/common\/img\/logos\/payment\/br\/hipercard@2x.png\" \/><img loading=\"lazy\" decoding=\"async\" class=\"lazyloaded smush-image-12 smush-image-10 smush-image-11 alignnone smush-detected-img smush-image-bigger-10\" src=\"https:\/\/d26lpennugtm8s.cloudfront.net\/assets\/common\/img\/logos\/payment\/mercadopago@2x.png\" alt=\"portf\u00f3lio unopar anhanguera\" width=\"45\" height=\"28\" data-src=\"https:\/\/d26lpennugtm8s.cloudfront.net\/assets\/common\/img\/logos\/payment\/mercadopago@2x.png\" \/><img loading=\"lazy\" decoding=\"async\" class=\"alignnone ls-is-cached lazyloaded smush-detected-img smush-image-bigger-11\" src=\"https:\/\/futurium.com.br\/wp-content\/uploads\/2021\/06\/logo-pix-icone-512.png\" alt=\"portfolio pronto\" width=\"30\" height=\"30\" data-src=\"https:\/\/futurium.com.br\/wp-content\/uploads\/2021\/06\/logo-pix-icone-512.png\" \/><\/p>\n<\/div>\n<\/div>\n","protected":false},"featured_media":6282,"template":"","meta":{"_seopress_robots_primary_cat":"none","_seopress_titles_title":"%%post_title%% %%sitetitle%%","_seopress_titles_desc":"%%post_title%% Portfolio Pronto Ead Unopar | Anhanguera - Pronto, em Word, respondido, completo, nas normas da ABNT. DOWNLOAD IMEDIATO.","_seopress_robots_index":""},"product_cat":[35,117,15],"product_tag":[],"class_list":{"0":"post-6223","1":"product","2":"type-product","3":"status-publish","4":"has-post-thumbnail","6":"product_cat-educacao-fisica","7":"product_cat-projeto-de-ensino","8":"product_cat-uncategorized","10":"first","11":"instock","12":"downloadable","13":"virtual","14":"purchasable","15":"product-type-simple","16":"col-xs-6 col-sm-4","17":"col-mf-5","18":"un-5-cols"},"jetpack_sharing_enabled":true,"_links":{"self":[{"href":"https:\/\/portifolioos-prontos.com\/index.php\/wp-json\/wp\/v2\/product\/6223","targetHints":{"allow":["GET"]}}],"collection":[{"href":"https:\/\/portifolioos-prontos.com\/index.php\/wp-json\/wp\/v2\/product"}],"about":[{"href":"https:\/\/portifolioos-prontos.com\/index.php\/wp-json\/wp\/v2\/types\/product"}],"version-history":[{"count":2,"href":"https:\/\/portifolioos-prontos.com\/index.php\/wp-json\/wp\/v2\/product\/6223\/revisions"}],"predecessor-version":[{"id":45216,"href":"https:\/\/portifolioos-prontos.com\/index.php\/wp-json\/wp\/v2\/product\/6223\/revisions\/45216"}],"wp:featuredmedia":[{"embeddable":true,"href":"https:\/\/portifolioos-prontos.com\/index.php\/wp-json\/wp\/v2\/media\/6282"}],"wp:attachment":[{"href":"https:\/\/portifolioos-prontos.com\/index.php\/wp-json\/wp\/v2\/media?parent=6223"}],"wp:term":[{"taxonomy":"product_cat","embeddable":true,"href":"https:\/\/portifolioos-prontos.com\/index.php\/wp-json\/wp\/v2\/product_cat?post=6223"},{"taxonomy":"product_tag","embeddable":true,"href":"https:\/\/portifolioos-prontos.com\/index.php\/wp-json\/wp\/v2\/product_tag?post=6223"}],"curies":[{"name":"wp","href":"https:\/\/api.w.org\/{rel}","templated":true}]}}