{"id":6284,"date":"2022-08-04T16:18:58","date_gmt":"2022-08-04T19:18:58","guid":{"rendered":"https:\/\/portifolioos-prontos.com\/?post_type=product&#038;p=6284"},"modified":"2025-07-27T15:15:58","modified_gmt":"2025-07-27T18:15:58","slug":"portfolio-pandemia-faz-mulheres-repensarem-carreira-habilidades-e-pensarem-seriamente-em-empreender","status":"publish","type":"product","link":"https:\/\/portifolioos-prontos.com\/index.php\/product\/portfolio-pandemia-faz-mulheres-repensarem-carreira-habilidades-e-pensarem-seriamente-em-empreender\/","title":{"rendered":"Portf\u00f3lio Pandemia faz mulheres repensarem carreira, habilidades e pensarem &#8211; seriamente &#8211; em empreender"},"content":{"rendered":"<h4>Portf\u00f3lio Pandemia faz mulheres repensarem carreira, habilidades e pensarem &#8211; seriamente &#8211; em empreender<\/h4>\n<h4>Curso: Coaching e Desenvolvimento Humano Semestre: II<\/h4>\n<p>Prezado aluno, seja bem-vindo a este semestre! A proposta de Produ\u00e7\u00e3o Textual<br \/>\nInterdisciplinar Individual (PTI) ter\u00e1 como tem\u00e1tica uma reportagem real publicada no Portal<br \/>\nValor Investe, no ano de 2021.<br \/>\nEscolhemos esta tem\u00e1tica para possibilitar a aprendizagem interdisciplinar dos<br \/>\nconte\u00fados trabalhados nas disciplinas deste semestre.<br \/>\nNa PTI voc\u00ea dever\u00e1 conhecer a Situa\u00e7\u00e3o Geradora de Aprendizagem (SGA),<br \/>\ninserindo-se nesse contexto, para realizar as tarefas previstas. Sigam as orienta\u00e7\u00f5es<br \/>\nfornecidas neste material, al\u00e9m de outras fundamenta\u00e7\u00f5es te\u00f3ricas (livros did\u00e1ticos das<br \/>\ndisciplinas, tele aulas, web aulas e outros materiais complementares).<br \/>\nVamos conhecer a nossa SGA?<\/p>\n<p><strong><a href=\"http:\/\/portifolioos-prontos.com\">SITUA\u00c7\u00c3O GERADORA DE APRENDIZAGEM<\/a> <\/strong><\/p>\n<p><strong>Pandemia faz mulheres repensarem carreira, habilidades e pensarem &#8211; seriamente &#8211;<\/strong><br \/>\n<strong>em empreender<\/strong><\/p>\n<p>Estudo Global Learner Survey 2021 \u2013 Parte 3, da Pearson, mostra que 59% das<br \/>\nbrasileiras disseram que querem mudar de vida nos pr\u00f3ximos seis meses<br \/>\nPor Naiara Bert\u00e3o, Valor Investe \u2014 S\u00e3o Paulo &#8211; 09\/11\/2021 06h00. Atualizado h\u00e1 8 meses<br \/>\nFonte: Adaptado de https:\/\/valorinveste.globo.com\/objetivo\/empreendase\/noticia\/2021\/11\/09\/pandemia-faz-mulheres-repensarem-carreira-habilidades-epensarem-seriamente-em-empreender.ghtml. Acesso em 19 de Julho de 2022.<br \/>\nN\u00e3o h\u00e1 d\u00favida que a pandemia colocou todo mundo para pensar sobre sua vida, seus<br \/>\nprojetos e ambi\u00e7\u00f5es. Para Marcela, enquanto o ano de 2020 foi de \u201ccorreria\u201d para conseguir<br \/>\nsalvar a startup que trabalhava (o que ela e a equipe conseguiram com louvor), este ano foi<br \/>\no momento em que muitas fichas ca\u00edram e ela decidiu fazer uma nova mudan\u00e7a de carreira,<br \/>\na terceira de sua vida, que foi marcada por mais de uma d\u00e9cada trabalhando em institui\u00e7\u00f5es<br \/>\nfinanceiras. &#8220;Eu tive uma mudan\u00e7a grande antes da pandemia e a pandemia fez com que<br \/>\nalgo que j\u00e1 seria intenso por natureza, fosse ainda mais intenso. Comecei a me questionar,<br \/>\neste ano, por\u00e9m, qual era o meu projeto de vida e n\u00e3o parecia ser aquele\u201d, conta a executiva<br \/>\nque acaba de se tornar s\u00f3cia de um projeto de empoderamento de mulheres no mercado<br \/>\nfinanceiro.<br \/>\nFoi um per\u00edodo de muitos desafios em que ela percebeu que precisava estudar mais, buscar<br \/>\nmais conhecimento, seja para \u2018pivotar\u2019 \u2013 termo usado no meio empreendedor para falar<br \/>\nsobre guinadas de estrat\u00e9gias \u2013 o neg\u00f3cio onde trabalhava, como para desenvolver<br \/>\nhabilidades de gest\u00e3o, como lideran\u00e7a de time. \u201cEu precisava, primeiro, entender esse<br \/>\nuniverso de startup e tecnologia. As metodologias, os indicadores, estudar os cases de<br \/>\nstartup l\u00e1 de fora, como funcionava o mercado de investimentos, al\u00e9m, claro, aprender sobre<br \/>\nlideran\u00e7a, gest\u00e3o e cultura organizacional\u201d, explica.<br \/>\nAssim como ela, muitas outras brasileiras repensaram suas carreiras e perceberam que<br \/>\nnecessitavam de outras habilidades para crescer em suas carreiras. Segundo estudo da<br \/>\nempresa global de educa\u00e7\u00e3o Pearson, chamado de Global Learner Survey 2021 \u2013 Parte<br \/>\n3, 84% das respondentes brasileiras afirmaram que est\u00e3o usando a pandemia como uma<br \/>\noportunidade para reavaliar suas vidas, principalmente as carreiras. Esse n\u00famero passa<br \/>\npara 86% entre as brasileiras da chamada Gera\u00e7\u00e3o Z (entre 14 e 24 anos), 84% para as<br \/>\nMillenials (25 a 40 anos), 79% para as Gera\u00e7\u00e3o X (40 a 60 anos) e 89% para as Baby<br \/>\nBoomers (nascidas entre as d\u00e9cadas de 60 e 70). E os motivos para isso s\u00e3o diversos: v\u00e3o<br \/>\ndesde o medo de perder o emprego e ter redu\u00e7\u00e3o de sal\u00e1rio (ou porque, de fato, perdeu o<br \/>\nemprego ou teve diminui\u00e7\u00e3o de remunera\u00e7\u00e3o), a desconfian\u00e7a que as oportunidades para<br \/>\nmulheres no ambiente de trabalho v\u00e3o melhorar em breve, a percep\u00e7\u00e3o de que haver\u00e1<br \/>\nmelhores oportunidades de emprego e at\u00e9 vontade mesmo de seguir um prop\u00f3sito.<\/p>\n<p>Segundo a pesquisa, 78% das brasileiras afirmaram que a economia do pa\u00eds piorou desde<br \/>\no in\u00edcio da pandemia; 81% afirmam que o cen\u00e1rio para oportunidades de trabalho tamb\u00e9m<br \/>\npiorou, assim como os sal\u00e1rios (73% concordaram) e igualdade (falta de, no caso) no<br \/>\nambiente corporativo (26%). O percentual de respondentes brasileiras que concordaram<br \/>\ncom a piora desses t\u00f3picos \u00e9 o maior entre os pa\u00edses pesquisados &#8211; Estados Unidos, China,<br \/>\nM\u00e9xico, \u00cdndia e Reino Unido \u2013 em todos esses pontos. Muitas at\u00e9 acreditam que as coisas<br \/>\npossam ficar melhor, mas, antes disso, apostam que podem piorar ainda mais.<br \/>\n\u201cMesmo com os desafios de sa\u00fade mental, vi\u00e9s de g\u00eanero e uma pandemia que as deixou<br \/>\nainda mais multitarefas e potencializou todas as diferen\u00e7as que j\u00e1 havia no mercado, as<br \/>\nmulheres seguem buscando melhores oportunidades de trabalho. Al\u00e9m de desenvolverem<br \/>\nnovas habilidades, principalmente as com foco em empreendedorismo e em lideran\u00e7a\u201d,<br \/>\nafirma Heloisa, Diretora Comercial da Pearson.<\/p>\n<p><strong>IMAGINE A SEGUINTE SITUA\u00c7\u00c3O:<\/strong><br \/>\nVoc\u00ea leu a reportagem acima e percebeu que tem muita rela\u00e7\u00e3o com temas que tem<br \/>\nestudado em seu curso superior de gradua\u00e7\u00e3o de Tecnologia em Coaching e<br \/>\nDesenvolvimento Humano, tais como autoavalia\u00e7\u00e3o de performance, empreendedorismo e<br \/>\ngest\u00e3o de carreiras, ent\u00e3o vamos refletir sobre alguns aspectos. M\u00e3os \u00e0 obra!<br \/>\n<strong>AGORA \u00c9 COM VOC\u00ca<\/strong><br \/>\nLevando em considera\u00e7\u00e3o a SGA, responda os questionamentos apresentados<br \/>\nabaixo. Eles foram elaborados com base nas disciplinas ministradas ao longo deste<br \/>\nsemestre. A sua participa\u00e7\u00e3o nesta atividade \u00e9 fundamental para que haja o pleno<br \/>\ndesenvolvimento das compet\u00eancias e habilidades requeridas em sua atua\u00e7\u00e3o profissional<br \/>\nna \u00e1rea de Coaching e Desenvolvimento Humano.<\/p>\n<p><strong>Tarefa 1<\/strong><br \/>\nDe acordo com Dutra (2014, p.32) \u201ca obten\u00e7\u00e3o de resultados esperados a partir da atua\u00e7\u00e3o<br \/>\ndas pessoas \u00e9 chamada de performance. (&#8230;) A performance normalmente \u00e9 mensurada<br \/>\natrav\u00e9s de metas estabelecidas entre as pessoas ou grupo de pessoas e sua lideran\u00e7a. A<br \/>\nconstru\u00e7\u00e3o dessas metas e o suporte que a pessoa recebe da organiza\u00e7\u00e3o e de sua<br \/>\nlideran\u00e7a definem o foco no esfor\u00e7o ou no desenvolvimento. O foco no desenvolvimento<br \/>\nocorre quando a meta representa para a pessoa um desafio e a pessoa recebe suporte em<br \/>\nsua capacita\u00e7\u00e3o para enfrentar o desafio e suporte em termos de equipamentos, orienta\u00e7\u00e3o<br \/>\ne condi\u00e7\u00f5es de trabalho. O resultado obtido atrav\u00e9s do desenvolvimento \u00e9 o que mais<\/p>\n<p>interessa para a organiza\u00e7\u00e3o, porque esse resultado \u00e9 mais efetivo. O resultado obtido<br \/>\natrav\u00e9s do desenvolvimento oferece \u00e0 organiza\u00e7\u00e3o uma mudan\u00e7a do patamar de<br \/>\nperformance, ou seja, \u00e9 um resultado que se sustenta no tempo. (&#8230;)<br \/>\nA pandemia trouxe uma nova forma de as pessoas lidaram com suas vidas, enfrentarem seu<br \/>\ndia-a-dia, com isso, muitos optaram por mudar de setor em seu trabalho, alguns mudaram<br \/>\ncompletamente o ramo em que trabalhavam, outros ainda, abriram m\u00e3o do trabalho<br \/>\npresencial e se lan\u00e7aram em novas perspectivas que os aproximassem mais de sua fam\u00edlia,<br \/>\nenfim&#8230; muita coisa mudou, isto porque as pessoas passaram a estabelecer novas metas<br \/>\npara suas vidas. Por falar em metas, sabe-se que estas s\u00e3o fundamentais para a efetividade<br \/>\ndo processo de avalia\u00e7\u00e3o da performance.<br \/>\nDiante disto, realize uma pesquisa bibliogr\u00e1fica acerca dos crit\u00e9rios e caracter\u00edsticas para a<br \/>\nformula\u00e7\u00e3o das metas (explique sobre os objetivos centrados em termos positivos, centrados<br \/>\nnas m\u00e3os do indiv\u00edduo, os espec\u00edficos, os realiz\u00e1veis e os ecol\u00f3gicos).<\/p>\n<p><strong>Tarefa 2<\/strong><br \/>\nSegundo Maximiano (2006), empreender tem origem no latim, imprendere, que significa<br \/>\n\u201cdecidir realizar tarefa dif\u00edcil e laboriosa\u201d, \u201ccolocar em execu\u00e7\u00e3o\u201d. O mesmo significado pode<br \/>\nser encontrado na palavra francesa entrepreuner, que deu origem na palavra inglesa<br \/>\nentrepreneurship, que \u00e9 utilizada para denominar o comportamento do empreendedor,<br \/>\nesp\u00edrito empreendedor.<br \/>\nMuitos empreendedores come\u00e7aram os neg\u00f3cios do zero. Esses empreendedores<br \/>\ntransformam a tecnologia, o modo de fazer neg\u00f3cios e a sociedade. Nomes como Henry<br \/>\nFord, Kiichiro Toyoda, Walt Disney, Bill Gates, Steve Jobs, entre tantos outros, s\u00e3o<br \/>\nsin\u00f4nimos de empreendedores de sucesso.<br \/>\nMas o que tem esses empreendedores em comum? Realize uma pesquisa bibliogr\u00e1fica<br \/>\nsobre o perfil e caracter\u00edsticas que os empreendedores de sucesso apresentam.<\/p>\n<p><strong>Tarefa 3<\/strong><br \/>\nO atual cen\u00e1rio do mercado de trabalho e do empreendedorismo apresentado pela pesquisa<br \/>\ncomprova a import\u00e2ncia do coachee conhecer o funcionamento dos grupos e da sociedade.<\/p>\n<p>Quando se fala em funcionamento de grupos deve-se compreender como as pessoas<br \/>\nfuncionam em grupos, como se relacionam, quais as habilidades e compet\u00eancias devem<br \/>\nutilizar para que o processo do grupo possa potencializar o conv\u00edvio social e os resultados<br \/>\norganizacionais.<br \/>\nDesenvolver as pessoas, independente da gera\u00e7\u00e3o a qual pertence: Gera\u00e7\u00e3o Z (entre 14 e<br \/>\n24 anos), Millenials (25 a 40 anos), Gera\u00e7\u00e3o X (40 a 60 anos) e Baby Boomers (nascidas<br \/>\nentre as d\u00e9cadas de 60 e 70), para fins de processo de grupo vai muito al\u00e9m da aquisi\u00e7\u00e3o<br \/>\nde um conhecimento, da participa\u00e7\u00e3o em eventos ou de treinamentos para suprir uma<br \/>\ndemanda pontual. Trata-se de um conjunto dessas e de outras a\u00e7\u00f5es planejadas e<br \/>\narticuladas, com o prop\u00f3sito de fortalecer e ampliar nas pessoas compet\u00eancias que as<br \/>\npreparem para desempenhar atividades cada vez mais complexas e estrat\u00e9gicas. O<br \/>\ncomportamento das pessoas, tanto individual quanto em grupos, impacta diretamente nos<br \/>\nresultados, na capacidade empreendedora e nas rela\u00e7\u00f5es interpessoais, influenciando,<br \/>\ntamb\u00e9m, no bem-estar e a sa\u00fade das pessoas, ajudando a construir uma sociedade mais<br \/>\nsaud\u00e1vel e eficaz.<br \/>\nDiante de tudo isso, para compor o projeto da sua empresa, voc\u00ea dever\u00e1 propor um<br \/>\nprograma de desenvolvimento de pessoas:<br \/>\n&#8211; Selecione duas compet\u00eancias que dever\u00e3o ser desenvolvidas durante o programa,<br \/>\ndefinindo quais s\u00e3o os conhecimentos, habilidades e atitudes que constituem cada uma<br \/>\ndessas compet\u00eancias;<br \/>\n&#8211; Descreva quais os m\u00e9todos e as t\u00e9cnicas a serem utilizados para desenvolver essas<br \/>\ncompet\u00eancias. Voc\u00ea dever\u00e1 descrever se vai realizar consultoria ou treinamento com<br \/>\nutiliza\u00e7\u00e3o de din\u00e2micas, jogos ou vivencias;<br \/>\n&#8211; Voc\u00ea dever\u00e1 especificar quantas horas utilizar\u00e1 para o m\u00e9todo definido (consultoria ou<br \/>\ntreinamento).<\/p>\n<p><strong>Tarefa 4<\/strong><br \/>\nA pandemia do coronav\u00edrus alterou rotinas pessoais e profissionais, nossas rela\u00e7\u00f5es<br \/>\nfamiliares e profissionais, nossas prioridades e prefer\u00eancias, nos levou a questionar e refletir<\/p>\n<p>sobre o que realmente importa. Para alguns, a necessidade de mudan\u00e7a foi pontual, para<br \/>\noutros o desejo de mudan\u00e7a veio como um despertar. No entanto, em contexto de pandemia,<br \/>\ncom 13 milh\u00f5es de desempregados no pa\u00eds e um milh\u00e3o de empregos perdidos em poucos<br \/>\nmeses, mudar n\u00e3o \u00e9 algo t\u00e3o simples assim. Temos um passado que se foi e um futuro<br \/>\nincerto. Questionamentos em rela\u00e7\u00e3o a carreira se instalam com facilidade. Considerando<br \/>\nesse contexto, responda o seguinte questionamento:<br \/>\n<strong>Como seguir frente \u00e0s ang\u00fastias e \u00e0s incertezas? \u00c9 poss\u00edvel sustentar um desejo de<\/strong><br \/>\n<strong>mudan\u00e7a e repensar a carreira nesse contexto? De que maneira podemos conduzir<\/strong><br \/>\n<strong>esse processo?<\/strong><\/p>\n<p><strong>REFER\u00caNCIAS:<\/strong><br \/>\nALMEIDA, Eder Gon\u00e7alves de. ALEIXO, Tayra Carolina Nascimento. Empreendedorismo<br \/>\ne Inova\u00e7\u00e3o. Londrina. Editora e Distribuidora Educacional S.A, 2020.<br \/>\nAVONA, Marcia Eloisa. Gest\u00e3o de pessoas. Londrina: Editora e Distribuidora Educacional<br \/>\nS.A., 2015.<br \/>\nBARRET, Richard. Explicando o coaching evolutivo. Acesso em:<br \/>\n<iframe title=\"Explicando o Coaching Evolutivo com Richard Barrett\" width=\"840\" height=\"473\" src=\"https:\/\/www.youtube.com\/embed\/qXb0tjgoLBc?feature=oembed\" frameborder=\"0\" allow=\"accelerometer; autoplay; clipboard-write; encrypted-media; gyroscope; picture-in-picture\" allowfullscreen><\/iframe><br \/>\nCINTRA, Josiane; DALBEM, Elo\u00edsa. Comportamento organizacional. Londrina: Editora e<br \/>\nDistribuidora Educacional S.A., 2016.<br \/>\nCHIAVENATO, Idalberto. Coaching e mentoring: Constru\u00e7\u00e3o de Talentos. 4 ed. Barueri:<br \/>\n2021. Acesso em: https:\/\/integrada.minhabiblioteca.com.br\/books\/9786559770403<br \/>\nDUTRA, Joel Souza. Avalia\u00e7\u00e3o de pessoas na empresa contempor\u00e2nea. S\u00e3o Paulo: Atlas,<br \/>\n2014. [Minha Biblioteca]<br \/>\nGUIA 2013 VOC\u00ca S\/A, 2013, p.99.<br \/>\nJULIANO, Marcio de Cassio. Desenvolvimento de pessoas. Londrina: Editora e Distribuidora<br \/>\nEducacional S.A., 2018.<br \/>\nLOTZ, Erika Gisele; GRAMMS, Lorena. Coaching e mentoring. Curitiba: Intersaberes, 2014.<br \/>\nPRODU\u00c7\u00c3O TEXTUAL<br \/>\nINTERDISCIPLINAR<br \/>\nINDIVIDUAL \u2013 PTI<br \/>\nMINSKY, T\u00e2nia Maria Sanches, e SILVA, S\u00edlvia Cristina da. Programa\u00e7\u00e3o neurolingu\u00edstica,<br \/>\ncoaching e equipes de alta performance. Curitiba: Intersaberes, 2021. (Biblioteca Virtual<br \/>\nKroton).<\/p>\n<div class=\"elementor-toggle-item\">\n<h4 id=\"elementor-tab-title-1941\" class=\"elementor-tab-title elementor-active\" tabindex=\"0\" role=\"tab\" data-tab=\"1\" aria-controls=\"elementor-tab-content-1941\" aria-expanded=\"true\" aria-selected=\"true\">Como funciona?<\/h4>\n<div id=\"elementor-tab-content-1941\" class=\"elementor-tab-content elementor-clearfix elementor-active\" role=\"tabpanel\" data-tab=\"1\" aria-labelledby=\"elementor-tab-title-1941\">\n<p>Elaboramos os portf\u00f3lios, j\u00e1 deixamos prontos, nas normas da ABNT e conforme os requisitos da universidade. F\u00e1cil assim! O MELHOR \u00c9 QUE VOC\u00ca COMPRA E J\u00c1 BAIXA NA HORA O SEU ARQUIVO EM WORD! Sabemos que conciliar trabalho, fam\u00edlia, vida profissional e estudos \u00e9 dif\u00edcil hoje em dia, por isso, estamos aqui para ajudar voc\u00ea. Conte com nossa qualidade, experi\u00eancia e profissionalismo adquirindo seu portf\u00f3lio conosco. GARANTIMOS SEU CONCEITO!<\/p>\n<h4>Como se realizam os envios?<\/h4>\n<\/div>\n<\/div>\n<div class=\"elementor-toggle-item\">\n<div id=\"elementor-tab-content-1942\" class=\"elementor-tab-content elementor-clearfix elementor-active\" role=\"tabpanel\" data-tab=\"2\" aria-labelledby=\"elementor-tab-title-1942\">O seu trabalho \u00e9 disponibilizado pronto, respondido e nas normas j\u00e1 na mesma hora aqui em nosso site na sua \u00e1rea de downloads e tamb\u00e9m no seu e-mail.<\/div>\n<\/div>\n<div class=\"elementor-toggle-item\">\n<div id=\"elementor-tab-content-1943\" class=\"elementor-tab-content elementor-clearfix elementor-active\" role=\"tabpanel\" data-tab=\"3\" aria-labelledby=\"elementor-tab-title-1943\">\n<h4>Em quanto tempo recebo o portf\u00f3lio?<\/h4>\n<\/div>\n<\/div>\n<div class=\"elementor-toggle-item\">\n<div id=\"elementor-tab-content-1944\" class=\"elementor-tab-content elementor-clearfix elementor-active\" role=\"tabpanel\" data-tab=\"4\" aria-labelledby=\"elementor-tab-title-1944\">\n<p>Os envios s\u00e3o imediatos. Ap\u00f3s sua compra, o trabalho j\u00e1 \u00e9 disponibilizado instantaneamente aqui em nosso site e no seu e-mail.<\/p>\n<h4>E se o portf\u00f3lio que comprei precisar de corre\u00e7\u00e3o?<\/h4>\n<\/div>\n<\/div>\n<div class=\"elementor-toggle-item\">\n<div id=\"elementor-tab-content-1945\" class=\"elementor-tab-content elementor-clearfix elementor-active\" role=\"tabpanel\" data-tab=\"5\" aria-labelledby=\"elementor-tab-title-1945\">\n<p>Caso haja alguma solicita\u00e7\u00e3o de corre\u00e7\u00e3o\/altera\u00e7\u00e3o por parte do tutor, basta entrar em contato conosco pelo\u00a0WhatsApp\u00a0que provid\u00eanciaremos sem custo algum.<\/p>\n<h4>Qual o formato do arquivo?<\/h4>\n<\/div>\n<\/div>\n<div class=\"elementor-toggle-item\">\n<div id=\"elementor-tab-content-1946\" class=\"elementor-tab-content elementor-clearfix elementor-active\" role=\"tabpanel\" data-tab=\"6\" aria-labelledby=\"elementor-tab-title-1946\">\n<p>Os arquivos s\u00e3o enviados em formato Word e s\u00e3o edit\u00e1veis.<\/p>\n<h4>Caso eu tiver alguma d\u00favida, terei suporte no p\u00f3s venda?<\/h4>\n<\/div>\n<\/div>\n<div class=\"elementor-toggle-item\">\n<div id=\"elementor-tab-content-1948\" class=\"elementor-tab-content elementor-clearfix elementor-active\" role=\"tabpanel\" data-tab=\"8\" aria-labelledby=\"elementor-tab-title-1948\">\n<p>Sim, com certeza. Basta clicar no \u00edcone do WhatsApp no cantinho da tela. Ser\u00e1 um prazer atend\u00ea-lo(a).<\/p>\n<div class=\"elementor-toggle-item\">\n<div id=\"elementor-tab-content-1948\" class=\"elementor-tab-content elementor-clearfix elementor-active\" role=\"tabpanel\" data-tab=\"8\" aria-labelledby=\"elementor-tab-title-1948\">\n<h4>Quais os seus canais de contato?<\/h4>\n<\/div>\n<\/div>\n<div class=\"elementor-toggle-item\">\n<div id=\"elementor-tab-content-1949\" class=\"elementor-tab-content elementor-clearfix elementor-active\" role=\"tabpanel\" data-tab=\"9\" aria-labelledby=\"elementor-tab-title-1949\">\n<p>Whatsapp: 53 984751621 \u2013 Clicar no canto da tela ou ESCANEIE O QRCODE ABAIXO<\/p>\n<p><img decoding=\"async\" class=\"alignnone wp-image-7603\" src=\"http:\/\/portifolioos-prontos.com\/wp-content\/uploads\/2022\/09\/portfolio-unopar-pronto-colaborar-ava-producao-textual-interdisciplinar.png\" alt=\"Como seguir frente \u00e0s ang\u00fastias e \u00e0s incertezas? \u00c9 poss\u00edvel sustentar um desejo demudan\u00e7a e repensar a carreira nesse contexto? De que maneira podemos conduziresse processo?,Pandemia faz mulheres repensarem carreira,habilidades e pensarem - seriamente - em empreender,Pandemia faz mulheres repensarem carreira habilidades e pensarem seriamente em empreender,PORTF\u00d3LIO Pandemia faz mulheres repensarem carreira habilidades e pensarem seriamente em empreender,portfolio Pandemia faz mulheres repensarem carreira habilidades e pensarem seriamente em empreender,portf\u00f3lio ead Pandemia faz mulheres repensarem carreira habilidades e pensarem seriamente em empreender,portf\u00f3lio pronto Pandemia faz mulheres repensarem carreira habilidades e pensarem seriamente em empreender,trabalhos feitos Pandemia faz mulheres repensarem carreira habilidades e pensarem seriamente em empreender,portf\u00f3lio unopar Pandemia faz mulheres repensarem carreira habilidades e pensarem seriamente em empreender,portf\u00f3lio pronto unopar,portf\u00f3lio coaching unopar,portf\u00f3lio coaching,produ\u00e7\u00e3o interdisciplinar,portf\u00f3lio interdisciplinar,Pandemia faz mulheres repensarem carreira habilidades e pensarem - seriamente - em empreender,portf\u00f3lio Pandemia faz mulheres repensarem carreira habilidades e pensarem - seriamente - em empreender,portf\u00f3lio ead Pandemia faz mulheres repensarem carreira habilidades e pensarem - seriamente - em empreender,portf\u00f3lioo ead Pandemia faz mulheres repensarem carreira habilidades e pensarem - seriamente - em empreender,trabalhos prontos Pandemia faz mulheres repensarem carreira habilidades e pensarem - seriamente - em empreender,trabalhos feitos Pandemia faz mulheres repensarem carreira habilidades e pensarem - seriamente - em empreender,mystudbay Pandemia faz mulheres repensarem carreira habilidades e pensarem - seriamente - em empreender,Portfolio pronto,portifolio pronto,portf\u00f3lio pronto,portifolios prontos,portif\u00f3lios prontos,portifolio pronto unopar,portif\u00f3lio pronto unopar,portifolios prontos unopar,portifolios prontos anhanguera,portf\u00f3lios prontos anhanguera,portf\u00f3lio pronto anhanguera,portfolios ead,portf\u00f3lios ead,portfolioead,apostileiros,portf\u00f3lio ead,portifolios ead,portif\u00f3lios ead,eadhelp,shop do acad\u00eamico,unopar portfolio,portfolio pronto ead,portfolio unopar ead,ead portfolio ava,portf\u00f3lio ead anhanguera,portf\u00f3lio ead pront,o portf\u00f3lio ead unopar,portf\u00f3lio pronto em word,pti unopar,ptg unopar,modelo de portf\u00f3lio unopar,modelo de portf\u00f3lio anhanguera,como fazer um portf\u00f3lio para faculdade,como faz portf\u00f3lio universidade,como faz portf\u00f3lios para universidade,portf\u00f3lios prontos para universidade,portf\u00f3lios pronto para faculdade,portf\u00f3lio pronto para editar,portifolios prontos para editar,portf\u00f3lio em word,portfolio em word,portf\u00f3lio em word para editar,portifolio em word para editar,portfolio unopar pronto para editar,modelo de portfolio para unopar,modelo de portif\u00f3lio para unopar,modelo de portf\u00f3lio para unopar,unopar portf\u00f3lio pronto,anhanguera portf\u00f3lio pronto,portf\u00f3lio em word pronto,comprar portf\u00f3lio pronto,como fazer um portf\u00f3lio,como fazer portf\u00f3lio digital,portfolio,portf\u00f3lio,portifolio,portif\u00f3lio,portf\u00f3lio interdisciplinar individual,portfolio interdisciplinar individual,exemplos de portf\u00f3lio para faculdade,baixar portf\u00f3lio pronto,portf\u00f3lio acad\u00eamico,portf\u00f3lio online,portfoliooead,portfolio ead,portf\u00f3lio pronto interdisciplinar individual,relat\u00f3rio de est\u00e1gio unopar,relat\u00f3rio de est\u00e1gio pronto unopar,como criar um portf\u00f3lio,o que \u00e9 um portf\u00f3lio e como fazer,portfolio exemplo,modelo de portfolio acad\u00eamico,relat\u00f3rio de est\u00e1gio gest\u00e3o escolar pronto unopar,portf\u00f3lio como fazer,prova profici\u00eancia unopar,portfolio individual est\u00e1gio curricular obrigat\u00f3rio ii anos iniciais do ensino fundamental,prova de profici\u00eancia pedagogia unopar,capa de trabalho unopar para editar,portf\u00f3lio acad\u00eamico unopar,como fazer um portf\u00f3lio acad\u00eamico,portf\u00f3lio exemplos word,portfolio acad\u00eamico,portfolio individual,portfolio individual unopar,portfolio individual anhanguera,portfolio marketing digital,portf\u00f3lio educa\u00e7\u00e3o f\u00edsica unopar,portf\u00f3lio gest\u00e3o educacional e espa\u00e7os n\u00e3o escolares,como fazer um portifolio unopar,modelo de portf\u00f3lio unopar em arquivo word,capa de portf\u00f3lio de pedagogia,como fazer um portf\u00f3lio no word,projeto integrado unopar,exemplo de portf\u00f3lio academico pedagogia\" width=\"141\" height=\"141\" srcset=\"https:\/\/portifolioos-prontos.com\/wp-content\/uploads\/2022\/09\/portfolio-unopar-pronto-colaborar-ava-producao-textual-interdisciplinar.png 150w, https:\/\/portifolioos-prontos.com\/wp-content\/uploads\/2022\/09\/portfolio-unopar-pronto-colaborar-ava-producao-textual-interdisciplinar-100x100.png 100w\" sizes=\"(max-width: 141px) 100vw, 141px\" \/><\/p>\n<\/div>\n<\/div>\n<\/div>\n<\/div>\n<div class=\"elementor-toggle-item\">\n<div id=\"elementor-tab-content-1949\" class=\"elementor-tab-content elementor-clearfix elementor-active\" role=\"tabpanel\" data-tab=\"9\" aria-labelledby=\"elementor-tab-title-1949\">\n<p>E-mail:portifoliosp@gmail.com<\/p>\n<div id=\"attachment_143\" class=\"wp-caption alignnone\">\n<div id=\"attachment_143\" class=\"wp-caption alignnone\" style=\"width: 147px;\">\n<p><a href=\"http:\/\/portifolioos-prontos.com\/\"><img decoding=\"async\" class=\"wp-image-143\" title=\"portfolio pronto unopar\" src=\"http:\/\/portifolioos-prontos.com\/wp-content\/uploads\/2022\/04\/conceitomaximo.png\" alt=\"PORTFOLIO PRONTO UNOPAR ANHANGUERA\" width=\"147\" height=\"42\" aria-describedby=\"caption-attachment-143\" \/><\/a><\/p>\n<p id=\"caption-attachment-143\" class=\"wp-caption-text\">Portf\u00f3lio em Word, respondido, completo e j\u00e1 nas normas.<\/p>\n<\/div>\n<\/div>\n<\/div>\n<\/div>\n","protected":false},"excerpt":{"rendered":"<p>Portf\u00f3lio Pandemia faz mulheres repensarem carreira, habilidades e pensarem &#8211; seriamente &#8211; em empreender Curso: Coaching e Desenvolvimento Humano Semestre: II Prezado aluno, seja bem-vindo a este semestre! A proposta de Produ\u00e7\u00e3o Textual Interdisciplinar Individual (PTI) ter\u00e1 como tem\u00e1tica uma reportagem real publicada no Portal Valor Investe, no ano de 2021. Escolhemos esta tem\u00e1tica para&hellip;<\/p>\n","protected":false},"featured_media":6290,"template":"","meta":{"_seopress_robots_primary_cat":"none","_seopress_titles_title":"%%post_title%% %%sitetitle%%","_seopress_titles_desc":"%%post_content%%","_seopress_robots_index":""},"product_cat":[112,15],"product_tag":[735],"class_list":{"0":"post-6284","1":"product","2":"type-product","3":"status-publish","4":"has-post-thumbnail","6":"product_cat-coaching-e-desenvolvimento-humano","7":"product_cat-uncategorized","8":"product_tag-projeto-de-extensao-programa-de-inovacao-e-empreendedorismo","10":"first","11":"instock","12":"downloadable","13":"virtual","14":"purchasable","15":"product-type-simple","16":"col-xs-6 col-sm-4","17":"col-mf-5","18":"un-5-cols"},"jetpack_sharing_enabled":true,"_links":{"self":[{"href":"https:\/\/portifolioos-prontos.com\/index.php\/wp-json\/wp\/v2\/product\/6284","targetHints":{"allow":["GET"]}}],"collection":[{"href":"https:\/\/portifolioos-prontos.com\/index.php\/wp-json\/wp\/v2\/product"}],"about":[{"href":"https:\/\/portifolioos-prontos.com\/index.php\/wp-json\/wp\/v2\/types\/product"}],"version-history":[{"count":0,"href":"https:\/\/portifolioos-prontos.com\/index.php\/wp-json\/wp\/v2\/product\/6284\/revisions"}],"wp:featuredmedia":[{"embeddable":true,"href":"https:\/\/portifolioos-prontos.com\/index.php\/wp-json\/wp\/v2\/media\/6290"}],"wp:attachment":[{"href":"https:\/\/portifolioos-prontos.com\/index.php\/wp-json\/wp\/v2\/media?parent=6284"}],"wp:term":[{"taxonomy":"product_cat","embeddable":true,"href":"https:\/\/portifolioos-prontos.com\/index.php\/wp-json\/wp\/v2\/product_cat?post=6284"},{"taxonomy":"product_tag","embeddable":true,"href":"https:\/\/portifolioos-prontos.com\/index.php\/wp-json\/wp\/v2\/product_tag?post=6284"}],"curies":[{"name":"wp","href":"https:\/\/api.w.org\/{rel}","templated":true}]}}