{"id":7416,"date":"2022-08-28T14:34:07","date_gmt":"2022-08-28T17:34:07","guid":{"rendered":"https:\/\/portifolioos-prontos.com\/?post_type=product&#038;p=7416"},"modified":"2023-11-01T17:55:28","modified_gmt":"2023-11-01T20:55:28","slug":"projeto-de-ensino-matematica-tema-modelagem-da-funcao-afim","status":"publish","type":"product","link":"https:\/\/portifolioos-prontos.com\/index.php\/product\/projeto-de-ensino-matematica-tema-modelagem-da-funcao-afim\/","title":{"rendered":"Projeto de ensino Matem\u00e1tica Tema: Modelagem da fun\u00e7\u00e3o AFIM"},"content":{"rendered":"<h4><strong>Projeto de ensino Matem\u00e1tica<\/strong><\/h4>\n<h4><strong>Curso:\u00a0Matem\u00e1tica\u00a0licenciatura<\/strong><\/h4>\n<p>Sum\u00e1rio<br \/>\n1. APRESENTA\u00c7\u00c3O\u2026\u2026\u2026\u2026\u2026\u2026\u2026\u2026\u2026\u2026\u2026\u2026\u2026\u2026\u2026\u2026\u2026\u2026\u2026\u2026\u2026\u2026\u2026\u2026\u2026\u2026\u2026\u2026\u2026\u2026\u2026\u2026\u2026\u2026\u2026\u2026\u2026\u2026\u2026\u2026\u2026\u2026\u2026\u2026\u2026\u2026 3<br \/>\n2. CARACTERIZA\u00c7\u00c3O DO PROJETO DE ENSINO\u2026\u2026\u2026\u2026\u2026\u2026\u2026\u2026\u2026\u2026\u2026\u2026\u2026\u2026\u2026\u2026\u2026\u2026\u2026\u2026\u2026\u2026\u2026\u2026\u2026\u2026\u2026\u2026\u2026\u2026\u2026\u2026 4<br \/>\n2.1 TEMA\u2026\u2026\u2026\u2026\u2026\u2026\u2026\u2026\u2026\u2026\u2026\u2026\u2026\u2026\u2026\u2026\u2026\u2026\u2026\u2026\u2026\u2026\u2026\u2026\u2026\u2026\u2026\u2026\u2026\u2026\u2026\u2026\u2026\u2026\u2026\u2026\u2026\u2026\u2026\u2026\u2026\u2026\u2026\u2026\u2026\u2026\u2026\u2026\u2026\u2026\u2026. 7<br \/>\n2.2 JUSTIFICATIVA \u2026\u2026\u2026\u2026\u2026\u2026\u2026\u2026\u2026\u2026\u2026\u2026\u2026\u2026\u2026\u2026\u2026\u2026\u2026\u2026\u2026\u2026\u2026\u2026\u2026\u2026\u2026\u2026\u2026\u2026\u2026\u2026\u2026\u2026\u2026\u2026\u2026\u2026\u2026\u2026\u2026\u2026\u2026\u2026\u2026\u2026.. 9<br \/>\n2.4 OBJETIVOS\u2026\u2026\u2026\u2026\u2026\u2026\u2026\u2026\u2026\u2026\u2026\u2026\u2026\u2026\u2026\u2026\u2026\u2026\u2026\u2026\u2026\u2026\u2026\u2026\u2026\u2026\u2026\u2026\u2026\u2026\u2026\u2026\u2026\u2026\u2026\u2026\u2026\u2026\u2026\u2026\u2026\u2026\u2026\u2026\u2026\u2026\u2026\u2026.11<br \/>\n2.5 PROBLEMATIZA\u00c7\u00c3O \u2026\u2026\u2026\u2026\u2026\u2026\u2026\u2026\u2026\u2026\u2026\u2026\u2026\u2026\u2026\u2026\u2026\u2026\u2026\u2026\u2026\u2026\u2026\u2026\u2026\u2026\u2026\u2026\u2026\u2026\u2026\u2026\u2026\u2026\u2026\u2026\u2026\u2026\u2026\u2026\u2026\u2026\u2026.12<br \/>\n2.6 REFERENCIAL TE\u00d3RICO \u2026\u2026\u2026\u2026\u2026\u2026\u2026\u2026\u2026\u2026\u2026\u2026\u2026\u2026\u2026\u2026\u2026\u2026\u2026\u2026\u2026\u2026\u2026\u2026\u2026\u2026\u2026\u2026\u2026\u2026\u2026\u2026\u2026\u2026\u2026\u2026\u2026\u2026\u2026\u2026\u2026\u202613<br \/>\n2.7 METODOLOGIA\u2026\u2026\u2026\u2026\u2026\u2026\u2026\u2026\u2026\u2026\u2026\u2026\u2026\u2026\u2026\u2026\u2026\u2026\u2026\u2026\u2026\u2026\u2026\u2026\u2026\u2026\u2026\u2026\u2026\u2026\u2026\u2026\u2026\u2026\u2026\u2026\u2026\u2026\u2026\u2026\u2026\u2026\u2026\u2026\u2026\u202615<br \/>\n2.8 CRONOGRAMA DO PROJETO\u2026\u2026\u2026\u2026\u2026\u2026\u2026\u2026\u2026\u2026\u2026\u2026\u2026\u2026\u2026\u2026\u2026\u2026\u2026\u2026\u2026\u2026\u2026\u2026\u2026\u2026\u2026\u2026\u2026\u2026\u2026\u2026\u2026\u2026\u2026\u2026\u2026\u2026\u202616<br \/>\n2.9 RECURSOS HUMANOS E MATERIAIS \u2026\u2026\u2026\u2026\u2026\u2026\u2026\u2026\u2026\u2026\u2026\u2026\u2026\u2026\u2026\u2026\u2026\u2026\u2026\u2026\u2026\u2026\u2026\u2026\u2026\u2026\u2026\u2026\u2026\u2026\u2026\u2026\u2026\u2026\u2026.17<br \/>\n2.10 AVALIA\u00c7\u00c3O \u2026\u2026\u2026\u2026\u2026\u2026\u2026\u2026\u2026\u2026\u2026\u2026\u2026\u2026\u2026\u2026\u2026\u2026\u2026\u2026\u2026\u2026\u2026\u2026\u2026\u2026\u2026\u2026\u2026\u2026\u2026\u2026\u2026\u2026\u2026\u2026\u2026\u2026\u2026\u2026\u2026\u2026\u2026\u2026\u2026\u2026\u2026..18<br \/>\n3. INFORMA\u00c7\u00d5ES IMPORTANTES \u2026\u2026\u2026\u2026\u2026\u2026\u2026\u2026\u2026\u2026\u2026\u2026\u2026\u2026\u2026\u2026\u2026\u2026\u2026\u2026\u2026\u2026\u2026\u2026\u2026\u2026\u2026\u2026\u2026\u2026\u2026\u2026\u2026\u2026\u2026\u2026\u2026\u202619<br \/>\n3.1 ORIENTA\u00c7\u00d5ES GERAIS \u2026\u2026\u2026\u2026\u2026\u2026\u2026\u2026\u2026\u2026\u2026\u2026\u2026\u2026\u2026\u2026\u2026\u2026\u2026\u2026\u2026\u2026\u2026\u2026\u2026\u2026\u2026\u2026\u2026\u2026\u2026\u2026\u2026\u2026\u2026\u2026\u2026\u2026\u2026\u2026\u2026\u2026.21<\/p>\n<p>1. APRESENTA\u00c7\u00c3O<\/p>\n<p>O presente manual oferece orienta\u00e7\u00f5es aos acad\u00eamicos do curso de Licenciatura em<br \/>\nMatem\u00e1tica sobre a elabora\u00e7\u00e3o do Projeto de Ensino, cuja finalidade \u00e9 proporcionar uma<br \/>\nreflex\u00e3o que possa unir os saberes do aluno \u00e0s contribui\u00e7\u00f5es da ci\u00eancia, para promover o seu<br \/>\ndesenvolvimento intelectual e o aprofundamento dos conte\u00fados aliados \u00e0s viv\u00eancias<br \/>\nrealizadas durante o curso.<br \/>\nDesse modo, busca-se contribuir com o pensamento acad\u00eamico e a realidade<br \/>\nestudada. Para isso, prop\u00f5e-se aos alunos a elabora\u00e7\u00e3o de um projeto direcionado para a<br \/>\nEduca\u00e7\u00e3o B\u00e1sica.<br \/>\nDiante de sua import\u00e2ncia para a forma\u00e7\u00e3o docente, entende-se que o Projeto de<br \/>\nEnsino \u00e9 condi\u00e7\u00e3o para que o aluno receba o diploma de conclus\u00e3o de curso. Nesse sentido, \u00e9<br \/>\navaliado por um tutor a dist\u00e2ncia, que atribui uma pontua\u00e7\u00e3o de acordo com os crit\u00e9rios de<br \/>\navalia\u00e7\u00e3o estabelecidos. Al\u00e9m disso, parte da pontua\u00e7\u00e3o do Projeto de Ensino \u00e9 composta da<br \/>\napresenta\u00e7\u00e3o oral realizada no polo.<br \/>\n\u00c9 importante refor\u00e7ar que o Projeto de Ensino se constituir\u00e1 de uma elabora\u00e7\u00e3o<br \/>\nte\u00f3rica, que n\u00e3o precisar\u00e1 ser efetivamente aplicada na Educa\u00e7\u00e3o B\u00e1sica.<\/p>\n<p>2. CARACTERIZA\u00c7\u00c3O DO PROJETO DE ENSINO<\/p>\n<p>Na perspectiva de Vasconcellos (2002, p. 97), um projeto de ensino transcende a<br \/>\nno\u00e7\u00e3o de um mero \u201cplano\u201d, possuindo um \u201csignificado mais vivo, din\u00e2mico e potencialmente<br \/>\nmobilizador\u201d. Trata-se, segundo o autor, de um conceito que remete a um \u201cprocesso de<br \/>\nreflex\u00e3o, de constru\u00e7\u00e3o das representa\u00e7\u00f5es e da coloca\u00e7\u00e3o em pr\u00e1tica\u201d, o que evidencia a sua<br \/>\nrela\u00e7\u00e3o direta com a atua\u00e7\u00e3o docente.<br \/>\nA qualidade de um projeto de ensino, caracter\u00edstica que leva \u00e0 sua efetividade, est\u00e1<br \/>\natrelada \u00e0 sua articula\u00e7\u00e3o \u201c\u00e0 realidade dos educandos, \u00e0 ess\u00eancia significativa da \u00e1rea do<br \/>\nsaber, aos outros educadores (trabalho interdisciplinar) e \u00e0 realidade social mais geral\u201d<br \/>\n(VASCONCELLOS, 2002, p. 103). Dessa forma, elaborar um projeto de ensino vai muito al\u00e9m<br \/>\nda mera sele\u00e7\u00e3o de conte\u00fados e reda\u00e7\u00e3o de planos de aula; a elabora\u00e7\u00e3o de um projeto de<br \/>\nensino envolve todo um processo de constru\u00e7\u00e3o do conhecimento, pautado em uma s\u00e9rie de<br \/>\nvari\u00e1veis para as quais se deve atentar, sintetizadas, conforme Vasconcellos (2002), em tr\u00eas<br \/>\ndimens\u00f5es:<\/p>\n<p>\u2022 an\u00e1lise da realidade;<br \/>\n\u2022 proje\u00e7\u00e3o de finalidades;<br \/>\n\u2022 formas de media\u00e7\u00e3o.<br \/>\nEm s\u00edntese, por meio da organiza\u00e7\u00e3o de um projeto de ensino, busca-se (i)<br \/>\ncompreender um determinado contexto de atua\u00e7\u00e3o pedag\u00f3gica (comunidade, escola, alunos);<br \/>\n(ii) delimitar o alcance das a\u00e7\u00f5es previstas em sua execu\u00e7\u00e3o (objetivos, metas, resultados<br \/>\nesperados); e (iii) definir os procedimentos necess\u00e1rios e adequados ao seu desenvolvimento<br \/>\n(metodologias, recursos).<br \/>\nA partir dessas premissas, para a elabora\u00e7\u00e3o de seu projeto, o acad\u00eamico deve<br \/>\nconsiderar os seguintes elementos:<br \/>\n\u2022 Tema;<br \/>\n\u2022 Justificativa;<br \/>\n\u2022 Participantes;<\/p>\n<p>\u2022 Objetivos;<br \/>\n\u2022 Problematiza\u00e7\u00e3o;<br \/>\n\u2022 Referencial Te\u00f3rico;<br \/>\n\u2022 Conte\u00fados Curriculares;<br \/>\n\u2022 Metodologia;<br \/>\n\u2022 Cronograma;<br \/>\n\u2022 Recursos;<br \/>\n\u2022 Avalia\u00e7\u00e3o;<br \/>\n\u2022 Refer\u00eancias.<\/p>\n<p>O primeiro passo para a constru\u00e7\u00e3o do projeto \u00e9 a leitura dos seguintes textos, que<br \/>\nest\u00e3o dispon\u00edveis nos links que seguem.<br \/>\nPINTO, Eduardo Mauricio Moreno. A did\u00e1tica e a mat\u00e9tica no ensino da linguagem de<br \/>\nprograma\u00e7\u00e3o: uma experi\u00eancia com o software educativo Scratch no ensino fundamental.<br \/>\n2018. Disserta\u00e7\u00e3o (Mestrado em Ensino de Ci\u00eancias e de Matem\u00e1tica)- Universidade Estadual<br \/>\nde Campinas, Campinas, 2018. Dispon\u00edvel em: &lt;<br \/>\n<a href=\"http:\/\/repositorio.unicamp.br\/jspui\/handle\/REPOSIP\/331569&amp;gt\" rel=\"nofollow\">http:\/\/repositorio.unicamp.br\/jspui\/handle\/REPOSIP\/331569&amp;gt<\/a>; . Acesso em: 15 jul. 2021<br \/>\nFIGUEIREDO. S. A., COSTA. N. M. L. Trajet\u00f3ria Hipot\u00e9tica de Aprendizagem e aCompreens\u00e3o<br \/>\ndas Rela\u00e7\u00f5es Trigonom\u00e9tricas no ciclo. 2016. Dispon\u00edvel em:<br \/>\n. Acesso em: 15jul.<br \/>\n2021.<br \/>\nOLIVEIRA, J. C. R., FRIAS, R.T., OMODEI, L. B.C. Uma Trajet\u00f3ria Hipot\u00e9tica de Aprendizagempara<br \/>\no ensino de fun\u00e7\u00e3o afim em um curso de Forma\u00e7\u00e3o Continuada. 2014. Dispon\u00edvel em:<br \/>\n&lt;<br \/>\n<a href=\"http:\/\/sbemparana.com.br\/arquivos\/anais\/epremxii\/ARQUIVOS\/COMUNICACOES\/CCTitulo\/CC0\" rel=\"nofollow\">http:\/\/sbemparana.com.br\/arquivos\/anais\/epremxii\/ARQUIVOS\/COMUNICACOES\/CCTitulo\/CC0<\/a><br \/>\n77.PDF &gt;. Acesso em: 15 jul. 2021.<br \/>\nROSSETTO, H. H. P. Trajet\u00f3ria Hipot\u00e9tica de Aprendizagem sob um olhar real\u00edstico. 2016.<br \/>\n104 f. Disserta\u00e7\u00e3o (Mestrado em Ensino de Ci\u00eancias e Educa\u00e7\u00e3o Matem\u00e1tica) \u2013 Universidade<br \/>\nEstadual de Londrina, Londrina, 2016. Dispon\u00edvel em:<br \/>\n&lt;<br \/>\n<a href=\"http:\/\/www.uel.br\/pos\/mecem\/portal\/pages\/arquivos\/Dissertacoes\/2016\/ROSSETTO%20Hally\" rel=\"nofollow\">http:\/\/www.uel.br\/pos\/mecem\/portal\/pages\/arquivos\/Dissertacoes\/2016\/ROSSETTO%20Hally<\/a><br \/>\nnnee%20Hellenn%20Pires.pdf&gt;. Acesso em: 25 jul. 2021.<br \/>\nAl\u00e9m desses textos, outra importante fonte de informa\u00e7\u00e3o s\u00e3o os livros das diversas<br \/>\ndisciplinas cursadas na gradua\u00e7\u00e3o, sobretudo de Metodologia do Ensino da Matem\u00e1tica. Os<br \/>\nconte\u00fados estudados nesses componentes curriculares ajudar\u00e3o na escolha e interliga\u00e7\u00e3o dos<br \/>\ntemas que podem ser contemplados no projeto.<\/p>\n<p>2.1 TEMA<\/p>\n<p>Um tema, segundo Marconi e Lakatos (2003, p. 44), \u00e9 um \u201cassunto que se deseja<br \/>\nprovar ou desenvolver\u201d ou, ainda, em express\u00e3o evocada pelas autoras, \u201cuma dificuldade<br \/>\nainda sem solu\u00e7\u00e3o\u201d. A escolha de um tema est\u00e1 balizada, frequentemente, por fatores<br \/>\ninternos (afinidade pessoal, compatibilidade com a \u00e1rea) ou externos (tempo, acesso a<br \/>\nmateriais, etc.) (MARCONI; LAKATOS, 2003).<br \/>\nO tema do Projeto de Ensino deve ser direcionado para o ensino na Educa\u00e7\u00e3o B\u00e1sica,<br \/>\npensando na disciplina de Matem\u00e1tica dos Anos Finais do Ensino Fundamental ou do Ensino<br \/>\nM\u00e9dio, tamb\u00e9m \u00e9 poss\u00edvel a elabora\u00e7\u00e3o do projeto para a Educa\u00e7\u00e3o Especial e Educa\u00e7\u00e3o de<br \/>\nJovens e Adultos, contemplando as principais quest\u00f5es que perpassam o processo de ensino<br \/>\ne aprendizagem. Deve ser uma proposta de educa\u00e7\u00e3o que pretende uma aprendizagem mais<br \/>\nativa e participativa dos alunos.<br \/>\n\u00c9 importante que o Projeto de Ensino se efetive como um instrumento para a<br \/>\nconstru\u00e7\u00e3o de novos conhecimentos, no intuito de formar indiv\u00edduos com uma vis\u00e3o mais<br \/>\nglobal da realidade.<br \/>\nO enfoque dever\u00e1 apresentar coer\u00eancia com a habilita\u00e7\u00e3o que o seu curso<br \/>\nproporciona, tendo como refer\u00eancia os estudos realizados no seu percurso.<br \/>\nAo selecionar o tema, \u00e9 importante atentar para quest\u00f5es como:<\/p>\n<p><img decoding=\"async\" class=\"jetpack-lazy-image lazyloaded jetpack-lazy-image--handled\" src=\"https:\/\/i0.wp.com\/cdn.awsli.com.br\/1302\/1302728\/arquivos\/ffggg.png?w=1020&amp;is-pending-load=1#038;ssl=1\" alt=\"projeto de ensino matem\u00e1tica,projeto de matem\u00e1tica ensino fundamental 6o ao 9o ano doc,projeto de matem\u00e1tica ensino fundamental,projeto de matem\u00e1tica ensino fundamental ii,projeto de ensino matematica unopar,projeto de matematica ensino fundamental do 1o ao 5o ano,projeto de matematica ensino fundamental as quatro opera\u00e7\u00f5es,projeto de matem\u00e1tica educa\u00e7\u00e3o infantil pdf,projeto de matem\u00e1tica educa\u00e7\u00e3o infantil,projeto de ensino unopar,projeto de ensino unopar historia,projeto de ensino unopar pedagogia 2020,projeto de ensino unopar pedagogia 8 semestre,projeto de ensino unopar educa\u00e7\u00e3o fisica,projeto de ensino unopar brinquedoteca,projeto de ensino unopar pedagogia,projeto de ensino unopar 2019,projeto de ensino unopar 2021,projeto de ensino matematica,projeto de matematica ensino fundamental,projeto de matematica ensino fundamental 2,projeto de matematica educa\u00e7\u00e3o infantil,tcc matematica unopar\" data-recalc-dims=\"1\" data-ll-status=\"loaded\" data-lazy-loaded=\"1\" \/><\/p>\n<p>Os pontos acima, se bem refletidos, ir\u00e3o direcionar a elabora\u00e7\u00e3o do seu projeto. Sabe<br \/>\npor qu\u00ea? Muitas vezes, temos uma ideia interessante, mas n\u00e3o \u00e9 poss\u00edvel de ser estudada na<br \/>\nEduca\u00e7\u00e3o B\u00e1sica, devido \u00e0 complexidade da tem\u00e1tica. Pode at\u00e9 ser que, em alguns casos,<br \/>\nconsigamos desenvolver em sala de aula, mas n\u00e3o encontramos materiais necess\u00e1rios para a<br \/>\nleitura sobre o assunto, e o projeto carece de fundamenta\u00e7\u00e3o te\u00f3rica, com limites n\u00e3o bem<br \/>\ndelineados, muitas vezes confusos, at\u00e9 mesmo para o pr\u00f3prio professor. Por isso, h\u00e1 a<br \/>\nnecessidade de levar em considera\u00e7\u00e3o essas observa\u00e7\u00f5es no desenvolvimento de seu Projeto<br \/>\nde Ensino.<br \/>\nAs sugest\u00f5es de temas contemplam os diversos conte\u00fados da componente curricular<br \/>\nMatem\u00e1tica previstos para os Anos Finais do Ensino Fundamental e para o Ensino M\u00e9dio,<br \/>\ndentre os quais podemos citar:<\/p>\n<p>\u2022 Estat\u00edstica e probabilidade;<br \/>\n\u2022 Medidas e grandezas;<br \/>\n\u2022 Sistemas e Conjuntos Num\u00e9ricos;<br \/>\n\u2022 Geometria;<br \/>\n\u2022 Express\u00f5es Alg\u00e9bricas;<br \/>\n\u2022 Fun\u00e7\u00f5es;<br \/>\n\u2022 Entre muitos outros.<\/p>\n<p>\u00c9 importante que o tema seja bem delimitado e condizente com a etapa e modalidade<br \/>\nde ensino para a qual ser\u00e1 elaborado. Al\u00e9m disso, nesse momento voc\u00ea j\u00e1 poder\u00e1 pensar na(s)<br \/>\nmetodologia(s) de ensino da Educa\u00e7\u00e3o Matem\u00e1tica que voc\u00ea julgar mais conveniente(s) para<br \/>\nabordagem do tema escolhido, tamb\u00e9m considerando a etapa e a modalidade de ensino para<br \/>\no qual destina-se seu projeto.<br \/>\nEsta parte do projeto dever\u00e1 conter, no m\u00ednimo, uma (1) e, no m\u00e1ximo, duas (2) laudas.<\/p>\n<p>2.2 JUSTIFICATIVA<br \/>\nNa perspectiva de Marconi e Lakatos (2003, p. 219), uma justificativa \u201cconsiste numa<br \/>\nexposi\u00e7\u00e3o sucinta, por\u00e9m completa, das raz\u00f5es de ordem te\u00f3rica e dos motivos de ordem<br \/>\npr\u00e1tica que tornam importante\u201d uma dada a\u00e7\u00e3o ou pesquisa.<br \/>\nA justificativa fundamenta a escolha do tema e a motiva\u00e7\u00e3o do Projeto. Para isso,<br \/>\ndestaque a relev\u00e2ncia da sua pesquisa, apresentando argumentos que identifiquem a<br \/>\nimport\u00e2ncia do tema proposto. Defenda sua proposta, apresente a finalidade do seu estudo,<br \/>\nconven\u00e7a o leitor de que seus prop\u00f3sitos s\u00e3o justos e merecem uma abordagem sistem\u00e1tica<br \/>\ne cient\u00edfica. \u00c9 importante frisar que, por cursar uma licenciatura, futuramente, voc\u00ea atuar\u00e1 na<br \/>\n\u00e1rea do ensino, como professor. Assim, sua pesquisa deve ser relevante para essa \u00e1rea. Ao<br \/>\napresentar os seus argumentos, \u00e9 essencial fundament\u00e1-los teoricamente, ou seja, apresentar<br \/>\ninforma\u00e7\u00f5es te\u00f3ricas (cita\u00e7\u00f5es e refer\u00eancias) que sustentem sua justificativa.<br \/>\nVale ressaltar que a justificativa difere-se da fundamenta\u00e7\u00e3o te\u00f3rica. Assim, quando se<br \/>\nfala de abordagem de \u201craz\u00f5es de ordem te\u00f3rica\u201d na elabora\u00e7\u00e3o deste item, deve-se ter em<br \/>\nmente que n\u00e3o se deve explicitar ou aprofundar o referencial te\u00f3rico, mas, sim, ressaltar sua<br \/>\nimport\u00e2ncia para as a\u00e7\u00f5es a serem desenvolvidas (MARCONI, LAKATOS, 2003).<br \/>\nEsta parte do projeto dever\u00e1 conter, no m\u00ednimo, uma (1) e, no m\u00e1ximo, duas (2) laudas.<br \/>\nNesta parte do trabalho, voc\u00ea deve especificar a quem o projeto se destina, ou seja,<br \/>\naqueles que ser\u00e3o diretamente afetados\/mobilizados\/atendidos\/contemplados com seu<br \/>\ndesenvolvimento.<br \/>\nImportante observar, na defini\u00e7\u00e3o dos participantes, o atendimento ao segmento da<br \/>\nEduca\u00e7\u00e3o B\u00e1sica para o qual seu curso de gradua\u00e7\u00e3o o habilita para atua\u00e7\u00e3o. Assim, por<br \/>\nexemplo, se o seu curso licencia para atuar no Ensino Fundamental Anos Finais e Ensino<br \/>\nM\u00e9dio, o Projeto de Ensino n\u00e3o pode ser direcionado \u00e0 Educa\u00e7\u00e3o Infantil ou Ensino<br \/>\nFundamental Anos Iniciais.<br \/>\nEsta parte do projeto dever\u00e1 conter, no m\u00e1ximo, meia (0,5) lauda.<br \/>\n2.3 PARTICIPANTES<\/p>\n<p>2.4 OBJETIVOS<\/p>\n<p>Toda pesquisa deve ter um objetivo determinado para saber o que se vai procurar e o<br \/>\nque se pretende alcan\u00e7ar, possibilitando o aumento dos conhecimentos sobre determinado<br \/>\nassunto (MARCONI; LAKATOS, 2003, p. 156).<br \/>\nNesta etapa, voc\u00ea deve especificar qual o prop\u00f3sito, aquilo que se quer com o estudo<br \/>\ndo tema e o que se pretende alcan\u00e7ar ao propor esse Projeto de Ensino para a Educa\u00e7\u00e3o<br \/>\nB\u00e1sica.<\/p>\n<p><img decoding=\"async\" class=\"jetpack-lazy-image lazyloaded jetpack-lazy-image--handled\" src=\"https:\/\/i0.wp.com\/cdn.awsli.com.br\/1302\/1302728\/arquivos\/dddfgp.png?w=1020&amp;is-pending-load=1#038;ssl=1\" alt=\"projeto de ensino matem\u00e1tica,projeto de matem\u00e1tica ensino fundamental 6o ao 9o ano doc,projeto de matem\u00e1tica ensino fundamental,projeto de matem\u00e1tica ensino fundamental ii,projeto de ensino matematica unopar,projeto de matematica ensino fundamental do 1o ao 5o ano,projeto de matematica ensino fundamental as quatro opera\u00e7\u00f5es,projeto de matem\u00e1tica educa\u00e7\u00e3o infantil pdf,projeto de matem\u00e1tica educa\u00e7\u00e3o infantil,projeto de ensino unopar,projeto de ensino unopar historia,projeto de ensino unopar pedagogia 2020,projeto de ensino unopar pedagogia 8 semestre,projeto de ensino unopar educa\u00e7\u00e3o fisica,projeto de ensino unopar brinquedoteca,projeto de ensino unopar pedagogia,projeto de ensino unopar 2019,projeto de ensino unopar 2021,projeto de ensino matematica,projeto de matematica ensino fundamental,projeto de matematica ensino fundamental 2,projeto de matematica educa\u00e7\u00e3o infantil,tcc matematica unopar\" data-recalc-dims=\"1\" data-ll-status=\"loaded\" data-lazy-loaded=\"1\" \/><\/p>\n<p>2.5 PROBLEMATIZA\u00c7\u00c3O<br \/>\nA problematiza\u00e7\u00e3o inicia-se a partir da observa\u00e7\u00e3o das situa\u00e7\u00f5es do cotidiano escolar<br \/>\ne de estudos j\u00e1 realizados, verificando-se dificuldades, quest\u00f5es conflitantes, possibilidade de<br \/>\naprimoramento e outros fatores que podem delimitar um t\u00f3pico de estudo e gerar uma<br \/>\npergunta.<br \/>\nA no\u00e7\u00e3o de \u201cproblema\u201d est\u00e1 atrelada a \u201cuma dificuldade, te\u00f3rica ou pr\u00e1tica, no<br \/>\nconhecimento de alguma coisa de real import\u00e2ncia, para a qual se deve encontrar uma<br \/>\nsolu\u00e7\u00e3o (MARCONI; LAKATOS, 2003, p. 159).<br \/>\nFormular o problema consiste em dizer, de maneira expl\u00edcita, clara, compreens\u00edvel e<br \/>\noperacional, qual a dificuldade encontrada e que se pretende resolver, limitando o seu campo<br \/>\ne apresentando suas caracter\u00edsticas (MARCONI; LAKATOS, 2003, p. 127). Para desenvolver<br \/>\neste item, reflita e discorra: como o tema selecionado pode ser trabalhado para superar uma<br \/>\ndificuldade ou situa\u00e7\u00e3o identificada no contexto escolar?<br \/>\nDessa forma, para organizar este item, voc\u00ea deve primeiramente apresentar o<br \/>\ncontexto observado, situar a dificuldade identificada e, por fim, apresentar reflex\u00f5es capazes<br \/>\nde delinear o campo te\u00f3rico dentro do qual ser\u00e3o buscadas solu\u00e7\u00f5es para o problema<br \/>\nmotivador do projeto.<br \/>\nEsta parte do projeto dever\u00e1 conter, no m\u00ednimo, uma (1) e, no m\u00e1ximo, duas (2) laudas.<\/p>\n<p>2.6 REFERENCIAL TE\u00d3RICO<br \/>\nPara Marconi e Lakatos (2003, p. 225), \u201cpesquisa alguma parte da estaca zero\u201d, assim<br \/>\ncomo qualquer a\u00e7\u00e3o pedag\u00f3gica sempre estar\u00e1 baseada em algum conhecimento precedente.<br \/>\nA revis\u00e3o bibliogr\u00e1fica \u00e9 importante, pois fundamenta seu Projeto teoricamente e<br \/>\nfavorece a defini\u00e7\u00e3o de contornos mais precisos da problem\u00e1tica a ser estudada. Neste item,<br \/>\nvoc\u00ea deve apresentar as principaisteorias que se relacionam com seu Projeto de Ensino. Cabe<br \/>\n\u00e0 revis\u00e3o bibliogr\u00e1fica a defini\u00e7\u00e3o de termos e de conceitos essenciais para o trabalho, relatar<br \/>\no que se diz sobre o objeto na atualidade, qual o enfoque que est\u00e1 recebendo hoje, quais<br \/>\nlacunas que ainda existem etc. Vale ressaltar que \u201ca ci\u00eancia lida com conceitos\u201d, e os<br \/>\n\u201cconceitos podem ter significados diferentes de acordo com o quadro de refer\u00eancia ou a<br \/>\nci\u00eancia que os emprega\u201d (MARCONI, LAKATOS, 2003, p. 225), da\u00ed a necessidade deste item.<br \/>\nNesta parte, voc\u00ea dever\u00e1 discutir\/analisar as ideias de autores diferentes que subsidiem<br \/>\no tema que escolheu. Ou seja, voc\u00ea dever\u00e1 pesquisar artigos, livros, dentre outros materiais<br \/>\nque tratam do tema escolhido.<br \/>\nAssim, para a elabora\u00e7\u00e3o da revis\u00e3o bibliogr\u00e1fica, \u00e9 necess\u00e1rio realizar um levantamento<\/p>\n<p>de textos adequados e atualizados, referentes ao tema escolhido. Como sugest\u00e3o para realiz\u00e1-<br \/>\nla, voc\u00ea necessita tomar por base as leituras realizadas e elaborar um texto que contenha<\/p>\n<p>refer\u00eancias a autores e obras que abordem a tem\u00e1tica escolhida para a realiza\u00e7\u00e3o do Projeto<br \/>\nde Ensino.<br \/>\nA revis\u00e3o bibliogr\u00e1fica de seu Projeto de Ensino, assim como de qualquer trabalho<br \/>\nacad\u00eamico, dever ser pautada na utiliza\u00e7\u00e3o de fontes confi\u00e1veis. Al\u00e9m de materiais<br \/>\nconvencionais, como livros e artigos de peri\u00f3dicos (revistas cient\u00edficas), podem ser utilizados<br \/>\ntrabalhos acad\u00eamicos de relev\u00e2ncia comprovada na \u00e1rea, como disserta\u00e7\u00f5es e teses. Vale<br \/>\nressaltar que, dada a dissemina\u00e7\u00e3o das tecnologias digitais de informa\u00e7\u00e3o e comunica\u00e7\u00e3o, boa<br \/>\nparte do acesso a esses materiais \u00e9 feita por meios digitais, na Internet, o que exige cuidado e<br \/>\naten\u00e7\u00e3o na sele\u00e7\u00e3o das fontes, bem como a sua correta referencia\u00e7\u00e3o.<br \/>\nEm s\u00edntese, voc\u00ea dever\u00e1 buscar autores e inseri-los no debate, por meio de cita\u00e7\u00f5es<br \/>\ndiretas e indiretas. \u00c9 importante sempre referenci\u00e1-los, conforme as normas da ABNT. Nunca<br \/>\ncopie as ideias do autor sem mencion\u00e1-los, pois a pr\u00e1tica da apropria\u00e7\u00e3o de textos alheios<br \/>\nconstitui pl\u00e1gio, crime com pena prevista em lei (Lei n.o 9.610).<\/p>\n<p>13<\/p>\n<p>114<br \/>\nA revis\u00e3o bibliogr\u00e1fica dever\u00e1 conter aspectos a respeito da Trajet\u00f3ria Hipot\u00e9tica de<br \/>\nAprendizagem e do tema escolhido por voc\u00ea.<br \/>\nEsta parte do projeto dever\u00e1 conter, no m\u00ednimo, quatro (4) e, no m\u00e1ximo, sete (7)<br \/>\nlaudas.<\/p>\n<p>2.7 METODOLOGIA<\/p>\n<p>Neste item, voc\u00ea deve explicitar o desdobramento te\u00f3rico-pr\u00e1tico, fundamentado em<br \/>\na\u00e7\u00f5es a serem desenvolvidas, e as estrat\u00e9gias necess\u00e1rias para realiz\u00e1-las.<br \/>\nVoc\u00ea deve observar as seguintes etapas:<br \/>\n\u2022 Planejamento: \u00c9 nesse momento que se organiza as pr\u00e1ticas, e se faz uma<br \/>\nliga\u00e7\u00e3o entre os conte\u00fados\/abordagens e o contexto social. O<br \/>\ndesencadeamento das a\u00e7\u00f5es ocorre por meio das perguntas: O que fazer?<br \/>\nComo fazer? Quem vai ajudar?<br \/>\n\u2022 Execu\u00e7\u00e3o: \u00c9 a descri\u00e7\u00e3o de como as atividades ser\u00e3o desenvolvidas, focando<br \/>\nem tudo que precisa ser feito para que o projeto de fato se efetive.<br \/>\nConsiderando que o Projeto \u00e9 voltado para a Educa\u00e7\u00e3o B\u00e1sica, voc\u00ea pode contemplar<br \/>\ndiferentes abordagens: o uso de metodologias ativas e de tecnologias digitais; aulas pr\u00e1ticas<br \/>\ne expositivo-dialogadas; elabora\u00e7\u00e3o de mapas conceituais; experimenta\u00e7\u00e3o de t\u00e9cnicas e<br \/>\nmateriais; solu\u00e7\u00f5es de problemas; estudos de caso; estudos dirigidos; trabalhos colaborativos<br \/>\npor meio das redes sociais (Facebook, Twitter, blogs), entre outros.<br \/>\nCaso esteja previsto o trabalho com materiais dispon\u00edveis na Internet, inclua os links<br \/>\ndos materiais que pretende utilizar.<br \/>\nNesse item, voc\u00ea dever\u00e1 apresentar a sua THA, que ser\u00e1 constu\u00edda com base na etapa<br \/>\nescolar escolhida por voc\u00ea, utilizando o tema e aplicando a metodologia que voc\u00ea decidiu<br \/>\naplicar. \u00c9 importante que voc\u00ea retome os artigos indicados anteriormente, para observar a<br \/>\nestrutura de uma THA. Lembre-se de inserir a atividade\/tarefa\/situa\u00e7\u00e3o problema que ir\u00e1<br \/>\nconduzir sua THA, inserir as poss\u00edveis falas dos estudantes, os modos como voc\u00ea enquanto<br \/>\nprofessor conduziria a atividade e as d\u00favidas, quando mais detalhes voc\u00ea inserir na sua THA,<br \/>\nmelhor ela ficar\u00e1.<br \/>\nEsta etapa deve ter, no m\u00ednimo, quatro (4) laudas e, no m\u00e1ximo, sete (7) laudas.<\/p>\n<p>2.8 CRONOGRAMA DO PROJETO<\/p>\n<p>O tempo previsto para a execu\u00e7\u00e3o do projeto se relaciona diretamente aos objetivos<br \/>\npropostos, no entanto n\u00e3o deve ser muito longo, pois pode causar desinteresse.<br \/>\nDessa forma, ao prever o tempo para a realiza\u00e7\u00e3o do projeto, organize um cronograma<br \/>\npara realizar cada atividade prevista na Metodologia, o que pode ser feito desta forma:<\/p>\n<p><img decoding=\"async\" class=\"jetpack-lazy-image lazyloaded jetpack-lazy-image--handled\" src=\"https:\/\/i0.wp.com\/cdn.awsli.com.br\/1302\/1302728\/arquivos\/445884.png?w=1020&amp;is-pending-load=1#038;ssl=1\" alt=\"projeto de ensino matem\u00e1tica,projeto de matem\u00e1tica ensino fundamental 6o ao 9o ano doc,projeto de matem\u00e1tica ensino fundamental,projeto de matem\u00e1tica ensino fundamental ii,projeto de ensino matematica unopar,projeto de matematica ensino fundamental do 1o ao 5o ano,projeto de matematica ensino fundamental as quatro opera\u00e7\u00f5es,projeto de matem\u00e1tica educa\u00e7\u00e3o infantil pdf,projeto de matem\u00e1tica educa\u00e7\u00e3o infantil,projeto de ensino unopar,projeto de ensino unopar historia,projeto de ensino unopar pedagogia 2020,projeto de ensino unopar pedagogia 8 semestre,projeto de ensino unopar educa\u00e7\u00e3o fisica,projeto de ensino unopar brinquedoteca,projeto de ensino unopar pedagogia,projeto de ensino unopar 2019,projeto de ensino unopar 2021,projeto de ensino matematica,projeto de matematica ensino fundamental,projeto de matematica ensino fundamental 2,projeto de matematica educa\u00e7\u00e3o infantil,tcc matematica unopar\" data-recalc-dims=\"1\" data-ll-status=\"loaded\" data-lazy-loaded=\"1\" \/><\/p>\n<p>Esta etapa deve conter, no m\u00ednimo, meia e, no m\u00e1ximo, uma (1) lauda.<\/p>\n<p>2.9 RECURSOS HUMANOS E MATERIAIS<\/p>\n<p>Prever a necessidade de recursos humanos e materiais proporciona a organiza\u00e7\u00e3o do<br \/>\ntrabalho e o encaminhamento do estudo e da investiga\u00e7\u00e3o, enriquecendo o Projeto na sua<br \/>\ntotalidade. Nesta parte do trabalho, voc\u00ea deve elencar os recursos necess\u00e1rios para a<br \/>\nexecu\u00e7\u00e3o do Projeto.<\/p>\n<p>Esta etapa deve conter, no m\u00ednimo, meia e, no m\u00e1ximo, uma (1) lauda.<\/p>\n<p>2.10 AVALIA\u00c7\u00c3O<br \/>\nAvaliar um projeto \u00e9 ter em mente que se tinha como objetivos tra\u00e7ados inicialmente<br \/>\ne verificar se eles foram atingidos (NOGUEIRA, 2008, p.70). Neste item, ser\u00e1 necess\u00e1rio<br \/>\ndescrever como ocorrer\u00e1 a avalia\u00e7\u00e3o, indicando de forma clara os procedimentos e os seus<br \/>\nrespectivos crit\u00e9rios.<br \/>\nExemplos: constru\u00e7\u00e3o de portf\u00f3lio; montagem de exposi\u00e7\u00e3o; observa\u00e7\u00e3o peri\u00f3dica<br \/>\nregistrada em di\u00e1rios de classe, entre outras possibilidades.<\/p>\n<p>Esta etapa deve conter, no m\u00ednimo, meia e, no m\u00e1ximo, uma (1) lauda.<\/p>\n<p>3. INFORMA\u00c7\u00d5ES IMPORTANTES<br \/>\n1. O trabalho ser\u00e1 realizado individualmente.<br \/>\n2. Importante: Voc\u00ea dever\u00e1 postar o trabalho finalizado no AVA, o que dever\u00e1 ser<br \/>\nfeito na pasta espec\u00edfica da disciplina, obedecendo ao prazo limite de postagem,<br \/>\nconforme disposto no cronograma do curso. N\u00e3o existe prorroga\u00e7\u00e3o para a<br \/>\npostagem da atividade.<br \/>\n<a href=\"http:\/\/portfoliooead.com.br\/\">3<\/a>. O trabalho final que ser\u00e1 postado no ambiente virtual de aprendizagem deve<br \/>\nconter de 14 at\u00e9, no m\u00e1ximo, 23 laudas (considerando-se apenas o Projeto de<br \/>\nEnsino em si, excetuando-se os elementos<\/p>\n<div class=\"elementor-toggle-item\">\n<h4 id=\"elementor-tab-title-1941\" class=\"elementor-tab-title elementor-active\" tabindex=\"0\" role=\"tab\" data-tab=\"1\" aria-controls=\"elementor-tab-content-1941\" aria-expanded=\"true\" aria-selected=\"true\">Como funciona?<\/h4>\n<div id=\"elementor-tab-content-1941\" class=\"elementor-tab-content elementor-clearfix elementor-active\" role=\"tabpanel\" data-tab=\"1\" aria-labelledby=\"elementor-tab-title-1941\">\n<p>Elaboramos os portf\u00f3lios, j\u00e1 deixamos prontos, nas normas da ABNT e conforme os requisitos da universidade. F\u00e1cil assim! O MELHOR \u00c9 QUE VOC\u00ca COMPRA E J\u00c1 BAIXA NA HORA O SEU ARQUIVO EM WORD! Sabemos que conciliar trabalho, fam\u00edlia, vida profissional e estudos \u00e9 dif\u00edcil hoje em dia, por isso, estamos aqui para ajudar voc\u00ea. Conte com nossa qualidade, experi\u00eancia e profissionalismo adquirindo seu portf\u00f3lio conosco. GARANTIMOS SEU CONCEITO!<\/p>\n<h4>Como se realizam os envios?<\/h4>\n<\/div>\n<\/div>\n<div class=\"elementor-toggle-item\">\n<div id=\"elementor-tab-content-1942\" class=\"elementor-tab-content elementor-clearfix elementor-active\" role=\"tabpanel\" data-tab=\"2\" aria-labelledby=\"elementor-tab-title-1942\">O seu trabalho \u00e9 disponibilizado pronto, respondido e nas normas j\u00e1 na mesma hora aqui em nosso site na sua \u00e1rea de downloads e tamb\u00e9m no seu e-mail.<\/div>\n<\/div>\n<div class=\"elementor-toggle-item\">\n<div id=\"elementor-tab-content-1943\" class=\"elementor-tab-content elementor-clearfix elementor-active\" role=\"tabpanel\" data-tab=\"3\" aria-labelledby=\"elementor-tab-title-1943\">\n<h4>Em quanto tempo recebo o portf\u00f3lio?<\/h4>\n<\/div>\n<\/div>\n<div class=\"elementor-toggle-item\">\n<div id=\"elementor-tab-content-1944\" class=\"elementor-tab-content elementor-clearfix elementor-active\" role=\"tabpanel\" data-tab=\"4\" aria-labelledby=\"elementor-tab-title-1944\">\n<p>Os envios s\u00e3o imediatos. Ap\u00f3s sua compra, o trabalho j\u00e1 \u00e9 disponibilizado instantaneamente aqui em nosso site e no seu e-mail.<\/p>\n<h4>E se o portf\u00f3lio que comprei precisar de corre\u00e7\u00e3o?<\/h4>\n<\/div>\n<\/div>\n<div class=\"elementor-toggle-item\">\n<div id=\"elementor-tab-content-1945\" class=\"elementor-tab-content elementor-clearfix elementor-active\" role=\"tabpanel\" data-tab=\"5\" aria-labelledby=\"elementor-tab-title-1945\">\n<p>Caso haja alguma solicita\u00e7\u00e3o de corre\u00e7\u00e3o\/altera\u00e7\u00e3o por parte do tutor, basta entrar em contato conosco pelo\u00a0WhatsApp\u00a0que provid\u00eanciaremos sem custo algum.<\/p>\n<h4>Qual o formato do arquivo?<\/h4>\n<\/div>\n<\/div>\n<div class=\"elementor-toggle-item\">\n<div id=\"elementor-tab-content-1946\" class=\"elementor-tab-content elementor-clearfix elementor-active\" role=\"tabpanel\" data-tab=\"6\" aria-labelledby=\"elementor-tab-title-1946\">\n<p>Os arquivos s\u00e3o enviados em formato Word e s\u00e3o edit\u00e1veis.<\/p>\n<h4>Caso eu tiver alguma d\u00favida, terei suporte no p\u00f3s venda?<\/h4>\n<\/div>\n<\/div>\n<div class=\"elementor-toggle-item\">\n<div id=\"elementor-tab-content-1948\" class=\"elementor-tab-content elementor-clearfix elementor-active\" role=\"tabpanel\" data-tab=\"8\" aria-labelledby=\"elementor-tab-title-1948\">\n<p>Sim, com certeza. Basta clicar no \u00edcone do WhatsApp no cantinho da tela. Ser\u00e1 um prazer atend\u00ea-lo(a).<\/p>\n<div class=\"elementor-toggle-item\">\n<div id=\"elementor-tab-content-1948\" class=\"elementor-tab-content elementor-clearfix elementor-active\" role=\"tabpanel\" data-tab=\"8\" aria-labelledby=\"elementor-tab-title-1948\">\n<h4>Quais os seus canais de contato?<\/h4>\n<\/div>\n<\/div>\n<div class=\"elementor-toggle-item\">\n<div id=\"elementor-tab-content-1949\" class=\"elementor-tab-content elementor-clearfix elementor-active\" role=\"tabpanel\" data-tab=\"9\" aria-labelledby=\"elementor-tab-title-1949\">\n<p>Whatsapp: 53 984751621 \u2013 Clicar no canto da tela ou ESCANEIE O QRCODE ABAIXO<\/p>\n<p><img decoding=\"async\" class=\"alignnone wp-image-7603\" src=\"http:\/\/portifolioos-prontos.com\/wp-content\/uploads\/2022\/09\/portfolio-unopar-pronto-colaborar-ava-producao-textual-interdisciplinar.png\" alt=\"projeto de ensino matem\u00e1tica,projeto de matem\u00e1tica ensino fundamental 6o ao 9o ano doc,projeto de matem\u00e1tica ensino fundamental,projeto de matem\u00e1tica ensino fundamental ii,projeto de ensino matematica unopar,projeto de matematica ensino fundamental do 1o ao 5o ano,projeto de matematica ensino fundamental as quatro opera\u00e7\u00f5es,projeto de matem\u00e1tica educa\u00e7\u00e3o infantil pdf,projeto de matem\u00e1tica educa\u00e7\u00e3o infantil,projeto de ensino unopar,projeto de ensino unopar historia,projeto de ensino unopar pedagogia 2020,projeto de ensino unopar pedagogia 8 semestre,projeto de ensino unopar educa\u00e7\u00e3o fisica,projeto de ensino unopar brinquedoteca,projeto de ensino unopar pedagogia,projeto de ensino unopar 2019,projeto de ensino unopar 2021,projeto de ensino matematica,projeto de matematica ensino fundamental,projeto de matematica ensino fundamental 2,projeto de matematica educa\u00e7\u00e3o infantil,tcc matematica unopar\" width=\"141\" height=\"141\" srcset=\"https:\/\/portifolioos-prontos.com\/wp-content\/uploads\/2022\/09\/portfolio-unopar-pronto-colaborar-ava-producao-textual-interdisciplinar.png 150w, https:\/\/portifolioos-prontos.com\/wp-content\/uploads\/2022\/09\/portfolio-unopar-pronto-colaborar-ava-producao-textual-interdisciplinar-100x100.png 100w\" sizes=\"(max-width: 141px) 100vw, 141px\" \/><\/p>\n<\/div>\n<\/div>\n<\/div>\n<\/div>\n<div class=\"elementor-toggle-item\">\n<div id=\"elementor-tab-content-1949\" class=\"elementor-tab-content elementor-clearfix elementor-active\" role=\"tabpanel\" data-tab=\"9\" aria-labelledby=\"elementor-tab-title-1949\">\n<p>E-mail:portifoliosp@gmail.com<\/p>\n<div id=\"attachment_143\" class=\"wp-caption alignnone\">\n<div id=\"attachment_143\" class=\"wp-caption alignnone\" style=\"width: 154px;\">\n<p><a href=\"http:\/\/portifolioos-prontos.com\/\"><img decoding=\"async\" class=\"wp-image-143 jetpack-lazy-image jetpack-lazy-image--handled\" title=\"portfolio pronto unopar\" src=\"https:\/\/i0.wp.com\/portifolioos-prontos.com\/wp-content\/uploads\/2022\/04\/conceitomaximo.png?resize=161%2C46\" alt=\"PORTFOLIO PRONTO UNOPAR ANHANGUERA\" width=\"154\" height=\"44\" aria-describedby=\"caption-attachment-143\" data-recalc-dims=\"1\" data-lazy-loaded=\"1\" \/><\/a><\/p>\n<p id=\"caption-attachment-143\" class=\"wp-caption-text\">Portf\u00f3lio em Word, respondido, completo e j\u00e1 nas normas.<\/p>\n<\/div>\n<\/div>\n<\/div>\n<\/div>\n","protected":false},"excerpt":{"rendered":"<p>Projeto de ensino Matem\u00e1tica Curso:\u00a0Matem\u00e1tica\u00a0licenciatura Sum\u00e1rio 1. APRESENTA\u00c7\u00c3O\u2026\u2026\u2026\u2026\u2026\u2026\u2026\u2026\u2026\u2026\u2026\u2026\u2026\u2026\u2026\u2026\u2026\u2026\u2026\u2026\u2026\u2026\u2026\u2026\u2026\u2026\u2026\u2026\u2026\u2026\u2026\u2026\u2026\u2026\u2026\u2026\u2026\u2026\u2026\u2026\u2026\u2026\u2026\u2026\u2026\u2026 3 2. CARACTERIZA\u00c7\u00c3O DO PROJETO DE ENSINO\u2026\u2026\u2026\u2026\u2026\u2026\u2026\u2026\u2026\u2026\u2026\u2026\u2026\u2026\u2026\u2026\u2026\u2026\u2026\u2026\u2026\u2026\u2026\u2026\u2026\u2026\u2026\u2026\u2026\u2026\u2026\u2026 4 2.1 TEMA\u2026\u2026\u2026\u2026\u2026\u2026\u2026\u2026\u2026\u2026\u2026\u2026\u2026\u2026\u2026\u2026\u2026\u2026\u2026\u2026\u2026\u2026\u2026\u2026\u2026\u2026\u2026\u2026\u2026\u2026\u2026\u2026\u2026\u2026\u2026\u2026\u2026\u2026\u2026\u2026\u2026\u2026\u2026\u2026\u2026\u2026\u2026\u2026\u2026\u2026\u2026. 7 2.2 JUSTIFICATIVA \u2026\u2026\u2026\u2026\u2026\u2026\u2026\u2026\u2026\u2026\u2026\u2026\u2026\u2026\u2026\u2026\u2026\u2026\u2026\u2026\u2026\u2026\u2026\u2026\u2026\u2026\u2026\u2026\u2026\u2026\u2026\u2026\u2026\u2026\u2026\u2026\u2026\u2026\u2026\u2026\u2026\u2026\u2026\u2026\u2026\u2026.. 9 2.4 OBJETIVOS\u2026\u2026\u2026\u2026\u2026\u2026\u2026\u2026\u2026\u2026\u2026\u2026\u2026\u2026\u2026\u2026\u2026\u2026\u2026\u2026\u2026\u2026\u2026\u2026\u2026\u2026\u2026\u2026\u2026\u2026\u2026\u2026\u2026\u2026\u2026\u2026\u2026\u2026\u2026\u2026\u2026\u2026\u2026\u2026\u2026\u2026\u2026\u2026.11 2.5 PROBLEMATIZA\u00c7\u00c3O \u2026\u2026\u2026\u2026\u2026\u2026\u2026\u2026\u2026\u2026\u2026\u2026\u2026\u2026\u2026\u2026\u2026\u2026\u2026\u2026\u2026\u2026\u2026\u2026\u2026\u2026\u2026\u2026\u2026\u2026\u2026\u2026\u2026\u2026\u2026\u2026\u2026\u2026\u2026\u2026\u2026\u2026\u2026.12 2.6 REFERENCIAL TE\u00d3RICO \u2026\u2026\u2026\u2026\u2026\u2026\u2026\u2026\u2026\u2026\u2026\u2026\u2026\u2026\u2026\u2026\u2026\u2026\u2026\u2026\u2026\u2026\u2026\u2026\u2026\u2026\u2026\u2026\u2026\u2026\u2026\u2026\u2026\u2026\u2026\u2026\u2026\u2026\u2026\u2026\u2026\u202613 2.7 METODOLOGIA\u2026\u2026\u2026\u2026\u2026\u2026\u2026\u2026\u2026\u2026\u2026\u2026\u2026\u2026\u2026\u2026\u2026\u2026\u2026\u2026\u2026\u2026\u2026\u2026\u2026\u2026\u2026\u2026\u2026\u2026\u2026\u2026\u2026\u2026\u2026\u2026\u2026\u2026\u2026\u2026\u2026\u2026\u2026\u2026\u2026\u202615 2.8 CRONOGRAMA DO PROJETO\u2026\u2026\u2026\u2026\u2026\u2026\u2026\u2026\u2026\u2026\u2026\u2026\u2026\u2026\u2026\u2026\u2026\u2026\u2026\u2026\u2026\u2026\u2026\u2026\u2026\u2026\u2026\u2026\u2026\u2026\u2026\u2026\u2026\u2026\u2026\u2026\u2026\u2026\u202616 2.9 RECURSOS HUMANOS E MATERIAIS \u2026\u2026\u2026\u2026\u2026\u2026\u2026\u2026\u2026\u2026\u2026\u2026\u2026\u2026\u2026\u2026\u2026\u2026\u2026\u2026\u2026\u2026\u2026\u2026\u2026\u2026\u2026\u2026\u2026\u2026\u2026\u2026\u2026\u2026\u2026.17 2.10 AVALIA\u00c7\u00c3O \u2026\u2026\u2026\u2026\u2026\u2026\u2026\u2026\u2026\u2026\u2026\u2026\u2026\u2026\u2026\u2026\u2026\u2026\u2026\u2026\u2026\u2026\u2026\u2026\u2026\u2026\u2026\u2026\u2026\u2026\u2026\u2026\u2026\u2026\u2026\u2026\u2026\u2026\u2026\u2026\u2026\u2026\u2026\u2026\u2026\u2026\u2026..18 3. INFORMA\u00c7\u00d5ES IMPORTANTES \u2026\u2026\u2026\u2026\u2026\u2026\u2026\u2026\u2026\u2026\u2026\u2026\u2026\u2026\u2026\u2026\u2026\u2026\u2026\u2026\u2026\u2026\u2026\u2026\u2026\u2026\u2026\u2026\u2026\u2026\u2026\u2026\u2026\u2026\u2026\u2026\u2026\u202619 3.1 ORIENTA\u00c7\u00d5ES GERAIS \u2026\u2026\u2026\u2026\u2026\u2026\u2026\u2026\u2026\u2026\u2026\u2026\u2026\u2026\u2026\u2026\u2026\u2026\u2026\u2026\u2026\u2026\u2026\u2026\u2026\u2026\u2026\u2026\u2026\u2026\u2026\u2026\u2026\u2026\u2026\u2026\u2026\u2026\u2026\u2026\u2026\u2026.21&hellip;<\/p>\n","protected":false},"featured_media":7837,"template":"","meta":{"_seopress_robots_primary_cat":"none","_seopress_titles_title":"%%post_title%% %%sitetitle%%","_seopress_titles_desc":"","_seopress_robots_index":""},"product_cat":[117,15],"product_tag":[],"class_list":{"0":"post-7416","1":"product","2":"type-product","3":"status-publish","4":"has-post-thumbnail","6":"product_cat-projeto-de-ensino","7":"product_cat-uncategorized","9":"first","10":"instock","11":"downloadable","12":"virtual","13":"purchasable","14":"product-type-simple","15":"col-xs-6 col-sm-4","16":"col-mf-5","17":"un-5-cols"},"jetpack_sharing_enabled":true,"_links":{"self":[{"href":"https:\/\/portifolioos-prontos.com\/index.php\/wp-json\/wp\/v2\/product\/7416","targetHints":{"allow":["GET"]}}],"collection":[{"href":"https:\/\/portifolioos-prontos.com\/index.php\/wp-json\/wp\/v2\/product"}],"about":[{"href":"https:\/\/portifolioos-prontos.com\/index.php\/wp-json\/wp\/v2\/types\/product"}],"version-history":[{"count":0,"href":"https:\/\/portifolioos-prontos.com\/index.php\/wp-json\/wp\/v2\/product\/7416\/revisions"}],"wp:featuredmedia":[{"embeddable":true,"href":"https:\/\/portifolioos-prontos.com\/index.php\/wp-json\/wp\/v2\/media\/7837"}],"wp:attachment":[{"href":"https:\/\/portifolioos-prontos.com\/index.php\/wp-json\/wp\/v2\/media?parent=7416"}],"wp:term":[{"taxonomy":"product_cat","embeddable":true,"href":"https:\/\/portifolioos-prontos.com\/index.php\/wp-json\/wp\/v2\/product_cat?post=7416"},{"taxonomy":"product_tag","embeddable":true,"href":"https:\/\/portifolioos-prontos.com\/index.php\/wp-json\/wp\/v2\/product_tag?post=7416"}],"curies":[{"name":"wp","href":"https:\/\/api.w.org\/{rel}","templated":true}]}}